{"id":37,"date":"2010-09-27T15:53:15","date_gmt":"2010-09-27T15:53:15","guid":{"rendered":"http:\/\/www.ferienhaus-in-kaernten.de\/"},"modified":"2010-09-27T15:53:15","modified_gmt":"2010-09-27T15:53:15","slug":"sommerurlaub","status":"publish","type":"page","link":"https:\/\/www.bauer-hans.de\/ferienhaus-in-kaernten\/sommerurlaub\/","title":{"rendered":"Sommerurlaub"},"content":{"rendered":"<h3><strong>bei uns in K\u00e4rnten<\/strong><\/h3>\n<h3><strong>K\u00e4rnten &#8211; das Land der Seen und der Berge<\/strong><\/h3>\n<p><strong>Genie\u00dfen Sie Ihren Urlaub bei uns in K\u00e4rnten, hier im s\u00fcdlichsten Teil von \u00d6sterreich werden Sie von der Sonne verw\u00f6hnt. Baden, wandern, radeln, bergsteigen\u00a0&#8211; und das alles vor der Haust\u00fcre. <\/strong><\/p>\n<p><strong>Dazu jede Menge Freizeitspa\u00df, vor allem auch f\u00fcr Ihre Kinder, in unserem Feriendorf.<\/strong><\/p>\n<p><strong>Aber auch W\u00f6rthersee, Faakersee, Ossiacher See\u00a0und eine Vielzahl kleinerer Badeseen in unmittelbarer N\u00e4he des Feriendorfes.<\/strong><\/p>\n<p><a rel=\"attachment wp-att-704\" href=\"http:\/\/www.ferienhaus-in-kaernten.de\/sommerurlaub\/sommerurlaub-2\/\"><img loading=\"lazy\" decoding=\"async\" class=\"aligncenter size-full wp-image-704\" title=\"Sommerurlaub in K\u00e4rnten\" src=\"https:\/\/www.bauer-hans.de\/ferienhaus-in-kaernten\/wp-content\/uploads\/sites\/7\/2010\/09\/sommerurlaub.jpg\" alt=\"\" width=\"500\" height=\"707\" srcset=\"https:\/\/www.bauer-hans.de\/ferienhaus-in-kaernten\/wp-content\/uploads\/sites\/7\/2010\/09\/sommerurlaub.jpg 500w, https:\/\/www.bauer-hans.de\/ferienhaus-in-kaernten\/wp-content\/uploads\/sites\/7\/2010\/09\/sommerurlaub-212x300.jpg 212w\" sizes=\"auto, (max-width: 500px) 100vw, 500px\" \/><\/a><\/p>\n<p><a href=\"http:\/\/www.ferienhaus-in-kaernten.de\/?attachment_id=319\"><img loading=\"lazy\" decoding=\"async\" class=\"alignright size-thumbnail wp-image-319\" title=\"St. Johannsee\" src=\"https:\/\/www.bauer-hans.de\/ferienhaus-in-kaernten\/wp-content\/uploads\/sites\/7\/2010\/10\/see1-150x150.jpg\" alt=\"\" width=\"150\" height=\"150\" \/><\/a>Die meisten der Badeseen in K\u00e4rnten erreichen in der Regel schon im Juni eine Temperatur von 20 \u00b0C, die sie oft bis in den September beibehalten. Der H\u00f6hepunkt der Erw\u00e4rmung der K\u00e4rntner Seen f\u00e4llt in die zweite Julih\u00e4lfte.\u00a0An der Sonnenseite der Alpen gelegen ist das Rosental insbesondere auch durch seine einzigartige Topographie ein Paradies f\u00fcr Bergfexe, Wanderer und Radfahrer. Auf unterschiedlichen H\u00f6henlagen und inmitten zahlreicher Badeseen kommen aktive Naturliebhaber voll auf ihre Kosten. Von den alpinen <a href=\"http:\/\/www.ferienhaus-in-kaernten.de\/?attachment_id=67\"><img loading=\"lazy\" decoding=\"async\" class=\"alignleft size-thumbnail wp-image-67\" title=\"wanderer im hochgebirge\" src=\"https:\/\/www.bauer-hans.de\/ferienhaus-in-kaernten\/wp-content\/uploads\/sites\/7\/2010\/09\/spazierg\u00e4nger_berge-150x150.jpg\" alt=\"\" width=\"150\" height=\"150\" \/><\/a>Karawanken \u00fcber sanfte H\u00fcgel bis hin zur Talsohle am Drauufer &#8211; die abwechslungsreiche Landschaft bietet Naturerlebnisse f\u00fcr die ganze Familie. Ob hoch hinaus oder bodenst\u00e4ndig &#8211; an Berg und See f\u00fchrt auch im Rosental kein Weg vorbei!<\/p>\n","protected":false},"excerpt":{"rendered":"<p>bei uns in K\u00e4rnten K\u00e4rnten &#8211; das Land der Seen und der Berge Genie\u00dfen Sie Ihren Urlaub bei uns in K\u00e4rnten, hier im s\u00fcdlichsten Teil von \u00d6sterreich werden Sie von der Sonne verw\u00f6hnt. Baden, wandern, radeln, bergsteigen\u00a0&#8211; und das alles vor der Haust\u00fcre. Dazu jede Menge Freizeitspa\u00df, vor allem auch f\u00fcr Ihre Kinder, in unserem &hellip; <\/p>\n<p class=\"link-more\"><a href=\"https:\/\/www.bauer-hans.de\/ferienhaus-in-kaernten\/sommerurlaub\/\" class=\"more-link\"><span class=\"screen-reader-text\">\u201eSommerurlaub\u201c <\/span>weiterlesen<\/a><\/p>\n","protected":false},"author":2,"featured_media":0,"parent":0,"menu_order":0,"comment_status":"closed","ping_status":"closed","template":"","meta":{"_acf_changed":false,"footnotes":""},"class_list":["post-37","page","type-page","status-publish","hentry"],"acf":[],"yoast_head":"<!-- This site is optimized with the Yoast SEO plugin v27.4 - https:\/\/yoast.com\/product\/yoast-seo-wordpress\/ -->\n<title>Sommerurlaub - Ferienhaus in \u00d6sterreich \/ K\u00e4rnten direkt am See im Feriendorf mit zwei Pools<\/title>\n<meta name=\"robots\" content=\"index, follow, max-snippet:-1, max-image-preview:large, max-video-preview:-1\" \/>\n<link rel=\"canonical\" href=\"https:\/\/www.bauer-hans.de\/ferienhaus-in-kaernten\/sommerurlaub\/\" \/>\n<meta name=\"twitter:label1\" content=\"Gesch\u00e4tzte Lesezeit\" \/>\n\t<meta name=\"twitter:data1\" content=\"1\u00a0Minute\" \/>\n<script type=\"application\/ld+json\" class=\"yoast-schema-graph\">{\"@context\":\"https:\\\/\\\/schema.org\",\"@graph\":[{\"@type\":\"WebPage\",\"@id\":\"https:\\\/\\\/www.bauer-hans.de\\\/ferienhaus-in-kaernten\\\/sommerurlaub\\\/\",\"url\":\"https:\\\/\\\/www.bauer-hans.de\\\/ferienhaus-in-kaernten\\\/sommerurlaub\\\/\",\"name\":\"Sommerurlaub - Ferienhaus in \u00d6sterreich \\\/ K\u00e4rnten direkt am See im Feriendorf mit zwei Pools\",\"isPartOf\":{\"@id\":\"https:\\\/\\\/www.bauer-hans.de\\\/ferienhaus-in-kaernten\\\/#website\"},\"primaryImageOfPage\":{\"@id\":\"https:\\\/\\\/www.bauer-hans.de\\\/ferienhaus-in-kaernten\\\/sommerurlaub\\\/#primaryimage\"},\"image\":{\"@id\":\"https:\\\/\\\/www.bauer-hans.de\\\/ferienhaus-in-kaernten\\\/sommerurlaub\\\/#primaryimage\"},\"thumbnailUrl\":\"https:\\\/\\\/www.bauer-hans.de\\\/ferienhaus-in-kaernten\\\/wp-content\\\/uploads\\\/sites\\\/7\\\/2010\\\/09\\\/sommerurlaub.jpg\",\"datePublished\":\"2010-09-27T15:53:15+00:00\",\"breadcrumb\":{\"@id\":\"https:\\\/\\\/www.bauer-hans.de\\\/ferienhaus-in-kaernten\\\/sommerurlaub\\\/#breadcrumb\"},\"inLanguage\":\"de\",\"potentialAction\":[{\"@type\":\"ReadAction\",\"target\":[\"https:\\\/\\\/www.bauer-hans.de\\\/ferienhaus-in-kaernten\\\/sommerurlaub\\\/\"]}]},{\"@type\":\"ImageObject\",\"inLanguage\":\"de\",\"@id\":\"https:\\\/\\\/www.bauer-hans.de\\\/ferienhaus-in-kaernten\\\/sommerurlaub\\\/#primaryimage\",\"url\":\"https:\\\/\\\/www.bauer-hans.de\\\/ferienhaus-in-kaernten\\\/wp-content\\\/uploads\\\/sites\\\/7\\\/2010\\\/09\\\/sommerurlaub.jpg\",\"contentUrl\":\"https:\\\/\\\/www.bauer-hans.de\\\/ferienhaus-in-kaernten\\\/wp-content\\\/uploads\\\/sites\\\/7\\\/2010\\\/09\\\/sommerurlaub.jpg\",\"width\":500,\"height\":707},{\"@type\":\"BreadcrumbList\",\"@id\":\"https:\\\/\\\/www.bauer-hans.de\\\/ferienhaus-in-kaernten\\\/sommerurlaub\\\/#breadcrumb\",\"itemListElement\":[{\"@type\":\"ListItem\",\"position\":1,\"name\":\"Startseite\",\"item\":\"https:\\\/\\\/www.bauer-hans.de\\\/ferienhaus-in-kaernten\\\/\"},{\"@type\":\"ListItem\",\"position\":2,\"name\":\"Sommerurlaub\"}]},{\"@type\":\"WebSite\",\"@id\":\"https:\\\/\\\/www.bauer-hans.de\\\/ferienhaus-in-kaernten\\\/#website\",\"url\":\"https:\\\/\\\/www.bauer-hans.de\\\/ferienhaus-in-kaernten\\\/\",\"name\":\"Ferienhaus in \u00d6sterreich \\\/ K\u00e4rnten direkt am See im Feriendorf mit zwei Pools\",\"description\":\"Ihr Traumurlaub in K\u00e4rnten N\u00e4he W\u00f6rthersee \\\/ Faaker See \u2013 unmittelbar vor den Karawanken\",\"publisher\":{\"@id\":\"https:\\\/\\\/www.bauer-hans.de\\\/ferienhaus-in-kaernten\\\/#organization\"},\"potentialAction\":[{\"@type\":\"SearchAction\",\"target\":{\"@type\":\"EntryPoint\",\"urlTemplate\":\"https:\\\/\\\/www.bauer-hans.de\\\/ferienhaus-in-kaernten\\\/?s={search_term_string}\"},\"query-input\":{\"@type\":\"PropertyValueSpecification\",\"valueRequired\":true,\"valueName\":\"search_term_string\"}}],\"inLanguage\":\"de\"},{\"@type\":\"Organization\",\"@id\":\"https:\\\/\\\/www.bauer-hans.de\\\/ferienhaus-in-kaernten\\\/#organization\",\"name\":\"Ferienhaus in \u00d6sterreich \\\/ K\u00e4rnten direkt am See im Feriendorf mit zwei Pools\",\"url\":\"https:\\\/\\\/www.bauer-hans.de\\\/ferienhaus-in-kaernten\\\/\",\"logo\":{\"@type\":\"ImageObject\",\"inLanguage\":\"de\",\"@id\":\"https:\\\/\\\/www.bauer-hans.de\\\/ferienhaus-in-kaernten\\\/#\\\/schema\\\/logo\\\/image\\\/\",\"url\":\"https:\\\/\\\/www.bauer-hans.de\\\/ferienhaus-in-kaernten\\\/wp-content\\\/uploads\\\/sites\\\/7\\\/2018\\\/05\\\/cropped-logo-4-Sterne.jpg\",\"contentUrl\":\"https:\\\/\\\/www.bauer-hans.de\\\/ferienhaus-in-kaernten\\\/wp-content\\\/uploads\\\/sites\\\/7\\\/2018\\\/05\\\/cropped-logo-4-Sterne.jpg\",\"width\":249,\"height\":250,\"caption\":\"Ferienhaus in \u00d6sterreich \\\/ K\u00e4rnten direkt am See im Feriendorf mit zwei Pools\"},\"image\":{\"@id\":\"https:\\\/\\\/www.bauer-hans.de\\\/ferienhaus-in-kaernten\\\/#\\\/schema\\\/logo\\\/image\\\/\"}}]}<\/script>\n<!-- \/ Yoast SEO plugin. -->","yoast_head_json":{"title":"Sommerurlaub - Ferienhaus in \u00d6sterreich \/ K\u00e4rnten direkt am See im Feriendorf mit zwei Pools","robots":{"index":"index","follow":"follow","max-snippet":"max-snippet:-1","max-image-preview":"max-image-preview:large","max-video-preview":"max-video-preview:-1"},"canonical":"https:\/\/www.bauer-hans.de\/ferienhaus-in-kaernten\/sommerurlaub\/","twitter_misc":{"Gesch\u00e4tzte Lesezeit":"1\u00a0Minute"},"schema":{"@context":"https:\/\/schema.org","@graph":[{"@type":"WebPage","@id":"https:\/\/www.bauer-hans.de\/ferienhaus-in-kaernten\/sommerurlaub\/","url":"https:\/\/www.bauer-hans.de\/ferienhaus-in-kaernten\/sommerurlaub\/","name":"Sommerurlaub - Ferienhaus in \u00d6sterreich \/ K\u00e4rnten direkt am See im Feriendorf mit zwei Pools","isPartOf":{"@id":"https:\/\/www.bauer-hans.de\/ferienhaus-in-kaernten\/#website"},"primaryImageOfPage":{"@id":"https:\/\/www.bauer-hans.de\/ferienhaus-in-kaernten\/sommerurlaub\/#primaryimage"},"image":{"@id":"https:\/\/www.bauer-hans.de\/ferienhaus-in-kaernten\/sommerurlaub\/#primaryimage"},"thumbnailUrl":"https:\/\/www.bauer-hans.de\/ferienhaus-in-kaernten\/wp-content\/uploads\/sites\/7\/2010\/09\/sommerurlaub.jpg","datePublished":"2010-09-27T15:53:15+00:00","breadcrumb":{"@id":"https:\/\/www.bauer-hans.de\/ferienhaus-in-kaernten\/sommerurlaub\/#breadcrumb"},"inLanguage":"de","potentialAction":[{"@type":"ReadAction","target":["https:\/\/www.bauer-hans.de\/ferienhaus-in-kaernten\/sommerurlaub\/"]}]},{"@type":"ImageObject","inLanguage":"de","@id":"https:\/\/www.bauer-hans.de\/ferienhaus-in-kaernten\/sommerurlaub\/#primaryimage","url":"https:\/\/www.bauer-hans.de\/ferienhaus-in-kaernten\/wp-content\/uploads\/sites\/7\/2010\/09\/sommerurlaub.jpg","contentUrl":"https:\/\/www.bauer-hans.de\/ferienhaus-in-kaernten\/wp-content\/uploads\/sites\/7\/2010\/09\/sommerurlaub.jpg","width":500,"height":707},{"@type":"BreadcrumbList","@id":"https:\/\/www.bauer-hans.de\/ferienhaus-in-kaernten\/sommerurlaub\/#breadcrumb","itemListElement":[{"@type":"ListItem","position":1,"name":"Startseite","item":"https:\/\/www.bauer-hans.de\/ferienhaus-in-kaernten\/"},{"@type":"ListItem","position":2,"name":"Sommerurlaub"}]},{"@type":"WebSite","@id":"https:\/\/www.bauer-hans.de\/ferienhaus-in-kaernten\/#website","url":"https:\/\/www.bauer-hans.de\/ferienhaus-in-kaernten\/","name":"Ferienhaus in \u00d6sterreich \/ K\u00e4rnten direkt am See im Feriendorf mit zwei Pools","description":"Ihr Traumurlaub in K\u00e4rnten N\u00e4he W\u00f6rthersee \/ Faaker See \u2013 unmittelbar vor den Karawanken","publisher":{"@id":"https:\/\/www.bauer-hans.de\/ferienhaus-in-kaernten\/#organization"},"potentialAction":[{"@type":"SearchAction","target":{"@type":"EntryPoint","urlTemplate":"https:\/\/www.bauer-hans.de\/ferienhaus-in-kaernten\/?s={search_term_string}"},"query-input":{"@type":"PropertyValueSpecification","valueRequired":true,"valueName":"search_term_string"}}],"inLanguage":"de"},{"@type":"Organization","@id":"https:\/\/www.bauer-hans.de\/ferienhaus-in-kaernten\/#organization","name":"Ferienhaus in \u00d6sterreich \/ K\u00e4rnten direkt am See im Feriendorf mit zwei Pools","url":"https:\/\/www.bauer-hans.de\/ferienhaus-in-kaernten\/","logo":{"@type":"ImageObject","inLanguage":"de","@id":"https:\/\/www.bauer-hans.de\/ferienhaus-in-kaernten\/#\/schema\/logo\/image\/","url":"https:\/\/www.bauer-hans.de\/ferienhaus-in-kaernten\/wp-content\/uploads\/sites\/7\/2018\/05\/cropped-logo-4-Sterne.jpg","contentUrl":"https:\/\/www.bauer-hans.de\/ferienhaus-in-kaernten\/wp-content\/uploads\/sites\/7\/2018\/05\/cropped-logo-4-Sterne.jpg","width":249,"height":250,"caption":"Ferienhaus in \u00d6sterreich \/ K\u00e4rnten direkt am See im Feriendorf mit zwei Pools"},"image":{"@id":"https:\/\/www.bauer-hans.de\/ferienhaus-in-kaernten\/#\/schema\/logo\/image\/"}}]}},"_links":{"self":[{"href":"https:\/\/www.bauer-hans.de\/ferienhaus-in-kaernten\/wp-json\/wp\/v2\/pages\/37","targetHints":{"allow":["GET"]}}],"collection":[{"href":"https:\/\/www.bauer-hans.de\/ferienhaus-in-kaernten\/wp-json\/wp\/v2\/pages"}],"about":[{"href":"https:\/\/www.bauer-hans.de\/ferienhaus-in-kaernten\/wp-json\/wp\/v2\/types\/page"}],"author":[{"embeddable":true,"href":"https:\/\/www.bauer-hans.de\/ferienhaus-in-kaernten\/wp-json\/wp\/v2\/users\/2"}],"replies":[{"embeddable":true,"href":"https:\/\/www.bauer-hans.de\/ferienhaus-in-kaernten\/wp-json\/wp\/v2\/comments?post=37"}],"version-history":[{"count":0,"href":"https:\/\/www.bauer-hans.de\/ferienhaus-in-kaernten\/wp-json\/wp\/v2\/pages\/37\/revisions"}],"wp:attachment":[{"href":"https:\/\/www.bauer-hans.de\/ferienhaus-in-kaernten\/wp-json\/wp\/v2\/media?parent=37"}],"curies":[{"name":"wp","href":"https:\/\/api.w.org\/{rel}","templated":true}]}}