{"id":1326,"date":"2019-03-02T17:51:54","date_gmt":"2019-03-02T15:51:54","guid":{"rendered":"https:\/\/www.bauer-hans.de\/ferienwohnung-im-baederdreieck\/?page_id=1326"},"modified":"2019-03-02T17:57:35","modified_gmt":"2019-03-02T15:57:35","slug":"unsere-wohnungsverwalterin","status":"publish","type":"page","link":"https:\/\/www.bauer-hans.de\/ferienwohnung-im-baederdreieck\/unsere-wohnungsverwalterin\/","title":{"rendered":"unsere Wohnungsverwalterin"},"content":{"rendered":"<p>Unsere Wohnung hegt und pflegt Frau <strong>Maria Bachl<\/strong>. Sie wird Ihnen bei Ihrer Ankunft die Wohnung nicht nur \u00fcbergeben sondern auch wichtige Dinge erkl\u00e4ren.<\/p>\n<p>Sollten Sie mal gesundheitliche Probleme haben, vielleicht kann Ihnen Frau Bachl sogar hier weiter helfen.<\/p>\n<p>Hier ein kurzer Auszug aus ihrem T\u00e4tigkeitsbereich:<\/p>\n<p>Aromaberaterin, Expertin f\u00fcr Wickel und Kompressen\/Auflagen (Naturheilkunde und Kneipp Anwenderin), angehende Kr\u00e4uterp\u00e4dagogin,<\/p>\n<p>Gibt Kurse \u00fcber: z.B. wie koche ich mit \u00e4therischen \u00d6len, wie verwende ich \u00e4therische \u00d6le,&nbsp; Kurse \u00fcber Salben und Naturkosmetik selber herstellen, Kr\u00e4uterwanderungen usw.<\/p>\n<p>Wickel f\u00fcr den ganzen K\u00f6rper z.B. Wadenwickel, Halswickel, Gelenkwickel, Venenwickel, Leberwickel zum Entgiften des K\u00f6rpers, bei ihr k\u00f6nnte man auch z.B. eine Heilanwendung mit anschlie\u00dfenden entspannenden entgiftenden Leberwickel buchen. Aktuelle Kurse sind in unserer Wohnung ausgelegt.<\/p>\n<p><strong>Erich Bachl<\/strong>, ihr Ehemenn: Geopathologe bzw. sucht geopathische St\u00f6rzonen und Elektrosmog. Wasserader, Currygitter, Hartmanngitter usw.<\/p>\n<p>Esoterischer und spiritueller Heiler (Heilanwendungen, Wirbels\u00e4ulenaufrichtung, Chakren auff\u00fcllen, radionische Pendelarbeit usw. siehe auch: <a href=\"http:\/\/www.bachl-heiler.de\" target=\"_blank\" rel=\"noopener noreferrer\">www.bachl-heiler.de<\/a><\/p>\n","protected":false},"excerpt":{"rendered":"<p>Unsere Wohnung hegt und pflegt Frau Maria Bachl. Sie wird Ihnen bei Ihrer Ankunft die Wohnung nicht nur \u00fcbergeben sondern auch wichtige Dinge erkl\u00e4ren. Sollten Sie mal gesundheitliche Probleme haben, vielleicht kann Ihnen Frau Bachl sogar hier weiter helfen. Hier ein kurzer Auszug aus ihrem T\u00e4tigkeitsbereich: Aromaberaterin, Expertin f\u00fcr Wickel und Kompressen\/Auflagen (Naturheilkunde und Kneipp &hellip; <\/p>\n<p class=\"link-more\"><a href=\"https:\/\/www.bauer-hans.de\/ferienwohnung-im-baederdreieck\/unsere-wohnungsverwalterin\/\" class=\"more-link\"><span class=\"screen-reader-text\">\u201eunsere Wohnungsverwalterin\u201c <\/span>weiterlesen<\/a><\/p>\n","protected":false},"author":2,"featured_media":0,"parent":0,"menu_order":0,"comment_status":"closed","ping_status":"closed","template":"","meta":{"_acf_changed":false,"footnotes":""},"class_list":["post-1326","page","type-page","status-publish","hentry"],"acf":[],"yoast_head":"<!-- This site is optimized with the Yoast SEO plugin v27.5 - https:\/\/yoast.com\/product\/yoast-seo-wordpress\/ -->\n<title>unsere Wohnungsverwalterin - Ferienwohnung B\u00e4derdreieck Niederbayern | F\u00fcssing | Birnbach | Griesbach |<\/title>\n<meta name=\"description\" content=\"Maria Bachl Bayerbach Aromaberaterin, Expertin f\u00fcr Wickel und Kompressen, Naturheilkunde und Kneipp Anwenderin | Erich Bachl, Heiler Wirbels\u00e4ulenaufrichtung\" \/>\n<meta name=\"robots\" content=\"index, follow, max-snippet:-1, max-image-preview:large, max-video-preview:-1\" \/>\n<link rel=\"canonical\" href=\"https:\/\/www.bauer-hans.de\/ferienwohnung-im-baederdreieck\/unsere-wohnungsverwalterin\/\" \/>\n<meta name=\"twitter:label1\" content=\"Gesch\u00e4tzte Lesezeit\" \/>\n\t<meta name=\"twitter:data1\" content=\"1\u00a0Minute\" \/>\n<script type=\"application\/ld+json\" class=\"yoast-schema-graph\">{\"@context\":\"https:\\\/\\\/schema.org\",\"@graph\":[{\"@type\":\"WebPage\",\"@id\":\"https:\\\/\\\/www.bauer-hans.de\\\/ferienwohnung-im-baederdreieck\\\/unsere-wohnungsverwalterin\\\/\",\"url\":\"https:\\\/\\\/www.bauer-hans.de\\\/ferienwohnung-im-baederdreieck\\\/unsere-wohnungsverwalterin\\\/\",\"name\":\"unsere Wohnungsverwalterin - Ferienwohnung B\u00e4derdreieck Niederbayern | F\u00fcssing | Birnbach | Griesbach |\",\"isPartOf\":{\"@id\":\"https:\\\/\\\/www.bauer-hans.de\\\/ferienwohnung-im-baederdreieck\\\/#website\"},\"datePublished\":\"2019-03-02T15:51:54+00:00\",\"dateModified\":\"2019-03-02T15:57:35+00:00\",\"description\":\"Maria Bachl Bayerbach Aromaberaterin, Expertin f\u00fcr Wickel und Kompressen, Naturheilkunde und Kneipp Anwenderin | Erich Bachl, Heiler Wirbels\u00e4ulenaufrichtung\",\"breadcrumb\":{\"@id\":\"https:\\\/\\\/www.bauer-hans.de\\\/ferienwohnung-im-baederdreieck\\\/unsere-wohnungsverwalterin\\\/#breadcrumb\"},\"inLanguage\":\"de\",\"potentialAction\":[{\"@type\":\"ReadAction\",\"target\":[\"https:\\\/\\\/www.bauer-hans.de\\\/ferienwohnung-im-baederdreieck\\\/unsere-wohnungsverwalterin\\\/\"]}]},{\"@type\":\"BreadcrumbList\",\"@id\":\"https:\\\/\\\/www.bauer-hans.de\\\/ferienwohnung-im-baederdreieck\\\/unsere-wohnungsverwalterin\\\/#breadcrumb\",\"itemListElement\":[{\"@type\":\"ListItem\",\"position\":1,\"name\":\"Startseite\",\"item\":\"https:\\\/\\\/www.bauer-hans.de\\\/ferienwohnung-im-baederdreieck\\\/\"},{\"@type\":\"ListItem\",\"position\":2,\"name\":\"unsere Wohnungsverwalterin\"}]},{\"@type\":\"WebSite\",\"@id\":\"https:\\\/\\\/www.bauer-hans.de\\\/ferienwohnung-im-baederdreieck\\\/#website\",\"url\":\"https:\\\/\\\/www.bauer-hans.de\\\/ferienwohnung-im-baederdreieck\\\/\",\"name\":\"Ferienwohnung B\u00e4derdreieck Niederbayern | F\u00fcssing | Birnbach | Griesbach |\",\"description\":\"Top Fewo, 2 SZ, Winter-Garten N\u00e4he Bad Birnbach, Bad F\u00fcssing, Bad Griesbach\",\"potentialAction\":[{\"@type\":\"SearchAction\",\"target\":{\"@type\":\"EntryPoint\",\"urlTemplate\":\"https:\\\/\\\/www.bauer-hans.de\\\/ferienwohnung-im-baederdreieck\\\/?s={search_term_string}\"},\"query-input\":{\"@type\":\"PropertyValueSpecification\",\"valueRequired\":true,\"valueName\":\"search_term_string\"}}],\"inLanguage\":\"de\"}]}<\/script>\n<!-- \/ Yoast SEO plugin. -->","yoast_head_json":{"title":"unsere Wohnungsverwalterin - Ferienwohnung B\u00e4derdreieck Niederbayern | F\u00fcssing | Birnbach | Griesbach |","description":"Maria Bachl Bayerbach Aromaberaterin, Expertin f\u00fcr Wickel und Kompressen, Naturheilkunde und Kneipp Anwenderin | Erich Bachl, Heiler Wirbels\u00e4ulenaufrichtung","robots":{"index":"index","follow":"follow","max-snippet":"max-snippet:-1","max-image-preview":"max-image-preview:large","max-video-preview":"max-video-preview:-1"},"canonical":"https:\/\/www.bauer-hans.de\/ferienwohnung-im-baederdreieck\/unsere-wohnungsverwalterin\/","twitter_misc":{"Gesch\u00e4tzte Lesezeit":"1\u00a0Minute"},"schema":{"@context":"https:\/\/schema.org","@graph":[{"@type":"WebPage","@id":"https:\/\/www.bauer-hans.de\/ferienwohnung-im-baederdreieck\/unsere-wohnungsverwalterin\/","url":"https:\/\/www.bauer-hans.de\/ferienwohnung-im-baederdreieck\/unsere-wohnungsverwalterin\/","name":"unsere Wohnungsverwalterin - Ferienwohnung B\u00e4derdreieck Niederbayern | F\u00fcssing | Birnbach | Griesbach |","isPartOf":{"@id":"https:\/\/www.bauer-hans.de\/ferienwohnung-im-baederdreieck\/#website"},"datePublished":"2019-03-02T15:51:54+00:00","dateModified":"2019-03-02T15:57:35+00:00","description":"Maria Bachl Bayerbach Aromaberaterin, Expertin f\u00fcr Wickel und Kompressen, Naturheilkunde und Kneipp Anwenderin | Erich Bachl, Heiler Wirbels\u00e4ulenaufrichtung","breadcrumb":{"@id":"https:\/\/www.bauer-hans.de\/ferienwohnung-im-baederdreieck\/unsere-wohnungsverwalterin\/#breadcrumb"},"inLanguage":"de","potentialAction":[{"@type":"ReadAction","target":["https:\/\/www.bauer-hans.de\/ferienwohnung-im-baederdreieck\/unsere-wohnungsverwalterin\/"]}]},{"@type":"BreadcrumbList","@id":"https:\/\/www.bauer-hans.de\/ferienwohnung-im-baederdreieck\/unsere-wohnungsverwalterin\/#breadcrumb","itemListElement":[{"@type":"ListItem","position":1,"name":"Startseite","item":"https:\/\/www.bauer-hans.de\/ferienwohnung-im-baederdreieck\/"},{"@type":"ListItem","position":2,"name":"unsere Wohnungsverwalterin"}]},{"@type":"WebSite","@id":"https:\/\/www.bauer-hans.de\/ferienwohnung-im-baederdreieck\/#website","url":"https:\/\/www.bauer-hans.de\/ferienwohnung-im-baederdreieck\/","name":"Ferienwohnung B\u00e4derdreieck Niederbayern | F\u00fcssing | Birnbach | Griesbach |","description":"Top Fewo, 2 SZ, Winter-Garten N\u00e4he Bad Birnbach, Bad F\u00fcssing, Bad Griesbach","potentialAction":[{"@type":"SearchAction","target":{"@type":"EntryPoint","urlTemplate":"https:\/\/www.bauer-hans.de\/ferienwohnung-im-baederdreieck\/?s={search_term_string}"},"query-input":{"@type":"PropertyValueSpecification","valueRequired":true,"valueName":"search_term_string"}}],"inLanguage":"de"}]}},"_links":{"self":[{"href":"https:\/\/www.bauer-hans.de\/ferienwohnung-im-baederdreieck\/wp-json\/wp\/v2\/pages\/1326","targetHints":{"allow":["GET"]}}],"collection":[{"href":"https:\/\/www.bauer-hans.de\/ferienwohnung-im-baederdreieck\/wp-json\/wp\/v2\/pages"}],"about":[{"href":"https:\/\/www.bauer-hans.de\/ferienwohnung-im-baederdreieck\/wp-json\/wp\/v2\/types\/page"}],"author":[{"embeddable":true,"href":"https:\/\/www.bauer-hans.de\/ferienwohnung-im-baederdreieck\/wp-json\/wp\/v2\/users\/2"}],"replies":[{"embeddable":true,"href":"https:\/\/www.bauer-hans.de\/ferienwohnung-im-baederdreieck\/wp-json\/wp\/v2\/comments?post=1326"}],"version-history":[{"count":3,"href":"https:\/\/www.bauer-hans.de\/ferienwohnung-im-baederdreieck\/wp-json\/wp\/v2\/pages\/1326\/revisions"}],"predecessor-version":[{"id":1331,"href":"https:\/\/www.bauer-hans.de\/ferienwohnung-im-baederdreieck\/wp-json\/wp\/v2\/pages\/1326\/revisions\/1331"}],"wp:attachment":[{"href":"https:\/\/www.bauer-hans.de\/ferienwohnung-im-baederdreieck\/wp-json\/wp\/v2\/media?parent=1326"}],"curies":[{"name":"wp","href":"https:\/\/api.w.org\/{rel}","templated":true}]}}