{"id":359,"date":"2010-12-31T09:27:49","date_gmt":"2010-12-31T09:27:49","guid":{"rendered":"http:\/\/www.ferienwohnung-im-baederdreieck.de\/"},"modified":"2010-12-31T09:27:49","modified_gmt":"2010-12-31T09:27:49","slug":"wellness","status":"publish","type":"page","link":"https:\/\/www.bauer-hans.de\/ferienwohnung-im-baederdreieck\/wellness\/","title":{"rendered":"Wellness"},"content":{"rendered":"<p><a rel=\"attachment wp-att-360\" href=\"https:\/\/www.ferienwohnung-im-baederdreieck.de\/wellness\/therme1_sinnenreich-2\/\"><img loading=\"lazy\" decoding=\"async\" class=\"alignleft size-medium wp-image-360\" title=\"Therme1 Bad F\u00fcssing\" src=\"https:\/\/www.bauer-hans.de\/ferienwohnung-im-baederdreieck\/wp-content\/uploads\/sites\/8\/2010\/12\/Therme1_Sinnenreich-300x199.jpg\" alt=\"\" width=\"300\" height=\"199\" srcset=\"https:\/\/www.bauer-hans.de\/ferienwohnung-im-baederdreieck\/wp-content\/uploads\/sites\/8\/2010\/12\/Therme1_Sinnenreich-300x199.jpg 300w, https:\/\/www.bauer-hans.de\/ferienwohnung-im-baederdreieck\/wp-content\/uploads\/sites\/8\/2010\/12\/Therme1_Sinnenreich.jpg 500w\" sizes=\"auto, (max-width: 300px) 100vw, 300px\" \/><\/a>Lassen Sie sich verw\u00f6hnen &#8211; die umliegenden Kurorte in <a href=\"http:\/\/www.bad-birnbach.de\" target=\"_blank\">Bad Birnbach <\/a>(6 km), <a href=\"http:\/\/www.bad-griesbach.de\" target=\"_blank\">Bad Griesbach <\/a>(6 km)\u00a0oder in <a href=\"http:\/\/www.bad-fuessing.de\" target=\"_blank\">Bad F\u00fcssing <\/a>(17 km)\u00a0bieten Ihnen jede Menge &#8222;Wellness&#8220; M\u00f6glichkeiten.<\/p>\n<h3>Was\u00a0versteht man unter\u00a0Wellness ?<\/h3>\n<p>Per Definition durch den amerikanischen Arzt Kenneth H. Cooper (\u201eThe Father of Aerobics\u201c), den Sozialmediziner Halbert Dunn u. a. in den 1950er, 60er und 70er Jahren, leitet sich der Begriff Wellness von den Begriffen Well-being und Fitness bzw. Well-being und Happiness ab, d. h. das Lebensstilkonzept Wellness zielt auf Wohlbefinden, Spa\u00df und eine gute k\u00f6rperliche Verfassung ab.Heute versteht man unter Wellness vor allem Methoden und Anwendungen, die das k\u00f6rperliche, geistige und seelische Wohlbefinden steigern. Fremdenverkehrseinrichtungen, Hotels, Schwimmb\u00e4der und Kureinrichtungen bieten unter der Bezeichnung \u201eWellness\u201c Massagen, B\u00e4der, aber auch Tages- und Wochenprogramme an.<\/p>\n","protected":false},"excerpt":{"rendered":"<p>Lassen Sie sich verw\u00f6hnen &#8211; die umliegenden Kurorte in Bad Birnbach (6 km), Bad Griesbach (6 km)\u00a0oder in Bad F\u00fcssing (17 km)\u00a0bieten Ihnen jede Menge &#8222;Wellness&#8220; M\u00f6glichkeiten. Was\u00a0versteht man unter\u00a0Wellness ? Per Definition durch den amerikanischen Arzt Kenneth H. Cooper (\u201eThe Father of Aerobics\u201c), den Sozialmediziner Halbert Dunn u. a. in den 1950er, 60er und &hellip; <\/p>\n<p class=\"link-more\"><a href=\"https:\/\/www.bauer-hans.de\/ferienwohnung-im-baederdreieck\/wellness\/\" class=\"more-link\"><span class=\"screen-reader-text\">\u201eWellness\u201c <\/span>weiterlesen<\/a><\/p>\n","protected":false},"author":2,"featured_media":0,"parent":0,"menu_order":0,"comment_status":"closed","ping_status":"closed","template":"","meta":{"_acf_changed":false,"footnotes":""},"class_list":["post-359","page","type-page","status-publish","hentry"],"acf":[],"yoast_head":"<!-- This site is optimized with the Yoast SEO plugin v27.5 - https:\/\/yoast.com\/product\/yoast-seo-wordpress\/ -->\n<title>Wellness - Ferienwohnung B\u00e4derdreieck Niederbayern | F\u00fcssing | Birnbach | Griesbach |<\/title>\n<meta name=\"robots\" content=\"index, follow, max-snippet:-1, max-image-preview:large, max-video-preview:-1\" \/>\n<link rel=\"canonical\" href=\"https:\/\/www.bauer-hans.de\/ferienwohnung-im-baederdreieck\/wellness\/\" \/>\n<meta name=\"twitter:label1\" content=\"Gesch\u00e4tzte Lesezeit\" \/>\n\t<meta name=\"twitter:data1\" content=\"1\u00a0Minute\" \/>\n<script type=\"application\/ld+json\" class=\"yoast-schema-graph\">{\"@context\":\"https:\\\/\\\/schema.org\",\"@graph\":[{\"@type\":\"WebPage\",\"@id\":\"https:\\\/\\\/www.bauer-hans.de\\\/ferienwohnung-im-baederdreieck\\\/wellness\\\/\",\"url\":\"https:\\\/\\\/www.bauer-hans.de\\\/ferienwohnung-im-baederdreieck\\\/wellness\\\/\",\"name\":\"Wellness - Ferienwohnung B\u00e4derdreieck Niederbayern | F\u00fcssing | Birnbach | Griesbach |\",\"isPartOf\":{\"@id\":\"https:\\\/\\\/www.bauer-hans.de\\\/ferienwohnung-im-baederdreieck\\\/#website\"},\"primaryImageOfPage\":{\"@id\":\"https:\\\/\\\/www.bauer-hans.de\\\/ferienwohnung-im-baederdreieck\\\/wellness\\\/#primaryimage\"},\"image\":{\"@id\":\"https:\\\/\\\/www.bauer-hans.de\\\/ferienwohnung-im-baederdreieck\\\/wellness\\\/#primaryimage\"},\"thumbnailUrl\":\"https:\\\/\\\/www.bauer-hans.de\\\/ferienwohnung-im-baederdreieck\\\/wp-content\\\/uploads\\\/sites\\\/8\\\/2010\\\/12\\\/Therme1_Sinnenreich-300x199.jpg\",\"datePublished\":\"2010-12-31T09:27:49+00:00\",\"breadcrumb\":{\"@id\":\"https:\\\/\\\/www.bauer-hans.de\\\/ferienwohnung-im-baederdreieck\\\/wellness\\\/#breadcrumb\"},\"inLanguage\":\"de\",\"potentialAction\":[{\"@type\":\"ReadAction\",\"target\":[\"https:\\\/\\\/www.bauer-hans.de\\\/ferienwohnung-im-baederdreieck\\\/wellness\\\/\"]}]},{\"@type\":\"ImageObject\",\"inLanguage\":\"de\",\"@id\":\"https:\\\/\\\/www.bauer-hans.de\\\/ferienwohnung-im-baederdreieck\\\/wellness\\\/#primaryimage\",\"url\":\"https:\\\/\\\/www.bauer-hans.de\\\/ferienwohnung-im-baederdreieck\\\/wp-content\\\/uploads\\\/sites\\\/8\\\/2010\\\/12\\\/Therme1_Sinnenreich.jpg\",\"contentUrl\":\"https:\\\/\\\/www.bauer-hans.de\\\/ferienwohnung-im-baederdreieck\\\/wp-content\\\/uploads\\\/sites\\\/8\\\/2010\\\/12\\\/Therme1_Sinnenreich.jpg\",\"width\":500,\"height\":333},{\"@type\":\"BreadcrumbList\",\"@id\":\"https:\\\/\\\/www.bauer-hans.de\\\/ferienwohnung-im-baederdreieck\\\/wellness\\\/#breadcrumb\",\"itemListElement\":[{\"@type\":\"ListItem\",\"position\":1,\"name\":\"Startseite\",\"item\":\"https:\\\/\\\/www.bauer-hans.de\\\/ferienwohnung-im-baederdreieck\\\/\"},{\"@type\":\"ListItem\",\"position\":2,\"name\":\"Wellness\"}]},{\"@type\":\"WebSite\",\"@id\":\"https:\\\/\\\/www.bauer-hans.de\\\/ferienwohnung-im-baederdreieck\\\/#website\",\"url\":\"https:\\\/\\\/www.bauer-hans.de\\\/ferienwohnung-im-baederdreieck\\\/\",\"name\":\"Ferienwohnung B\u00e4derdreieck Niederbayern | F\u00fcssing | Birnbach | Griesbach |\",\"description\":\"Top Fewo, 2 SZ, Winter-Garten N\u00e4he Bad Birnbach, Bad F\u00fcssing, Bad Griesbach\",\"potentialAction\":[{\"@type\":\"SearchAction\",\"target\":{\"@type\":\"EntryPoint\",\"urlTemplate\":\"https:\\\/\\\/www.bauer-hans.de\\\/ferienwohnung-im-baederdreieck\\\/?s={search_term_string}\"},\"query-input\":{\"@type\":\"PropertyValueSpecification\",\"valueRequired\":true,\"valueName\":\"search_term_string\"}}],\"inLanguage\":\"de\"}]}<\/script>\n<!-- \/ Yoast SEO plugin. -->","yoast_head_json":{"title":"Wellness - Ferienwohnung B\u00e4derdreieck Niederbayern | F\u00fcssing | Birnbach | Griesbach |","robots":{"index":"index","follow":"follow","max-snippet":"max-snippet:-1","max-image-preview":"max-image-preview:large","max-video-preview":"max-video-preview:-1"},"canonical":"https:\/\/www.bauer-hans.de\/ferienwohnung-im-baederdreieck\/wellness\/","twitter_misc":{"Gesch\u00e4tzte Lesezeit":"1\u00a0Minute"},"schema":{"@context":"https:\/\/schema.org","@graph":[{"@type":"WebPage","@id":"https:\/\/www.bauer-hans.de\/ferienwohnung-im-baederdreieck\/wellness\/","url":"https:\/\/www.bauer-hans.de\/ferienwohnung-im-baederdreieck\/wellness\/","name":"Wellness - Ferienwohnung B\u00e4derdreieck Niederbayern | F\u00fcssing | Birnbach | Griesbach |","isPartOf":{"@id":"https:\/\/www.bauer-hans.de\/ferienwohnung-im-baederdreieck\/#website"},"primaryImageOfPage":{"@id":"https:\/\/www.bauer-hans.de\/ferienwohnung-im-baederdreieck\/wellness\/#primaryimage"},"image":{"@id":"https:\/\/www.bauer-hans.de\/ferienwohnung-im-baederdreieck\/wellness\/#primaryimage"},"thumbnailUrl":"https:\/\/www.bauer-hans.de\/ferienwohnung-im-baederdreieck\/wp-content\/uploads\/sites\/8\/2010\/12\/Therme1_Sinnenreich-300x199.jpg","datePublished":"2010-12-31T09:27:49+00:00","breadcrumb":{"@id":"https:\/\/www.bauer-hans.de\/ferienwohnung-im-baederdreieck\/wellness\/#breadcrumb"},"inLanguage":"de","potentialAction":[{"@type":"ReadAction","target":["https:\/\/www.bauer-hans.de\/ferienwohnung-im-baederdreieck\/wellness\/"]}]},{"@type":"ImageObject","inLanguage":"de","@id":"https:\/\/www.bauer-hans.de\/ferienwohnung-im-baederdreieck\/wellness\/#primaryimage","url":"https:\/\/www.bauer-hans.de\/ferienwohnung-im-baederdreieck\/wp-content\/uploads\/sites\/8\/2010\/12\/Therme1_Sinnenreich.jpg","contentUrl":"https:\/\/www.bauer-hans.de\/ferienwohnung-im-baederdreieck\/wp-content\/uploads\/sites\/8\/2010\/12\/Therme1_Sinnenreich.jpg","width":500,"height":333},{"@type":"BreadcrumbList","@id":"https:\/\/www.bauer-hans.de\/ferienwohnung-im-baederdreieck\/wellness\/#breadcrumb","itemListElement":[{"@type":"ListItem","position":1,"name":"Startseite","item":"https:\/\/www.bauer-hans.de\/ferienwohnung-im-baederdreieck\/"},{"@type":"ListItem","position":2,"name":"Wellness"}]},{"@type":"WebSite","@id":"https:\/\/www.bauer-hans.de\/ferienwohnung-im-baederdreieck\/#website","url":"https:\/\/www.bauer-hans.de\/ferienwohnung-im-baederdreieck\/","name":"Ferienwohnung B\u00e4derdreieck Niederbayern | F\u00fcssing | Birnbach | Griesbach |","description":"Top Fewo, 2 SZ, Winter-Garten N\u00e4he Bad Birnbach, Bad F\u00fcssing, Bad Griesbach","potentialAction":[{"@type":"SearchAction","target":{"@type":"EntryPoint","urlTemplate":"https:\/\/www.bauer-hans.de\/ferienwohnung-im-baederdreieck\/?s={search_term_string}"},"query-input":{"@type":"PropertyValueSpecification","valueRequired":true,"valueName":"search_term_string"}}],"inLanguage":"de"}]}},"_links":{"self":[{"href":"https:\/\/www.bauer-hans.de\/ferienwohnung-im-baederdreieck\/wp-json\/wp\/v2\/pages\/359","targetHints":{"allow":["GET"]}}],"collection":[{"href":"https:\/\/www.bauer-hans.de\/ferienwohnung-im-baederdreieck\/wp-json\/wp\/v2\/pages"}],"about":[{"href":"https:\/\/www.bauer-hans.de\/ferienwohnung-im-baederdreieck\/wp-json\/wp\/v2\/types\/page"}],"author":[{"embeddable":true,"href":"https:\/\/www.bauer-hans.de\/ferienwohnung-im-baederdreieck\/wp-json\/wp\/v2\/users\/2"}],"replies":[{"embeddable":true,"href":"https:\/\/www.bauer-hans.de\/ferienwohnung-im-baederdreieck\/wp-json\/wp\/v2\/comments?post=359"}],"version-history":[{"count":0,"href":"https:\/\/www.bauer-hans.de\/ferienwohnung-im-baederdreieck\/wp-json\/wp\/v2\/pages\/359\/revisions"}],"wp:attachment":[{"href":"https:\/\/www.bauer-hans.de\/ferienwohnung-im-baederdreieck\/wp-json\/wp\/v2\/media?parent=359"}],"curies":[{"name":"wp","href":"https:\/\/api.w.org\/{rel}","templated":true}]}}