{"id":62,"date":"2010-10-31T18:22:00","date_gmt":"2010-10-31T18:22:00","guid":{"rendered":"http:\/\/www.ferienwohnung-im-baederdreieck.de\/"},"modified":"2016-07-09T15:45:49","modified_gmt":"2016-07-09T13:45:49","slug":"ausflugsziele","status":"publish","type":"page","link":"https:\/\/www.bauer-hans.de\/ferienwohnung-im-baederdreieck\/ausflugsziele\/","title":{"rendered":"Ausflugsziele"},"content":{"rendered":"<h4>Dank der g\u00fcnstigen Lage sind einige der sch\u00f6nsten St\u00e4dte und Gegenden Bayerns, \u00d6sterreichs und Tschechiens nur einen Tagesausflug entfernt.<\/h4>\n<h4 style=\"text-align: center;\">***<\/h4>\n<p>Bei l\u00e4ngerem Aufenthalt kann sich durchaus auch der Erwerb der <a href=\"http:\/\/www.passaucard.de\" target=\"_blank\">Passaucard \u00a0<\/a> f\u00fcr Sie lohnen, welche Sie als unsere G\u00e4ste zum erm\u00e4\u00dfigten Preis erwerben k\u00f6nnen.<\/p>\n<p>Hier ein Link zu <a href=\"http:\/\/www.rottal-inn.de\/Tourismus\/Veranstaltungskalender.aspx\" target=\"_blank\">aktuellen Veranstaltungen<\/a> im Landkreis Rottal-Inn<\/p>\n<p>Planen Sie Ihre Radltour oder auch Ihre Wanderung\u00a0<a title=\"Tourenplaner Rottal-Inn\" href=\"http:\/\/regio.outdooractive.com\/oar-rottal-inn\/de\/\" target=\"_blank\">hier jetzt interaktiv<\/a>! Entdecken Sie die einzigartige und sanfte Rott- Inntaler H\u00fcgellandschaft mit <strong>zahlreichen Touren- und Freizeit-Tipps.<\/strong><\/p>\n<hr \/>\n<h4><a href=\"http:\/\/www.kartsport-zentrum.de\/index.htm\" target=\"_blank\">Kartsportzentrum Rottal\u00a0&#8211; 12 km<\/a><\/h4>\n<p style=\"text-align: left;\"><a href=\"https:\/\/www.ferienwohnung-im-baederdreieck.de\/ausflugsziele\/kartsport\/\" rel=\"attachment wp-att-417\"><img loading=\"lazy\" decoding=\"async\" class=\"alignleft size-thumbnail wp-image-417\" title=\"kartsport Rottal-Inn\" src=\"https:\/\/www.bauer-hans.de\/ferienwohnung-im-baederdreieck\/wp-content\/uploads\/sites\/8\/2010\/10\/kartsport-150x150.jpg\" alt=\"\" width=\"150\" height=\"150\" \/><\/a>F\u00fcr Kinder\/Jungendliche ist das Kartsportzentrum in Rottalm\u00fcnster gewiss ein tolles Erlebnis. Sie ist eine der sch\u00f6nst gelegenen und sportlich attraktivsten Kartbahnen in ganz Deutschland. Mit 851 m reiner Bahnl\u00e4nge (ohne Zu- und Abfahrten) ist sie als Austragungsort nationaler und internationaler Wettbewerbe geeignet.<\/p>\n<hr \/>\n<h4 style=\"text-align: left;\"><a href=\"http:\/\/pocking.de\/index.php\/freizeit-2\/baeder\/freibaeder\" target=\"_blank\">Naturfreibad, Pocking<\/a>\u00a0-ca. 16 km<\/h4>\n<p style=\"text-align: left;\"><a href=\"https:\/\/www.ferienwohnung-im-baederdreieck.de\/ausflugsziele\/see_pocking\/\" rel=\"attachment wp-att-744\"><img loading=\"lazy\" decoding=\"async\" class=\"alignleft size-medium wp-image-744\" src=\"https:\/\/www.bauer-hans.de\/ferienwohnung-im-baederdreieck\/wp-content\/uploads\/sites\/8\/2010\/10\/see_pocking-300x168.jpg\" alt=\"Naturfreibad Pocking\" width=\"300\" height=\"168\" srcset=\"https:\/\/www.bauer-hans.de\/ferienwohnung-im-baederdreieck\/wp-content\/uploads\/sites\/8\/2010\/10\/see_pocking-300x168.jpg 300w, https:\/\/www.bauer-hans.de\/ferienwohnung-im-baederdreieck\/wp-content\/uploads\/sites\/8\/2010\/10\/see_pocking.jpg 800w\" sizes=\"auto, (max-width: 300px) 100vw, 300px\" \/><\/a>Das Pockinger Naturfreibad verf\u00fcgt \u00fcber eine 22.000 m\u00b2\u00a0 gro\u00dfe Liegewiese und ca. 30 ha Wasserfl\u00e4che.<br \/>\nDer See misst an der l\u00e4ngsten Stelle 1.030 m, die gr\u00f6\u00dfte Breite betr\u00e4gt 470 m.\u00a0 Der kleine Hunger bzw. Durst kann am Kiosk gestillt werden. Zudem stehen ein Sanit\u00e4r- und Umkleidehaus, zwei k\u00fcnstliche Inseln, zwei Beachvolleyballpl\u00e4tze, ein Spielplatz etc. f\u00fcr die Besucher bereit.<\/p>\n<p><a href=\"https:\/\/www.ferienwohnung-im-baederdreieck.de\/ausflugsziele\/pocking_see2\/\" rel=\"attachment wp-att-748\"><img loading=\"lazy\" decoding=\"async\" class=\"alignleft size-medium wp-image-748\" src=\"https:\/\/www.bauer-hans.de\/ferienwohnung-im-baederdreieck\/wp-content\/uploads\/sites\/8\/2010\/10\/pocking_see2-300x224.jpg\" alt=\"pocking_see2\" width=\"300\" height=\"224\" srcset=\"https:\/\/www.bauer-hans.de\/ferienwohnung-im-baederdreieck\/wp-content\/uploads\/sites\/8\/2010\/10\/pocking_see2-300x224.jpg 300w, https:\/\/www.bauer-hans.de\/ferienwohnung-im-baederdreieck\/wp-content\/uploads\/sites\/8\/2010\/10\/pocking_see2.jpg 800w\" sizes=\"auto, (max-width: 300px) 100vw, 300px\" \/><\/a>Das Freibad ist (je nach Wetterlage) vom 01. Mai bis 30. September, von 8.00 bis 20.00 Uhr ge\u00f6ffnet.<br \/>\nSie k\u00f6nnen diesen kleinen See bei Pocking in einem kleinen Spaziergang auch umrunden und dabei die herrliche Natur genie\u00dfen.<\/p>\n<p>&nbsp;<\/p>\n<hr \/>\n<h4>Rottauensee kurz hinter Pfarrkirchen, ca. 22 km<\/h4>\n<p><a href=\"https:\/\/www.bauer-hans.de\/ferienwohnung-im-baederdreieck\/wp-content\/uploads\/sites\/8\/2010\/10\/rottauensee2.jpg\"><img loading=\"lazy\" decoding=\"async\" class=\"alignleft size-medium wp-image-1103\" src=\"https:\/\/www.bauer-hans.de\/ferienwohnung-im-baederdreieck\/wp-content\/uploads\/sites\/8\/2010\/10\/rottauensee2-300x169.jpg\" alt=\"Rottauensee\" width=\"300\" height=\"169\" srcset=\"https:\/\/www.bauer-hans.de\/ferienwohnung-im-baederdreieck\/wp-content\/uploads\/sites\/8\/2010\/10\/rottauensee2-300x169.jpg 300w, https:\/\/www.bauer-hans.de\/ferienwohnung-im-baederdreieck\/wp-content\/uploads\/sites\/8\/2010\/10\/rottauensee2-768x432.jpg 768w, https:\/\/www.bauer-hans.de\/ferienwohnung-im-baederdreieck\/wp-content\/uploads\/sites\/8\/2010\/10\/rottauensee2-1024x576.jpg 1024w, https:\/\/www.bauer-hans.de\/ferienwohnung-im-baederdreieck\/wp-content\/uploads\/sites\/8\/2010\/10\/rottauensee2-250x141.jpg 250w, https:\/\/www.bauer-hans.de\/ferienwohnung-im-baederdreieck\/wp-content\/uploads\/sites\/8\/2010\/10\/rottauensee2.jpg 1200w\" sizes=\"auto, (max-width: 300px) 100vw, 300px\" \/><\/a>Der Rottauensee dient als Naherholungsgebiet f\u00fcr die Stadt Pfarrkirchen.<\/p>\n<p>Rund um den See gibt es zahlreiche Sport- und Freizeitanlagen, insbesondere Golf- und<strong> Minigolfanlagen<\/strong> sowie Tennispl\u00e4tze. Auf dem See ist Baden, Segeln und Surfen m\u00f6glich, doch geh\u00f6rt der See nicht zu den offiziellen Badegew\u00e4ssern.<\/p>\n<p><a href=\"https:\/\/www.bauer-hans.de\/ferienwohnung-im-baederdreieck\/wp-content\/uploads\/sites\/8\/2010\/10\/minigolf-rottauensee.jpg\"><img loading=\"lazy\" decoding=\"async\" class=\"alignleft size-medium wp-image-1104\" src=\"https:\/\/www.bauer-hans.de\/ferienwohnung-im-baederdreieck\/wp-content\/uploads\/sites\/8\/2010\/10\/minigolf-rottauensee-300x169.jpg\" alt=\"Minigolg Rottauensee\" width=\"300\" height=\"169\" srcset=\"https:\/\/www.bauer-hans.de\/ferienwohnung-im-baederdreieck\/wp-content\/uploads\/sites\/8\/2010\/10\/minigolf-rottauensee-300x169.jpg 300w, https:\/\/www.bauer-hans.de\/ferienwohnung-im-baederdreieck\/wp-content\/uploads\/sites\/8\/2010\/10\/minigolf-rottauensee-768x432.jpg 768w, https:\/\/www.bauer-hans.de\/ferienwohnung-im-baederdreieck\/wp-content\/uploads\/sites\/8\/2010\/10\/minigolf-rottauensee-1024x576.jpg 1024w, https:\/\/www.bauer-hans.de\/ferienwohnung-im-baederdreieck\/wp-content\/uploads\/sites\/8\/2010\/10\/minigolf-rottauensee-250x141.jpg 250w, https:\/\/www.bauer-hans.de\/ferienwohnung-im-baederdreieck\/wp-content\/uploads\/sites\/8\/2010\/10\/minigolf-rottauensee.jpg 1200w\" sizes=\"auto, (max-width: 300px) 100vw, 300px\" \/><\/a>Sie k\u00f6nnen den See gem\u00fctlich umwandern (ca. 6 km) oder aber relativ ungest\u00f6rt an mehreren Badepl\u00e4tzen schwimmen gehen.<\/p>\n<p>Am s\u00fcdlichen Ufer befindet sich ein Bootshafen. Ganz in der N\u00e4he liegt ein Segelflugplatz. Von den etwa 300 Hektar See- und Ufergebiet sind ca. 20 Hektar Biotopfl\u00e4chen und 50 Hektar extensiv bewirtschaftete Wiesenfl\u00e4chen, dadurch Heimat von zum Teil seltenen Tier- und Pflanzenarten. Das Gebiet ist auch ein wichtiger Rastplatz f\u00fcr Zugv\u00f6gel.<\/p>\n<hr \/>\n<h4><a href=\"http:\/\/www.wildpark-ortenburg.de\/\" target=\"_blank\">Wildpark Schloss Orthenburg &#8211; ca. 20 km<\/a><\/h4>\n<p><a href=\"https:\/\/www.ferienwohnung-im-baederdreieck.de\/?attachment_id=90\"><img loading=\"lazy\" decoding=\"async\" class=\"alignleft size-thumbnail wp-image-90\" title=\"Wildpark Schloss Ortenburg\" src=\"https:\/\/www.bauer-hans.de\/ferienwohnung-im-baederdreieck\/wp-content\/uploads\/sites\/8\/2010\/10\/luchsgross-150x150.jpg\" alt=\"\" width=\"150\" height=\"150\" \/><\/a>Der Wildpark pr\u00e4sentiert sich mit vielen einheimischen und auch exotischen Tieren aller Art als gr\u00f6\u00dften Vogelpark S\u00fcddeutschlands mit weit \u00fcber 1000 V\u00f6geln in mehr als 200 Arten.<\/p>\n<p>&nbsp;<\/p>\n<hr \/>\n<h4><a href=\"http:\/\/www.schaerding.at\/\" target=\"_blank\">Barockstadt Sch\u00e4rding \/ \u00d6sterreich &#8211; ca. 25 km<\/a><\/h4>\n<p><a href=\"https:\/\/www.ferienwohnung-im-baederdreieck.de\/ausflugsziele\/schaerding4\/\" rel=\"attachment wp-att-36\"><img loading=\"lazy\" decoding=\"async\" class=\"alignleft size-medium wp-image-36\" title=\"Sch\u00e4rding \/ \u00d6sterreich\" src=\"https:\/\/www.bauer-hans.de\/ferienwohnung-im-baederdreieck\/wp-content\/uploads\/sites\/8\/2010\/10\/schaerding4-300x225.jpg\" alt=\"\" width=\"300\" height=\"225\" srcset=\"https:\/\/www.bauer-hans.de\/ferienwohnung-im-baederdreieck\/wp-content\/uploads\/sites\/8\/2010\/10\/schaerding4-300x225.jpg 300w, https:\/\/www.bauer-hans.de\/ferienwohnung-im-baederdreieck\/wp-content\/uploads\/sites\/8\/2010\/10\/schaerding4.jpg 500w\" sizes=\"auto, (max-width: 300px) 100vw, 300px\" \/><\/a>Sch\u00e4rding ist ein wahres Schmuckk\u00e4stchen. Umgeben von einer einzigartigen Natur und dem Inn erheben sich die geschwungenen Giebel der Silberzeile aus der Landschaft und pr\u00e4gen das barocke Stadtbild. <a href=\"https:\/\/www.ferienwohnung-im-baederdreieck.de\/?attachment_id=33\"><img loading=\"lazy\" decoding=\"async\" class=\"alignright size-thumbnail wp-image-33\" title=\"Sch\u00e4rding \/ \u00d6sterreich\" src=\"https:\/\/www.bauer-hans.de\/ferienwohnung-im-baederdreieck\/wp-content\/uploads\/sites\/8\/2010\/10\/schaerding1-150x150.jpg\" alt=\"\" width=\"150\" height=\"150\" \/><\/a>Kultur, hervorragende Gastronomie und viele kleine Gesch\u00e4fte finden sich in Sch\u00e4rding dicht beieinander &#8211; diese Kombination macht die Barockstadt unverwechselbar!<\/p>\n<hr \/>\n<h4><a href=\"http:\/\/www.erlebnispark-voglsam.de\/\" target=\"_blank\"><br \/>\nErlebnispark Vogelsam &#8211; ca. 30 km<\/a><\/h4>\n<p><a href=\"https:\/\/www.bauer-hans.de\/ferienwohnung-im-baederdreieck\/wp-content\/uploads\/sites\/8\/2010\/10\/Kartbahn-2-4.jpg\"><img loading=\"lazy\" decoding=\"async\" class=\"alignleft wp-image-965 size-medium\" src=\"https:\/\/www.bauer-hans.de\/ferienwohnung-im-baederdreieck\/wp-content\/uploads\/sites\/8\/2010\/10\/Kartbahn-2-4-300x200.jpg\" alt=\"Kartbahn (2) (4)\" width=\"300\" height=\"200\" srcset=\"https:\/\/www.bauer-hans.de\/ferienwohnung-im-baederdreieck\/wp-content\/uploads\/sites\/8\/2010\/10\/Kartbahn-2-4-300x200.jpg 300w, https:\/\/www.bauer-hans.de\/ferienwohnung-im-baederdreieck\/wp-content\/uploads\/sites\/8\/2010\/10\/Kartbahn-2-4-250x167.jpg 250w, https:\/\/www.bauer-hans.de\/ferienwohnung-im-baederdreieck\/wp-content\/uploads\/sites\/8\/2010\/10\/Kartbahn-2-4.jpg 1000w\" sizes=\"auto, (max-width: 300px) 100vw, 300px\" \/><\/a><\/p>\n<p>Ein riesen Spa\u00df f\u00fcr Kinder, es erwartet Sie hier unter anderem eine Cartbahn vom Anf\u00e4nger bis zum Profi, inkl. einer 210 Grad Steilkurve.<\/p>\n<p>Au\u00dferdem: Kleintiergehege, Abenteuerminigolf, Kinderelektrofahrzeuge, Trampoline, Abenteuerkinderspielplatz, Barfu\u00dfwaldwanderwer, ein sch\u00f6ner Kiosk, <a href=\"https:\/\/www.bauer-hans.de\/ferienwohnung-im-baederdreieck\/wp-content\/uploads\/sites\/8\/2015\/04\/Kletterpark-10-3.jpg\"><img loading=\"lazy\" decoding=\"async\" class=\"alignleft size-medium wp-image-968\" src=\"https:\/\/www.bauer-hans.de\/ferienwohnung-im-baederdreieck\/wp-content\/uploads\/sites\/8\/2015\/04\/Kletterpark-10-3-300x225.jpg\" alt=\"Kletterpark (10) (3)\" width=\"300\" height=\"225\" srcset=\"https:\/\/www.bauer-hans.de\/ferienwohnung-im-baederdreieck\/wp-content\/uploads\/sites\/8\/2015\/04\/Kletterpark-10-3-300x225.jpg 300w, https:\/\/www.bauer-hans.de\/ferienwohnung-im-baederdreieck\/wp-content\/uploads\/sites\/8\/2015\/04\/Kletterpark-10-3-250x188.jpg 250w, https:\/\/www.bauer-hans.de\/ferienwohnung-im-baederdreieck\/wp-content\/uploads\/sites\/8\/2015\/04\/Kletterpark-10-3.jpg 1000w\" sizes=\"auto, (max-width: 300px) 100vw, 300px\" \/><\/a>ein toller Kletterpark, ein Kiosk und vieles mehr. Ein Besuch lohnt sich in jedem Falle.<\/p>\n<p>&nbsp;<\/p>\n<p>&nbsp;<\/p>\n<p>&nbsp;<\/p>\n<p>&nbsp;<\/p>\n<hr \/>\n<h4>\u00a0<a href=\"http:\/\/www.passau.de\/\" target=\"_blank\">Passau &#8211; ca. 40 km<\/a><\/h4>\n<p><a href=\"https:\/\/www.ferienwohnung-im-baederdreieck.de\/ausflugsziele\/passau-brucke-uber-den-inn\/\" rel=\"attachment wp-att-112\"><img loading=\"lazy\" decoding=\"async\" class=\"alignleft size-medium wp-image-112\" title=\"Passau - Br\u00fccke \u00fcber den Inn\" src=\"https:\/\/www.bauer-hans.de\/ferienwohnung-im-baederdreieck\/wp-content\/uploads\/sites\/8\/2010\/10\/passau-300x225.jpg\" alt=\"\" width=\"300\" height=\"225\" srcset=\"https:\/\/www.bauer-hans.de\/ferienwohnung-im-baederdreieck\/wp-content\/uploads\/sites\/8\/2010\/10\/passau-300x225.jpg 300w, https:\/\/www.bauer-hans.de\/ferienwohnung-im-baederdreieck\/wp-content\/uploads\/sites\/8\/2010\/10\/passau.jpg 400w\" sizes=\"auto, (max-width: 300px) 100vw, 300px\" \/><\/a>Die drei-Fl\u00fcsse-Stadt Passau ist gewiss einen Ausflug wert. Hier finden Sie im <a href=\"http:\/\/www.bistum-passau.de\/site.phtml?page=knkl_dom\" target=\"_blank\">Dom St. Stephan<\/a> die gr\u00f6\u00dfte Domorgel der Welt!<br \/>\nDer prunkvolle Dom steht am hoechsten Punkt der Passauer Altstadt. Nach dem verheerenden Stadtbrand im Jahre 1662, als er fasst v\u00f6llig abgebrannt war, fand der Dom in dem ber\u00fchmten Architekten C. Lurago seine Wiederauferstehung. G. B. Carlone schm\u00fcckte ihn mit schwerem Barockstuck.<\/p>\n<p>Sehr interessant und einen sch\u00f6nen Ausblick haben Sie bei der <a href=\"http:\/\/www.mariahilf-passau.de\/\" target=\"_blank\">Wallfahrtskirche Mariahilf<\/a><\/p>\n<p>Hoch \u00fcber der Innstadt erhebt sich die barocke Klosteranlage, die einst als Marienwallfahrtsort eine gro\u00dfe Bedeutung hatte. Eine \u00fcberdachte Gebetsstiege mit 321 Stufen f\u00fchrt zum Kloster. Von hier aus hat man den sch\u00f6nsten Blick auf die so genannte &#8222;italienische&#8220; Seite von Passau.<\/p>\n<hr \/>\n<h4><a href=\"http:\/\/www.neuburg-am-inn.de\/\" target=\"_blank\">Neuburg am Inn ca. 30 km<\/a><\/h4>\n<p><a href=\"https:\/\/www.ferienwohnung-im-baederdreieck.de\/ausflugsziele\/neuburg\/\" rel=\"attachment wp-att-123\"><img loading=\"lazy\" decoding=\"async\" class=\"alignleft size-medium wp-image-123\" title=\"neuburg\" src=\"https:\/\/www.bauer-hans.de\/ferienwohnung-im-baederdreieck\/wp-content\/uploads\/sites\/8\/2010\/10\/neuburg-300x300.jpg\" alt=\"\" width=\"300\" height=\"300\" srcset=\"https:\/\/www.bauer-hans.de\/ferienwohnung-im-baederdreieck\/wp-content\/uploads\/sites\/8\/2010\/10\/neuburg-300x300.jpg 300w, https:\/\/www.bauer-hans.de\/ferienwohnung-im-baederdreieck\/wp-content\/uploads\/sites\/8\/2010\/10\/neuburg-150x150.jpg 150w, https:\/\/www.bauer-hans.de\/ferienwohnung-im-baederdreieck\/wp-content\/uploads\/sites\/8\/2010\/10\/neuburg.jpg 500w\" sizes=\"auto, (max-width: 300px) 100vw, 300px\" \/><\/a>Schloss Neuburg am Inn war der Regierungssitz der Grafschaft Neuburg, die neben dem Gebiet der Wittelsbacher, dem Hochstift Passau und der Grafschaft Ortenburg eines der vier Territorien war, aus denen sich das heutige Niederbayern zusammensetzt.<\/p>\n<p>&nbsp;<\/p>\n<p>&nbsp;<\/p>\n<hr \/>\n<h4><a href=\"http:\/\/www.markt-marktl.de\/\" target=\"_blank\">Marktl am Inn &#8211; ca. 40 km<\/a><\/h4>\n<p><a href=\"https:\/\/www.ferienwohnung-im-baederdreieck.de\/ausflugsziele\/marktl\/\" rel=\"attachment wp-att-122\"><img loading=\"lazy\" decoding=\"async\" class=\"alignleft size-medium wp-image-122\" title=\"marktl\" src=\"https:\/\/www.bauer-hans.de\/ferienwohnung-im-baederdreieck\/wp-content\/uploads\/sites\/8\/2010\/10\/marktl-300x199.jpg\" alt=\"\" width=\"300\" height=\"199\" srcset=\"https:\/\/www.bauer-hans.de\/ferienwohnung-im-baederdreieck\/wp-content\/uploads\/sites\/8\/2010\/10\/marktl-300x199.jpg 300w, https:\/\/www.bauer-hans.de\/ferienwohnung-im-baederdreieck\/wp-content\/uploads\/sites\/8\/2010\/10\/marktl.jpg 500w\" sizes=\"auto, (max-width: 300px) 100vw, 300px\" \/><\/a>Marktl, der Geburtsort von Papst Benedikt XVI<\/p>\n<p>&nbsp;<\/p>\n<p>&nbsp;<\/p>\n<p>&nbsp;<\/p>\n<hr \/>\n<h4>\u00a0<a href=\"http:\/\/www.altoetting.de\/\" target=\"_blank\">Alt\u00f6tting &#8211; ca. 50 km<\/a><\/h4>\n<p><a href=\"https:\/\/www.ferienwohnung-im-baederdreieck.de\/ausflugsziele\/gnadenkirchein-altotting-2\/\" rel=\"attachment wp-att-113\"><img loading=\"lazy\" decoding=\"async\" class=\"alignleft size-medium wp-image-113\" title=\"Gnadenkirchlein Alt\u00f6tting\" src=\"https:\/\/www.bauer-hans.de\/ferienwohnung-im-baederdreieck\/wp-content\/uploads\/sites\/8\/2010\/10\/alt\u00f6tting-199x300.jpg\" alt=\"\" width=\"199\" height=\"300\" srcset=\"https:\/\/www.bauer-hans.de\/ferienwohnung-im-baederdreieck\/wp-content\/uploads\/sites\/8\/2010\/10\/alt\u00f6tting-199x300.jpg 199w, https:\/\/www.bauer-hans.de\/ferienwohnung-im-baederdreieck\/wp-content\/uploads\/sites\/8\/2010\/10\/alt\u00f6tting.jpg 282w\" sizes=\"auto, (max-width: 199px) 100vw, 199px\" \/><\/a>Im reizvollen oberbayerischen Alpenvorland, zwischen M\u00fcnchen, Passau, Salzburg und unweit des Chiemsees liegt Alt\u00f6tting &#8211; das von Papst Benedikt XVI. so bezeichnete &#8222;Herz Bayerns&#8220;. Seit \u00fcber 1250 Jahren ist die Stadt geistliches Zentrum Bayerns und ueber 500 Jahre bedeutendster Marienwallfahrtsort Deutschlands. Ziel der j\u00e4hrlich mehr als 1 Million Pilger und Besucher ist die &#8222;Schwarze Madonna&#8220;, in dem vermutlich um 700 als Taufhaus errichteten Oktogon der Gnadenkapelle. Der kleine Kirchenbau liegt in mitten des weiten, von Barockgebaeuden ges\u00e4umten Kapellplatzes. Ueber Alt\u00f6tting schrieb das amtierende Oberhaupt der Katholischen Kirche: &#8220; Ich habe das Gl\u00fcck, ganz in der N\u00e4he von Altoetting geboren zu sein.<\/p>\n<hr \/>\n<h4><a href=\"http:\/\/www.burghausen.de\/\" target=\"_blank\">Burghausen &#8211; ca. 50 km<\/a><\/h4>\n<p><a href=\"https:\/\/www.ferienwohnung-im-baederdreieck.de\/ausflugsziele\/burghausen\/\" rel=\"attachment wp-att-114\"><img loading=\"lazy\" decoding=\"async\" class=\"alignleft size-medium wp-image-114\" title=\"burghausen\" src=\"https:\/\/www.bauer-hans.de\/ferienwohnung-im-baederdreieck\/wp-content\/uploads\/sites\/8\/2010\/10\/burghausen-300x225.jpg\" alt=\"\" width=\"300\" height=\"225\" srcset=\"https:\/\/www.bauer-hans.de\/ferienwohnung-im-baederdreieck\/wp-content\/uploads\/sites\/8\/2010\/10\/burghausen-300x225.jpg 300w, https:\/\/www.bauer-hans.de\/ferienwohnung-im-baederdreieck\/wp-content\/uploads\/sites\/8\/2010\/10\/burghausen.jpg 500w\" sizes=\"auto, (max-width: 300px) 100vw, 300px\" \/><\/a>Mit ihren 1.043 Metern ist sie die l\u00e4ngste Burganlage Europas und zudem eine grossartige Leistung mittelalterlichen Burgen- und Wehrbaus. Sie besteht aus sechs f\u00fcr sich abgeschlossenen H\u00f6fen, die durch Tore, Gr\u00e4ben und Zugbruecken gesichert waren. Diese mussten \u00fcberwunden werden, um in den inneren Burghof und die Hauptburg zu gelangen. Burghausen gilt als Musterbeispiel einer Abschnittsburg. Durch die H\u00f6henlage auf einem Bergr\u00fccken kam ihr gro\u00dfe strategische Bedeutung.<\/p>\n<hr \/>\n<h4><a href=\"http:\/\/www.pullmancity.de\/\" target=\"_blank\">Pullmanncity bei Eging am See &#8211; ca. 55 km<\/a><\/h4>\n<p><a href=\"https:\/\/www.ferienwohnung-im-baederdreieck.de\/ausflugsziele\/pullmancity1\/\" rel=\"attachment wp-att-426\"><img loading=\"lazy\" decoding=\"async\" class=\"alignleft size-medium wp-image-426\" title=\"PullmanCity1\" src=\"https:\/\/www.bauer-hans.de\/ferienwohnung-im-baederdreieck\/wp-content\/uploads\/sites\/8\/2010\/10\/PullmanCity1-300x201.jpg\" alt=\"\" width=\"300\" height=\"201\" srcset=\"https:\/\/www.bauer-hans.de\/ferienwohnung-im-baederdreieck\/wp-content\/uploads\/sites\/8\/2010\/10\/PullmanCity1-300x201.jpg 300w, https:\/\/www.bauer-hans.de\/ferienwohnung-im-baederdreieck\/wp-content\/uploads\/sites\/8\/2010\/10\/PullmanCity1.jpg 500w\" sizes=\"auto, (max-width: 300px) 100vw, 300px\" \/><\/a>Am Fusse des Bayerischen Waldes &#8211; in Grenzn\u00e4he zu \u00d6sterreich und Tschechien &#8211; eingebettet in eine herrliche Landschaft liegt die Westernstadt. Erleben Sie eine gewaltfreie Zeitreise in die Vergangenheit des &#8222;Wilden Westens&#8220;. Mit einem vielf\u00e4ltigen Showprogramm, vielen Attraktionen und dem hautnahen Erleben von Natur und Tier, vergeht die Zeit viel zu schnell.<\/p>\n<hr \/>\n<h4>\u00a0<a href=\"http:\/\/www.nationalpark-bayerischer-wald.de\/de\/left\/infos\/infos-ix.htm\" target=\"_blank\">Gro\u00dfer Arber \/ Nationalpark Bayerischer Wald &#8211; ca. 85 km<\/a><\/h4>\n<p><a href=\"https:\/\/www.ferienwohnung-im-baederdreieck.de\/?attachment_id=105\"><img loading=\"lazy\" decoding=\"async\" class=\"alignleft size-medium wp-image-105\" title=\"Gro\u00dfer Arbersee\" src=\"https:\/\/www.bauer-hans.de\/ferienwohnung-im-baederdreieck\/wp-content\/uploads\/sites\/8\/2010\/11\/arbersee-300x199.jpg\" alt=\"\" width=\"300\" height=\"199\" srcset=\"https:\/\/www.bauer-hans.de\/ferienwohnung-im-baederdreieck\/wp-content\/uploads\/sites\/8\/2010\/11\/arbersee-300x199.jpg 300w, https:\/\/www.bauer-hans.de\/ferienwohnung-im-baederdreieck\/wp-content\/uploads\/sites\/8\/2010\/11\/arbersee.jpg 425w\" sizes=\"auto, (max-width: 300px) 100vw, 300px\" \/><\/a>\u00dcber 300 km gut markierte Wanderwege erschliessen die charakteristischen Landschaftsausschnitte des Nationalparks wie Berggipfel, Bergb\u00e4che und auch Moore. Mehr als 200 km markierte Radwege durchziehen den Nationalpark und verbinden an drei Grenz\u00fcberg\u00e4ngen f\u00fcr Fussg\u00e4nger und Radfahrer bei Ferdinandsthal, Gsenget und Buchwald den Nationalpark Bayerischer Wald mit dem Nationalpark Sumava Unentbehrlicher Bestandteil jedes nat\u00fcrlich sich entwickelnden Waldes, in dem der Mensch nicht pflegend oder nutzend eingreift, sind aber auch absterbende B\u00e4ume. Achten Sie deshalb bei Ihren Wanderungen auf herabstuerzendes Totholz und verlassen Sie den Wald bei st\u00fcrmischem Wind.<\/p>\n<hr \/>\n<h4><a href=\"http:\/\/www.landshut.de\/\" target=\"_blank\">Landshut &#8211; ca. 85 km<\/a><\/h4>\n<p><a href=\"https:\/\/www.ferienwohnung-im-baederdreieck.de\/?attachment_id=106\"><img loading=\"lazy\" decoding=\"async\" class=\"alignleft size-medium wp-image-106\" title=\"landshut\" src=\"https:\/\/www.bauer-hans.de\/ferienwohnung-im-baederdreieck\/wp-content\/uploads\/sites\/8\/2010\/11\/landshut-300x222.jpg\" alt=\"\" width=\"300\" height=\"222\" srcset=\"https:\/\/www.bauer-hans.de\/ferienwohnung-im-baederdreieck\/wp-content\/uploads\/sites\/8\/2010\/11\/landshut-300x222.jpg 300w, https:\/\/www.bauer-hans.de\/ferienwohnung-im-baederdreieck\/wp-content\/uploads\/sites\/8\/2010\/11\/landshut.jpg 402w\" sizes=\"auto, (max-width: 300px) 100vw, 300px\" \/><\/a>Lassen Sie sich faszinieren von den historischen Highlights Landshuts, wie zum Beispiel dem pr\u00e4chtigen Rathausprunksaal mit seiner reichen Ausstattung historischer Holzarchitektur, der als Wahrzeichen geltenden Stiftsbasilika St. Martin mit dem h\u00f6chsten Ziegelturm der Welt (131m), dem Innenhof der Stadtresidenz oder die Altstadt, die als einer der sch\u00f6nsten Strassenzuege Deutschlands gilt. Geniessen Sie einen Spaziergang der besonderen Art.<\/p>\n<hr \/>\n<h4><a href=\"http:\/\/www.regensburg.de\/\" target=\"_blank\">Regensburg &#8211; ca. 150 km<\/a><\/h4>\n<p><a href=\"https:\/\/www.ferienwohnung-im-baederdreieck.de\/?attachment_id=108\"><img loading=\"lazy\" decoding=\"async\" class=\"alignleft size-medium wp-image-108\" title=\"Regensburger Dom\" src=\"https:\/\/www.bauer-hans.de\/ferienwohnung-im-baederdreieck\/wp-content\/uploads\/sites\/8\/2010\/11\/regensburg-300x196.jpg\" alt=\"\" width=\"300\" height=\"196\" srcset=\"https:\/\/www.bauer-hans.de\/ferienwohnung-im-baederdreieck\/wp-content\/uploads\/sites\/8\/2010\/11\/regensburg-300x196.jpg 300w, https:\/\/www.bauer-hans.de\/ferienwohnung-im-baederdreieck\/wp-content\/uploads\/sites\/8\/2010\/11\/regensburg.jpg 428w\" sizes=\"auto, (max-width: 300px) 100vw, 300px\" \/><\/a>UNESCO Welterbe Regensburg &#8211; besterhaltene mittelalterliche Grossstadt Deutschlands, die fuer ihre beeindruckende Baudenkm\u00e4ler und auch f\u00fcr ihre F\u00fcrstin Gloria von Thurn und Taxis bekannt ist.<\/p>\n<p>&nbsp;<\/p>\n<hr \/>\n<h4><a href=\"http:\/\/www.muenchen.de\/\" target=\"_blank\">M\u00fcnchen &#8211; ca. 140 km<\/a><\/h4>\n<p><a href=\"https:\/\/www.ferienwohnung-im-baederdreieck.de\/?attachment_id=107\"><img loading=\"lazy\" decoding=\"async\" class=\"alignleft size-medium wp-image-107\" title=\"Hofgarten \u0096 Residenz \u0096 Theatinerkirche in M\u00fcnchen\" src=\"https:\/\/www.bauer-hans.de\/ferienwohnung-im-baederdreieck\/wp-content\/uploads\/sites\/8\/2010\/11\/m\u00fcnchen-300x187.jpg\" alt=\"\" width=\"300\" height=\"187\" srcset=\"https:\/\/www.bauer-hans.de\/ferienwohnung-im-baederdreieck\/wp-content\/uploads\/sites\/8\/2010\/11\/m\u00fcnchen-300x187.jpg 300w, https:\/\/www.bauer-hans.de\/ferienwohnung-im-baederdreieck\/wp-content\/uploads\/sites\/8\/2010\/11\/m\u00fcnchen.jpg 438w\" sizes=\"auto, (max-width: 300px) 100vw, 300px\" \/><\/a>Ein Besuch der Bayerischen Landeshauptstadt ist immer eine Reise wert.<\/p>\n<p>&nbsp;<\/p>\n<p>&nbsp;<\/p>\n<hr \/>\n<h4><a href=\"http:\/\/www.salzburg.at\/\" target=\"_blank\">Salzburg &#8211; ca. 145 km<\/a><\/h4>\n<p><a href=\"https:\/\/www.ferienwohnung-im-baederdreieck.de\/?attachment_id=109\"><img loading=\"lazy\" decoding=\"async\" class=\"alignleft size-medium wp-image-109\" title=\"Salzburg\" src=\"https:\/\/www.bauer-hans.de\/ferienwohnung-im-baederdreieck\/wp-content\/uploads\/sites\/8\/2010\/11\/salzburg-300x200.jpg\" alt=\"\" width=\"300\" height=\"200\" srcset=\"https:\/\/www.bauer-hans.de\/ferienwohnung-im-baederdreieck\/wp-content\/uploads\/sites\/8\/2010\/11\/salzburg-300x200.jpg 300w, https:\/\/www.bauer-hans.de\/ferienwohnung-im-baederdreieck\/wp-content\/uploads\/sites\/8\/2010\/11\/salzburg.jpg 424w\" sizes=\"auto, (max-width: 300px) 100vw, 300px\" \/><\/a>Das heutige Gesicht Salzburgs, mit seiner barocken Altstadt, bekam Salzburg im 17. und 18. Jahrhundert, als die F\u00fcrsterzbischoefe Wolf Dietrich, Markus Sittikus und Paris Lodron durch rege Baut\u00e4tigkeit der Stadt ihren Stempel aufdr\u00fcckten. \u00dcber hundert Kirchen, Schl\u00f6sser und Pal\u00e4ste zeugen heute noch von der Macht der Erzbischoefe in Salzburg. 1756 wurde der gr\u00f6sste Sohn der Stadt, Wolfgang Amadeus Mozart, in Salzburg geboren. Im Jahre 1842 wurde ihm ein Denkmal am heutigen Mozartplatz errichtet. Erst 1816 kam Salzburg als neues Kronland zum habsburgischen \u00d6sterreich.<\/p>\n<hr \/>\n<h4><a href=\"http:\/\/www.krummau.de\/\" target=\"_blank\">Krummau in Tschechien &#8211; ca. 165 km<\/a><\/h4>\n<p><a href=\"https:\/\/www.ferienwohnung-im-baederdreieck.de\/ausflugsziele\/ansicht-der-stadt-krumau-in-tschechien-europa\/\" rel=\"attachment wp-att-115\"><img loading=\"lazy\" decoding=\"async\" class=\"alignleft size-medium wp-image-115\" title=\"Ansicht der Stadt Krumau in Tschechien, Europa\" src=\"https:\/\/www.bauer-hans.de\/ferienwohnung-im-baederdreieck\/wp-content\/uploads\/sites\/8\/2010\/10\/krummau-300x200.jpg\" alt=\"\" width=\"300\" height=\"200\" srcset=\"https:\/\/www.bauer-hans.de\/ferienwohnung-im-baederdreieck\/wp-content\/uploads\/sites\/8\/2010\/10\/krummau-300x200.jpg 300w, https:\/\/www.bauer-hans.de\/ferienwohnung-im-baederdreieck\/wp-content\/uploads\/sites\/8\/2010\/10\/krummau.jpg 424w\" sizes=\"auto, (max-width: 300px) 100vw, 300px\" \/><\/a>Seit Jahrhunderten gilt das kleine St\u00e4dtchen an der Moldau als &#8222;Perle des B\u00f6hmerwaldes&#8220; &#8211; und das nicht nur wegen der einzigartigen Lage in einer Moldau (Vltava)-Schleife. Die UNESCO 1992 bezeichnete die gesamte Innenstadt als Weltkulturerbe: Das Ensemble von 300 historischen H\u00e4usern mit dem Schloss- und Burgkomplex beeindruckt jeden Besucher auf Anhieb. In Cesky Krumlov \/ Krummau ist nur das eine oder andere Haus aus Gotik und Renaissance gut erhalten: Die komplette Innenstadt steht unter Denkmalschutz..<\/p>\n","protected":false},"excerpt":{"rendered":"<p>Dank der g\u00fcnstigen Lage sind einige der sch\u00f6nsten St\u00e4dte und Gegenden Bayerns, \u00d6sterreichs und Tschechiens nur einen Tagesausflug entfernt. *** Bei l\u00e4ngerem Aufenthalt kann sich durchaus auch der Erwerb der Passaucard \u00a0 f\u00fcr Sie lohnen, welche Sie als unsere G\u00e4ste zum erm\u00e4\u00dfigten Preis erwerben k\u00f6nnen. Hier ein Link zu aktuellen Veranstaltungen im Landkreis Rottal-Inn Planen &hellip; <\/p>\n<p class=\"link-more\"><a href=\"https:\/\/www.bauer-hans.de\/ferienwohnung-im-baederdreieck\/ausflugsziele\/\" class=\"more-link\"><span class=\"screen-reader-text\">\u201eAusflugsziele\u201c <\/span>weiterlesen<\/a><\/p>\n","protected":false},"author":2,"featured_media":771,"parent":0,"menu_order":0,"comment_status":"closed","ping_status":"closed","template":"","meta":{"_acf_changed":false,"footnotes":""},"class_list":["post-62","page","type-page","status-publish","has-post-thumbnail","hentry"],"acf":[],"yoast_head":"<!-- This site is optimized with the Yoast SEO plugin v27.5 - https:\/\/yoast.com\/product\/yoast-seo-wordpress\/ -->\n<title>Ausflugsziele - Ferienwohnung B\u00e4derdreieck Niederbayern | F\u00fcssing | Birnbach | Griesbach |<\/title>\n<meta name=\"robots\" content=\"index, follow, max-snippet:-1, max-image-preview:large, max-video-preview:-1\" \/>\n<link rel=\"canonical\" href=\"https:\/\/www.bauer-hans.de\/ferienwohnung-im-baederdreieck\/ausflugsziele\/\" \/>\n<meta name=\"twitter:label1\" content=\"Gesch\u00e4tzte Lesezeit\" \/>\n\t<meta name=\"twitter:data1\" content=\"7\u00a0Minuten\" \/>\n<script type=\"application\/ld+json\" class=\"yoast-schema-graph\">{\"@context\":\"https:\\\/\\\/schema.org\",\"@graph\":[{\"@type\":\"WebPage\",\"@id\":\"https:\\\/\\\/www.bauer-hans.de\\\/ferienwohnung-im-baederdreieck\\\/ausflugsziele\\\/\",\"url\":\"https:\\\/\\\/www.bauer-hans.de\\\/ferienwohnung-im-baederdreieck\\\/ausflugsziele\\\/\",\"name\":\"Ausflugsziele - Ferienwohnung B\u00e4derdreieck Niederbayern | F\u00fcssing | Birnbach | Griesbach |\",\"isPartOf\":{\"@id\":\"https:\\\/\\\/www.bauer-hans.de\\\/ferienwohnung-im-baederdreieck\\\/#website\"},\"primaryImageOfPage\":{\"@id\":\"https:\\\/\\\/www.bauer-hans.de\\\/ferienwohnung-im-baederdreieck\\\/ausflugsziele\\\/#primaryimage\"},\"image\":{\"@id\":\"https:\\\/\\\/www.bauer-hans.de\\\/ferienwohnung-im-baederdreieck\\\/ausflugsziele\\\/#primaryimage\"},\"thumbnailUrl\":\"https:\\\/\\\/www.bauer-hans.de\\\/ferienwohnung-im-baederdreieck\\\/wp-content\\\/uploads\\\/sites\\\/8\\\/2013\\\/08\\\/bayerbach1.jpg\",\"datePublished\":\"2010-10-31T18:22:00+00:00\",\"dateModified\":\"2016-07-09T13:45:49+00:00\",\"breadcrumb\":{\"@id\":\"https:\\\/\\\/www.bauer-hans.de\\\/ferienwohnung-im-baederdreieck\\\/ausflugsziele\\\/#breadcrumb\"},\"inLanguage\":\"de\",\"potentialAction\":[{\"@type\":\"ReadAction\",\"target\":[\"https:\\\/\\\/www.bauer-hans.de\\\/ferienwohnung-im-baederdreieck\\\/ausflugsziele\\\/\"]}]},{\"@type\":\"ImageObject\",\"inLanguage\":\"de\",\"@id\":\"https:\\\/\\\/www.bauer-hans.de\\\/ferienwohnung-im-baederdreieck\\\/ausflugsziele\\\/#primaryimage\",\"url\":\"https:\\\/\\\/www.bauer-hans.de\\\/ferienwohnung-im-baederdreieck\\\/wp-content\\\/uploads\\\/sites\\\/8\\\/2013\\\/08\\\/bayerbach1.jpg\",\"contentUrl\":\"https:\\\/\\\/www.bauer-hans.de\\\/ferienwohnung-im-baederdreieck\\\/wp-content\\\/uploads\\\/sites\\\/8\\\/2013\\\/08\\\/bayerbach1.jpg\",\"width\":2048,\"height\":1536},{\"@type\":\"BreadcrumbList\",\"@id\":\"https:\\\/\\\/www.bauer-hans.de\\\/ferienwohnung-im-baederdreieck\\\/ausflugsziele\\\/#breadcrumb\",\"itemListElement\":[{\"@type\":\"ListItem\",\"position\":1,\"name\":\"Startseite\",\"item\":\"https:\\\/\\\/www.bauer-hans.de\\\/ferienwohnung-im-baederdreieck\\\/\"},{\"@type\":\"ListItem\",\"position\":2,\"name\":\"Ausflugsziele\"}]},{\"@type\":\"WebSite\",\"@id\":\"https:\\\/\\\/www.bauer-hans.de\\\/ferienwohnung-im-baederdreieck\\\/#website\",\"url\":\"https:\\\/\\\/www.bauer-hans.de\\\/ferienwohnung-im-baederdreieck\\\/\",\"name\":\"Ferienwohnung B\u00e4derdreieck Niederbayern | F\u00fcssing | Birnbach | Griesbach |\",\"description\":\"Top Fewo, 2 SZ, Winter-Garten N\u00e4he Bad Birnbach, Bad F\u00fcssing, Bad Griesbach\",\"potentialAction\":[{\"@type\":\"SearchAction\",\"target\":{\"@type\":\"EntryPoint\",\"urlTemplate\":\"https:\\\/\\\/www.bauer-hans.de\\\/ferienwohnung-im-baederdreieck\\\/?s={search_term_string}\"},\"query-input\":{\"@type\":\"PropertyValueSpecification\",\"valueRequired\":true,\"valueName\":\"search_term_string\"}}],\"inLanguage\":\"de\"}]}<\/script>\n<!-- \/ Yoast SEO plugin. -->","yoast_head_json":{"title":"Ausflugsziele - Ferienwohnung B\u00e4derdreieck Niederbayern | F\u00fcssing | Birnbach | Griesbach |","robots":{"index":"index","follow":"follow","max-snippet":"max-snippet:-1","max-image-preview":"max-image-preview:large","max-video-preview":"max-video-preview:-1"},"canonical":"https:\/\/www.bauer-hans.de\/ferienwohnung-im-baederdreieck\/ausflugsziele\/","twitter_misc":{"Gesch\u00e4tzte Lesezeit":"7\u00a0Minuten"},"schema":{"@context":"https:\/\/schema.org","@graph":[{"@type":"WebPage","@id":"https:\/\/www.bauer-hans.de\/ferienwohnung-im-baederdreieck\/ausflugsziele\/","url":"https:\/\/www.bauer-hans.de\/ferienwohnung-im-baederdreieck\/ausflugsziele\/","name":"Ausflugsziele - Ferienwohnung B\u00e4derdreieck Niederbayern | F\u00fcssing | Birnbach | Griesbach |","isPartOf":{"@id":"https:\/\/www.bauer-hans.de\/ferienwohnung-im-baederdreieck\/#website"},"primaryImageOfPage":{"@id":"https:\/\/www.bauer-hans.de\/ferienwohnung-im-baederdreieck\/ausflugsziele\/#primaryimage"},"image":{"@id":"https:\/\/www.bauer-hans.de\/ferienwohnung-im-baederdreieck\/ausflugsziele\/#primaryimage"},"thumbnailUrl":"https:\/\/www.bauer-hans.de\/ferienwohnung-im-baederdreieck\/wp-content\/uploads\/sites\/8\/2013\/08\/bayerbach1.jpg","datePublished":"2010-10-31T18:22:00+00:00","dateModified":"2016-07-09T13:45:49+00:00","breadcrumb":{"@id":"https:\/\/www.bauer-hans.de\/ferienwohnung-im-baederdreieck\/ausflugsziele\/#breadcrumb"},"inLanguage":"de","potentialAction":[{"@type":"ReadAction","target":["https:\/\/www.bauer-hans.de\/ferienwohnung-im-baederdreieck\/ausflugsziele\/"]}]},{"@type":"ImageObject","inLanguage":"de","@id":"https:\/\/www.bauer-hans.de\/ferienwohnung-im-baederdreieck\/ausflugsziele\/#primaryimage","url":"https:\/\/www.bauer-hans.de\/ferienwohnung-im-baederdreieck\/wp-content\/uploads\/sites\/8\/2013\/08\/bayerbach1.jpg","contentUrl":"https:\/\/www.bauer-hans.de\/ferienwohnung-im-baederdreieck\/wp-content\/uploads\/sites\/8\/2013\/08\/bayerbach1.jpg","width":2048,"height":1536},{"@type":"BreadcrumbList","@id":"https:\/\/www.bauer-hans.de\/ferienwohnung-im-baederdreieck\/ausflugsziele\/#breadcrumb","itemListElement":[{"@type":"ListItem","position":1,"name":"Startseite","item":"https:\/\/www.bauer-hans.de\/ferienwohnung-im-baederdreieck\/"},{"@type":"ListItem","position":2,"name":"Ausflugsziele"}]},{"@type":"WebSite","@id":"https:\/\/www.bauer-hans.de\/ferienwohnung-im-baederdreieck\/#website","url":"https:\/\/www.bauer-hans.de\/ferienwohnung-im-baederdreieck\/","name":"Ferienwohnung B\u00e4derdreieck Niederbayern | F\u00fcssing | Birnbach | Griesbach |","description":"Top Fewo, 2 SZ, Winter-Garten N\u00e4he Bad Birnbach, Bad F\u00fcssing, Bad Griesbach","potentialAction":[{"@type":"SearchAction","target":{"@type":"EntryPoint","urlTemplate":"https:\/\/www.bauer-hans.de\/ferienwohnung-im-baederdreieck\/?s={search_term_string}"},"query-input":{"@type":"PropertyValueSpecification","valueRequired":true,"valueName":"search_term_string"}}],"inLanguage":"de"}]}},"_links":{"self":[{"href":"https:\/\/www.bauer-hans.de\/ferienwohnung-im-baederdreieck\/wp-json\/wp\/v2\/pages\/62","targetHints":{"allow":["GET"]}}],"collection":[{"href":"https:\/\/www.bauer-hans.de\/ferienwohnung-im-baederdreieck\/wp-json\/wp\/v2\/pages"}],"about":[{"href":"https:\/\/www.bauer-hans.de\/ferienwohnung-im-baederdreieck\/wp-json\/wp\/v2\/types\/page"}],"author":[{"embeddable":true,"href":"https:\/\/www.bauer-hans.de\/ferienwohnung-im-baederdreieck\/wp-json\/wp\/v2\/users\/2"}],"replies":[{"embeddable":true,"href":"https:\/\/www.bauer-hans.de\/ferienwohnung-im-baederdreieck\/wp-json\/wp\/v2\/comments?post=62"}],"version-history":[{"count":20,"href":"https:\/\/www.bauer-hans.de\/ferienwohnung-im-baederdreieck\/wp-json\/wp\/v2\/pages\/62\/revisions"}],"predecessor-version":[{"id":1105,"href":"https:\/\/www.bauer-hans.de\/ferienwohnung-im-baederdreieck\/wp-json\/wp\/v2\/pages\/62\/revisions\/1105"}],"wp:featuredmedia":[{"embeddable":true,"href":"https:\/\/www.bauer-hans.de\/ferienwohnung-im-baederdreieck\/wp-json\/wp\/v2\/media\/771"}],"wp:attachment":[{"href":"https:\/\/www.bauer-hans.de\/ferienwohnung-im-baederdreieck\/wp-json\/wp\/v2\/media?parent=62"}],"curies":[{"name":"wp","href":"https:\/\/api.w.org\/{rel}","templated":true}]}}