{"id":775,"date":"2014-10-11T13:17:37","date_gmt":"2014-10-11T11:17:37","guid":{"rendered":"http:\/\/www.ferienwohnung-im-baederdreieck.de\/\/?page_id=2"},"modified":"2020-01-12T12:07:19","modified_gmt":"2020-01-12T10:07:19","slug":"home","status":"publish","type":"page","link":"https:\/\/www.bauer-hans.de\/ferienwohnung-im-baederdreieck\/","title":{"rendered":"home"},"content":{"rendered":"<p><span style=\"font-size: 18px; color: #000000; line-height: 27px;\">Nur wenige km nach <a href=\"http:\/\/www.bad-fuessing.de\/\" target=\"_blank\" rel=\"noopener noreferrer\">Bad F\u00fcssing<\/a>, <a href=\"http:\/\/www.badgriesbach.de\/\" target=\"_blank\" rel=\"noopener noreferrer\">Bad Griesbach<\/a> oder nach <a href=\"http:\/\/www.badbirnbach.de\/\" target=\"_blank\" rel=\"noopener noreferrer\">Bad Birnbach<\/a>. Ihre private top Ferienwohnung im Herzen des Niederbayerischen B\u00e4derdreieck&#8217;s gelegen. Mit insgesamt 5 Thermen erwartet Sie hier in Niederbayern das <strong>gr\u00f6\u00dfte Thermalb\u00e4derdreieck Europas<\/strong>.<\/span><\/p>\n<p style=\"text-align: center;\"><strong><span style=\"color: #000080;\"><a style=\"color: #000080;\" href=\"https:\/\/youtu.be\/2v7U7MfZ7W4\" target=\"_blank\" rel=\"noopener noreferrer\">Hier auf Youtube<\/a> finden Sie einen kurzen Film \u00fcber Bayerbach<\/span><\/strong><\/p>\n<p style=\"text-align: center;\"><span style=\"color: #0000ff;\"><strong>hier<\/strong> <a style=\"color: #0000ff;\" href=\"https:\/\/youtu.be\/k_9sP3FYsf8\" target=\"_blank\" rel=\"noopener noreferrer\">Bad F\u00fcssing von oben <\/a>auf Youtube<\/span><\/p>\n<p><img loading=\"lazy\" decoding=\"async\" class=\"alignnone size-full wp-image-1340\" src=\"https:\/\/www.bauer-hans.de\/ferienwohnung-im-baederdreieck\/wp-content\/uploads\/sites\/8\/2019\/06\/Ortsschild.jpg\" alt=\"\" width=\"1200\" height=\"900\" srcset=\"https:\/\/www.bauer-hans.de\/ferienwohnung-im-baederdreieck\/wp-content\/uploads\/sites\/8\/2019\/06\/Ortsschild.jpg 1200w, https:\/\/www.bauer-hans.de\/ferienwohnung-im-baederdreieck\/wp-content\/uploads\/sites\/8\/2019\/06\/Ortsschild-300x225.jpg 300w, https:\/\/www.bauer-hans.de\/ferienwohnung-im-baederdreieck\/wp-content\/uploads\/sites\/8\/2019\/06\/Ortsschild-768x576.jpg 768w, https:\/\/www.bauer-hans.de\/ferienwohnung-im-baederdreieck\/wp-content\/uploads\/sites\/8\/2019\/06\/Ortsschild-1024x768.jpg 1024w, https:\/\/www.bauer-hans.de\/ferienwohnung-im-baederdreieck\/wp-content\/uploads\/sites\/8\/2019\/06\/Ortsschild-250x188.jpg 250w\" sizes=\"auto, (max-width: 767px) 89vw, (max-width: 1000px) 54vw, (max-width: 1071px) 543px, 580px\" \/><\/p>\n<p style=\"text-align: center;\">\n<ul>\n<li><strong>Die Freizeitm\u00f6glichkeiten im Urlaubsland Rottal-Inn sind schier unendlich: Golfen,\u00a0 Angeln, Radeln, Wandern, Nordic Walking, Reiten, Tennis, Wassersport, Segelfliegen, und vieles mehr. Hier ist f\u00fcr jeden etwas geboten!<\/strong><\/li>\n<li><strong>Thermalbaden in den nahe gelegenen B\u00e4dern Bad F\u00fcssing, Bad Birnbach und Bad Griesbach<\/strong><\/li>\n<li><strong>Ideal f\u00fcr Ihre private Kur &#8211; ebenso wie f\u00fcr Ihren Urlaub.<\/strong><\/li>\n<\/ul>\n<p><strong>Die \u00fcberkomplett eingerichtete (Ferien)Wohnung ist sehr ruhig und trotzdem zentral gelegen. 70 qm Wohnfl\u00e4che teilen sich auf in ein Wohn-Esszimmer mit anschliessendem Wintergarten, ein Schlafzimmer mit Doppelbett, ein Schlafzimmer mit zwei Betten, ein Badezimmer und eine separate K\u00fcche. Die \u00fcberdachte Terrasse l\u00e4dt im Sommer ein zum Grillen, im Garten auf Relaxliegen l\u00e4sst es sich herrlich in aller Ruhe entspannen. Auch ein Tiefgaragenstellplatz steht Ihnen zur Verf\u00fcgung, ebenso wie ein oberirdischer Stellplatz.<\/strong><\/p>\n<p><!--more--><\/p>\n<p>Zu Fu\u00df erreich Sie bequem einen B\u00e4cker, aber auch zum Supermarkt im Ort haben Sie nicht weit. In knapp 10 Minuten Gehzeit k\u00f6nnen Sie in der bekannten Gastsst\u00e4tte des Ortes die original Bayerische K\u00fcche testen und sich verw\u00f6hnen lassen.<\/p>\n<p>Mit dem Badebus k\u00f6nnen Sie bequem und kostenlos nach Bad Birnbach fahren.<\/p>\n<figure id=\"attachment_330\" aria-describedby=\"caption-attachment-330\" style=\"width: 500px\" class=\"wp-caption aligncenter\"><a href=\"https:\/\/www.ferienwohnung-im-baederdreieck.de\/hom\/bayerbach_eingang\/\" rel=\"attachment wp-att-330\"><img loading=\"lazy\" decoding=\"async\" class=\"wp-image-330 size-full\" title=\"Rund um Bayerbach\" src=\"https:\/\/www.bauer-hans.de\/ferienwohnung-im-baederdreieck\/wp-content\/uploads\/sites\/8\/2010\/09\/bayerbach_eingang.jpg\" alt=\"4 Sterne Fewo bei bad Birnbach bad Griesbach Bad F\u00fcssing\" width=\"500\" height=\"707\" srcset=\"https:\/\/www.bauer-hans.de\/ferienwohnung-im-baederdreieck\/wp-content\/uploads\/sites\/8\/2010\/09\/bayerbach_eingang.jpg 500w, https:\/\/www.bauer-hans.de\/ferienwohnung-im-baederdreieck\/wp-content\/uploads\/sites\/8\/2010\/09\/bayerbach_eingang-212x300.jpg 212w\" sizes=\"auto, (max-width: 500px) 100vw, 500px\" \/><\/a><figcaption id=\"caption-attachment-330\" class=\"wp-caption-text\">Ferienwohnung im Niederbayerischen B\u00e4derdreieck<\/figcaption><\/figure>\n<p>[mappress mapid=&#8220;1&#8243; width=&#8220;100%&#8220; height=&#8220;400&#8243; adaptive=&#8220;true&#8220;]<\/p>\n","protected":false},"excerpt":{"rendered":"<p>Nur wenige km nach Bad F\u00fcssing, Bad Griesbach oder nach Bad Birnbach. Ihre private top Ferienwohnung im Herzen des Niederbayerischen B\u00e4derdreieck&#8217;s gelegen. Mit insgesamt 5 Thermen erwartet Sie hier in Niederbayern das gr\u00f6\u00dfte Thermalb\u00e4derdreieck Europas. Hier auf Youtube finden Sie einen kurzen Film \u00fcber Bayerbach hier Bad F\u00fcssing von oben auf Youtube Die Freizeitm\u00f6glichkeiten im &hellip; <\/p>\n<p class=\"link-more\"><a href=\"https:\/\/www.bauer-hans.de\/ferienwohnung-im-baederdreieck\/\" class=\"more-link\"><span class=\"screen-reader-text\">\u201ehome\u201c <\/span>weiterlesen<\/a><\/p>\n","protected":false},"author":2,"featured_media":0,"parent":0,"menu_order":0,"comment_status":"closed","ping_status":"open","template":"","meta":{"_acf_changed":false,"footnotes":""},"class_list":["post-775","page","type-page","status-publish","hentry"],"acf":[],"yoast_head":"<!-- This site is optimized with the Yoast SEO plugin v27.5 - https:\/\/yoast.com\/product\/yoast-seo-wordpress\/ -->\n<title>Fewo N\u00e4he Thermal-B\u00e4der Birnbach, Griesbach, F\u00fcssing<\/title>\n<meta name=\"description\" content=\"herrliche Ferienwohnung, 2 getrennte SZ, Wi-Garten, W-LAN, Garage, nur wenige nach Bad Birnbach, Bad F\u00fcssing und nach Bad Griesbach - beste Ausflugslage\" \/>\n<meta name=\"robots\" content=\"index, follow, max-snippet:-1, max-image-preview:large, max-video-preview:-1\" \/>\n<link rel=\"canonical\" href=\"https:\/\/www.bauer-hans.de\/ferienwohnung-im-baederdreieck\/\" \/>\n<meta name=\"twitter:label1\" content=\"Gesch\u00e4tzte Lesezeit\" \/>\n\t<meta name=\"twitter:data1\" content=\"1\u00a0Minute\" \/>\n<script type=\"application\/ld+json\" class=\"yoast-schema-graph\">{\"@context\":\"https:\\\/\\\/schema.org\",\"@graph\":[{\"@type\":\"WebPage\",\"@id\":\"https:\\\/\\\/www.bauer-hans.de\\\/ferienwohnung-im-baederdreieck\\\/\",\"url\":\"https:\\\/\\\/www.bauer-hans.de\\\/ferienwohnung-im-baederdreieck\\\/\",\"name\":\"Fewo N\u00e4he Thermal-B\u00e4der Birnbach, Griesbach, F\u00fcssing\",\"isPartOf\":{\"@id\":\"https:\\\/\\\/www.bauer-hans.de\\\/ferienwohnung-im-baederdreieck\\\/#website\"},\"primaryImageOfPage\":{\"@id\":\"https:\\\/\\\/www.bauer-hans.de\\\/ferienwohnung-im-baederdreieck\\\/#primaryimage\"},\"image\":{\"@id\":\"https:\\\/\\\/www.bauer-hans.de\\\/ferienwohnung-im-baederdreieck\\\/#primaryimage\"},\"thumbnailUrl\":\"https:\\\/\\\/www.bauer-hans.de\\\/ferienwohnung-im-baederdreieck\\\/wp-content\\\/uploads\\\/sites\\\/8\\\/2019\\\/06\\\/Ortsschild.jpg\",\"datePublished\":\"2014-10-11T11:17:37+00:00\",\"dateModified\":\"2020-01-12T10:07:19+00:00\",\"description\":\"herrliche Ferienwohnung, 2 getrennte SZ, Wi-Garten, W-LAN, Garage, nur wenige nach Bad Birnbach, Bad F\u00fcssing und nach Bad Griesbach - beste Ausflugslage\",\"breadcrumb\":{\"@id\":\"https:\\\/\\\/www.bauer-hans.de\\\/ferienwohnung-im-baederdreieck\\\/#breadcrumb\"},\"inLanguage\":\"de\",\"potentialAction\":[{\"@type\":\"ReadAction\",\"target\":[\"https:\\\/\\\/www.bauer-hans.de\\\/ferienwohnung-im-baederdreieck\\\/\"]}]},{\"@type\":\"ImageObject\",\"inLanguage\":\"de\",\"@id\":\"https:\\\/\\\/www.bauer-hans.de\\\/ferienwohnung-im-baederdreieck\\\/#primaryimage\",\"url\":\"https:\\\/\\\/www.bauer-hans.de\\\/ferienwohnung-im-baederdreieck\\\/wp-content\\\/uploads\\\/sites\\\/8\\\/2019\\\/06\\\/Ortsschild.jpg\",\"contentUrl\":\"https:\\\/\\\/www.bauer-hans.de\\\/ferienwohnung-im-baederdreieck\\\/wp-content\\\/uploads\\\/sites\\\/8\\\/2019\\\/06\\\/Ortsschild.jpg\",\"width\":1200,\"height\":900},{\"@type\":\"BreadcrumbList\",\"@id\":\"https:\\\/\\\/www.bauer-hans.de\\\/ferienwohnung-im-baederdreieck\\\/#breadcrumb\",\"itemListElement\":[{\"@type\":\"ListItem\",\"position\":1,\"name\":\"Startseite\",\"item\":\"https:\\\/\\\/www.bauer-hans.de\\\/ferienwohnung-im-baederdreieck\\\/\"},{\"@type\":\"ListItem\",\"position\":2,\"name\":\"home\"}]},{\"@type\":\"WebSite\",\"@id\":\"https:\\\/\\\/www.bauer-hans.de\\\/ferienwohnung-im-baederdreieck\\\/#website\",\"url\":\"https:\\\/\\\/www.bauer-hans.de\\\/ferienwohnung-im-baederdreieck\\\/\",\"name\":\"Ferienwohnung B\u00e4derdreieck Niederbayern | F\u00fcssing | Birnbach | Griesbach |\",\"description\":\"Top Fewo, 2 SZ, Winter-Garten N\u00e4he Bad Birnbach, Bad F\u00fcssing, Bad Griesbach\",\"potentialAction\":[{\"@type\":\"SearchAction\",\"target\":{\"@type\":\"EntryPoint\",\"urlTemplate\":\"https:\\\/\\\/www.bauer-hans.de\\\/ferienwohnung-im-baederdreieck\\\/?s={search_term_string}\"},\"query-input\":{\"@type\":\"PropertyValueSpecification\",\"valueRequired\":true,\"valueName\":\"search_term_string\"}}],\"inLanguage\":\"de\"}]}<\/script>\n<!-- \/ Yoast SEO plugin. -->","yoast_head_json":{"title":"Fewo N\u00e4he Thermal-B\u00e4der Birnbach, Griesbach, F\u00fcssing","description":"herrliche Ferienwohnung, 2 getrennte SZ, Wi-Garten, W-LAN, Garage, nur wenige nach Bad Birnbach, Bad F\u00fcssing und nach Bad Griesbach - beste Ausflugslage","robots":{"index":"index","follow":"follow","max-snippet":"max-snippet:-1","max-image-preview":"max-image-preview:large","max-video-preview":"max-video-preview:-1"},"canonical":"https:\/\/www.bauer-hans.de\/ferienwohnung-im-baederdreieck\/","twitter_misc":{"Gesch\u00e4tzte Lesezeit":"1\u00a0Minute"},"schema":{"@context":"https:\/\/schema.org","@graph":[{"@type":"WebPage","@id":"https:\/\/www.bauer-hans.de\/ferienwohnung-im-baederdreieck\/","url":"https:\/\/www.bauer-hans.de\/ferienwohnung-im-baederdreieck\/","name":"Fewo N\u00e4he Thermal-B\u00e4der Birnbach, Griesbach, F\u00fcssing","isPartOf":{"@id":"https:\/\/www.bauer-hans.de\/ferienwohnung-im-baederdreieck\/#website"},"primaryImageOfPage":{"@id":"https:\/\/www.bauer-hans.de\/ferienwohnung-im-baederdreieck\/#primaryimage"},"image":{"@id":"https:\/\/www.bauer-hans.de\/ferienwohnung-im-baederdreieck\/#primaryimage"},"thumbnailUrl":"https:\/\/www.bauer-hans.de\/ferienwohnung-im-baederdreieck\/wp-content\/uploads\/sites\/8\/2019\/06\/Ortsschild.jpg","datePublished":"2014-10-11T11:17:37+00:00","dateModified":"2020-01-12T10:07:19+00:00","description":"herrliche Ferienwohnung, 2 getrennte SZ, Wi-Garten, W-LAN, Garage, nur wenige nach Bad Birnbach, Bad F\u00fcssing und nach Bad Griesbach - beste Ausflugslage","breadcrumb":{"@id":"https:\/\/www.bauer-hans.de\/ferienwohnung-im-baederdreieck\/#breadcrumb"},"inLanguage":"de","potentialAction":[{"@type":"ReadAction","target":["https:\/\/www.bauer-hans.de\/ferienwohnung-im-baederdreieck\/"]}]},{"@type":"ImageObject","inLanguage":"de","@id":"https:\/\/www.bauer-hans.de\/ferienwohnung-im-baederdreieck\/#primaryimage","url":"https:\/\/www.bauer-hans.de\/ferienwohnung-im-baederdreieck\/wp-content\/uploads\/sites\/8\/2019\/06\/Ortsschild.jpg","contentUrl":"https:\/\/www.bauer-hans.de\/ferienwohnung-im-baederdreieck\/wp-content\/uploads\/sites\/8\/2019\/06\/Ortsschild.jpg","width":1200,"height":900},{"@type":"BreadcrumbList","@id":"https:\/\/www.bauer-hans.de\/ferienwohnung-im-baederdreieck\/#breadcrumb","itemListElement":[{"@type":"ListItem","position":1,"name":"Startseite","item":"https:\/\/www.bauer-hans.de\/ferienwohnung-im-baederdreieck\/"},{"@type":"ListItem","position":2,"name":"home"}]},{"@type":"WebSite","@id":"https:\/\/www.bauer-hans.de\/ferienwohnung-im-baederdreieck\/#website","url":"https:\/\/www.bauer-hans.de\/ferienwohnung-im-baederdreieck\/","name":"Ferienwohnung B\u00e4derdreieck Niederbayern | F\u00fcssing | Birnbach | Griesbach |","description":"Top Fewo, 2 SZ, Winter-Garten N\u00e4he Bad Birnbach, Bad F\u00fcssing, Bad Griesbach","potentialAction":[{"@type":"SearchAction","target":{"@type":"EntryPoint","urlTemplate":"https:\/\/www.bauer-hans.de\/ferienwohnung-im-baederdreieck\/?s={search_term_string}"},"query-input":{"@type":"PropertyValueSpecification","valueRequired":true,"valueName":"search_term_string"}}],"inLanguage":"de"}]}},"_links":{"self":[{"href":"https:\/\/www.bauer-hans.de\/ferienwohnung-im-baederdreieck\/wp-json\/wp\/v2\/pages\/775","targetHints":{"allow":["GET"]}}],"collection":[{"href":"https:\/\/www.bauer-hans.de\/ferienwohnung-im-baederdreieck\/wp-json\/wp\/v2\/pages"}],"about":[{"href":"https:\/\/www.bauer-hans.de\/ferienwohnung-im-baederdreieck\/wp-json\/wp\/v2\/types\/page"}],"author":[{"embeddable":true,"href":"https:\/\/www.bauer-hans.de\/ferienwohnung-im-baederdreieck\/wp-json\/wp\/v2\/users\/2"}],"replies":[{"embeddable":true,"href":"https:\/\/www.bauer-hans.de\/ferienwohnung-im-baederdreieck\/wp-json\/wp\/v2\/comments?post=775"}],"version-history":[{"count":52,"href":"https:\/\/www.bauer-hans.de\/ferienwohnung-im-baederdreieck\/wp-json\/wp\/v2\/pages\/775\/revisions"}],"predecessor-version":[{"id":1376,"href":"https:\/\/www.bauer-hans.de\/ferienwohnung-im-baederdreieck\/wp-json\/wp\/v2\/pages\/775\/revisions\/1376"}],"wp:attachment":[{"href":"https:\/\/www.bauer-hans.de\/ferienwohnung-im-baederdreieck\/wp-json\/wp\/v2\/media?parent=775"}],"curies":[{"name":"wp","href":"https:\/\/api.w.org\/{rel}","templated":true}]}}