{"id":786,"date":"2013-10-07T17:57:00","date_gmt":"2013-10-07T17:57:00","guid":{"rendered":"http:\/\/www.ferienwohnung-im-baederdreieck.de\/?page_id=786"},"modified":"2016-03-06T21:30:02","modified_gmt":"2016-03-06T19:30:02","slug":"ausflugsziele-2","status":"publish","type":"page","link":"https:\/\/www.bauer-hans.de\/ferienwohnung-im-baederdreieck\/ausflugsziele-2\/","title":{"rendered":"Umland entdecken"},"content":{"rendered":"<h3><strong>R\u00d6MER, RITTER,\u00a0RAUHE ZEITEN<\/strong>&#8230;<\/h3>\n<p><a href=\"http:\/\/www.ochzethaus.at\/\" target=\"_blank\">R\u00f6mer Erlebnismuseum<\/a>\u00a0Altheim, (ideal f\u00fcr Kinder und Familien) \u00d6sterreich<br \/>\n<a href=\"http:\/\/www.stift-reichersberg.at\/\" target=\"_blank\">Stift Reichersberg<\/a>, (F\u00fchrung und Weinverk\u00f6stigung m\u00f6glich) \u00d6sterreich<br \/>\n<a href=\"http:\/\/www.kastenhof.landau-isar.de\/\" target=\"_blank\">Niederbayerisches Arch\u00e4ologiemuseum<\/a>\u00a0in Landau a. d. Isar<br \/>\n<a href=\"http:\/\/www.museum-quintana.de\/\" target=\"_blank\">Museum Quintana<\/a>\u00a0Arch\u00e4ologie in K\u00fcnzing (Jungsteinszeit bis fr\u00fches Mittelalter)<br \/>\n<a href=\"http:\/\/www.oberhausmuseum.de\/\" target=\"_blank\">Veste Oberhaus<\/a>, Burg &amp; Museum\u00a0in Passau (tolle Angebote speziell f\u00fcr Kinder)<br \/>\n<a href=\"http:\/\/www.burghausen.de\/\" target=\"_blank\">Burg Burghausen<\/a>, (Burg-, Kinder-, Themenf\u00fchrungen auf Europas l\u00e4ngster Burg)<br \/>\n<a href=\"http:\/\/www.schloss-egg.de\/\" target=\"_blank\">Schloss Egg<\/a>, in Bernried (fr\u00fchere Ritterburg und\u00a0Drehort von Bibi Blocksberg)<br \/>\n<a href=\"http:\/\/www.burgtrausnitz.de\/\" target=\"_blank\">Burg Trausnitz<\/a>\u00a0in Landshut (spezielle Kinderf\u00fchrungen)<br \/>\n<a href=\"http:\/\/www.schloss-ortenburg.de\/\" target=\"_blank\">Schloss Ortenburg<\/a>,\u00a0(sehenswerte Folterkammer)<br \/>\n<a href=\"http:\/\/www.museum-dingolfing.de\/\" target=\"_blank\">Museum Dingolfing,\u00a0<\/a>(S\u00e4hmaschine, Goggo, BMW)<br \/>\n<a href=\"http:\/\/www.hammermuseum.eu\/\" target=\"_blank\">Hammer- und Zangenmuseum<\/a>\u00a0in Marktl<br \/>\n<a href=\"http:\/\/www.papsthaus.eu\/\" target=\"_blank\">Geburtshaus Papst Benedikt XVI<\/a>\u00a0in Marktl<br \/>\n<a href=\"http:\/\/www.rottauer-museum.de\/\" target=\"_blank\">Rottauer Museum<\/a>\u00a0in Pocking<\/p>\n<h3>ABENTEUER, SPASS, NATUR&#8230;<\/h3>\n<p><a href=\"http:\/\/www.bayern-park.de\/\" target=\"_blank\">Bayernpark<\/a>\u00a0in Reisbach (April &#8211; Oktober)<br \/>\n<a href=\"http:\/\/www.baumkronenweg.at\/\" target=\"_blank\">Baumkronenweg<\/a>\u00a0in Kopfing (Naturerlebnispark) \u00d6sterreich<br \/>\n<a href=\"http:\/\/www.erlebnisschanze.at\/\" target=\"_blank\">Skiflyer H\u00f6hnhart<\/a>,\u00a0(200m Fl\u00fcge f\u00fcr\u00a0jedermann)\u00a0\u00d6sterreich<br \/>\n<a href=\"http:\/\/www.waldwipfelweg.de\/\" target=\"_blank\">Wald-Wipfel-Weg<\/a>\u00a0in Sankt Englmar\u00a0im Bayerischen Wald<br \/>\n<a href=\"http:\/\/www.pullmancity.de\/\" target=\"_blank\">Pullmann City<\/a>\u00a0in Eging am See\u00a0(die lebende Westernstadt)<br \/>\n<a href=\"http:\/\/www.watazoo.de\/\" target=\"_blank\">Watazoo<\/a>\u00a0in W\u00f6rth a. d. Isar (Wasserski u. Wakeboarding am W\u00f6rther See)<br \/>\n<a href=\"http:\/\/www.dschungelcamp-neuhaus.de\/\" target=\"_blank\">Dschungel-Camp<\/a>\u00a0in Neuhaus\u00a0(Schlauchbootfahrten f\u00fcr Familien, Kinder-Kanu-Kurse)<br \/>\n<a href=\"http:\/\/www.donauschifffahrt.de\/\" target=\"_blank\">Donauschifffahrt<\/a>\u00a0Wurm + K\u00f6ck in\u00a0Passau (sch\u00f6ne Ausflugs- und Rundfahrten)<br \/>\n<a href=\"http:\/\/www.innschifffahrt.at\/\" target=\"_blank\">Innschifffahrt<\/a>\u00a0Kapit\u00e4n Schaurecker in\u00a0Sch\u00e4rding, \u00d6sterreich\u00a0(erlebnisreiche Fahrten)<br \/>\n<a href=\"http:\/\/www.hochseilgarten-badgriesbach.de\/\" target=\"_blank\">Nature Sport Center<\/a>,\u00a0K.W.Preissler Touristik GmbH, Bad Griesbach (Hochseil- &amp; Kletterpark)<br \/>\n<a href=\"http:\/\/www.kom-marktl.de\/\" target=\"_blank\">kom marktl GmbH<\/a>\u00a0in Marktl am Inn (Indoorkart und SuperMoto)<br \/>\n<a href=\"http:\/\/www.kurpark-lalling.de\/\" target=\"_blank\">Feng Shui Kurpark Lalling<\/a>,\u00a0F\u00fchrungen, Lehrwege, Themeng\u00e4rten, Pavillion<br \/>\n<a href=\"http:\/\/www.tourismus.burghausen.de\/\" target=\"_blank\">Pl\u00e4ttenfahrten auf der Salzach<\/a>\u00a0in Burghausen (Nachbauten ehem. Salzschifferk\u00e4hne)<\/p>\n<h3>WASSER, ERLEBNIS UND MEHR&#8230;<\/h3>\n<p><a href=\"http:\/\/www.straubing.de\/\" target=\"_blank\">AQUAtherm<\/a>\u00a0in Straubing (versch. Innen- &amp; Au\u00dfenbecken, Saunabereich)<br \/>\n<a href=\"http:\/\/www.elypso.de\/\" target=\"_blank\">Elypso<\/a>\u00a0in Deggendorf (Wellness &amp; Sauna, Kindergeburtstag, Schwimmkurse, etc.)<br \/>\n<a href=\"http:\/\/www.caprima.de\/\" target=\"_blank\">Caprima<\/a>\u00a0in Dingolfing (Wellenbad mit Sommerrutsche, Saunalandschaft, Beauty, etc.)<br \/>\n<a href=\"http:\/\/www.passauer-erlebnisbad.de\/\" target=\"_blank\">Passauer Erlebnisbad PEB<\/a>\u00a0in Passau (Hallenbad,Freibad, Balineum)<br \/>\n<a href=\"http:\/\/www.braunau.at\/\" target=\"_blank\">Braunauer Erlebnisfreibad<\/a>\u00a0im Freizeitzentrum in Braunau,\u00a0\u00d6sterreich<br \/>\n<a href=\"http:\/\/www.therme-geinberg.at\/\" target=\"_blank\">Therme Geinberg<\/a>, (3 Wasserwelten, Karibiklagune, Saunaoase)\u00a0\u00d6sterreich<br \/>\n<a href=\"http:\/\/www.baeder-burghausen.de\/\" target=\"_blank\">Erlebnisbadewelt Burghausen<\/a>\u00a0(Hallenbad mit Saunalandschaft, Naturbad W\u00f6hrsee)<br \/>\nBadesee Marktl, Marktl<\/p>\n<h3>TIERE, TIERE, TIERE&#8230;<\/h3>\n<p><a href=\"http:\/\/www.vogelpark-irgenoed.de\/\" target=\"_blank\">Vogelpark Irgen\u00f6d<\/a>\u00a0in Ortenburg (Apr. &#8211; Okt.)<br \/>\n<a href=\"http:\/\/www.wildpark-ortenburg.de\/\" target=\"_blank\">Wildpark Schloss Ortenburg<\/a>\u00a0(Apr-Okt, in der Winterpause an sch\u00f6nen Sonn-\/Feiertagen)<br \/>\n<a href=\"http:\/\/www.tiergarten-straubing.de\/\" target=\"_blank\">Tiergarten Straubing<\/a>\u00a0(\u00fcber 1000 S\u00e4ugetiere, V\u00f6gel, Reptilien und Fische ca. 200 Arten)<br \/>\n<a href=\"http:\/\/www.reptilienzoo.de\/\" target=\"_blank\">Reptilien-Zoo<\/a>\u00a0in Regensburg (Echsen, Shildkr\u00f6ten und Schlangen in \u00fcber 70 Terrarien)<br \/>\n<a href=\"http:\/\/www.falknerei-burg-obernberg.de\/\" target=\"_blank\">Falknerei auf Burg Obernberg<\/a>\u00a0(Di-So Apr.-Okt. Flugschau versch. Greifv\u00f6gel) \u00d6sterreich<br \/>\n<a href=\"http:\/\/www.gut-aiderbichl.com\/\" target=\"_blank\">Gut Aiderbichl\u00a0<\/a>\u00a0in Henndorf am Wallersee (bei Salzburg) \u00d6sterre\u00edch<br \/>\n<a href=\"http:\/\/www.gut-aiderbichl.com\/\" target=\"_blank\">Gut Aiderbichl Bayern<\/a>\u00a0in Deggendorf<br \/>\n<a href=\"http:\/\/www.nationalpark-bayerischer-wald.de\/\" target=\"_blank\">Nationalpark Bayerischer Wald<\/a><br \/>\n<a href=\"http:\/\/www.salzburg-zoo.at\/\" target=\"_blank\">Zoo Salzburg<\/a>\u00a0(Spezielle Angebote f\u00fcr Kinder)\u00a0\u00d6sterreich<br \/>\n<a href=\"http:\/\/www.infohaus-isarmuendung.de\/\" target=\"_blank\">Infozentrum Isarm\u00fcndung<\/a>\u00a0in Moos<\/p>\n<h3><strong>ORTE<\/strong><\/h3>\n<p><a href=\"http:\/\/www.altoetting.de\/\" target=\"_blank\">Alt\u00f6tting<\/a>, das \u201ereligi\u00f6se Herz Bayerns\u201c mit Gnadenkapelle<br \/>\n<a href=\"http:\/\/www.ckrumlov.info\/\" target=\"_blank\">Krumau<\/a>\u00a0\u2013 UNESCO Kulturerbe an der Moldau in Tschechien<br \/>\n<a href=\"http:\/\/www.passau.de\/\" target=\"_blank\">Passau<\/a>\u00a0mit Dom und der gr\u00f6\u00dften Domorgel der Welt sowie Altstadt<br \/>\n<a href=\"http:\/\/www.regensburg.de\/\" target=\"_blank\">Regensburg<\/a>\u00a0mit seiner mittelalterlichen Altstadt<br \/>\n<a href=\"http:\/\/www.salzburg.at\/\" target=\"_blank\">Salzburg<\/a>\u00a0mit Mozartgeburtshaus, Getreidegasse und Dom<br \/>\n<a href=\"http:\/\/www.schaerding.at\/\" target=\"_blank\">Sch\u00e4rding<\/a>\u00a0\u2013 Barockstadt am Inn<\/p>\n<h3><strong>KL\u00d6STER<\/strong><\/h3>\n<p><a href=\"http:\/\/www.kloster-asbach.de\/\" target=\"_blank\">Kloster Asbach<\/a>, das Benediktinerkloster im Rottaler B\u00e4derdreieck<br \/>\n<a href=\"http:\/\/www.kloster-metten.de\/\" target=\"_blank\">Kloster Metten<\/a><br \/>\n<a href=\"http:\/\/www.klosterwelten.com\/\" target=\"_blank\">Kloster Raitenhaslach<\/a>, das \u00e4lteste Zisterzienserkloster in Oberbayern<br \/>\n<a href=\"http:\/\/www.kloster-weltenburg.de\/\" target=\"_blank\">Kloster Weltenburg<\/a>, Benediktinerabtei am Donaudurchbruch\u00a0<strong><br \/>\n<\/strong><\/p>\n<h3>MUSEEN<\/h3>\n<p><a href=\"http:\/\/www.museumsdorf.com\/\" target=\"_blank\">Museumsdorf Tittling\u00a0<\/a><\/p>\n<h3>EISHALLEN<\/h3>\n<p><a href=\"http:\/\/www.landshut.de\/\" target=\"_blank\">St\u00e4dtische Eissportanlage in\u00a0Landshut\u00a0<\/a>(Eishalle), Tel. 087- 96 54 176<br \/>\n<a href=\"http:\/\/www.dingolfing.de\/\" target=\"_blank\">Eissporthalle Dingolfing<\/a>, Tel. 08731-501-23<br \/>\n<a href=\"http:\/\/www.stadtwerke-vilshofen.de\/\" target=\"_blank\">Eisstadion Vilshofen<\/a>\u00a0(Outdoor) Tel. 08541-8757<br \/>\n<a href=\"http:\/\/www.passau-event.de\/\" target=\"_blank\">Eis-Arena im Messepark Passau<\/a>, Tel. 0851-98 846-0<br \/>\n<a href=\"http:\/\/www.deggendorf.de\/\" target=\"_blank\">Eisstadion Deggendorf<\/a>, Tel. 0991-26 168<br \/>\n<a href=\"http:\/\/www.straubing.de\/\" target=\"_blank\">DEL-Eisstadion Straubing<\/a>,\u00a0Tel. 09421-12 207<\/p>\n","protected":false},"excerpt":{"rendered":"<p>R\u00d6MER, RITTER,\u00a0RAUHE ZEITEN&#8230; R\u00f6mer Erlebnismuseum\u00a0Altheim, (ideal f\u00fcr Kinder und Familien) \u00d6sterreich Stift Reichersberg, (F\u00fchrung und Weinverk\u00f6stigung m\u00f6glich) \u00d6sterreich Niederbayerisches Arch\u00e4ologiemuseum\u00a0in Landau a. d. Isar Museum Quintana\u00a0Arch\u00e4ologie in K\u00fcnzing (Jungsteinszeit bis fr\u00fches Mittelalter) Veste Oberhaus, Burg &amp; Museum\u00a0in Passau (tolle Angebote speziell f\u00fcr Kinder) Burg Burghausen, (Burg-, Kinder-, Themenf\u00fchrungen auf Europas l\u00e4ngster Burg) Schloss Egg, in &hellip; <\/p>\n<p class=\"link-more\"><a href=\"https:\/\/www.bauer-hans.de\/ferienwohnung-im-baederdreieck\/ausflugsziele-2\/\" class=\"more-link\"><span class=\"screen-reader-text\">\u201eUmland entdecken\u201c <\/span>weiterlesen<\/a><\/p>\n","protected":false},"author":2,"featured_media":771,"parent":0,"menu_order":0,"comment_status":"closed","ping_status":"closed","template":"","meta":{"_acf_changed":false,"footnotes":""},"class_list":["post-786","page","type-page","status-publish","has-post-thumbnail","hentry"],"acf":[],"yoast_head":"<!-- This site is optimized with the Yoast SEO plugin v27.5 - https:\/\/yoast.com\/product\/yoast-seo-wordpress\/ -->\n<title>Umland entdecken - Ferienwohnung B\u00e4derdreieck Niederbayern | F\u00fcssing | Birnbach | Griesbach |<\/title>\n<meta name=\"robots\" content=\"index, follow, max-snippet:-1, max-image-preview:large, max-video-preview:-1\" \/>\n<link rel=\"canonical\" href=\"https:\/\/www.bauer-hans.de\/ferienwohnung-im-baederdreieck\/ausflugsziele-2\/\" \/>\n<meta name=\"twitter:label1\" content=\"Gesch\u00e4tzte Lesezeit\" \/>\n\t<meta name=\"twitter:data1\" content=\"3\u00a0Minuten\" \/>\n<script type=\"application\/ld+json\" class=\"yoast-schema-graph\">{\"@context\":\"https:\\\/\\\/schema.org\",\"@graph\":[{\"@type\":\"WebPage\",\"@id\":\"https:\\\/\\\/www.bauer-hans.de\\\/ferienwohnung-im-baederdreieck\\\/ausflugsziele-2\\\/\",\"url\":\"https:\\\/\\\/www.bauer-hans.de\\\/ferienwohnung-im-baederdreieck\\\/ausflugsziele-2\\\/\",\"name\":\"Umland entdecken - Ferienwohnung B\u00e4derdreieck Niederbayern | F\u00fcssing | Birnbach | Griesbach |\",\"isPartOf\":{\"@id\":\"https:\\\/\\\/www.bauer-hans.de\\\/ferienwohnung-im-baederdreieck\\\/#website\"},\"primaryImageOfPage\":{\"@id\":\"https:\\\/\\\/www.bauer-hans.de\\\/ferienwohnung-im-baederdreieck\\\/ausflugsziele-2\\\/#primaryimage\"},\"image\":{\"@id\":\"https:\\\/\\\/www.bauer-hans.de\\\/ferienwohnung-im-baederdreieck\\\/ausflugsziele-2\\\/#primaryimage\"},\"thumbnailUrl\":\"https:\\\/\\\/www.bauer-hans.de\\\/ferienwohnung-im-baederdreieck\\\/wp-content\\\/uploads\\\/sites\\\/8\\\/2013\\\/08\\\/bayerbach1.jpg\",\"datePublished\":\"2013-10-07T17:57:00+00:00\",\"dateModified\":\"2016-03-06T19:30:02+00:00\",\"breadcrumb\":{\"@id\":\"https:\\\/\\\/www.bauer-hans.de\\\/ferienwohnung-im-baederdreieck\\\/ausflugsziele-2\\\/#breadcrumb\"},\"inLanguage\":\"de\",\"potentialAction\":[{\"@type\":\"ReadAction\",\"target\":[\"https:\\\/\\\/www.bauer-hans.de\\\/ferienwohnung-im-baederdreieck\\\/ausflugsziele-2\\\/\"]}]},{\"@type\":\"ImageObject\",\"inLanguage\":\"de\",\"@id\":\"https:\\\/\\\/www.bauer-hans.de\\\/ferienwohnung-im-baederdreieck\\\/ausflugsziele-2\\\/#primaryimage\",\"url\":\"https:\\\/\\\/www.bauer-hans.de\\\/ferienwohnung-im-baederdreieck\\\/wp-content\\\/uploads\\\/sites\\\/8\\\/2013\\\/08\\\/bayerbach1.jpg\",\"contentUrl\":\"https:\\\/\\\/www.bauer-hans.de\\\/ferienwohnung-im-baederdreieck\\\/wp-content\\\/uploads\\\/sites\\\/8\\\/2013\\\/08\\\/bayerbach1.jpg\",\"width\":2048,\"height\":1536},{\"@type\":\"BreadcrumbList\",\"@id\":\"https:\\\/\\\/www.bauer-hans.de\\\/ferienwohnung-im-baederdreieck\\\/ausflugsziele-2\\\/#breadcrumb\",\"itemListElement\":[{\"@type\":\"ListItem\",\"position\":1,\"name\":\"Startseite\",\"item\":\"https:\\\/\\\/www.bauer-hans.de\\\/ferienwohnung-im-baederdreieck\\\/\"},{\"@type\":\"ListItem\",\"position\":2,\"name\":\"Umland entdecken\"}]},{\"@type\":\"WebSite\",\"@id\":\"https:\\\/\\\/www.bauer-hans.de\\\/ferienwohnung-im-baederdreieck\\\/#website\",\"url\":\"https:\\\/\\\/www.bauer-hans.de\\\/ferienwohnung-im-baederdreieck\\\/\",\"name\":\"Ferienwohnung B\u00e4derdreieck Niederbayern | F\u00fcssing | Birnbach | Griesbach |\",\"description\":\"Top Fewo, 2 SZ, Winter-Garten N\u00e4he Bad Birnbach, Bad F\u00fcssing, Bad Griesbach\",\"potentialAction\":[{\"@type\":\"SearchAction\",\"target\":{\"@type\":\"EntryPoint\",\"urlTemplate\":\"https:\\\/\\\/www.bauer-hans.de\\\/ferienwohnung-im-baederdreieck\\\/?s={search_term_string}\"},\"query-input\":{\"@type\":\"PropertyValueSpecification\",\"valueRequired\":true,\"valueName\":\"search_term_string\"}}],\"inLanguage\":\"de\"}]}<\/script>\n<!-- \/ Yoast SEO plugin. -->","yoast_head_json":{"title":"Umland entdecken - Ferienwohnung B\u00e4derdreieck Niederbayern | F\u00fcssing | Birnbach | Griesbach |","robots":{"index":"index","follow":"follow","max-snippet":"max-snippet:-1","max-image-preview":"max-image-preview:large","max-video-preview":"max-video-preview:-1"},"canonical":"https:\/\/www.bauer-hans.de\/ferienwohnung-im-baederdreieck\/ausflugsziele-2\/","twitter_misc":{"Gesch\u00e4tzte Lesezeit":"3\u00a0Minuten"},"schema":{"@context":"https:\/\/schema.org","@graph":[{"@type":"WebPage","@id":"https:\/\/www.bauer-hans.de\/ferienwohnung-im-baederdreieck\/ausflugsziele-2\/","url":"https:\/\/www.bauer-hans.de\/ferienwohnung-im-baederdreieck\/ausflugsziele-2\/","name":"Umland entdecken - Ferienwohnung B\u00e4derdreieck Niederbayern | F\u00fcssing | Birnbach | Griesbach |","isPartOf":{"@id":"https:\/\/www.bauer-hans.de\/ferienwohnung-im-baederdreieck\/#website"},"primaryImageOfPage":{"@id":"https:\/\/www.bauer-hans.de\/ferienwohnung-im-baederdreieck\/ausflugsziele-2\/#primaryimage"},"image":{"@id":"https:\/\/www.bauer-hans.de\/ferienwohnung-im-baederdreieck\/ausflugsziele-2\/#primaryimage"},"thumbnailUrl":"https:\/\/www.bauer-hans.de\/ferienwohnung-im-baederdreieck\/wp-content\/uploads\/sites\/8\/2013\/08\/bayerbach1.jpg","datePublished":"2013-10-07T17:57:00+00:00","dateModified":"2016-03-06T19:30:02+00:00","breadcrumb":{"@id":"https:\/\/www.bauer-hans.de\/ferienwohnung-im-baederdreieck\/ausflugsziele-2\/#breadcrumb"},"inLanguage":"de","potentialAction":[{"@type":"ReadAction","target":["https:\/\/www.bauer-hans.de\/ferienwohnung-im-baederdreieck\/ausflugsziele-2\/"]}]},{"@type":"ImageObject","inLanguage":"de","@id":"https:\/\/www.bauer-hans.de\/ferienwohnung-im-baederdreieck\/ausflugsziele-2\/#primaryimage","url":"https:\/\/www.bauer-hans.de\/ferienwohnung-im-baederdreieck\/wp-content\/uploads\/sites\/8\/2013\/08\/bayerbach1.jpg","contentUrl":"https:\/\/www.bauer-hans.de\/ferienwohnung-im-baederdreieck\/wp-content\/uploads\/sites\/8\/2013\/08\/bayerbach1.jpg","width":2048,"height":1536},{"@type":"BreadcrumbList","@id":"https:\/\/www.bauer-hans.de\/ferienwohnung-im-baederdreieck\/ausflugsziele-2\/#breadcrumb","itemListElement":[{"@type":"ListItem","position":1,"name":"Startseite","item":"https:\/\/www.bauer-hans.de\/ferienwohnung-im-baederdreieck\/"},{"@type":"ListItem","position":2,"name":"Umland entdecken"}]},{"@type":"WebSite","@id":"https:\/\/www.bauer-hans.de\/ferienwohnung-im-baederdreieck\/#website","url":"https:\/\/www.bauer-hans.de\/ferienwohnung-im-baederdreieck\/","name":"Ferienwohnung B\u00e4derdreieck Niederbayern | F\u00fcssing | Birnbach | Griesbach |","description":"Top Fewo, 2 SZ, Winter-Garten N\u00e4he Bad Birnbach, Bad F\u00fcssing, Bad Griesbach","potentialAction":[{"@type":"SearchAction","target":{"@type":"EntryPoint","urlTemplate":"https:\/\/www.bauer-hans.de\/ferienwohnung-im-baederdreieck\/?s={search_term_string}"},"query-input":{"@type":"PropertyValueSpecification","valueRequired":true,"valueName":"search_term_string"}}],"inLanguage":"de"}]}},"_links":{"self":[{"href":"https:\/\/www.bauer-hans.de\/ferienwohnung-im-baederdreieck\/wp-json\/wp\/v2\/pages\/786","targetHints":{"allow":["GET"]}}],"collection":[{"href":"https:\/\/www.bauer-hans.de\/ferienwohnung-im-baederdreieck\/wp-json\/wp\/v2\/pages"}],"about":[{"href":"https:\/\/www.bauer-hans.de\/ferienwohnung-im-baederdreieck\/wp-json\/wp\/v2\/types\/page"}],"author":[{"embeddable":true,"href":"https:\/\/www.bauer-hans.de\/ferienwohnung-im-baederdreieck\/wp-json\/wp\/v2\/users\/2"}],"replies":[{"embeddable":true,"href":"https:\/\/www.bauer-hans.de\/ferienwohnung-im-baederdreieck\/wp-json\/wp\/v2\/comments?post=786"}],"version-history":[{"count":2,"href":"https:\/\/www.bauer-hans.de\/ferienwohnung-im-baederdreieck\/wp-json\/wp\/v2\/pages\/786\/revisions"}],"predecessor-version":[{"id":1062,"href":"https:\/\/www.bauer-hans.de\/ferienwohnung-im-baederdreieck\/wp-json\/wp\/v2\/pages\/786\/revisions\/1062"}],"wp:featuredmedia":[{"embeddable":true,"href":"https:\/\/www.bauer-hans.de\/ferienwohnung-im-baederdreieck\/wp-json\/wp\/v2\/media\/771"}],"wp:attachment":[{"href":"https:\/\/www.bauer-hans.de\/ferienwohnung-im-baederdreieck\/wp-json\/wp\/v2\/media?parent=786"}],"curies":[{"name":"wp","href":"https:\/\/api.w.org\/{rel}","templated":true}]}}