{"id":23,"date":"2010-09-27T15:47:56","date_gmt":"2010-09-27T15:47:56","guid":{"rendered":"http:\/\/www.ferienwohnung-in-kaernten.de\/"},"modified":"2018-10-07T21:10:33","modified_gmt":"2018-10-07T19:10:33","slug":"die-wohnungen","status":"publish","type":"page","link":"https:\/\/www.bauer-hans.de\/ferienwohnung-in-kaernten\/die-wohnungen\/","title":{"rendered":"die Wohnungen"},"content":{"rendered":"<div>\n<h3><strong>Die\u00a0Ferienwohnungen sind vom Grundri\u00df \/ Gr\u00f6\u00dfe nahezu identisch<\/strong><\/h3>\n<div>\n<h3><strong>nachfolgend die Ausstattungsmerkmale der f\u00fcnf Ferienwohnungen in unserem Haus &#8222;Waldblick&#8220;, die <span style=\"text-decoration: underline;\">alle \u00fcber 50 qm Wohnfl\u00e4che<\/span> haben:<\/strong><\/h3>\n<\/div>\n<\/div>\n<p style=\"text-align: center;\">TIP: Mieten Sie doch zusammen mit Ihren Freunden 2 oder mehr\u00a0Wohnungen, vielleicht sogar\u00a0das komplette Erdgeschoss<\/p>\n<p style=\"text-align: center;\">Insgesamt haben wir sechs\u00a0Wohnungen, wovon wir 5 zur Miete anbieten, eine Wohnung wird das ganze\u00a0Jahr \u00fcber von unserem Hausverwalter bewohnt.<\/p>\n<p style=\"text-align: center;\"><strong>zahlreiche Fotos aller\u00a0Wohnungen finden Sie <a href=\"http:\/\/www.ferienwohnung-in-kaernten.de\/fotos-haus\/\">hier<\/a>.<\/strong><\/p>\n<ul>\n<li>\n<h3><span style=\"text-decoration: underline;\">zwei<\/span> Ferienappartements (&#8222;Buche&#8220; und &#8222;Esche&#8220;) mit <span style=\"text-decoration: underline;\">zwei getrennten Schlafzimmern<\/span> und jeweils 2 Doppelbetten<\/h3>\n<\/li>\n<li>\n<h3>eine Wohnung (&#8222;Ahorn&#8220;) hat ein sep. Schlafzimmer mit Doppelbett und ein kombiniertes Wohnschlafzimmer mit einer gem\u00fctlichen Couch und einem Stockbett ( Bettgr\u00f6sse: 2,00 x 0,90 m)<\/h3>\n<\/li>\n<li>\n<h3><span style=\"text-decoration: underline;\">zwei\u00a0<\/span>Ferienappartements (&#8222;Eiche&#8220; und &#8222;Erle&#8220;) mit einem\u00a0Schlafzimmer und 2 Doppelbetten\u00a0plus separates Wohnzimmer mit Ausziehcouch die sehr gerne als weitere Schlafgelegenheit (<span style=\"text-decoration: underline;\"><a href=\"http:\/\/www.ferienwohnung-in-kaernten.de\/wp-content\/uploads\/sites\/6\/2016\/06\/erle_wz2.jpg\">sehr gro\u00df, siehe <\/a>Foto<\/span>)\u00a0gen\u00fctzt wird.<\/h3>\n<\/li>\n<li>\n<h3>Die Wohnungen &#8222;Buche und &#8222;Esche&#8220; haben ein kombiniertes Wohn-Esszimmer mit gem\u00fctlicher Couch und einem Esstisch mit ausreichend Platz f\u00fcr 4 Personen.<\/h3>\n<\/li>\n<li>\n<h3><span style=\"text-decoration: underline;\">alle<\/span> Appartements haben eine <span style=\"text-decoration: underline;\">separate K\u00fcche<\/span><\/h3>\n<\/li>\n<li>\n<h3>alle Appartements haben Badezimmer mit WC und Dusche<\/h3>\n<\/li>\n<li>\n<h3>Elektronik Safe in allen Wohnungen<\/h3>\n<\/li>\n<li>\n<h3>jede Wohnung im Erdgeschoss hat eine eigene Terrasse mit einem eigenen Gartengrill<\/h3>\n<\/li>\n<li>\n<h3>die Wohnungen im Obergeschoss haben einen Balkon und auch einen eigenen Gartenanteil mit eigenem Grill<\/h3>\n<\/li>\n<li>\n<h3>eigener Garten von \u00fcber\u00a01200 qm<\/h3>\n<\/li>\n<li>\n<h3>Internet (kostenlos) per W-LAN<\/h3>\n<\/li>\n<li>\n<h3>SAT-TV (Flachbildschirm)<\/h3>\n<\/li>\n<li>\n<h3>Stereonalge mit\u00a0DVD-Player<\/h3>\n<\/li>\n<li>\n<h3>Elektroheizung<\/h3>\n<\/li>\n<li>\n<h3>selbstverst\u00e4ndlich ausreichend hochwertiges Geschirr und alle m\u00f6glichen Elektro Kleinger\u00e4te<\/h3>\n<\/li>\n<li>\n<h3>Pkw Stellplatz unmittelbar an unserem Grundst\u00fcck<\/h3>\n<\/li>\n<li>\n<h3>separater, abgeschlossener Fahrradraum<\/h3>\n<\/li>\n<\/ul>\n<figure id=\"attachment_2327\" aria-describedby=\"caption-attachment-2327\" style=\"width: 1200px\" class=\"wp-caption alignnone\"><a href=\"http:\/\/www.ferienwohnung-in-kaernten.de\/wp-content\/uploads\/sites\/6\/2018\/10\/Luft1.jpg\"><img loading=\"lazy\" decoding=\"async\" class=\"wp-image-2327 size-full\" src=\"http:\/\/www.ferienwohnung-in-kaernten.de\/wp-content\/uploads\/sites\/6\/2018\/10\/Luft1.jpg\" alt=\"\" width=\"1200\" height=\"839\" srcset=\"https:\/\/www.bauer-hans.de\/ferienwohnung-in-kaernten\/wp-content\/uploads\/sites\/6\/2018\/10\/Luft1.jpg 1200w, https:\/\/www.bauer-hans.de\/ferienwohnung-in-kaernten\/wp-content\/uploads\/sites\/6\/2018\/10\/Luft1-300x210.jpg 300w, https:\/\/www.bauer-hans.de\/ferienwohnung-in-kaernten\/wp-content\/uploads\/sites\/6\/2018\/10\/Luft1-768x537.jpg 768w, https:\/\/www.bauer-hans.de\/ferienwohnung-in-kaernten\/wp-content\/uploads\/sites\/6\/2018\/10\/Luft1-1024x716.jpg 1024w, https:\/\/www.bauer-hans.de\/ferienwohnung-in-kaernten\/wp-content\/uploads\/sites\/6\/2018\/10\/Luft1-250x175.jpg 250w\" sizes=\"auto, (max-width: 767px) 89vw, (max-width: 1000px) 54vw, (max-width: 1071px) 543px, 580px\" \/><\/a><figcaption id=\"caption-attachment-2327\" class=\"wp-caption-text\">Blick von oben<\/figcaption><\/figure>\n<h3><a href=\"http:\/\/www.ferienwohnung-in-kaernten.de\/fotos-haus\/\">hier haben wir Fotos der Wohnungen<\/a><\/h3>\n<p style=\"text-align: center;\"><strong>Hier der Grundriss vom Erdgeschoss<\/strong><\/p>\n<p><span style=\"font-size: medium;\">&#8212;&#8212;&#8212;&#8212;&#8212;&#8212;-Einrichtung und M\u00f6bel nicht absolut identisch&#8212;&#8212;&#8212;&#8212;&#8212;&#8212;<\/span><span style=\"font-size: medium;\">\u00a0<\/span><\/p>\n<p><a href=\"http:\/\/www.ferienwohnung-in-kaernten.de\/wp-content\/uploads\/sites\/6\/2015\/12\/EG.jpg\"><img loading=\"lazy\" decoding=\"async\" class=\"aligncenter size-full wp-image-1996\" src=\"http:\/\/www.ferienwohnung-in-kaernten.de\/wp-content\/uploads\/sites\/6\/2015\/12\/EG.jpg\" alt=\"EG\" width=\"500\" height=\"563\" srcset=\"https:\/\/www.bauer-hans.de\/ferienwohnung-in-kaernten\/wp-content\/uploads\/sites\/6\/2015\/12\/EG.jpg 500w, https:\/\/www.bauer-hans.de\/ferienwohnung-in-kaernten\/wp-content\/uploads\/sites\/6\/2015\/12\/EG-266x300.jpg 266w, https:\/\/www.bauer-hans.de\/ferienwohnung-in-kaernten\/wp-content\/uploads\/sites\/6\/2015\/12\/EG-250x282.jpg 250w\" sizes=\"auto, (max-width: 500px) 100vw, 500px\" \/><\/a><\/p>\n<p style=\"text-align: center;\"><span style=\"color: #008000;\"><strong><span style=\"font-size: medium;\">und hier der Grundriss vom Obergeschoss<\/span><\/strong><\/span><\/p>\n<p style=\"text-align: center;\"><span style=\"color: #008000;\"><strong><a href=\"http:\/\/www.ferienwohnung-in-kaernten.de\/wp-content\/uploads\/sites\/6\/2015\/12\/OG.jpg\"><img loading=\"lazy\" decoding=\"async\" class=\"aligncenter size-full wp-image-1997\" src=\"http:\/\/www.ferienwohnung-in-kaernten.de\/wp-content\/uploads\/sites\/6\/2015\/12\/OG.jpg\" alt=\"OG\" width=\"500\" height=\"595\" srcset=\"https:\/\/www.bauer-hans.de\/ferienwohnung-in-kaernten\/wp-content\/uploads\/sites\/6\/2015\/12\/OG.jpg 500w, https:\/\/www.bauer-hans.de\/ferienwohnung-in-kaernten\/wp-content\/uploads\/sites\/6\/2015\/12\/OG-252x300.jpg 252w, https:\/\/www.bauer-hans.de\/ferienwohnung-in-kaernten\/wp-content\/uploads\/sites\/6\/2015\/12\/OG-250x298.jpg 250w\" sizes=\"auto, (max-width: 500px) 100vw, 500px\" \/><\/a><\/strong><\/span><\/p>\n<p style=\"text-align: center;\">Sollten Sie es noch\u00a0<strong>exclusiver<\/strong> w\u00fcnschen und\u00a0h\u00e4tten gerne ein <strong>komplettes Haus<\/strong> f\u00fcr sich alleine,\u00a0dann k\u00f6nnen wir Ihnen hier im gleichen Feriendorf zwei sehr sch\u00f6ne Einzelh\u00e4user zur Miete anbieten.<br \/>\nWeitere Infos dazu siehe hier: <a href=\"http:\/\/www.ferienhaus-in-kaernten.de\" target=\"_blank\" rel=\"noopener\">www.ferienhaus-in-kaernten.de<\/a><\/p>\n","protected":false},"excerpt":{"rendered":"<p>Die\u00a0Ferienwohnungen sind vom Grundri\u00df \/ Gr\u00f6\u00dfe nahezu identisch nachfolgend die Ausstattungsmerkmale der f\u00fcnf Ferienwohnungen in unserem Haus &#8222;Waldblick&#8220;, die alle \u00fcber 50 qm Wohnfl\u00e4che haben: TIP: Mieten Sie doch zusammen mit Ihren Freunden 2 oder mehr\u00a0Wohnungen, vielleicht sogar\u00a0das komplette Erdgeschoss Insgesamt haben wir sechs\u00a0Wohnungen, wovon wir 5 zur Miete anbieten, eine Wohnung wird das ganze\u00a0Jahr &hellip; <\/p>\n<p class=\"link-more\"><a href=\"https:\/\/www.bauer-hans.de\/ferienwohnung-in-kaernten\/die-wohnungen\/\" class=\"more-link\"><span class=\"screen-reader-text\">\u201edie Wohnungen\u201c <\/span>weiterlesen<\/a><\/p>\n","protected":false},"author":2,"featured_media":0,"parent":0,"menu_order":0,"comment_status":"closed","ping_status":"closed","template":"","meta":{"_acf_changed":false,"footnotes":""},"class_list":["post-23","page","type-page","status-publish","hentry"],"acf":[],"yoast_head":"<!-- This site is optimized with the Yoast SEO plugin v27.5 - https:\/\/yoast.com\/product\/yoast-seo-wordpress\/ -->\n<title>Ferienwohnungen in K\u00e4rnten am See mit Pool und eigenem Garten<\/title>\n<meta name=\"description\" content=\"Infos zu den einzelnen Wohnung im Haus Waldblick\" \/>\n<meta name=\"robots\" content=\"index, follow, max-snippet:-1, max-image-preview:large, max-video-preview:-1\" \/>\n<link rel=\"canonical\" href=\"https:\/\/www.bauer-hans.de\/ferienwohnung-in-kaernten\/die-wohnungen\/\" \/>\n<meta name=\"twitter:label1\" content=\"Gesch\u00e4tzte Lesezeit\" \/>\n\t<meta name=\"twitter:data1\" content=\"2\u00a0Minuten\" \/>\n<script type=\"application\/ld+json\" class=\"yoast-schema-graph\">{\"@context\":\"https:\\\/\\\/schema.org\",\"@graph\":[{\"@type\":\"WebPage\",\"@id\":\"https:\\\/\\\/www.bauer-hans.de\\\/ferienwohnung-in-kaernten\\\/die-wohnungen\\\/\",\"url\":\"https:\\\/\\\/www.bauer-hans.de\\\/ferienwohnung-in-kaernten\\\/die-wohnungen\\\/\",\"name\":\"Ferienwohnungen in K\u00e4rnten am See mit Pool und eigenem Garten\",\"isPartOf\":{\"@id\":\"https:\\\/\\\/www.bauer-hans.de\\\/ferienwohnung-in-kaernten\\\/#website\"},\"primaryImageOfPage\":{\"@id\":\"https:\\\/\\\/www.bauer-hans.de\\\/ferienwohnung-in-kaernten\\\/die-wohnungen\\\/#primaryimage\"},\"image\":{\"@id\":\"https:\\\/\\\/www.bauer-hans.de\\\/ferienwohnung-in-kaernten\\\/die-wohnungen\\\/#primaryimage\"},\"thumbnailUrl\":\"http:\\\/\\\/www.ferienwohnung-in-kaernten.de\\\/wp-content\\\/uploads\\\/sites\\\/6\\\/2018\\\/10\\\/Luft1.jpg\",\"datePublished\":\"2010-09-27T15:47:56+00:00\",\"dateModified\":\"2018-10-07T19:10:33+00:00\",\"description\":\"Infos zu den einzelnen Wohnung im Haus Waldblick\",\"breadcrumb\":{\"@id\":\"https:\\\/\\\/www.bauer-hans.de\\\/ferienwohnung-in-kaernten\\\/die-wohnungen\\\/#breadcrumb\"},\"inLanguage\":\"de\",\"potentialAction\":[{\"@type\":\"ReadAction\",\"target\":[\"https:\\\/\\\/www.bauer-hans.de\\\/ferienwohnung-in-kaernten\\\/die-wohnungen\\\/\"]}]},{\"@type\":\"ImageObject\",\"inLanguage\":\"de\",\"@id\":\"https:\\\/\\\/www.bauer-hans.de\\\/ferienwohnung-in-kaernten\\\/die-wohnungen\\\/#primaryimage\",\"url\":\"http:\\\/\\\/www.ferienwohnung-in-kaernten.de\\\/wp-content\\\/uploads\\\/sites\\\/6\\\/2018\\\/10\\\/Luft1.jpg\",\"contentUrl\":\"http:\\\/\\\/www.ferienwohnung-in-kaernten.de\\\/wp-content\\\/uploads\\\/sites\\\/6\\\/2018\\\/10\\\/Luft1.jpg\"},{\"@type\":\"BreadcrumbList\",\"@id\":\"https:\\\/\\\/www.bauer-hans.de\\\/ferienwohnung-in-kaernten\\\/die-wohnungen\\\/#breadcrumb\",\"itemListElement\":[{\"@type\":\"ListItem\",\"position\":1,\"name\":\"Startseite\",\"item\":\"https:\\\/\\\/www.bauer-hans.de\\\/ferienwohnung-in-kaernten\\\/\"},{\"@type\":\"ListItem\",\"position\":2,\"name\":\"die Wohnungen\"}]},{\"@type\":\"WebSite\",\"@id\":\"https:\\\/\\\/www.bauer-hans.de\\\/ferienwohnung-in-kaernten\\\/#website\",\"url\":\"https:\\\/\\\/www.bauer-hans.de\\\/ferienwohnung-in-kaernten\\\/\",\"name\":\"Ferienwohnung in K\u00e4rnten direkt am See eigener Garten \u2026 Wellness \u2026 beheizter Pool\",\"description\":\"Urlaubsvergn\u00fcgen pur -  tolle Fewos in  K\u00e4rnten N\u00e4he W\u00f6rthersee \\\/ Faaker See\",\"publisher\":{\"@id\":\"https:\\\/\\\/www.bauer-hans.de\\\/ferienwohnung-in-kaernten\\\/#organization\"},\"potentialAction\":[{\"@type\":\"SearchAction\",\"target\":{\"@type\":\"EntryPoint\",\"urlTemplate\":\"https:\\\/\\\/www.bauer-hans.de\\\/ferienwohnung-in-kaernten\\\/?s={search_term_string}\"},\"query-input\":{\"@type\":\"PropertyValueSpecification\",\"valueRequired\":true,\"valueName\":\"search_term_string\"}}],\"inLanguage\":\"de\"},{\"@type\":\"Organization\",\"@id\":\"https:\\\/\\\/www.bauer-hans.de\\\/ferienwohnung-in-kaernten\\\/#organization\",\"name\":\"Ferienwohnung in K\u00e4rnten direkt am See eigener Garten \u2026 Wellness \u2026 beheizter Pool\",\"url\":\"https:\\\/\\\/www.bauer-hans.de\\\/ferienwohnung-in-kaernten\\\/\",\"logo\":{\"@type\":\"ImageObject\",\"inLanguage\":\"de\",\"@id\":\"https:\\\/\\\/www.bauer-hans.de\\\/ferienwohnung-in-kaernten\\\/#\\\/schema\\\/logo\\\/image\\\/\",\"url\":\"https:\\\/\\\/www.bauer-hans.de\\\/ferienwohnung-in-kaernten\\\/wp-content\\\/uploads\\\/sites\\\/6\\\/2018\\\/05\\\/cropped-logo-4s.jpg\",\"contentUrl\":\"https:\\\/\\\/www.bauer-hans.de\\\/ferienwohnung-in-kaernten\\\/wp-content\\\/uploads\\\/sites\\\/6\\\/2018\\\/05\\\/cropped-logo-4s.jpg\",\"width\":250,\"height\":250,\"caption\":\"Ferienwohnung in K\u00e4rnten direkt am See eigener Garten \u2026 Wellness \u2026 beheizter Pool\"},\"image\":{\"@id\":\"https:\\\/\\\/www.bauer-hans.de\\\/ferienwohnung-in-kaernten\\\/#\\\/schema\\\/logo\\\/image\\\/\"}}]}<\/script>\n<!-- \/ Yoast SEO plugin. -->","yoast_head_json":{"title":"Ferienwohnungen in K\u00e4rnten am See mit Pool und eigenem Garten","description":"Infos zu den einzelnen Wohnung im Haus Waldblick","robots":{"index":"index","follow":"follow","max-snippet":"max-snippet:-1","max-image-preview":"max-image-preview:large","max-video-preview":"max-video-preview:-1"},"canonical":"https:\/\/www.bauer-hans.de\/ferienwohnung-in-kaernten\/die-wohnungen\/","twitter_misc":{"Gesch\u00e4tzte Lesezeit":"2\u00a0Minuten"},"schema":{"@context":"https:\/\/schema.org","@graph":[{"@type":"WebPage","@id":"https:\/\/www.bauer-hans.de\/ferienwohnung-in-kaernten\/die-wohnungen\/","url":"https:\/\/www.bauer-hans.de\/ferienwohnung-in-kaernten\/die-wohnungen\/","name":"Ferienwohnungen in K\u00e4rnten am See mit Pool und eigenem Garten","isPartOf":{"@id":"https:\/\/www.bauer-hans.de\/ferienwohnung-in-kaernten\/#website"},"primaryImageOfPage":{"@id":"https:\/\/www.bauer-hans.de\/ferienwohnung-in-kaernten\/die-wohnungen\/#primaryimage"},"image":{"@id":"https:\/\/www.bauer-hans.de\/ferienwohnung-in-kaernten\/die-wohnungen\/#primaryimage"},"thumbnailUrl":"http:\/\/www.ferienwohnung-in-kaernten.de\/wp-content\/uploads\/sites\/6\/2018\/10\/Luft1.jpg","datePublished":"2010-09-27T15:47:56+00:00","dateModified":"2018-10-07T19:10:33+00:00","description":"Infos zu den einzelnen Wohnung im Haus Waldblick","breadcrumb":{"@id":"https:\/\/www.bauer-hans.de\/ferienwohnung-in-kaernten\/die-wohnungen\/#breadcrumb"},"inLanguage":"de","potentialAction":[{"@type":"ReadAction","target":["https:\/\/www.bauer-hans.de\/ferienwohnung-in-kaernten\/die-wohnungen\/"]}]},{"@type":"ImageObject","inLanguage":"de","@id":"https:\/\/www.bauer-hans.de\/ferienwohnung-in-kaernten\/die-wohnungen\/#primaryimage","url":"http:\/\/www.ferienwohnung-in-kaernten.de\/wp-content\/uploads\/sites\/6\/2018\/10\/Luft1.jpg","contentUrl":"http:\/\/www.ferienwohnung-in-kaernten.de\/wp-content\/uploads\/sites\/6\/2018\/10\/Luft1.jpg"},{"@type":"BreadcrumbList","@id":"https:\/\/www.bauer-hans.de\/ferienwohnung-in-kaernten\/die-wohnungen\/#breadcrumb","itemListElement":[{"@type":"ListItem","position":1,"name":"Startseite","item":"https:\/\/www.bauer-hans.de\/ferienwohnung-in-kaernten\/"},{"@type":"ListItem","position":2,"name":"die Wohnungen"}]},{"@type":"WebSite","@id":"https:\/\/www.bauer-hans.de\/ferienwohnung-in-kaernten\/#website","url":"https:\/\/www.bauer-hans.de\/ferienwohnung-in-kaernten\/","name":"Ferienwohnung in K\u00e4rnten direkt am See eigener Garten \u2026 Wellness \u2026 beheizter Pool","description":"Urlaubsvergn\u00fcgen pur -  tolle Fewos in  K\u00e4rnten N\u00e4he W\u00f6rthersee \/ Faaker See","publisher":{"@id":"https:\/\/www.bauer-hans.de\/ferienwohnung-in-kaernten\/#organization"},"potentialAction":[{"@type":"SearchAction","target":{"@type":"EntryPoint","urlTemplate":"https:\/\/www.bauer-hans.de\/ferienwohnung-in-kaernten\/?s={search_term_string}"},"query-input":{"@type":"PropertyValueSpecification","valueRequired":true,"valueName":"search_term_string"}}],"inLanguage":"de"},{"@type":"Organization","@id":"https:\/\/www.bauer-hans.de\/ferienwohnung-in-kaernten\/#organization","name":"Ferienwohnung in K\u00e4rnten direkt am See eigener Garten \u2026 Wellness \u2026 beheizter Pool","url":"https:\/\/www.bauer-hans.de\/ferienwohnung-in-kaernten\/","logo":{"@type":"ImageObject","inLanguage":"de","@id":"https:\/\/www.bauer-hans.de\/ferienwohnung-in-kaernten\/#\/schema\/logo\/image\/","url":"https:\/\/www.bauer-hans.de\/ferienwohnung-in-kaernten\/wp-content\/uploads\/sites\/6\/2018\/05\/cropped-logo-4s.jpg","contentUrl":"https:\/\/www.bauer-hans.de\/ferienwohnung-in-kaernten\/wp-content\/uploads\/sites\/6\/2018\/05\/cropped-logo-4s.jpg","width":250,"height":250,"caption":"Ferienwohnung in K\u00e4rnten direkt am See eigener Garten \u2026 Wellness \u2026 beheizter Pool"},"image":{"@id":"https:\/\/www.bauer-hans.de\/ferienwohnung-in-kaernten\/#\/schema\/logo\/image\/"}}]}},"_links":{"self":[{"href":"https:\/\/www.bauer-hans.de\/ferienwohnung-in-kaernten\/wp-json\/wp\/v2\/pages\/23","targetHints":{"allow":["GET"]}}],"collection":[{"href":"https:\/\/www.bauer-hans.de\/ferienwohnung-in-kaernten\/wp-json\/wp\/v2\/pages"}],"about":[{"href":"https:\/\/www.bauer-hans.de\/ferienwohnung-in-kaernten\/wp-json\/wp\/v2\/types\/page"}],"author":[{"embeddable":true,"href":"https:\/\/www.bauer-hans.de\/ferienwohnung-in-kaernten\/wp-json\/wp\/v2\/users\/2"}],"replies":[{"embeddable":true,"href":"https:\/\/www.bauer-hans.de\/ferienwohnung-in-kaernten\/wp-json\/wp\/v2\/comments?post=23"}],"version-history":[{"count":18,"href":"https:\/\/www.bauer-hans.de\/ferienwohnung-in-kaernten\/wp-json\/wp\/v2\/pages\/23\/revisions"}],"predecessor-version":[{"id":2328,"href":"https:\/\/www.bauer-hans.de\/ferienwohnung-in-kaernten\/wp-json\/wp\/v2\/pages\/23\/revisions\/2328"}],"wp:attachment":[{"href":"https:\/\/www.bauer-hans.de\/ferienwohnung-in-kaernten\/wp-json\/wp\/v2\/media?parent=23"}],"curies":[{"name":"wp","href":"https:\/\/api.w.org\/{rel}","templated":true}]}}