{"id":33,"date":"2010-09-27T15:51:55","date_gmt":"2010-09-27T15:51:55","guid":{"rendered":"http:\/\/www.ferienwohnung-in-kaernten.de\/"},"modified":"2019-08-10T17:23:48","modified_gmt":"2019-08-10T15:23:48","slug":"uber-30-km-entfernt","status":"publish","type":"page","link":"https:\/\/www.bauer-hans.de\/ferienwohnung-in-kaernten\/uber-30-km-entfernt\/","title":{"rendered":"\u00fcber 30 km entfernt"},"content":{"rendered":"<p><a href=\"http:\/\/www.sommerrodeln.at\/bahn.html\" target=\"_blank\" rel=\"noopener noreferrer\">Sommerrodelbahn<\/a>, Moosburg (ca. 35 km)<\/p>\n<p><a href=\"http:\/\/www.ferienwohnung-in-kaernten.de\/wp-content\/uploads\/sites\/6\/2015\/07\/Rodelbahn.jpg\"><img loading=\"lazy\" decoding=\"async\" class=\"alignleft wp-image-1953 size-large\" src=\"http:\/\/www.ferienwohnung-in-kaernten.de\/wp-content\/uploads\/sites\/6\/2015\/07\/Rodelbahn-1024x768.jpg\" alt=\"Rodelbahn\" width=\"640\" height=\"480\" srcset=\"https:\/\/www.bauer-hans.de\/ferienwohnung-in-kaernten\/wp-content\/uploads\/sites\/6\/2015\/07\/Rodelbahn.jpg 1024w, https:\/\/www.bauer-hans.de\/ferienwohnung-in-kaernten\/wp-content\/uploads\/sites\/6\/2015\/07\/Rodelbahn-300x225.jpg 300w, https:\/\/www.bauer-hans.de\/ferienwohnung-in-kaernten\/wp-content\/uploads\/sites\/6\/2015\/07\/Rodelbahn-250x188.jpg 250w\" sizes=\"auto, (max-width: 640px) 100vw, 640px\" \/><\/a>Ein riesen Spa\u00df f\u00fcr die gesamte Familie. Mit lediglich 10 % Gef\u00e4lle ist die Sommerrodelbahn in Moosburg eine der flachsten \u00d6sterreichs. Trotzdem lassen sich beachtliche Geschwindigkeiten erzielen. So kann man in den Steilkurven das prickelnde Gef\u00fchl\u00a0einer echten Bob-Bahn erleben. Woran das liegt? &#8212; Die Moosburger Schlitten fahren auf vier R\u00e4dern.<\/p>\n<hr \/>\n<figure id=\"attachment_2394\" aria-describedby=\"caption-attachment-2394\" style=\"width: 1600px\" class=\"wp-caption alignleft\"><a href=\"http:\/\/www.ferienwohnung-in-kaernten.de\/wp-content\/uploads\/sites\/6\/2019\/08\/IMG_2680-1.jpg\"><img loading=\"lazy\" decoding=\"async\" class=\"size-full wp-image-2394\" src=\"http:\/\/www.ferienwohnung-in-kaernten.de\/wp-content\/uploads\/sites\/6\/2019\/08\/IMG_2680-1.jpg\" alt=\"\" width=\"1600\" height=\"1200\" srcset=\"https:\/\/www.bauer-hans.de\/ferienwohnung-in-kaernten\/wp-content\/uploads\/sites\/6\/2019\/08\/IMG_2680-1.jpg 1600w, https:\/\/www.bauer-hans.de\/ferienwohnung-in-kaernten\/wp-content\/uploads\/sites\/6\/2019\/08\/IMG_2680-1-300x225.jpg 300w, https:\/\/www.bauer-hans.de\/ferienwohnung-in-kaernten\/wp-content\/uploads\/sites\/6\/2019\/08\/IMG_2680-1-768x576.jpg 768w, https:\/\/www.bauer-hans.de\/ferienwohnung-in-kaernten\/wp-content\/uploads\/sites\/6\/2019\/08\/IMG_2680-1-1024x768.jpg 1024w, https:\/\/www.bauer-hans.de\/ferienwohnung-in-kaernten\/wp-content\/uploads\/sites\/6\/2019\/08\/IMG_2680-1-250x188.jpg 250w\" sizes=\"auto, (max-width: 767px) 89vw, (max-width: 1000px) 54vw, (max-width: 1071px) 543px, 580px\" \/><\/a><figcaption id=\"caption-attachment-2394\" class=\"wp-caption-text\">Klopeiner See<\/figcaption><\/figure>\n<p><a href=\"https:\/\/www.klopeinersee.at\/\" target=\"_blank\" rel=\"noopener noreferrer\">Klopeiner See<\/a>, ca. 45 km, s\u00fcdwestlich von V\u00f6lkermark gelegen, gilt als der w\u00e4rmste See Europas. L\u00e4\u00dft sich sch\u00f6n umwandern, mehrere sch\u00f6ne Badestr\u00e4nde.<\/p>\n<hr \/>\n<figure id=\"attachment_2393\" aria-describedby=\"caption-attachment-2393\" style=\"width: 1600px\" class=\"wp-caption alignleft\"><a href=\"http:\/\/www.ferienwohnung-in-kaernten.de\/wp-content\/uploads\/sites\/6\/2019\/08\/IMG_2766.jpg\"><img loading=\"lazy\" decoding=\"async\" class=\"size-full wp-image-2393\" src=\"http:\/\/www.ferienwohnung-in-kaernten.de\/wp-content\/uploads\/sites\/6\/2019\/08\/IMG_2766.jpg\" alt=\"\" width=\"1600\" height=\"1200\" srcset=\"https:\/\/www.bauer-hans.de\/ferienwohnung-in-kaernten\/wp-content\/uploads\/sites\/6\/2019\/08\/IMG_2766.jpg 1600w, https:\/\/www.bauer-hans.de\/ferienwohnung-in-kaernten\/wp-content\/uploads\/sites\/6\/2019\/08\/IMG_2766-300x225.jpg 300w, https:\/\/www.bauer-hans.de\/ferienwohnung-in-kaernten\/wp-content\/uploads\/sites\/6\/2019\/08\/IMG_2766-768x576.jpg 768w, https:\/\/www.bauer-hans.de\/ferienwohnung-in-kaernten\/wp-content\/uploads\/sites\/6\/2019\/08\/IMG_2766-1024x768.jpg 1024w, https:\/\/www.bauer-hans.de\/ferienwohnung-in-kaernten\/wp-content\/uploads\/sites\/6\/2019\/08\/IMG_2766-250x188.jpg 250w\" sizes=\"auto, (max-width: 767px) 89vw, (max-width: 1000px) 54vw, (max-width: 1071px) 543px, 580px\" \/><\/a><figcaption id=\"caption-attachment-2393\" class=\"wp-caption-text\">Pressegger See<\/figcaption><\/figure>\n<p>Der Pressegger See bei Hermagor, ca. 70 km | Ein herrlicher kleiner See der mit seinen umgebenden Fl\u00e4chen bereits in 1970 zum Landschaftsschutzgebiet erkl\u00e4rt wurde. Eine Umwanderung gr\u00f6\u00dftenteils im Schatten sehr leichtg\u00e4ngig.<\/p>\n<p>Nicht nur bei Kindern sehr beliebt,\u00a0 der <a href=\"http:\/\/www.erlebnispark.cc\/\" target=\"_blank\" rel=\"noopener noreferrer\">1. K\u00e4rntner Erlebispark<\/a>,\u00a0 eine 3 ha gro\u00dfe Liegewiese direkt am See bietet gen\u00fcgend Platz f\u00fcr alle Sonnenhungrigen<\/p>\n<hr \/>\n<p><a href=\"http:\/\/www.drautalperle.at\/\" target=\"_blank\" rel=\"noopener noreferrer\">Sport- und Erlebniswelt<\/a>, Spital an der Drau (ca. 70 km)<\/p>\n<p><a href=\"http:\/\/www.ferienwohnung-in-kaernten.de\/wp-content\/uploads\/sites\/6\/2010\/09\/Drautalperle1.jpg\"><img loading=\"lazy\" decoding=\"async\" class=\"alignleft wp-image-1708 size-large\" src=\"http:\/\/www.ferienwohnung-in-kaernten.de\/wp-content\/uploads\/sites\/6\/2010\/09\/Drautalperle1-1024x681.jpg\" alt=\"Drautalperle1\" width=\"640\" height=\"426\" srcset=\"https:\/\/www.bauer-hans.de\/ferienwohnung-in-kaernten\/wp-content\/uploads\/sites\/6\/2010\/09\/Drautalperle1-1024x681.jpg 1024w, https:\/\/www.bauer-hans.de\/ferienwohnung-in-kaernten\/wp-content\/uploads\/sites\/6\/2010\/09\/Drautalperle1-300x199.jpg 300w, https:\/\/www.bauer-hans.de\/ferienwohnung-in-kaernten\/wp-content\/uploads\/sites\/6\/2010\/09\/Drautalperle1.jpg 1200w\" sizes=\"auto, (max-width: 640px) 100vw, 640px\" \/><\/a><\/p>\n<ul>\n<li>Badevergn\u00fcgen auf 5.600 m\u00b2<\/li>\n<li>Wassertemperatur 29\u00b0 &#8211; 33\u00b0<\/li>\n<li>Sehenswerte Architektur<\/li>\n<li>Modernes Ambiente<\/li>\n<li>Sportbecken mit 6 Bahnen\/25 Meter<\/li>\n<li>Schwimmkanal mit 3 Bahnen\/25 Meter<\/li>\n<li>Kinder- und Kleinkinderbadebereich<\/li>\n<li>60 m langen Black-Hole-Wasserrutsche mit Zeitnehmung<\/li>\n<li>Entspannung im Wellnessbereich<\/li>\n<li>Gem\u00fctlicher Gastronomiebereich<\/li>\n<\/ul>\n<hr \/>\n<p>Nach ca. 45 Autominuten\u00a0findet man einen der sch\u00f6nsten Seen Sloweniens, den <a href=\"http:\/\/www.bled.si\/DE\/\" target=\"_blank\" rel=\"noopener noreferrer\">Bleder See\u00a0<\/a>bei<a href=\"http:\/\/www.ferienhaus-in-kaernten.de\/?attachment_id=83\"><img loading=\"lazy\" decoding=\"async\" class=\"alignleft wp-image-83 size-full\" title=\"Kirch auf der Insel im Bleder See SLO\" src=\"http:\/\/www.ferienwohnung-in-kaernten.de\/wp-content\/uploads\/sites\/6\/2010\/09\/ki_bled.jpg\" alt=\"aufgenommen w\u00e4hrend unseres K\u00e4rnten-Urlaubs in 2009\" width=\"500\" height=\"375\" srcset=\"https:\/\/www.bauer-hans.de\/ferienwohnung-in-kaernten\/wp-content\/uploads\/sites\/6\/2010\/09\/ki_bled.jpg 500w, https:\/\/www.bauer-hans.de\/ferienwohnung-in-kaernten\/wp-content\/uploads\/sites\/6\/2010\/09\/ki_bled-300x225.jpg 300w\" sizes=\"auto, (max-width: 500px) 100vw, 500px\" \/><\/a>m gleichnamigen Ort Bled. Das Panorama f\u00fcr Gemeinde und See bilden die Karawankengipfel und die Julischen Alpen. In der Seemitte liegt die Insel mit der Marienkirche und der bekannten Wunschglocke von 1543. Ein sch\u00f6ner Fu\u00dfweg f\u00fchrt um den See, ca. 6 km lang. Vielleicht dann noch ein Abstecher auf die Burg \u00fcber den See, von wo aus Sie den See und die umliegende Landschaft in vollen Z\u00fcgen genie\u00dfen k\u00f6nnen.<\/p>\n<hr \/>\n<figure id=\"attachment_2311\" aria-describedby=\"caption-attachment-2311\" style=\"width: 1200px\" class=\"wp-caption alignnone\"><a href=\"http:\/\/www.ferienwohnung-in-kaernten.de\/wp-content\/uploads\/sites\/6\/2018\/09\/triglav-see.jpg\"><img loading=\"lazy\" decoding=\"async\" class=\"wp-image-2311 size-full\" src=\"http:\/\/www.ferienwohnung-in-kaernten.de\/wp-content\/uploads\/sites\/6\/2018\/09\/triglav-see.jpg\" alt=\"\" width=\"1200\" height=\"675\" srcset=\"https:\/\/www.bauer-hans.de\/ferienwohnung-in-kaernten\/wp-content\/uploads\/sites\/6\/2018\/09\/triglav-see.jpg 1200w, https:\/\/www.bauer-hans.de\/ferienwohnung-in-kaernten\/wp-content\/uploads\/sites\/6\/2018\/09\/triglav-see-300x169.jpg 300w, https:\/\/www.bauer-hans.de\/ferienwohnung-in-kaernten\/wp-content\/uploads\/sites\/6\/2018\/09\/triglav-see-768x432.jpg 768w, https:\/\/www.bauer-hans.de\/ferienwohnung-in-kaernten\/wp-content\/uploads\/sites\/6\/2018\/09\/triglav-see-1024x576.jpg 1024w, https:\/\/www.bauer-hans.de\/ferienwohnung-in-kaernten\/wp-content\/uploads\/sites\/6\/2018\/09\/triglav-see-250x141.jpg 250w\" sizes=\"auto, (max-width: 767px) 89vw, (max-width: 1000px) 54vw, (max-width: 1071px) 543px, 580px\" \/><\/a><figcaption id=\"caption-attachment-2311\" class=\"wp-caption-text\">Bohinj See<\/figcaption><\/figure>\n<p>Der <a href=\"https:\/\/www.slovenia.info\/de\/geschichten\/mit-achtung-in-den-nationalpark-triglav\" target=\"_blank\" rel=\"noopener noreferrer\">Triglav Nationalpark<\/a> ist benannt nach dem mit 2864 m h\u00f6chsten Berg Sloweniens, dem\u00a0Triglav, der fast im Zentrum des Parks liegt. Im Nationalpark liegen zahlreiche Gletscherseen, an Gesteinsarten dominiert Kalkstein. Besonders hervorzuheben sind &#8211;\u00a0neben dem hochalpinen Gebiet\u00a0&#8211; die T\u00e4ler von\u00a0So\u010da\u00a0und Sava Bohinjka mit dem\u00a0Wocheiner See\u00a0(Bohinjsko jezero), dem gr\u00f6\u00dften dauerhaften See Sloweniens, welche sich eine sehr urspr\u00fcngliche Landschaft und Architektur bewahren konnten, sowie die waldreichen Hochebenen\u00a0Pokljuka\u00a0und Me\u017eakla.<\/p>\n<hr \/>\n<h3><a href=\"http:\/\/www.ferienwohnung-in-kaernten.de\/wp-content\/uploads\/sites\/6\/2010\/09\/fotox.jpg\"><img loading=\"lazy\" decoding=\"async\" class=\"alignleft wp-image-1273 size-full\" src=\"http:\/\/www.ferienwohnung-in-kaernten.de\/wp-content\/uploads\/sites\/6\/2010\/09\/fotox.jpg\" alt=\"Alpenwildpark\" width=\"500\" height=\"750\" srcset=\"https:\/\/www.bauer-hans.de\/ferienwohnung-in-kaernten\/wp-content\/uploads\/sites\/6\/2010\/09\/fotox.jpg 500w, https:\/\/www.bauer-hans.de\/ferienwohnung-in-kaernten\/wp-content\/uploads\/sites\/6\/2010\/09\/fotox-200x300.jpg 200w, https:\/\/www.bauer-hans.de\/ferienwohnung-in-kaernten\/wp-content\/uploads\/sites\/6\/2010\/09\/fotox-300x450.jpg 300w\" sizes=\"auto, (max-width: 500px) 100vw, 500px\" \/><\/a><a title=\"Alpenwildpark\" href=\"http:\/\/www.alpen-wildpark.com\/#\" target=\"_blank\" rel=\"noopener noreferrer\">Alpenwildpark Feld am See<\/a>\u00a0(ca. 50 km)<\/h3>\n<p>Erleben Sie Wildtiere im 11 Hektar gro\u00dfen Tierpark aus unmittelbarer N\u00e4he &#8211; mit gro\u00dfem Kinderspielplatz und Buschenschank. Streichelzoo &#8211; Kuscheln ausdr\u00fccklich erw\u00fcnscht!<br \/>\nAu\u00dferdem haben Sie hier noch:<br \/>\nFischmuseum &#8211; 200 m\u00b2 Ausstellungsfl\u00e4che mit Riesenexemplaren heimischer See- und Flussfischpr\u00e4parate.<br \/>\nGrizzly-Welt &#8211;\u00a0Museum mit 200 Pr\u00e4paraten von in nordamerikanischer Wildnis lebenden Tieren auf 400 m\u00b2 Ausstellungsfl\u00e4che.<br \/>\nErlebnis Afrika &#8211; Museum mit 50 Pr\u00e4paraten von afrikanischen Wildtieren auf 500 m\u00b2 Ausstellungsfl\u00e4che<\/p>\n<hr \/>\n<p><span style=\"font-family: Arial, Helvetica, sans-serif; font-size: small;\"><a href=\"http:\/\/www.ferienwohnung-in-kaernten.de\/uber-30-km-entfernt\/lubljana\/\" rel=\"attachment wp-att-465\"><img loading=\"lazy\" decoding=\"async\" class=\"alignleft wp-image-465 size-full\" title=\"lubljana\" src=\"http:\/\/www.ferienwohnung-in-kaernten.de\/wp-content\/uploads\/sites\/6\/2010\/09\/lubljana.jpg\" width=\"500\" height=\"375\" srcset=\"https:\/\/www.bauer-hans.de\/ferienwohnung-in-kaernten\/wp-content\/uploads\/sites\/6\/2010\/09\/lubljana.jpg 500w, https:\/\/www.bauer-hans.de\/ferienwohnung-in-kaernten\/wp-content\/uploads\/sites\/6\/2010\/09\/lubljana-300x225.jpg 300w\" sizes=\"auto, (max-width: 500px) 100vw, 500px\" \/><\/a><\/span>Etwa eine Autostunde vom Bodental entfernt pr\u00e4sentiert sich die Hauptstadt der jungen Republik Slowenien, <a href=\"http:\/\/www.visitljubljana.si\/de\/\" target=\"_blank\" rel=\"noopener noreferrer\">Lubliana<\/a>.\u00a0Die Wurzeln der Stadt gehen zur\u00fcck bis in die R\u00f6merzeit. Der mittelalterliche Stadtkern mit seinen Barockkirchen wird \u00fcberragt von der mehr als 1000 j\u00e4hrigen Burg, die liebevoll restauriert wird. Im Gegensatz zum geschichtlichen pulsiert im modernen Teil von Ljubljana, das gepr\u00e4gt wird durch die Universit\u00e4t, das Leben. Ljubljana ist zu jeder Jahreszeit ein idealer Ort zum Bummeln und Verweilen.<\/p>\n<hr \/>\n<p><a href=\"http:\/\/www.ferienwohnung-in-kaernten.de\/wp-content\/uploads\/sites\/6\/2010\/09\/walderlebniswelt.jpg\"><img loading=\"lazy\" decoding=\"async\" class=\"alignleft wp-image-1263 size-full\" src=\"http:\/\/www.ferienwohnung-in-kaernten.de\/wp-content\/uploads\/sites\/6\/2010\/09\/walderlebniswelt.jpg\" alt=\"Walderlebniswelt Klopeiner See\" width=\"500\" height=\"667\" srcset=\"https:\/\/www.bauer-hans.de\/ferienwohnung-in-kaernten\/wp-content\/uploads\/sites\/6\/2010\/09\/walderlebniswelt.jpg 500w, https:\/\/www.bauer-hans.de\/ferienwohnung-in-kaernten\/wp-content\/uploads\/sites\/6\/2010\/09\/walderlebniswelt-224x300.jpg 224w, https:\/\/www.bauer-hans.de\/ferienwohnung-in-kaernten\/wp-content\/uploads\/sites\/6\/2010\/09\/walderlebniswelt-300x400.jpg 300w, https:\/\/www.bauer-hans.de\/ferienwohnung-in-kaernten\/wp-content\/uploads\/sites\/6\/2010\/09\/walderlebniswelt-187x250.jpg 187w\" sizes=\"auto, (max-width: 500px) 100vw, 500px\" \/><\/a>Die <a href=\"http:\/\/www.walderlebniswelt.at\/\" target=\"_blank\" rel=\"noopener noreferrer\">Walderlebniswelt Klopeiner See <\/a>bietet auf rund 20.000 m\u00b2 ein alternatives,<br \/>\nnaturnahes Freizeitangebot an. Hier erwartet Sie ein Baumwipfelpfad, ein interaktiver Naturerlebnislehr- und Lernpfad, ein begehbarer Fuchsbau, ein Kletterwald sowie ein Hecken- und Baumlabyrinth. Dazu kommen Rutschen, Schaukeln, ein Streichelzoo und ein Kleinkinderbereich. Lernen mit, in und \u00fcber die Natur soll auch f\u00fcr Sie ein besonderes Erlebnis werden. Der Fuchs wird als Maskottchen durch die Walderlebniswelt f\u00fchren.<br \/>\nEr wird den gro\u00dfen und kleinen Besuchern die Attraktionen erkl\u00e4ren und sie einladen,<br \/>\nsich aktiv und kreativ mit dem \u201eErlebnis Wald\u201c zu besch\u00e4ftigen.<\/p>\n<hr \/>\n<p><a href=\"http:\/\/www.ferienwohnung-in-kaernten.de\/wp-content\/uploads\/sites\/6\/2010\/09\/Planica.jpg\"><img loading=\"lazy\" decoding=\"async\" class=\"alignleft wp-image-1698 size-large\" src=\"http:\/\/www.ferienwohnung-in-kaernten.de\/wp-content\/uploads\/sites\/6\/2010\/09\/Planica-1024x768.jpg\" alt=\"Tamar H\u00fctte\" width=\"640\" height=\"480\" srcset=\"https:\/\/www.bauer-hans.de\/ferienwohnung-in-kaernten\/wp-content\/uploads\/sites\/6\/2010\/09\/Planica-1024x768.jpg 1024w, https:\/\/www.bauer-hans.de\/ferienwohnung-in-kaernten\/wp-content\/uploads\/sites\/6\/2010\/09\/Planica-300x225.jpg 300w, https:\/\/www.bauer-hans.de\/ferienwohnung-in-kaernten\/wp-content\/uploads\/sites\/6\/2010\/09\/Planica.jpg 1200w\" sizes=\"auto, (max-width: 640px) 100vw, 640px\" \/><\/a>Ebenfalls eine Reise Wert: Planica in Slowenien. \u00dcber den Wurzenpass bis dorthin etwa eine Autostunde. Vom Parkplatz an der Skisprungschanze ist es dann etwa eine Stunde Fu\u00dfmarsch bis zur Tamar H\u00fctte auf 1108 m.<\/p>\n<p>Ein wirklich lohnenswerter Ausflug. Im Winter die Loipe und im Sommer ein herrlicher Fu\u00dfmarsch.<\/p>\n<hr \/>\n<p><a href=\"http:\/\/www.ferienwohnung-in-kaernten.de\/wp-content\/uploads\/sites\/6\/2010\/09\/obir_hoehlen.jpg\"><img loading=\"lazy\" decoding=\"async\" class=\"alignleft wp-image-1075 size-full\" src=\"http:\/\/www.ferienwohnung-in-kaernten.de\/wp-content\/uploads\/sites\/6\/2010\/09\/obir_hoehlen.jpg\" alt=\"Obir Tropfsteinh\u00f6hlen\" width=\"500\" height=\"162\" srcset=\"https:\/\/www.bauer-hans.de\/ferienwohnung-in-kaernten\/wp-content\/uploads\/sites\/6\/2010\/09\/obir_hoehlen.jpg 500w, https:\/\/www.bauer-hans.de\/ferienwohnung-in-kaernten\/wp-content\/uploads\/sites\/6\/2010\/09\/obir_hoehlen-300x97.jpg 300w\" sizes=\"auto, (max-width: 500px) 100vw, 500px\" \/><\/a>Obir Tropfsteinh\u00f6hlen in Bad Eisenkappel (ca. 50 km)<\/p>\n<p>Die H\u00f6hlen wurden 1870 von Bergleuten auf der Suche nach Blei und Zink entdeckt.<br \/>\nAuf den von der Natur geschaffenen G\u00e4ngen konnten sie schneller und tiefer in den Berg dringen. Heute offenbart sich dem Besucher eine unterirdische Welt, in der sorgf\u00e4ltig gesetztes Licht die absolute Dunkelheit erhellt. Ehrf\u00fcrchtig steht man vor dem, was Bergleute einst erblickt haben. Ihr Alltag wird auf dem Weg durch die H\u00f6hlen angreifbar und erlebbar.<\/p>\n<hr \/>\n<h3><a href=\"http:\/\/www.grado.it\/new\/grado.php?id_sezione=1&amp;lingua=de&amp;lingua=de\" target=\"_blank\" rel=\"noopener noreferrer\">Laguneninsel Grado \/ Italien (ca. 200 km)<\/a><\/h3>\n<p><span style=\"font-family: Arial, Helvetica, sans-serif; font-size: small;\"><img loading=\"lazy\" decoding=\"async\" class=\"alignleft wp-image-468 size-full\" title=\"Grado\" src=\"http:\/\/www.ferienwohnung-in-kaernten.de\/wp-content\/uploads\/sites\/6\/2010\/09\/grado.jpg\" width=\"500\" height=\"335\" srcset=\"https:\/\/www.bauer-hans.de\/ferienwohnung-in-kaernten\/wp-content\/uploads\/sites\/6\/2010\/09\/grado.jpg 500w, https:\/\/www.bauer-hans.de\/ferienwohnung-in-kaernten\/wp-content\/uploads\/sites\/6\/2010\/09\/grado-300x201.jpg 300w\" sizes=\"auto, (max-width: 500px) 100vw, 500px\" \/><\/span>Grado und die Lagune bilden eine landschaftliche, k\u00fcnstlerische, historische und anthropologische Einheit, die in der Region Friaul Julisches Venetien und sogar innerhalb der Provinz G\u00f6rz originell und einzigartig sind. Die Geschichte greift in eine komplexe und ferne Vergangenheit und verschmelzt sich mit der Geschichte von Aquileia vor den ersten barbarischen \u00dcberf\u00e4llen; dann lebt Grado weiter am Rande der Geschichte der Republik Venedig &#8222;Serenissima&#8220; und nach deren Niedergang kam die kleine Seestadt unter die F\u00fcstenschaft G\u00f6rz und Gradisca. Nach dem Niedergang des \u00d6sterreicheischen Kaisertums spielte dann Grado noch weiter eine Rolle in der Geschichte Italiens.<\/p>\n<hr \/>\n<h3><a href=\"http:\/\/www.ferienwohnung-in-kaernten.de\/wp-content\/uploads\/sites\/6\/2010\/09\/Venedig.jpg\"><img loading=\"lazy\" decoding=\"async\" class=\"alignleft wp-image-1702 size-large\" src=\"http:\/\/www.ferienwohnung-in-kaernten.de\/wp-content\/uploads\/sites\/6\/2010\/09\/Venedig-1024x576.jpg\" alt=\"Venedig\" width=\"640\" height=\"360\" srcset=\"https:\/\/www.bauer-hans.de\/ferienwohnung-in-kaernten\/wp-content\/uploads\/sites\/6\/2010\/09\/Venedig-1024x576.jpg 1024w, https:\/\/www.bauer-hans.de\/ferienwohnung-in-kaernten\/wp-content\/uploads\/sites\/6\/2010\/09\/Venedig-300x168.jpg 300w, https:\/\/www.bauer-hans.de\/ferienwohnung-in-kaernten\/wp-content\/uploads\/sites\/6\/2010\/09\/Venedig.jpg 1200w\" sizes=\"auto, (max-width: 640px) 100vw, 640px\" \/><\/a>Vendig \/ Italien (ca. 280 km)<\/h3>\n<p>Planen Sie doch mal einen Tag in Venedig ein. Mit dem Auto dorthin haben Sie etwa 3 Stunden zu fahren.<\/p>\n<p>Venedig ist eine auf der Welt einzigartige Stadt, die jeder einmal besuchen sollte. Jedes Mal, wenn Sie nach Venedig zur\u00fcckkehren, wird es diesem Ort aufs Neue gelingen, Sie mit den Emotionen und der Atmosph\u00e4re, die er hervorruft, ins Staunen zu versetzen. Die Zeugen seiner fabelhaften Vergangenheit \u2013 Stra\u00dfen, Gassen, Br\u00fccken, Pl\u00e4tze und H\u00f6fe \u2013 werden nie aufh\u00f6ren, Sie zu bezaubern. Venedig ist das ganze Jahr \u00fcber ein beliebtes Reiseziel.<\/p>\n","protected":false},"excerpt":{"rendered":"<p>Sommerrodelbahn, Moosburg (ca. 35 km) Ein riesen Spa\u00df f\u00fcr die gesamte Familie. Mit lediglich 10 % Gef\u00e4lle ist die Sommerrodelbahn in Moosburg eine der flachsten \u00d6sterreichs. Trotzdem lassen sich beachtliche Geschwindigkeiten erzielen. So kann man in den Steilkurven das prickelnde Gef\u00fchl\u00a0einer echten Bob-Bahn erleben. Woran das liegt? &#8212; Die Moosburger Schlitten fahren auf vier R\u00e4dern. &hellip; <\/p>\n<p class=\"link-more\"><a href=\"https:\/\/www.bauer-hans.de\/ferienwohnung-in-kaernten\/uber-30-km-entfernt\/\" class=\"more-link\"><span class=\"screen-reader-text\">\u201e\u00fcber 30 km entfernt\u201c <\/span>weiterlesen<\/a><\/p>\n","protected":false},"author":2,"featured_media":0,"parent":0,"menu_order":0,"comment_status":"closed","ping_status":"closed","template":"","meta":{"_acf_changed":false,"footnotes":""},"class_list":["post-33","page","type-page","status-publish","hentry"],"acf":[],"yoast_head":"<!-- This site is optimized with the Yoast SEO plugin v27.4 - https:\/\/yoast.com\/product\/yoast-seo-wordpress\/ -->\n<title>die sch\u00f6nsten Ausflugsziele ausgehend von unseren Fewos in K\u00e4rnten am See<\/title>\n<meta name=\"description\" content=\"hier zeigen wir Ihnen eine Vielzahl der sch\u00f6nsten Ausflugsziele, ausgehend von Ihrem Urlaubsdomizil\" \/>\n<meta name=\"robots\" content=\"index, follow, max-snippet:-1, max-image-preview:large, max-video-preview:-1\" \/>\n<link rel=\"canonical\" href=\"https:\/\/www.bauer-hans.de\/ferienwohnung-in-kaernten\/uber-30-km-entfernt\/\" \/>\n<meta name=\"twitter:label1\" content=\"Gesch\u00e4tzte Lesezeit\" \/>\n\t<meta name=\"twitter:data1\" content=\"5\u00a0Minuten\" \/>\n<script type=\"application\/ld+json\" class=\"yoast-schema-graph\">{\"@context\":\"https:\\\/\\\/schema.org\",\"@graph\":[{\"@type\":\"WebPage\",\"@id\":\"https:\\\/\\\/www.bauer-hans.de\\\/ferienwohnung-in-kaernten\\\/uber-30-km-entfernt\\\/\",\"url\":\"https:\\\/\\\/www.bauer-hans.de\\\/ferienwohnung-in-kaernten\\\/uber-30-km-entfernt\\\/\",\"name\":\"die sch\u00f6nsten Ausflugsziele ausgehend von unseren Fewos in K\u00e4rnten am See\",\"isPartOf\":{\"@id\":\"https:\\\/\\\/www.bauer-hans.de\\\/ferienwohnung-in-kaernten\\\/#website\"},\"primaryImageOfPage\":{\"@id\":\"https:\\\/\\\/www.bauer-hans.de\\\/ferienwohnung-in-kaernten\\\/uber-30-km-entfernt\\\/#primaryimage\"},\"image\":{\"@id\":\"https:\\\/\\\/www.bauer-hans.de\\\/ferienwohnung-in-kaernten\\\/uber-30-km-entfernt\\\/#primaryimage\"},\"thumbnailUrl\":\"http:\\\/\\\/www.ferienwohnung-in-kaernten.de\\\/wp-content\\\/uploads\\\/sites\\\/6\\\/2015\\\/07\\\/Rodelbahn-1024x768.jpg\",\"datePublished\":\"2010-09-27T15:51:55+00:00\",\"dateModified\":\"2019-08-10T15:23:48+00:00\",\"description\":\"hier zeigen wir Ihnen eine Vielzahl der sch\u00f6nsten Ausflugsziele, ausgehend von Ihrem Urlaubsdomizil\",\"breadcrumb\":{\"@id\":\"https:\\\/\\\/www.bauer-hans.de\\\/ferienwohnung-in-kaernten\\\/uber-30-km-entfernt\\\/#breadcrumb\"},\"inLanguage\":\"de\",\"potentialAction\":[{\"@type\":\"ReadAction\",\"target\":[\"https:\\\/\\\/www.bauer-hans.de\\\/ferienwohnung-in-kaernten\\\/uber-30-km-entfernt\\\/\"]}]},{\"@type\":\"ImageObject\",\"inLanguage\":\"de\",\"@id\":\"https:\\\/\\\/www.bauer-hans.de\\\/ferienwohnung-in-kaernten\\\/uber-30-km-entfernt\\\/#primaryimage\",\"url\":\"http:\\\/\\\/www.ferienwohnung-in-kaernten.de\\\/wp-content\\\/uploads\\\/sites\\\/6\\\/2015\\\/07\\\/Rodelbahn-1024x768.jpg\",\"contentUrl\":\"http:\\\/\\\/www.ferienwohnung-in-kaernten.de\\\/wp-content\\\/uploads\\\/sites\\\/6\\\/2015\\\/07\\\/Rodelbahn-1024x768.jpg\"},{\"@type\":\"BreadcrumbList\",\"@id\":\"https:\\\/\\\/www.bauer-hans.de\\\/ferienwohnung-in-kaernten\\\/uber-30-km-entfernt\\\/#breadcrumb\",\"itemListElement\":[{\"@type\":\"ListItem\",\"position\":1,\"name\":\"Startseite\",\"item\":\"https:\\\/\\\/www.bauer-hans.de\\\/ferienwohnung-in-kaernten\\\/\"},{\"@type\":\"ListItem\",\"position\":2,\"name\":\"\u00fcber 30 km entfernt\"}]},{\"@type\":\"WebSite\",\"@id\":\"https:\\\/\\\/www.bauer-hans.de\\\/ferienwohnung-in-kaernten\\\/#website\",\"url\":\"https:\\\/\\\/www.bauer-hans.de\\\/ferienwohnung-in-kaernten\\\/\",\"name\":\"Ferienwohnung in K\u00e4rnten direkt am See eigener Garten \u2026 Wellness \u2026 beheizter Pool\",\"description\":\"Urlaubsvergn\u00fcgen pur -  tolle Fewos in  K\u00e4rnten N\u00e4he W\u00f6rthersee \\\/ Faaker See\",\"publisher\":{\"@id\":\"https:\\\/\\\/www.bauer-hans.de\\\/ferienwohnung-in-kaernten\\\/#organization\"},\"potentialAction\":[{\"@type\":\"SearchAction\",\"target\":{\"@type\":\"EntryPoint\",\"urlTemplate\":\"https:\\\/\\\/www.bauer-hans.de\\\/ferienwohnung-in-kaernten\\\/?s={search_term_string}\"},\"query-input\":{\"@type\":\"PropertyValueSpecification\",\"valueRequired\":true,\"valueName\":\"search_term_string\"}}],\"inLanguage\":\"de\"},{\"@type\":\"Organization\",\"@id\":\"https:\\\/\\\/www.bauer-hans.de\\\/ferienwohnung-in-kaernten\\\/#organization\",\"name\":\"Ferienwohnung in K\u00e4rnten direkt am See eigener Garten \u2026 Wellness \u2026 beheizter Pool\",\"url\":\"https:\\\/\\\/www.bauer-hans.de\\\/ferienwohnung-in-kaernten\\\/\",\"logo\":{\"@type\":\"ImageObject\",\"inLanguage\":\"de\",\"@id\":\"https:\\\/\\\/www.bauer-hans.de\\\/ferienwohnung-in-kaernten\\\/#\\\/schema\\\/logo\\\/image\\\/\",\"url\":\"https:\\\/\\\/www.bauer-hans.de\\\/ferienwohnung-in-kaernten\\\/wp-content\\\/uploads\\\/sites\\\/6\\\/2018\\\/05\\\/cropped-logo-4s.jpg\",\"contentUrl\":\"https:\\\/\\\/www.bauer-hans.de\\\/ferienwohnung-in-kaernten\\\/wp-content\\\/uploads\\\/sites\\\/6\\\/2018\\\/05\\\/cropped-logo-4s.jpg\",\"width\":250,\"height\":250,\"caption\":\"Ferienwohnung in K\u00e4rnten direkt am See eigener Garten \u2026 Wellness \u2026 beheizter Pool\"},\"image\":{\"@id\":\"https:\\\/\\\/www.bauer-hans.de\\\/ferienwohnung-in-kaernten\\\/#\\\/schema\\\/logo\\\/image\\\/\"}}]}<\/script>\n<!-- \/ Yoast SEO plugin. -->","yoast_head_json":{"title":"die sch\u00f6nsten Ausflugsziele ausgehend von unseren Fewos in K\u00e4rnten am See","description":"hier zeigen wir Ihnen eine Vielzahl der sch\u00f6nsten Ausflugsziele, ausgehend von Ihrem Urlaubsdomizil","robots":{"index":"index","follow":"follow","max-snippet":"max-snippet:-1","max-image-preview":"max-image-preview:large","max-video-preview":"max-video-preview:-1"},"canonical":"https:\/\/www.bauer-hans.de\/ferienwohnung-in-kaernten\/uber-30-km-entfernt\/","twitter_misc":{"Gesch\u00e4tzte Lesezeit":"5\u00a0Minuten"},"schema":{"@context":"https:\/\/schema.org","@graph":[{"@type":"WebPage","@id":"https:\/\/www.bauer-hans.de\/ferienwohnung-in-kaernten\/uber-30-km-entfernt\/","url":"https:\/\/www.bauer-hans.de\/ferienwohnung-in-kaernten\/uber-30-km-entfernt\/","name":"die sch\u00f6nsten Ausflugsziele ausgehend von unseren Fewos in K\u00e4rnten am See","isPartOf":{"@id":"https:\/\/www.bauer-hans.de\/ferienwohnung-in-kaernten\/#website"},"primaryImageOfPage":{"@id":"https:\/\/www.bauer-hans.de\/ferienwohnung-in-kaernten\/uber-30-km-entfernt\/#primaryimage"},"image":{"@id":"https:\/\/www.bauer-hans.de\/ferienwohnung-in-kaernten\/uber-30-km-entfernt\/#primaryimage"},"thumbnailUrl":"http:\/\/www.ferienwohnung-in-kaernten.de\/wp-content\/uploads\/sites\/6\/2015\/07\/Rodelbahn-1024x768.jpg","datePublished":"2010-09-27T15:51:55+00:00","dateModified":"2019-08-10T15:23:48+00:00","description":"hier zeigen wir Ihnen eine Vielzahl der sch\u00f6nsten Ausflugsziele, ausgehend von Ihrem Urlaubsdomizil","breadcrumb":{"@id":"https:\/\/www.bauer-hans.de\/ferienwohnung-in-kaernten\/uber-30-km-entfernt\/#breadcrumb"},"inLanguage":"de","potentialAction":[{"@type":"ReadAction","target":["https:\/\/www.bauer-hans.de\/ferienwohnung-in-kaernten\/uber-30-km-entfernt\/"]}]},{"@type":"ImageObject","inLanguage":"de","@id":"https:\/\/www.bauer-hans.de\/ferienwohnung-in-kaernten\/uber-30-km-entfernt\/#primaryimage","url":"http:\/\/www.ferienwohnung-in-kaernten.de\/wp-content\/uploads\/sites\/6\/2015\/07\/Rodelbahn-1024x768.jpg","contentUrl":"http:\/\/www.ferienwohnung-in-kaernten.de\/wp-content\/uploads\/sites\/6\/2015\/07\/Rodelbahn-1024x768.jpg"},{"@type":"BreadcrumbList","@id":"https:\/\/www.bauer-hans.de\/ferienwohnung-in-kaernten\/uber-30-km-entfernt\/#breadcrumb","itemListElement":[{"@type":"ListItem","position":1,"name":"Startseite","item":"https:\/\/www.bauer-hans.de\/ferienwohnung-in-kaernten\/"},{"@type":"ListItem","position":2,"name":"\u00fcber 30 km entfernt"}]},{"@type":"WebSite","@id":"https:\/\/www.bauer-hans.de\/ferienwohnung-in-kaernten\/#website","url":"https:\/\/www.bauer-hans.de\/ferienwohnung-in-kaernten\/","name":"Ferienwohnung in K\u00e4rnten direkt am See eigener Garten \u2026 Wellness \u2026 beheizter Pool","description":"Urlaubsvergn\u00fcgen pur -  tolle Fewos in  K\u00e4rnten N\u00e4he W\u00f6rthersee \/ Faaker See","publisher":{"@id":"https:\/\/www.bauer-hans.de\/ferienwohnung-in-kaernten\/#organization"},"potentialAction":[{"@type":"SearchAction","target":{"@type":"EntryPoint","urlTemplate":"https:\/\/www.bauer-hans.de\/ferienwohnung-in-kaernten\/?s={search_term_string}"},"query-input":{"@type":"PropertyValueSpecification","valueRequired":true,"valueName":"search_term_string"}}],"inLanguage":"de"},{"@type":"Organization","@id":"https:\/\/www.bauer-hans.de\/ferienwohnung-in-kaernten\/#organization","name":"Ferienwohnung in K\u00e4rnten direkt am See eigener Garten \u2026 Wellness \u2026 beheizter Pool","url":"https:\/\/www.bauer-hans.de\/ferienwohnung-in-kaernten\/","logo":{"@type":"ImageObject","inLanguage":"de","@id":"https:\/\/www.bauer-hans.de\/ferienwohnung-in-kaernten\/#\/schema\/logo\/image\/","url":"https:\/\/www.bauer-hans.de\/ferienwohnung-in-kaernten\/wp-content\/uploads\/sites\/6\/2018\/05\/cropped-logo-4s.jpg","contentUrl":"https:\/\/www.bauer-hans.de\/ferienwohnung-in-kaernten\/wp-content\/uploads\/sites\/6\/2018\/05\/cropped-logo-4s.jpg","width":250,"height":250,"caption":"Ferienwohnung in K\u00e4rnten direkt am See eigener Garten \u2026 Wellness \u2026 beheizter Pool"},"image":{"@id":"https:\/\/www.bauer-hans.de\/ferienwohnung-in-kaernten\/#\/schema\/logo\/image\/"}}]}},"_links":{"self":[{"href":"https:\/\/www.bauer-hans.de\/ferienwohnung-in-kaernten\/wp-json\/wp\/v2\/pages\/33","targetHints":{"allow":["GET"]}}],"collection":[{"href":"https:\/\/www.bauer-hans.de\/ferienwohnung-in-kaernten\/wp-json\/wp\/v2\/pages"}],"about":[{"href":"https:\/\/www.bauer-hans.de\/ferienwohnung-in-kaernten\/wp-json\/wp\/v2\/types\/page"}],"author":[{"embeddable":true,"href":"https:\/\/www.bauer-hans.de\/ferienwohnung-in-kaernten\/wp-json\/wp\/v2\/users\/2"}],"replies":[{"embeddable":true,"href":"https:\/\/www.bauer-hans.de\/ferienwohnung-in-kaernten\/wp-json\/wp\/v2\/comments?post=33"}],"version-history":[{"count":10,"href":"https:\/\/www.bauer-hans.de\/ferienwohnung-in-kaernten\/wp-json\/wp\/v2\/pages\/33\/revisions"}],"predecessor-version":[{"id":2395,"href":"https:\/\/www.bauer-hans.de\/ferienwohnung-in-kaernten\/wp-json\/wp\/v2\/pages\/33\/revisions\/2395"}],"wp:attachment":[{"href":"https:\/\/www.bauer-hans.de\/ferienwohnung-in-kaernten\/wp-json\/wp\/v2\/media?parent=33"}],"curies":[{"name":"wp","href":"https:\/\/api.w.org\/{rel}","templated":true}]}}