{"id":35,"date":"2010-09-27T15:52:43","date_gmt":"2010-09-27T15:52:43","guid":{"rendered":"http:\/\/www.ferienwohnung-in-kaernten.de\/"},"modified":"2020-01-12T12:19:39","modified_gmt":"2020-01-12T10:19:39","slug":"mietpreis-info","status":"publish","type":"page","link":"https:\/\/www.bauer-hans.de\/ferienwohnung-in-kaernten\/mietpreis-info\/","title":{"rendered":"Mietpreis Info"},"content":{"rendered":"<table border=\"1\" width=\"100%\">\n<tbody>\n<tr>\n<td colspan=\"3\">\n<h2><span style=\"color: #003366;\">\u00a0<\/span><\/h2>\n<\/td>\n<td width=\"25%\"><\/td>\n<\/tr>\n<tr>\n<td colspan=\"4\">\n<div><strong>Die nachfolgend angegebenen Mietpreise beziehen sich\u00a0 auf die Belegung mit <span style=\"text-decoration: underline;\">zwei Personen pro \u00dcbernachtung<\/span><\/strong><\/div>\n<div><strong>In der Hauptsaison vermieten wir nur komplette Wochen!<\/strong><\/div>\n<\/td>\n<\/tr>\n<tr>\n<td width=\"30%\"><\/td>\n<td width=\"22%\"><strong>Sparsaison<\/strong><\/td>\n<td width=\"23%\"><strong>Nebensaison<\/strong><\/td>\n<td width=\"25%\"><strong>Hauptsaison<\/strong><\/td>\n<\/tr>\n<tr>\n<td width=\"30%\">08.01. &#8211; 30.04.<\/td>\n<td width=\"22%\">40,00 \u20ac<\/td>\n<td width=\"23%\"><\/td>\n<td width=\"25%\"><\/td>\n<\/tr>\n<tr>\n<td width=\"30%\">01.05. &#8211; 14.06.<\/td>\n<td width=\"22%\"><\/td>\n<td width=\"23%\">55,00\u00a0\u20ac<\/td>\n<td width=\"25%\"><\/td>\n<\/tr>\n<tr>\n<td width=\"30%\">15.06. &#8211; 03.09.<\/td>\n<td width=\"22%\"><\/td>\n<td width=\"23%\"><\/td>\n<td width=\"25%\">75,00\u20ac<\/td>\n<\/tr>\n<tr>\n<td width=\"30%\">04.09. &#8211; 31.10.<\/td>\n<td width=\"22%\"><\/td>\n<td width=\"23%\">55,00\u00a0\u20ac<\/td>\n<td width=\"25%\"><\/td>\n<\/tr>\n<tr>\n<td width=\"30%\">01.11. &#8211; 20.12.<\/td>\n<td width=\"22%\">40,00 \u20ac<\/td>\n<td width=\"23%\"><\/td>\n<td width=\"25%\"><\/td>\n<\/tr>\n<tr>\n<td width=\"30%\">*)21.12. &#8211; 07.01.<\/td>\n<td width=\"22%\"><\/td>\n<td width=\"23%\"><\/td>\n<td width=\"25%\">75,00\u00a0\u20ac<\/td>\n<\/tr>\n<tr>\n<td colspan=\"3\">*)nur in dieser Zeit gilt unser <strong>Weihnacht\/Neujahr &#8222;Special-Price&#8220;<\/strong> , d.h. er beinhaltet s\u00e4mtliche Kosten!<\/td>\n<td width=\"25%\"><\/td>\n<\/tr>\n<tr>\n<td colspan=\"3\">Jede <strong>weitere Person<\/strong> pro \u00dcbernachtung<br \/>\nKleinkinder die kein eigenes Bett ben\u00f6tigen z\u00e4hlen nicht<\/td>\n<td width=\"25%\">10,00\u00a0\u20ac<\/td>\n<\/tr>\n<tr>\n<td colspan=\"3\">Zuschlag f\u00fcr einen Hund pro \u00dcbernachtung<\/td>\n<td width=\"25%\">12,00\u00a0\u20ac<\/td>\n<\/tr>\n<tr>\n<td colspan=\"3\">Endreinigung<\/td>\n<td width=\"25%\">kostenfrei<\/td>\n<\/tr>\n<tr>\n<td colspan=\"3\">Haustier Endreinigung pausch.<\/td>\n<td width=\"25%\">\u00a025,00 \u20ac<\/td>\n<\/tr>\n<tr>\n<td colspan=\"3\">W\u00e4schepaket -bei Bedarf- pro Person<br \/>\n(1 Badetuch, 1 Handtuch, Fu\u00dfmatte\/Bad, 2 Geschirrt\u00fccher &#8211; w\u00f6chentlicher Wechsel)<\/td>\n<td width=\"25%\">12,00 \u20ac<\/td>\n<\/tr>\n<tr>\n<td colspan=\"3\">Kurtaxe f\u00fcr Personen \u00fcber 16 Jahre pro Tag<\/td>\n<td width=\"25%\">01,18 \u20ac<\/td>\n<\/tr>\n<tr>\n<td colspan=\"3\">Strom nach Verbrauch \u00e1 kWh<\/td>\n<td width=\"25%\">00,25 \u20ac<\/td>\n<\/tr>\n<tr>\n<td colspan=\"3\">Kaution\u00a0(mit Haustier plus 100,00 Euro)<\/td>\n<td width=\"25%\">150,00 \u20ac<\/td>\n<\/tr>\n<tr>\n<td colspan=\"3\">Internet<\/td>\n<td width=\"25%\">kostenfrei<\/td>\n<\/tr>\n<tr>\n<td colspan=\"4\">Bei Belegung unter einer Woche Aufschlag pauschal 40 Euro<\/td>\n<\/tr>\n<tr>\n<td colspan=\"3\"><\/td>\n<td width=\"25%\"><\/td>\n<\/tr>\n<tr>\n<td colspan=\"4\">\n<div><strong>Preisliste WAHAHA PARADISE &#8211; <a href=\"http:\/\/www.ferienwohnung-in-kaernten.de\/wp-content\/uploads\/sites\/6\/2014\/02\/Preisliste.pdf\" target=\"_blank\" rel=\"noopener noreferrer\">Download<\/a><br \/>\n<\/strong><\/div>\n<div><strong><em>-unsere G\u00e4ste erhalten auf einen Gro\u00dfteil dieser Angebote\u00a0einen erheblichen Nachlass-<\/em><\/strong><\/div>\n<div>hier nachfolgend ein kleiner Auszug:<\/div>\n<\/td>\n<\/tr>\n<tr>\n<td colspan=\"3\">Swimmingpools<\/td>\n<td width=\"25%\"><strong>kostenfrei<\/strong><\/td>\n<\/tr>\n<tr>\n<td colspan=\"3\">Fahrradverleih &#8211; Erwachsene<\/td>\n<td width=\"25%\">12,00 \u20ac \/ Tag<\/td>\n<\/tr>\n<tr>\n<td colspan=\"3\">Fahrradverleih &#8211; Kinder<\/td>\n<td width=\"25%\">07,00 \u20ac \/ Tag<\/td>\n<\/tr>\n<tr>\n<td colspan=\"3\"><\/td>\n<td width=\"25%\"><\/td>\n<\/tr>\n<tr>\n<td colspan=\"3\">Elektroboot<\/td>\n<td width=\"25%\">12,00 \u20ac \/ Std.<\/td>\n<\/tr>\n<tr>\n<td colspan=\"3\">Drachenboot \u00e0 Person (mind 8 Personen)<\/td>\n<td width=\"25%\">auf Anfrage<\/td>\n<\/tr>\n<tr>\n<td colspan=\"3\">Tennis<\/td>\n<td width=\"25%\">kostenlos<\/td>\n<\/tr>\n<tr>\n<td colspan=\"3\">Minigolf<\/td>\n<td width=\"25%\">kostenlos<\/td>\n<\/tr>\n<tr>\n<td colspan=\"3\"><\/td>\n<td width=\"25%\"><\/td>\n<\/tr>\n<tr>\n<td style=\"text-align: center;\" colspan=\"3\"><strong><em>alle Preise ohne Gew\u00e4hr!<\/em><\/strong><\/td>\n<td width=\"25%\"><\/td>\n<\/tr>\n<tr>\n<td style=\"text-align: left;\" colspan=\"3\"><em>\u00a0<\/em><\/td>\n<td width=\"25%\"><\/td>\n<\/tr>\n<\/tbody>\n<\/table>\n","protected":false},"excerpt":{"rendered":"<p>\u00a0 Die nachfolgend angegebenen Mietpreise beziehen sich\u00a0 auf die Belegung mit zwei Personen pro \u00dcbernachtung In der Hauptsaison vermieten wir nur komplette Wochen! Sparsaison Nebensaison Hauptsaison 08.01. &#8211; 30.04. 40,00 \u20ac 01.05. &#8211; 14.06. 55,00\u00a0\u20ac 15.06. &#8211; 03.09. 75,00\u20ac 04.09. &#8211; 31.10. 55,00\u00a0\u20ac 01.11. &#8211; 20.12. 40,00 \u20ac *)21.12. &#8211; 07.01. 75,00\u00a0\u20ac *)nur in dieser &hellip; <\/p>\n<p class=\"link-more\"><a href=\"https:\/\/www.bauer-hans.de\/ferienwohnung-in-kaernten\/mietpreis-info\/\" class=\"more-link\"><span class=\"screen-reader-text\">\u201eMietpreis Info\u201c <\/span>weiterlesen<\/a><\/p>\n","protected":false},"author":2,"featured_media":0,"parent":0,"menu_order":0,"comment_status":"closed","ping_status":"closed","template":"","meta":{"_acf_changed":false,"footnotes":""},"class_list":["post-35","page","type-page","status-publish","hentry"],"acf":[],"yoast_head":"<!-- This site is optimized with the Yoast SEO plugin v27.5 - https:\/\/yoast.com\/product\/yoast-seo-wordpress\/ -->\n<title>hier die Mietpreise der einzelnen FeWo&#039;s unseres Haus in K\u00e4rnten am See<\/title>\n<meta name=\"description\" content=\"schauen Sie hier online wieviel Sie ein sch\u00f6ner Urlaub in K\u00e4rnten kostet\" \/>\n<meta name=\"robots\" content=\"index, follow, max-snippet:-1, max-image-preview:large, max-video-preview:-1\" \/>\n<link rel=\"canonical\" href=\"https:\/\/www.bauer-hans.de\/ferienwohnung-in-kaernten\/mietpreis-info\/\" \/>\n<meta name=\"twitter:label1\" content=\"Gesch\u00e4tzte Lesezeit\" \/>\n\t<meta name=\"twitter:data1\" content=\"1\u00a0Minute\" \/>\n<script type=\"application\/ld+json\" class=\"yoast-schema-graph\">{\"@context\":\"https:\\\/\\\/schema.org\",\"@graph\":[{\"@type\":\"WebPage\",\"@id\":\"https:\\\/\\\/www.bauer-hans.de\\\/ferienwohnung-in-kaernten\\\/mietpreis-info\\\/\",\"url\":\"https:\\\/\\\/www.bauer-hans.de\\\/ferienwohnung-in-kaernten\\\/mietpreis-info\\\/\",\"name\":\"hier die Mietpreise der einzelnen FeWo's unseres Haus in K\u00e4rnten am See\",\"isPartOf\":{\"@id\":\"https:\\\/\\\/www.bauer-hans.de\\\/ferienwohnung-in-kaernten\\\/#website\"},\"datePublished\":\"2010-09-27T15:52:43+00:00\",\"dateModified\":\"2020-01-12T10:19:39+00:00\",\"description\":\"schauen Sie hier online wieviel Sie ein sch\u00f6ner Urlaub in K\u00e4rnten kostet\",\"breadcrumb\":{\"@id\":\"https:\\\/\\\/www.bauer-hans.de\\\/ferienwohnung-in-kaernten\\\/mietpreis-info\\\/#breadcrumb\"},\"inLanguage\":\"de\",\"potentialAction\":[{\"@type\":\"ReadAction\",\"target\":[\"https:\\\/\\\/www.bauer-hans.de\\\/ferienwohnung-in-kaernten\\\/mietpreis-info\\\/\"]}]},{\"@type\":\"BreadcrumbList\",\"@id\":\"https:\\\/\\\/www.bauer-hans.de\\\/ferienwohnung-in-kaernten\\\/mietpreis-info\\\/#breadcrumb\",\"itemListElement\":[{\"@type\":\"ListItem\",\"position\":1,\"name\":\"Startseite\",\"item\":\"https:\\\/\\\/www.bauer-hans.de\\\/ferienwohnung-in-kaernten\\\/\"},{\"@type\":\"ListItem\",\"position\":2,\"name\":\"Mietpreis Info\"}]},{\"@type\":\"WebSite\",\"@id\":\"https:\\\/\\\/www.bauer-hans.de\\\/ferienwohnung-in-kaernten\\\/#website\",\"url\":\"https:\\\/\\\/www.bauer-hans.de\\\/ferienwohnung-in-kaernten\\\/\",\"name\":\"Ferienwohnung in K\u00e4rnten direkt am See eigener Garten \u2026 Wellness \u2026 beheizter Pool\",\"description\":\"Urlaubsvergn\u00fcgen pur -  tolle Fewos in  K\u00e4rnten N\u00e4he W\u00f6rthersee \\\/ Faaker See\",\"publisher\":{\"@id\":\"https:\\\/\\\/www.bauer-hans.de\\\/ferienwohnung-in-kaernten\\\/#organization\"},\"potentialAction\":[{\"@type\":\"SearchAction\",\"target\":{\"@type\":\"EntryPoint\",\"urlTemplate\":\"https:\\\/\\\/www.bauer-hans.de\\\/ferienwohnung-in-kaernten\\\/?s={search_term_string}\"},\"query-input\":{\"@type\":\"PropertyValueSpecification\",\"valueRequired\":true,\"valueName\":\"search_term_string\"}}],\"inLanguage\":\"de\"},{\"@type\":\"Organization\",\"@id\":\"https:\\\/\\\/www.bauer-hans.de\\\/ferienwohnung-in-kaernten\\\/#organization\",\"name\":\"Ferienwohnung in K\u00e4rnten direkt am See eigener Garten \u2026 Wellness \u2026 beheizter Pool\",\"url\":\"https:\\\/\\\/www.bauer-hans.de\\\/ferienwohnung-in-kaernten\\\/\",\"logo\":{\"@type\":\"ImageObject\",\"inLanguage\":\"de\",\"@id\":\"https:\\\/\\\/www.bauer-hans.de\\\/ferienwohnung-in-kaernten\\\/#\\\/schema\\\/logo\\\/image\\\/\",\"url\":\"https:\\\/\\\/www.bauer-hans.de\\\/ferienwohnung-in-kaernten\\\/wp-content\\\/uploads\\\/sites\\\/6\\\/2018\\\/05\\\/cropped-logo-4s.jpg\",\"contentUrl\":\"https:\\\/\\\/www.bauer-hans.de\\\/ferienwohnung-in-kaernten\\\/wp-content\\\/uploads\\\/sites\\\/6\\\/2018\\\/05\\\/cropped-logo-4s.jpg\",\"width\":250,\"height\":250,\"caption\":\"Ferienwohnung in K\u00e4rnten direkt am See eigener Garten \u2026 Wellness \u2026 beheizter Pool\"},\"image\":{\"@id\":\"https:\\\/\\\/www.bauer-hans.de\\\/ferienwohnung-in-kaernten\\\/#\\\/schema\\\/logo\\\/image\\\/\"}}]}<\/script>\n<!-- \/ Yoast SEO plugin. -->","yoast_head_json":{"title":"hier die Mietpreise der einzelnen FeWo's unseres Haus in K\u00e4rnten am See","description":"schauen Sie hier online wieviel Sie ein sch\u00f6ner Urlaub in K\u00e4rnten kostet","robots":{"index":"index","follow":"follow","max-snippet":"max-snippet:-1","max-image-preview":"max-image-preview:large","max-video-preview":"max-video-preview:-1"},"canonical":"https:\/\/www.bauer-hans.de\/ferienwohnung-in-kaernten\/mietpreis-info\/","twitter_misc":{"Gesch\u00e4tzte Lesezeit":"1\u00a0Minute"},"schema":{"@context":"https:\/\/schema.org","@graph":[{"@type":"WebPage","@id":"https:\/\/www.bauer-hans.de\/ferienwohnung-in-kaernten\/mietpreis-info\/","url":"https:\/\/www.bauer-hans.de\/ferienwohnung-in-kaernten\/mietpreis-info\/","name":"hier die Mietpreise der einzelnen FeWo's unseres Haus in K\u00e4rnten am See","isPartOf":{"@id":"https:\/\/www.bauer-hans.de\/ferienwohnung-in-kaernten\/#website"},"datePublished":"2010-09-27T15:52:43+00:00","dateModified":"2020-01-12T10:19:39+00:00","description":"schauen Sie hier online wieviel Sie ein sch\u00f6ner Urlaub in K\u00e4rnten kostet","breadcrumb":{"@id":"https:\/\/www.bauer-hans.de\/ferienwohnung-in-kaernten\/mietpreis-info\/#breadcrumb"},"inLanguage":"de","potentialAction":[{"@type":"ReadAction","target":["https:\/\/www.bauer-hans.de\/ferienwohnung-in-kaernten\/mietpreis-info\/"]}]},{"@type":"BreadcrumbList","@id":"https:\/\/www.bauer-hans.de\/ferienwohnung-in-kaernten\/mietpreis-info\/#breadcrumb","itemListElement":[{"@type":"ListItem","position":1,"name":"Startseite","item":"https:\/\/www.bauer-hans.de\/ferienwohnung-in-kaernten\/"},{"@type":"ListItem","position":2,"name":"Mietpreis Info"}]},{"@type":"WebSite","@id":"https:\/\/www.bauer-hans.de\/ferienwohnung-in-kaernten\/#website","url":"https:\/\/www.bauer-hans.de\/ferienwohnung-in-kaernten\/","name":"Ferienwohnung in K\u00e4rnten direkt am See eigener Garten \u2026 Wellness \u2026 beheizter Pool","description":"Urlaubsvergn\u00fcgen pur -  tolle Fewos in  K\u00e4rnten N\u00e4he W\u00f6rthersee \/ Faaker See","publisher":{"@id":"https:\/\/www.bauer-hans.de\/ferienwohnung-in-kaernten\/#organization"},"potentialAction":[{"@type":"SearchAction","target":{"@type":"EntryPoint","urlTemplate":"https:\/\/www.bauer-hans.de\/ferienwohnung-in-kaernten\/?s={search_term_string}"},"query-input":{"@type":"PropertyValueSpecification","valueRequired":true,"valueName":"search_term_string"}}],"inLanguage":"de"},{"@type":"Organization","@id":"https:\/\/www.bauer-hans.de\/ferienwohnung-in-kaernten\/#organization","name":"Ferienwohnung in K\u00e4rnten direkt am See eigener Garten \u2026 Wellness \u2026 beheizter Pool","url":"https:\/\/www.bauer-hans.de\/ferienwohnung-in-kaernten\/","logo":{"@type":"ImageObject","inLanguage":"de","@id":"https:\/\/www.bauer-hans.de\/ferienwohnung-in-kaernten\/#\/schema\/logo\/image\/","url":"https:\/\/www.bauer-hans.de\/ferienwohnung-in-kaernten\/wp-content\/uploads\/sites\/6\/2018\/05\/cropped-logo-4s.jpg","contentUrl":"https:\/\/www.bauer-hans.de\/ferienwohnung-in-kaernten\/wp-content\/uploads\/sites\/6\/2018\/05\/cropped-logo-4s.jpg","width":250,"height":250,"caption":"Ferienwohnung in K\u00e4rnten direkt am See eigener Garten \u2026 Wellness \u2026 beheizter Pool"},"image":{"@id":"https:\/\/www.bauer-hans.de\/ferienwohnung-in-kaernten\/#\/schema\/logo\/image\/"}}]}},"_links":{"self":[{"href":"https:\/\/www.bauer-hans.de\/ferienwohnung-in-kaernten\/wp-json\/wp\/v2\/pages\/35","targetHints":{"allow":["GET"]}}],"collection":[{"href":"https:\/\/www.bauer-hans.de\/ferienwohnung-in-kaernten\/wp-json\/wp\/v2\/pages"}],"about":[{"href":"https:\/\/www.bauer-hans.de\/ferienwohnung-in-kaernten\/wp-json\/wp\/v2\/types\/page"}],"author":[{"embeddable":true,"href":"https:\/\/www.bauer-hans.de\/ferienwohnung-in-kaernten\/wp-json\/wp\/v2\/users\/2"}],"replies":[{"embeddable":true,"href":"https:\/\/www.bauer-hans.de\/ferienwohnung-in-kaernten\/wp-json\/wp\/v2\/comments?post=35"}],"version-history":[{"count":16,"href":"https:\/\/www.bauer-hans.de\/ferienwohnung-in-kaernten\/wp-json\/wp\/v2\/pages\/35\/revisions"}],"predecessor-version":[{"id":2440,"href":"https:\/\/www.bauer-hans.de\/ferienwohnung-in-kaernten\/wp-json\/wp\/v2\/pages\/35\/revisions\/2440"}],"wp:attachment":[{"href":"https:\/\/www.bauer-hans.de\/ferienwohnung-in-kaernten\/wp-json\/wp\/v2\/media?parent=35"}],"curies":[{"name":"wp","href":"https:\/\/api.w.org\/{rel}","templated":true}]}}