{"id":1270,"date":"2016-06-13T17:36:45","date_gmt":"2016-06-13T15:36:45","guid":{"rendered":"http:\/\/www.bauer-hans.de\/scll\/?page_id=1270"},"modified":"2019-04-20T11:30:22","modified_gmt":"2019-04-20T09:30:22","slug":"sponsoren","status":"publish","type":"page","link":"https:\/\/www.bauer-hans.de\/scll\/sponsoren\/","title":{"rendered":"Sponsoren 24-Stunden-Regatta"},"content":{"rendered":"<div id=\"pl-1270\"  class=\"panel-layout\" >\n<div id=\"pg-1270-0\"  class=\"panel-grid panel-no-style\" >\n<div id=\"pgc-1270-0-0\"  class=\"panel-grid-cell\"  data-weight=\"1\" >\n<div id=\"panel-1270-0-0-0\" class=\"so-panel widget widget_sow-editor panel-first-child panel-last-child\" data-index=\"0\" data-style=\"{&quot;background_display&quot;:&quot;tile&quot;}\" >\n<div class=\"so-widget-sow-editor so-widget-sow-editor-base\">\n<div class=\"siteorigin-widget-tinymce textwidget\">\n<h1 style=\"text-align: center;\">Hier unsere Sponsoren<\/h1>\n<h2 style=\"text-align: center;\">Unsere Werbepartner erm\u00f6glichen erst die Durchf\u00fchrung dieser Regatta, bitte honorieren Sie dies bei Ihren Eink\u00e4ufen.<\/h2>\n<\/div>\n<\/div>\n<\/div>\n<\/div>\n<\/div>\n<div id=\"pg-1270-1\"  class=\"panel-grid panel-no-style\" >\n<div id=\"pgc-1270-1-0\"  class=\"panel-grid-cell\"  data-weight=\"0.5\" >\n<div id=\"panel-1270-1-0-0\" class=\"so-panel widget widget_black-studio-tinymce widget_black_studio_tinymce panel-first-child\" data-index=\"1\" data-style=\"{&quot;background_display&quot;:&quot;tile&quot;}\" >\n<div class=\"textwidget\">\n<p>\u00a0<a href=\"https:\/\/www.bauer-hans.de\/scll\/wp-content\/uploads\/sites\/12\/2015\/04\/Logo-vfm.jpg\"><img loading=\"lazy\" decoding=\"async\" class=\"alignnone size-full wp-image-978\" src=\"https:\/\/www.bauer-hans.de\/scll\/wp-content\/uploads\/sites\/12\/2015\/04\/Logo-vfm.jpg\" alt=\"Logo vfm\" width=\"199\" height=\"80\" \/><\/a><br \/> <a href=\"http:\/\/www.vfm-ll.de\" target=\"_blank\" rel=\"noopener noreferrer\"><strong>vfm Bauer &amp; Kollegen<\/strong><\/a><br \/> <strong>Versicherungsmakler<br \/> <\/strong>Weilheimer Str. 6e<br \/> 86899 Landsberg<br \/> Tel: 08191\/98555-00<\/p>\n<\/div>\n<\/div>\n<div id=\"panel-1270-1-0-1\" class=\"so-panel widget widget_black-studio-tinymce widget_black_studio_tinymce\" data-index=\"2\" data-style=\"{&quot;background_display&quot;:&quot;tile&quot;}\" >\n<div class=\"textwidget\"><a href=\"https:\/\/www.bauer-hans.de\/scll\/wp-content\/uploads\/sites\/12\/2015\/04\/Logo-Sun-Charter.gif\"><img loading=\"lazy\" decoding=\"async\" class=\"alignnone size-full wp-image-976\" src=\"https:\/\/www.bauer-hans.de\/scll\/wp-content\/uploads\/sites\/12\/2015\/04\/Logo-Sun-Charter.gif\" alt=\"Logo Sun Charter\" width=\"200\" height=\"90\" \/><\/a><br \/>\n<a href=\"https:\/\/www.suncharter.de\" target=\"_blank\" rel=\"noopener noreferrer\"><strong>SUN CHARTER<\/strong><\/a><br \/>\n<strong>gro\u00dfte Dt. Flotte im<\/strong> Mittelmeer<br \/>\nWolfratshausen<br \/>\nTel. 08171\/ 29905<\/div>\n<\/div>\n<div id=\"panel-1270-1-0-2\" class=\"so-panel widget widget_black-studio-tinymce widget_black_studio_tinymce\" data-index=\"3\" data-style=\"{&quot;background_image_attachment&quot;:false,&quot;background_display&quot;:&quot;tile&quot;}\" >\n<div class=\"textwidget\"><img loading=\"lazy\" decoding=\"async\" class=\"alignnone wp-image-1933\" src=\"https:\/\/www.bauer-hans.de\/scll\/wp-content\/uploads\/sites\/12\/2019\/04\/k\u00fcchenstudio-300x236.jpg\" alt=\"\" width=\"200\" height=\"157\" srcset=\"https:\/\/www.bauer-hans.de\/scll\/wp-content\/uploads\/sites\/12\/2019\/04\/k\u00fcchenstudio-300x236.jpg 300w, https:\/\/www.bauer-hans.de\/scll\/wp-content\/uploads\/sites\/12\/2019\/04\/k\u00fcchenstudio-250x197.jpg 250w, https:\/\/www.bauer-hans.de\/scll\/wp-content\/uploads\/sites\/12\/2019\/04\/k\u00fcchenstudio.jpg 444w\" sizes=\"auto, (max-width: 200px) 100vw, 200px\" \/><\/p>\n<p><b><span style=\"color: #383838; font-family: Arial;\"><a href=\"https:\/\/www.graulkuechen.de\/\" target=\"_blank\" rel=\"noopener noreferrer\">K\u00fcchenstudio Graul<\/a><br \/>\n<\/span><\/b><\/p>\n<p>Im Moos 5 <span class=\"pipe\">| <\/span>86477 Adelsried<br \/>\nTelefon:\u00a0<span class=\"phone-link\">08294-86970<br \/>\n<\/span>Max-Josef-Metzger-Stra\u00dfe 21\u00a0<span class=\"pipe\">|<\/span>\u00a086157 Augsburg<br \/>\nTel.:\u00a0<span class=\"phone-link\">: 0821-8090220<br \/>\n<\/span><a href=\"mailto:info@graulkuechen.de\">info@graulkuechen.de<\/a><\/div>\n<\/div>\n<div id=\"panel-1270-1-0-3\" class=\"so-panel widget widget_black-studio-tinymce widget_black_studio_tinymce\" data-index=\"4\" data-style=\"{&quot;background_display&quot;:&quot;tile&quot;}\" >\n<div class=\"textwidget\">\u00a0<a href=\"https:\/\/www.bauer-hans.de\/scll\/wp-content\/uploads\/sites\/12\/2015\/04\/Logo-Sailer.jpg\"><img loading=\"lazy\" decoding=\"async\" class=\"alignnone size-full wp-image-972\" src=\"https:\/\/www.bauer-hans.de\/scll\/wp-content\/uploads\/sites\/12\/2015\/04\/Logo-Sailer.jpg\" alt=\"Logo Sailer\" width=\"200\" height=\"90\" \/><\/a><br \/>\n<strong><a href=\"http:\/\/www.baumarkt-sailer.de\/\" target=\"_blank\" rel=\"noopener noreferrer\">Bau und Heimwerkermarkt Sailer<\/a><br \/>\n<\/strong>Max-Planck Str.1<br \/>\n86899 Landsberg<br \/>\nTel.: 08191\/9275-0<\/div>\n<\/div>\n<div id=\"panel-1270-1-0-4\" class=\"so-panel widget widget_black-studio-tinymce widget_black_studio_tinymce\" data-index=\"5\" data-style=\"{&quot;background_display&quot;:&quot;tile&quot;}\" >\n<div class=\"textwidget\">\n<p>\u00a0<a href=\"https:\/\/www.bauer-hans.de\/scll\/wp-content\/uploads\/sites\/12\/2016\/07\/camping-baumann.jpg\"><img loading=\"lazy\" decoding=\"async\" class=\"alignnone wp-image-1334\" src=\"https:\/\/www.bauer-hans.de\/scll\/wp-content\/uploads\/sites\/12\/2016\/07\/camping-baumann-300x102.jpg\" alt=\"camping baumann\" width=\"200\" height=\"68\" srcset=\"https:\/\/www.bauer-hans.de\/scll\/wp-content\/uploads\/sites\/12\/2016\/07\/camping-baumann-300x102.jpg 300w, https:\/\/www.bauer-hans.de\/scll\/wp-content\/uploads\/sites\/12\/2016\/07\/camping-baumann-768x261.jpg 768w, https:\/\/www.bauer-hans.de\/scll\/wp-content\/uploads\/sites\/12\/2016\/07\/camping-baumann-1024x349.jpg 1024w, https:\/\/www.bauer-hans.de\/scll\/wp-content\/uploads\/sites\/12\/2016\/07\/camping-baumann-250x85.jpg 250w, https:\/\/www.bauer-hans.de\/scll\/wp-content\/uploads\/sites\/12\/2016\/07\/camping-baumann.jpg 1551w\" sizes=\"auto, (max-width: 200px) 100vw, 200px\" \/><\/a><br \/> <a href=\"http:\/\/www.campingplatz-baumann.de\/\" target=\"_blank\" rel=\"noopener noreferrer\"><strong>Campingplatz und Slipanlage<\/strong><\/a> Buch\/Ammersee<br \/> In der Senke 2<br \/> 82266 Inning<br \/> Tel.: 08143 \/427<\/p>\n<\/div>\n<\/div>\n<div id=\"panel-1270-1-0-5\" class=\"so-panel widget widget_black-studio-tinymce widget_black_studio_tinymce\" data-index=\"6\" data-style=\"{&quot;background_display&quot;:&quot;tile&quot;}\" >\n<div class=\"textwidget\"><img loading=\"lazy\" decoding=\"async\" class=\"alignnone size-medium wp-image-1679\" src=\"https:\/\/www.bauer-hans.de\/scll\/wp-content\/uploads\/sites\/12\/2018\/05\/seerestaurant-214x300.jpg\" alt=\"\" width=\"214\" height=\"300\" srcset=\"https:\/\/www.bauer-hans.de\/scll\/wp-content\/uploads\/sites\/12\/2018\/05\/seerestaurant-214x300.jpg 214w, https:\/\/www.bauer-hans.de\/scll\/wp-content\/uploads\/sites\/12\/2018\/05\/seerestaurant-768x1076.jpg 768w, https:\/\/www.bauer-hans.de\/scll\/wp-content\/uploads\/sites\/12\/2018\/05\/seerestaurant-731x1024.jpg 731w, https:\/\/www.bauer-hans.de\/scll\/wp-content\/uploads\/sites\/12\/2018\/05\/seerestaurant-250x350.jpg 250w, https:\/\/www.bauer-hans.de\/scll\/wp-content\/uploads\/sites\/12\/2018\/05\/seerestaurant.jpg 805w\" sizes=\"auto, (max-width: 214px) 100vw, 214px\" \/><br \/>\n<a href=\"http:\/\/www.seerestaurant-ammersee.de\/\" target=\"_blank\" rel=\"noopener noreferrer\"><strong>Seerestaurant St. Alban<\/strong><\/a><br \/>\nSeeweg 85<br \/>\n86911 Die\u00dfen<br \/>\nTel.: 08807\/1503<\/div>\n<\/div>\n<div id=\"panel-1270-1-0-6\" class=\"so-panel widget widget_black-studio-tinymce widget_black_studio_tinymce\" data-index=\"7\" data-style=\"{&quot;background_display&quot;:&quot;tile&quot;}\" >\n<div class=\"textwidget\"><img loading=\"lazy\" decoding=\"async\" class=\"alignnone size-medium wp-image-1680\" src=\"https:\/\/www.bauer-hans.de\/scll\/wp-content\/uploads\/sites\/12\/2018\/05\/heimerer-m\u00f6bel-300x129.jpg\" alt=\"\" width=\"300\" height=\"129\" srcset=\"https:\/\/www.bauer-hans.de\/scll\/wp-content\/uploads\/sites\/12\/2018\/05\/heimerer-m\u00f6bel-300x129.jpg 300w, https:\/\/www.bauer-hans.de\/scll\/wp-content\/uploads\/sites\/12\/2018\/05\/heimerer-m\u00f6bel-768x330.jpg 768w, https:\/\/www.bauer-hans.de\/scll\/wp-content\/uploads\/sites\/12\/2018\/05\/heimerer-m\u00f6bel-1024x440.jpg 1024w, https:\/\/www.bauer-hans.de\/scll\/wp-content\/uploads\/sites\/12\/2018\/05\/heimerer-m\u00f6bel-250x107.jpg 250w, https:\/\/www.bauer-hans.de\/scll\/wp-content\/uploads\/sites\/12\/2018\/05\/heimerer-m\u00f6bel.jpg 1787w\" sizes=\"auto, (max-width: 300px) 100vw, 300px\" \/><br \/>\n<a href=\"http:\/\/www.moebel-heimerer.de\/\" target=\"_blank\" rel=\"noopener noreferrer\"><strong>M\u00f6bel- und K\u00fcchen Heimerer<\/strong><\/a><br \/>\nM\u00fcnchner Str. 32<br \/>\n86899 Landsberg<br \/>\nTel.: 08191\/2349<\/div>\n<\/div>\n<div id=\"panel-1270-1-0-7\" class=\"so-panel widget widget_black-studio-tinymce widget_black_studio_tinymce\" data-index=\"8\" data-style=\"{&quot;background_display&quot;:&quot;tile&quot;}\" >\n<div class=\"textwidget\">\n<p><a href=\"https:\/\/www.bauer-hans.de\/scll\/wp-content\/uploads\/sites\/12\/2016\/06\/Logo-Bootsbau-H\u00f6fle.jpg\"><img loading=\"lazy\" decoding=\"async\" class=\"alignnone wp-image-1254\" src=\"https:\/\/www.bauer-hans.de\/scll\/wp-content\/uploads\/sites\/12\/2016\/06\/Logo-Bootsbau-H\u00f6fle.jpg\" alt=\"Logo Bootsbau H\u00f6fle\" width=\"200\" height=\"96\" srcset=\"https:\/\/www.bauer-hans.de\/scll\/wp-content\/uploads\/sites\/12\/2016\/06\/Logo-Bootsbau-H\u00f6fle.jpg 800w, https:\/\/www.bauer-hans.de\/scll\/wp-content\/uploads\/sites\/12\/2016\/06\/Logo-Bootsbau-H\u00f6fle-300x144.jpg 300w, https:\/\/www.bauer-hans.de\/scll\/wp-content\/uploads\/sites\/12\/2016\/06\/Logo-Bootsbau-H\u00f6fle-768x368.jpg 768w, https:\/\/www.bauer-hans.de\/scll\/wp-content\/uploads\/sites\/12\/2016\/06\/Logo-Bootsbau-H\u00f6fle-250x120.jpg 250w\" sizes=\"auto, (max-width: 200px) 100vw, 200px\" \/><\/a><br \/> <a href=\"http:\/\/www.bootsbauhoefle.de\/\" target=\"_blank\" rel=\"noopener noreferrer\"><strong>Bootsbau H\u00f6fle<\/strong><br \/> Gewerbegebiet 12<br \/> 82399 Raisting<br \/> Tel.: 0163\/7664828<\/a><\/p>\n<\/div>\n<\/div>\n<div id=\"panel-1270-1-0-8\" class=\"so-panel widget widget_black-studio-tinymce widget_black_studio_tinymce panel-last-child\" data-index=\"9\" data-style=\"{&quot;background_image_attachment&quot;:false,&quot;background_display&quot;:&quot;tile&quot;}\" >\n<div class=\"textwidget\"><img loading=\"lazy\" decoding=\"async\" class=\"alignnone size-medium wp-image-1247\" src=\"https:\/\/www.bauer-hans.de\/scll\/wp-content\/uploads\/sites\/12\/2016\/06\/Logo-Mitterer-300x221.jpg\" alt=\"\" width=\"300\" height=\"221\" srcset=\"https:\/\/www.bauer-hans.de\/scll\/wp-content\/uploads\/sites\/12\/2016\/06\/Logo-Mitterer-300x221.jpg 300w, https:\/\/www.bauer-hans.de\/scll\/wp-content\/uploads\/sites\/12\/2016\/06\/Logo-Mitterer-250x184.jpg 250w, https:\/\/www.bauer-hans.de\/scll\/wp-content\/uploads\/sites\/12\/2016\/06\/Logo-Mitterer.jpg 535w\" sizes=\"auto, (max-width: 300px) 100vw, 300px\" \/><\/p>\n<p><strong><span style=\"color: #555555;\"><a href=\"http:\/\/mitterer-bootswerft.de\" target=\"_blank\" rel=\"noopener noreferrer\">Die neue Mitterer Bootswerft<\/a><br \/>\n<\/span><\/strong><strong><span style=\"color: #555555;\">P\u00e4chter Andreas Miehle\u00a0<\/span><\/strong><\/p>\n<p><strong><span style=\"color: #555555;\">Seeweg S\u00fcd 60b + 72<br \/>\n<\/span><\/strong><strong><span style=\"color: #555555;\">86911 Die\u00dfen am Ammersee<\/span><\/strong><\/p>\n<p><strong><span style=\"color: #555555;\">Telefon: 0175\/5775557<br \/>\n<\/span><\/strong><strong><span style=\"color: #555555;\">Telefon : Andreas Miehle 0172\/ 850634<\/span><\/strong><\/div>\n<\/div>\n<\/div>\n<div id=\"pgc-1270-1-1\"  class=\"panel-grid-cell\"  data-weight=\"0.5\" >\n<div id=\"panel-1270-1-1-0\" class=\"so-panel widget widget_black-studio-tinymce widget_black_studio_tinymce panel-first-child\" data-index=\"10\" data-style=\"{&quot;background_display&quot;:&quot;tile&quot;}\" >\n<div class=\"textwidget\"><a href=\"https:\/\/www.bauer-hans.de\/scll\/wp-content\/uploads\/sites\/12\/2015\/04\/Logo-M\u00fcller_Hahl.jpg\"><img loading=\"lazy\" decoding=\"async\" class=\"alignnone size-full wp-image-969\" src=\"https:\/\/www.bauer-hans.de\/scll\/wp-content\/uploads\/sites\/12\/2015\/04\/Logo-M\u00fcller_Hahl.jpg\" alt=\"Logo M\u00fcller_Hahl\" width=\"200\" height=\"100\" \/><\/a><br \/>\n<b><a href=\"http:\/\/www.mh-kr.de\/\"><strong>Zahnarztpraxis<br \/>\n<\/strong><\/a><\/b><a href=\"http:\/\/www.mh-kr.de\/\">Bernd M\u00fcller-Hahl, Dr. Michael Krennrich <\/a><br \/>\n<a href=\"http:\/\/www.mh-kr.de\/\">Die\u00dfen<br \/>\nTel. 08807\/1452<\/a>\n<\/div>\n<\/div>\n<div id=\"panel-1270-1-1-1\" class=\"so-panel widget widget_black-studio-tinymce widget_black_studio_tinymce\" data-index=\"11\" data-style=\"{&quot;background_display&quot;:&quot;tile&quot;}\" >\n<div class=\"textwidget\">\n<p><a href=\"https:\/\/www.bauer-hans.de\/scll\/wp-content\/uploads\/sites\/12\/2016\/06\/RiethDoitWeb.jpg\"><img loading=\"lazy\" decoding=\"async\" class=\"alignnone wp-image-1305\" src=\"https:\/\/www.bauer-hans.de\/scll\/wp-content\/uploads\/sites\/12\/2016\/06\/RiethDoitWeb.jpg\" alt=\"RiethDoitWeb\" width=\"200\" height=\"110\" srcset=\"https:\/\/www.bauer-hans.de\/scll\/wp-content\/uploads\/sites\/12\/2016\/06\/RiethDoitWeb.jpg 350w, https:\/\/www.bauer-hans.de\/scll\/wp-content\/uploads\/sites\/12\/2016\/06\/RiethDoitWeb-300x165.jpg 300w, https:\/\/www.bauer-hans.de\/scll\/wp-content\/uploads\/sites\/12\/2016\/06\/RiethDoitWeb-250x138.jpg 250w\" sizes=\"auto, (max-width: 200px) 100vw, 200px\" \/><\/a><br \/> <a href=\"http:\/\/www.rieth-baustoffe.de\/\" target=\"_blank\" rel=\"noopener noreferrer\"><strong>Baustoffhandel H. Rieth GmbH<\/strong><\/a><br \/> <a href=\"http:\/\/www.do-it-online.de\" target=\"_blank\" rel=\"noopener noreferrer\"><strong> doit! Bau- und Gartencenter<\/strong><\/a><br \/> M\u00fcnchener Str. 13\/21<br \/> 86899 Landsberg am Lech<\/p>\n<\/div>\n<\/div>\n<div id=\"panel-1270-1-1-2\" class=\"so-panel widget widget_black-studio-tinymce widget_black_studio_tinymce\" data-index=\"12\" data-style=\"{&quot;background_display&quot;:&quot;tile&quot;}\" >\n<div class=\"textwidget\"><img loading=\"lazy\" decoding=\"async\" class=\"alignnone size-medium wp-image-1677\" src=\"https:\/\/www.bauer-hans.de\/scll\/wp-content\/uploads\/sites\/12\/2018\/05\/maler-knoll-300x212.jpg\" alt=\"\" width=\"300\" height=\"212\" srcset=\"https:\/\/www.bauer-hans.de\/scll\/wp-content\/uploads\/sites\/12\/2018\/05\/maler-knoll-300x212.jpg 300w, https:\/\/www.bauer-hans.de\/scll\/wp-content\/uploads\/sites\/12\/2018\/05\/maler-knoll-768x542.jpg 768w, https:\/\/www.bauer-hans.de\/scll\/wp-content\/uploads\/sites\/12\/2018\/05\/maler-knoll-1024x722.jpg 1024w, https:\/\/www.bauer-hans.de\/scll\/wp-content\/uploads\/sites\/12\/2018\/05\/maler-knoll-250x176.jpg 250w, https:\/\/www.bauer-hans.de\/scll\/wp-content\/uploads\/sites\/12\/2018\/05\/maler-knoll.jpg 1551w\" sizes=\"auto, (max-width: 300px) 100vw, 300px\" \/><br \/>\n<strong><a href=\"http:\/\/www.malerknoll.de\/\" target=\"_blank\" rel=\"noopener noreferrer\">malerknoll GmbH &amp; Co.KG<\/a><br \/>\n<\/strong>Kolpingstr. 32<br \/>\n86916 Kaufering<br \/>\nTel.: 08191\/66626<\/div>\n<\/div>\n<div id=\"panel-1270-1-1-3\" class=\"so-panel widget widget_black-studio-tinymce widget_black_studio_tinymce\" data-index=\"13\" data-style=\"{&quot;background_display&quot;:&quot;tile&quot;}\" >\n<div class=\"textwidget\">\n\u00a0<a href=\"https:\/\/www.bauer-hans.de\/scll\/wp-content\/uploads\/sites\/12\/2015\/04\/Logo-Veltrup.jpg\"><img loading=\"lazy\" decoding=\"async\" class=\"alignnone size-full wp-image-977\" src=\"https:\/\/www.bauer-hans.de\/scll\/wp-content\/uploads\/sites\/12\/2015\/04\/Logo-Veltrup.jpg\" alt=\"Logo Veltrup\" width=\"200\" height=\"80\" \/><\/a><br \/>\n<a href=\"http:\/\/www.veltrup.de\/\" target=\"_blank\" rel=\"noopener noreferrer\"><strong>Veltrup Immobilienmakler<\/strong><\/a><br \/>\nGreifenberger Str. 6<br \/>\n86938 Schondorf<br \/>\nTel.: 08192\/995566<\/div>\n<\/div>\n<div id=\"panel-1270-1-1-4\" class=\"so-panel widget widget_black-studio-tinymce widget_black_studio_tinymce\" data-index=\"14\" data-style=\"{&quot;background_display&quot;:&quot;tile&quot;}\" >\n<div class=\"textwidget\">\u00a0<a href=\"https:\/\/www.bauer-hans.de\/scll\/wp-content\/uploads\/sites\/12\/2015\/06\/awn.jpg\"><img loading=\"lazy\" decoding=\"async\" class=\"alignnone size-full wp-image-1077\" src=\"https:\/\/www.bauer-hans.de\/scll\/wp-content\/uploads\/sites\/12\/2015\/06\/awn.jpg\" alt=\"awn\" width=\"200\" height=\"106\" \/><\/a><br \/>\n<a href=\"https:\/\/www.awn.de\" target=\"_blank\" rel=\"noopener noreferrer\"><strong>a.w. niemeyer<\/strong><\/a><br \/>\n<strong>Bootszubeh\u00f6r<\/strong> \/Bekleidung<br \/>\nWettersteinstr. 16<br \/>\n82024 Taufkirchen<br \/>\nTel : 089\/8403900-0\n<\/div>\n<\/div>\n<div id=\"panel-1270-1-1-5\" class=\"so-panel widget widget_black-studio-tinymce widget_black_studio_tinymce\" data-index=\"15\" data-style=\"{&quot;background_display&quot;:&quot;tile&quot;}\" >\n<div class=\"textwidget\">\u00a0<a href=\"https:\/\/www.bauer-hans.de\/scll\/wp-content\/uploads\/sites\/12\/2015\/04\/Logo-Spk.jpg\"><img loading=\"lazy\" decoding=\"async\" class=\"alignnone size-full wp-image-975\" src=\"https:\/\/www.bauer-hans.de\/scll\/wp-content\/uploads\/sites\/12\/2015\/04\/Logo-Spk.jpg\" alt=\"Logo Spk\" width=\"200\" height=\"82\" \/><\/a><br \/>\n<a href=\"https:\/\/www.sparkasse-landsberg.de\" target=\"_blank\" rel=\"noopener noreferrer\"><strong>Sparkasse Landsberg-Die\u00dfen<\/strong><\/a><br \/>\nHauptplatz 1-7<br \/>\n86899 Landsberg<br \/>\nTel.: 08191\/124-0<\/div>\n<\/div>\n<div id=\"panel-1270-1-1-6\" class=\"so-panel widget widget_black-studio-tinymce widget_black_studio_tinymce\" data-index=\"16\" data-style=\"{&quot;background_display&quot;:&quot;tile&quot;}\" >\n<div class=\"textwidget\">\u00a0<a href=\"https:\/\/www.bauer-hans.de\/scll\/wp-content\/uploads\/sites\/12\/2015\/04\/Logo-Salmeri.jpg\"><img loading=\"lazy\" decoding=\"async\" class=\"alignnone size-full wp-image-973\" src=\"https:\/\/www.bauer-hans.de\/scll\/wp-content\/uploads\/sites\/12\/2015\/04\/Logo-Salmeri.jpg\" alt=\"Logo Salmeri\" width=\"200\" height=\"86\" \/><\/a><br \/>\n<a href=\"http:\/\/www.salmeri.de\/\" target=\"_blank\" rel=\"noopener noreferrer\"><strong>Werbedesign Salmeri<br \/>\n<\/strong><\/a>Viktor-Frankl-Str. 26<br \/>\n86916 Kaufering<br \/>\nTel. 0 81 91\/50590<\/p>\n<\/div>\n<\/div>\n<div id=\"panel-1270-1-1-7\" class=\"so-panel widget widget_black-studio-tinymce widget_black_studio_tinymce\" data-index=\"17\" data-style=\"{&quot;background_display&quot;:&quot;tile&quot;}\" >\n<div class=\"textwidget\"><img loading=\"lazy\" decoding=\"async\" class=\"alignnone size-medium wp-image-1249\" src=\"https:\/\/www.bauer-hans.de\/scll\/wp-content\/uploads\/sites\/12\/2016\/06\/Logo-Baur-300x131.jpg\" alt=\"\" width=\"300\" height=\"131\" srcset=\"https:\/\/www.bauer-hans.de\/scll\/wp-content\/uploads\/sites\/12\/2016\/06\/Logo-Baur-300x131.jpg 300w, https:\/\/www.bauer-hans.de\/scll\/wp-content\/uploads\/sites\/12\/2016\/06\/Logo-Baur-250x110.jpg 250w, https:\/\/www.bauer-hans.de\/scll\/wp-content\/uploads\/sites\/12\/2016\/06\/Logo-Baur.jpg 381w\" sizes=\"auto, (max-width: 300px) 100vw, 300px\" \/><\/p>\n<p><strong><a href=\"http:\/\/www.hubertbaur.de\/\" target=\"_blank\" rel=\"noopener noreferrer\">Hubert Baur &#8211; Fachbetrieb f\u00fcr<\/a> <\/strong><br \/>\n<strong>Karosserie und Hagelschaden<\/strong><br \/>\n<b><span style=\"font-family: Arial; font-size: medium;\">Fuggerstr. 2a<br \/>\n<\/span><\/b><strong>86911 Oberm\u00fchlhausen<\/strong><\/p>\n<p><strong>Tel.:\u00a0\u00a0\u00a0\u00a008196 &#8211; 999759<\/strong><br \/>\n<strong>Fax:\u00a0\u00a0\u00a0\u00a008196 &#8211; 999749<\/strong><br \/>\n<strong>Mobil: 0179 &#8211; 50 24 210<\/strong><\/p>\n<p><strong>E-Mail:<span style=\"color: #000000; font-family: Arial;\">\u00a0<\/span><a>info@hubertbaur.de<\/a><\/strong><\/div>\n<\/div>\n<div id=\"panel-1270-1-1-8\" class=\"so-panel widget widget_black-studio-tinymce widget_black_studio_tinymce panel-last-child\" data-index=\"18\" data-style=\"{&quot;background_display&quot;:&quot;tile&quot;}\" >\n<div class=\"textwidget\"><img loading=\"lazy\" decoding=\"async\" class=\"alignnone size-full wp-image-1498\" src=\"https:\/\/www.bauer-hans.de\/scll\/wp-content\/uploads\/sites\/12\/2016\/11\/logo-radlhaus.png\" alt=\"\" width=\"146\" height=\"116\" \/><\/p>\n<p><a href=\"http:\/\/www.radlhaus-kissing.de\/\" target=\"_blank\" rel=\"noopener noreferrer\"><strong>Radlhaus Kissing<\/strong><\/a><br \/>\n<strong>R\u00f6merstr. 33<\/strong><br \/>\n<strong>86438 Kissing<\/strong><\/p>\n<p><strong>Tel.: 08233-60134<\/strong><br \/>\n<strong>Fax: 08233-60927<\/strong><br \/>\n<strong>Mail: info@radlhaus-kissing.de<\/strong><\/div>\n<\/div>\n<\/div>\n<\/div>\n<\/div>\n","protected":false},"excerpt":{"rendered":"<p>Hier unsere Sponsoren Unsere Werbepartner erm\u00f6glichen erst die Durchf\u00fchrung dieser Regatta, bitte honorieren Sie dies bei Ihren Eink\u00e4ufen. \u00a0 vfm Bauer &amp; Kollegen Versicherungsmakler Weilheimer Str. 6e 86899 Landsberg Tel: 08191\/98555-00 SUN CHARTER gro\u00dfte Dt. Flotte im Mittelmeer Wolfratshausen Tel. 08171\/ 29905 K\u00fcchenstudio Graul Im Moos 5 | 86477 Adelsried Telefon:\u00a008294-86970 Max-Josef-Metzger-Stra\u00dfe 21\u00a0|\u00a086157 Augsburg Tel.:\u00a0: [&hellip;]<\/p>\n","protected":false},"author":2,"featured_media":0,"parent":0,"menu_order":0,"comment_status":"closed","ping_status":"closed","template":"","meta":{"_acf_changed":false,"footnotes":""},"class_list":["post-1270","page","type-page","status-publish","hentry"],"acf":[],"yoast_head":"<!-- This site is optimized with the Yoast SEO plugin v27.5 - https:\/\/yoast.com\/product\/yoast-seo-wordpress\/ -->\n<title>Sponsoren 24-Stunden-Regatta - Segelclub Landsberg am Ammersee<\/title>\n<meta name=\"robots\" content=\"index, follow, max-snippet:-1, max-image-preview:large, max-video-preview:-1\" \/>\n<link rel=\"canonical\" href=\"https:\/\/www.bauer-hans.de\/scll\/sponsoren\/\" \/>\n<meta name=\"twitter:label1\" content=\"Gesch\u00e4tzte Lesezeit\" \/>\n\t<meta name=\"twitter:data1\" content=\"1\u00a0Minute\" \/>\n<script type=\"application\/ld+json\" class=\"yoast-schema-graph\">{\"@context\":\"https:\\\/\\\/schema.org\",\"@graph\":[{\"@type\":\"WebPage\",\"@id\":\"https:\\\/\\\/www.bauer-hans.de\\\/scll\\\/sponsoren\\\/\",\"url\":\"https:\\\/\\\/www.bauer-hans.de\\\/scll\\\/sponsoren\\\/\",\"name\":\"Sponsoren 24-Stunden-Regatta - Segelclub Landsberg am Ammersee\",\"isPartOf\":{\"@id\":\"https:\\\/\\\/www.bauer-hans.de\\\/scll\\\/#website\"},\"primaryImageOfPage\":{\"@id\":\"https:\\\/\\\/www.bauer-hans.de\\\/scll\\\/sponsoren\\\/#primaryimage\"},\"image\":{\"@id\":\"https:\\\/\\\/www.bauer-hans.de\\\/scll\\\/sponsoren\\\/#primaryimage\"},\"thumbnailUrl\":\"https:\\\/\\\/www.bauer-hans.de\\\/scll\\\/wp-content\\\/uploads\\\/sites\\\/12\\\/2015\\\/04\\\/Logo-vfm.jpg\",\"datePublished\":\"2016-06-13T15:36:45+00:00\",\"dateModified\":\"2019-04-20T09:30:22+00:00\",\"breadcrumb\":{\"@id\":\"https:\\\/\\\/www.bauer-hans.de\\\/scll\\\/sponsoren\\\/#breadcrumb\"},\"inLanguage\":\"de\",\"potentialAction\":[{\"@type\":\"ReadAction\",\"target\":[\"https:\\\/\\\/www.bauer-hans.de\\\/scll\\\/sponsoren\\\/\"]}]},{\"@type\":\"ImageObject\",\"inLanguage\":\"de\",\"@id\":\"https:\\\/\\\/www.bauer-hans.de\\\/scll\\\/sponsoren\\\/#primaryimage\",\"url\":\"https:\\\/\\\/www.bauer-hans.de\\\/scll\\\/wp-content\\\/uploads\\\/sites\\\/12\\\/2015\\\/04\\\/Logo-vfm.jpg\",\"contentUrl\":\"https:\\\/\\\/www.bauer-hans.de\\\/scll\\\/wp-content\\\/uploads\\\/sites\\\/12\\\/2015\\\/04\\\/Logo-vfm.jpg\"},{\"@type\":\"BreadcrumbList\",\"@id\":\"https:\\\/\\\/www.bauer-hans.de\\\/scll\\\/sponsoren\\\/#breadcrumb\",\"itemListElement\":[{\"@type\":\"ListItem\",\"position\":1,\"name\":\"Startseite\",\"item\":\"https:\\\/\\\/www.bauer-hans.de\\\/scll\\\/\"},{\"@type\":\"ListItem\",\"position\":2,\"name\":\"Sponsoren 24-Stunden-Regatta\"}]},{\"@type\":\"WebSite\",\"@id\":\"https:\\\/\\\/www.bauer-hans.de\\\/scll\\\/#website\",\"url\":\"https:\\\/\\\/www.bauer-hans.de\\\/scll\\\/\",\"name\":\"Segelclub Landsberg am Ammersee\",\"description\":\"SCLL der Segelclub am S\u00fcd-West-Ufer des Ammersees\",\"potentialAction\":[{\"@type\":\"SearchAction\",\"target\":{\"@type\":\"EntryPoint\",\"urlTemplate\":\"https:\\\/\\\/www.bauer-hans.de\\\/scll\\\/?s={search_term_string}\"},\"query-input\":{\"@type\":\"PropertyValueSpecification\",\"valueRequired\":true,\"valueName\":\"search_term_string\"}}],\"inLanguage\":\"de\"}]}<\/script>\n<!-- \/ Yoast SEO plugin. -->","yoast_head_json":{"title":"Sponsoren 24-Stunden-Regatta - Segelclub Landsberg am Ammersee","robots":{"index":"index","follow":"follow","max-snippet":"max-snippet:-1","max-image-preview":"max-image-preview:large","max-video-preview":"max-video-preview:-1"},"canonical":"https:\/\/www.bauer-hans.de\/scll\/sponsoren\/","twitter_misc":{"Gesch\u00e4tzte Lesezeit":"1\u00a0Minute"},"schema":{"@context":"https:\/\/schema.org","@graph":[{"@type":"WebPage","@id":"https:\/\/www.bauer-hans.de\/scll\/sponsoren\/","url":"https:\/\/www.bauer-hans.de\/scll\/sponsoren\/","name":"Sponsoren 24-Stunden-Regatta - Segelclub Landsberg am Ammersee","isPartOf":{"@id":"https:\/\/www.bauer-hans.de\/scll\/#website"},"primaryImageOfPage":{"@id":"https:\/\/www.bauer-hans.de\/scll\/sponsoren\/#primaryimage"},"image":{"@id":"https:\/\/www.bauer-hans.de\/scll\/sponsoren\/#primaryimage"},"thumbnailUrl":"https:\/\/www.bauer-hans.de\/scll\/wp-content\/uploads\/sites\/12\/2015\/04\/Logo-vfm.jpg","datePublished":"2016-06-13T15:36:45+00:00","dateModified":"2019-04-20T09:30:22+00:00","breadcrumb":{"@id":"https:\/\/www.bauer-hans.de\/scll\/sponsoren\/#breadcrumb"},"inLanguage":"de","potentialAction":[{"@type":"ReadAction","target":["https:\/\/www.bauer-hans.de\/scll\/sponsoren\/"]}]},{"@type":"ImageObject","inLanguage":"de","@id":"https:\/\/www.bauer-hans.de\/scll\/sponsoren\/#primaryimage","url":"https:\/\/www.bauer-hans.de\/scll\/wp-content\/uploads\/sites\/12\/2015\/04\/Logo-vfm.jpg","contentUrl":"https:\/\/www.bauer-hans.de\/scll\/wp-content\/uploads\/sites\/12\/2015\/04\/Logo-vfm.jpg"},{"@type":"BreadcrumbList","@id":"https:\/\/www.bauer-hans.de\/scll\/sponsoren\/#breadcrumb","itemListElement":[{"@type":"ListItem","position":1,"name":"Startseite","item":"https:\/\/www.bauer-hans.de\/scll\/"},{"@type":"ListItem","position":2,"name":"Sponsoren 24-Stunden-Regatta"}]},{"@type":"WebSite","@id":"https:\/\/www.bauer-hans.de\/scll\/#website","url":"https:\/\/www.bauer-hans.de\/scll\/","name":"Segelclub Landsberg am Ammersee","description":"SCLL der Segelclub am S\u00fcd-West-Ufer des Ammersees","potentialAction":[{"@type":"SearchAction","target":{"@type":"EntryPoint","urlTemplate":"https:\/\/www.bauer-hans.de\/scll\/?s={search_term_string}"},"query-input":{"@type":"PropertyValueSpecification","valueRequired":true,"valueName":"search_term_string"}}],"inLanguage":"de"}]}},"_links":{"self":[{"href":"https:\/\/www.bauer-hans.de\/scll\/wp-json\/wp\/v2\/pages\/1270","targetHints":{"allow":["GET"]}}],"collection":[{"href":"https:\/\/www.bauer-hans.de\/scll\/wp-json\/wp\/v2\/pages"}],"about":[{"href":"https:\/\/www.bauer-hans.de\/scll\/wp-json\/wp\/v2\/types\/page"}],"author":[{"embeddable":true,"href":"https:\/\/www.bauer-hans.de\/scll\/wp-json\/wp\/v2\/users\/2"}],"replies":[{"embeddable":true,"href":"https:\/\/www.bauer-hans.de\/scll\/wp-json\/wp\/v2\/comments?post=1270"}],"version-history":[{"count":50,"href":"https:\/\/www.bauer-hans.de\/scll\/wp-json\/wp\/v2\/pages\/1270\/revisions"}],"predecessor-version":[{"id":1939,"href":"https:\/\/www.bauer-hans.de\/scll\/wp-json\/wp\/v2\/pages\/1270\/revisions\/1939"}],"wp:attachment":[{"href":"https:\/\/www.bauer-hans.de\/scll\/wp-json\/wp\/v2\/media?parent=1270"}],"curies":[{"name":"wp","href":"https:\/\/api.w.org\/{rel}","templated":true}]}}