{"id":1388,"date":"2016-11-21T11:37:05","date_gmt":"2016-11-21T09:37:05","guid":{"rendered":"http:\/\/www.bauer-hans.de\/scll\/?page_id=1388"},"modified":"2018-11-18T10:57:25","modified_gmt":"2018-11-18T08:57:25","slug":"toerns","status":"publish","type":"page","link":"https:\/\/www.bauer-hans.de\/scll\/toerns\/","title":{"rendered":"T\u00f6rns"},"content":{"rendered":"<h1 style=\"text-align: center;\">2018 &#8211; eine Reise nach Portugal<\/h1>\n<h3 style=\"text-align: center;\"><a href=\"https:\/\/www.youtube.com\/watch?v=aAiVsqfbn5g&amp;list=RDaAiVsqfbn5g&amp;index=1\" target=\"_blank\" rel=\"noopener\">der\u00a0begleitende Sound<\/a><\/h3>\n<p>Kaum zur\u00fcck von dem letzten T\u00f6rn an den Reschensee, wurde schon wieder \u00fcberlegt wohin es n\u00e4chstes Jahr gehen soll. Kriterien waren diesmal warmes Klima und nat\u00fcrlich eine Wasseraktivit\u00e4t. Beides wurde erf\u00fcllt und das Ziel stand schnell fest. Es sollte nach der Jugendwoche nach Portugal gehen. Fl\u00fcge wurden gebucht, Pl\u00e4ne wurden geschmiedet bis es dann am vierten August soweit war. Es trafen sich alle m\u00fcde um vier Uhr nachts am M\u00fcnchner Flughafen und wir flogen ins drei Stunden entfernte Portugal.<\/p>\n<p>Bei Ankunft warteten zwei schicke Transporter in wei\u00df und schwarz auf uns, die uns die Woche \u00fcberall hinbrachten. Die Gruppe wurde in zwei Teams aufgeteilt, die Einen fuhren bei Manu mit, die Anderen beim Jens. Da wir das Haus erst gegen sp\u00e4ten Nachmittag beziehen konnten, ging es erstmal an den nahegelegenen Strand. Mit einer mitt\u00e4glichen Brotzeit sa\u00dfen wir in der hei\u00dfen Sonne und brutzelten so vor uns hin. Bis zum Nachmittag d\u00f6sten wir am Strand und ein paar Mutige gingen im sch\u00f6nen kalten Atlantik baden. Frisch ausgeschlafen und erfrischt, erledigten wir dann unseren Gro\u00dfeinkauf und bezogen anschlie\u00dfend unser Haus. Die Zimmer waren schnell belegt und dann wurde auch schon gekocht und gegessen. Au\u00dferdem feierten wir Jens Geburtstag und auch wie in den darauffolgenden Tagen spielten wir abends Spiele und ratschten.<\/p>\n<p>Am n\u00e4chsten Tag entspannten wir uns wieder am Strand und freuten uns auf den Abend, denn da durften wir endlich das Wellensurfen ausprobieren. Schnell an den anderen Strand gefahren, uns zwei Surflehrer geschnappt und nach ein paar Aufw\u00e4rm\u00fcbungen ging es endlich ins Wasser. Nacheinander wurden wir angeschoben und versuchten aufzustehen.<\/p>\n<p>Wir hatten Blut geleckt und freuten uns auf die n\u00e4chsten Surftage und konnten gar nicht genug bekommen.<\/p>\n<p>Am Dienstag gab es anderes Programm f\u00fcr uns Jugendliche. Wir fuhren nach Lissabon und trafen dort eine Frau, die uns die sch\u00f6ne Stadt zeigte. Am Ende gab es sogar noch eine Verkostung von portugiesischem K\u00e4se und Schinken. Die wichtigsten Orte merkten wir uns, da wir am n\u00e4chsten Tag nochmal nach Lissabon fuhren, um ein bisschen zu shoppen oder Eis zu essen. Abends kam dann das gro\u00dfe Ereignis der Reise. Wir durften mit auf ein Segelboot (Bavaria 44)und segelten in den Sonnenuntergang. Mit gutem Wind segelten wir unter der Br\u00fccke Ponte 25 de Abril hindurch und bestaunten das sch\u00f6ne Lissabon vom Wasser aus. Es war ein voller Erfolg und auch der Kapit\u00e4n war begeistert von unseren Segelk\u00fcnsten.<\/p>\n<p>Am n\u00e4chsten Tag waren wir wieder am Strand, aber die Wellen waren ziemlich hoch und so gingen erstmals nur ein paar Jungs surfen. Es wurde aber auch Volleyball gespielt oder einfach nur gelesen. Am Abend wurde p\u00fcnktlich um Mitternacht Johannas Geburtstag eingeleitet mit Kuchen, Kerzen und Spielen.<\/p>\n<p>Am vorletzten Tag gingen wir alle nochmals Surfen und fix und fertig, aber gl\u00fccklich verputzten wir am Ende des Tages Pizza und machten uns alle inklusive Manu und Jens auf in die n\u00e4chstgelegen Bar mit Live-Musik und genossen den letzten Abend.<\/p>\n<p>Der letzte Tag brach an und jeder packte und w\u00fcnschte sich, wir w\u00fcrden noch eine Woche bleiben k\u00f6nnen. Schnell an den Flughafen und abends flogen wir dann heim und wurden um Mitternacht von unseren Eltern empfangen. Der Jugendt\u00f6rn war ein voller Erfolg und wir freuen uns wie immer schon auf das n\u00e4chste Jahr.<\/p>\n<p><img loading=\"lazy\" decoding=\"async\" class=\"alignnone size-full wp-image-1881\" src=\"https:\/\/www.bauer-hans.de\/scll\/wp-content\/uploads\/sites\/12\/2018\/11\/juto_18_gruppenfoto.jpg\" alt=\"\" width=\"1200\" height=\"800\" srcset=\"https:\/\/www.bauer-hans.de\/scll\/wp-content\/uploads\/sites\/12\/2018\/11\/juto_18_gruppenfoto.jpg 1200w, https:\/\/www.bauer-hans.de\/scll\/wp-content\/uploads\/sites\/12\/2018\/11\/juto_18_gruppenfoto-300x200.jpg 300w, https:\/\/www.bauer-hans.de\/scll\/wp-content\/uploads\/sites\/12\/2018\/11\/juto_18_gruppenfoto-768x512.jpg 768w, https:\/\/www.bauer-hans.de\/scll\/wp-content\/uploads\/sites\/12\/2018\/11\/juto_18_gruppenfoto-1024x683.jpg 1024w, https:\/\/www.bauer-hans.de\/scll\/wp-content\/uploads\/sites\/12\/2018\/11\/juto_18_gruppenfoto-250x167.jpg 250w, https:\/\/www.bauer-hans.de\/scll\/wp-content\/uploads\/sites\/12\/2018\/11\/juto_18_gruppenfoto-272x182.jpg 272w\" sizes=\"auto, (max-width: 1200px) 100vw, 1200px\" \/><\/p>\n<p><img loading=\"lazy\" decoding=\"async\" class=\"alignnone size-full wp-image-1882\" src=\"https:\/\/www.bauer-hans.de\/scll\/wp-content\/uploads\/sites\/12\/2018\/11\/juto_18_bugfoto.jpg\" alt=\"\" width=\"1200\" height=\"800\" srcset=\"https:\/\/www.bauer-hans.de\/scll\/wp-content\/uploads\/sites\/12\/2018\/11\/juto_18_bugfoto.jpg 1200w, https:\/\/www.bauer-hans.de\/scll\/wp-content\/uploads\/sites\/12\/2018\/11\/juto_18_bugfoto-300x200.jpg 300w, https:\/\/www.bauer-hans.de\/scll\/wp-content\/uploads\/sites\/12\/2018\/11\/juto_18_bugfoto-768x512.jpg 768w, https:\/\/www.bauer-hans.de\/scll\/wp-content\/uploads\/sites\/12\/2018\/11\/juto_18_bugfoto-1024x683.jpg 1024w, https:\/\/www.bauer-hans.de\/scll\/wp-content\/uploads\/sites\/12\/2018\/11\/juto_18_bugfoto-250x167.jpg 250w, https:\/\/www.bauer-hans.de\/scll\/wp-content\/uploads\/sites\/12\/2018\/11\/juto_18_bugfoto-272x182.jpg 272w\" sizes=\"auto, (max-width: 1200px) 100vw, 1200px\" \/><\/p>\n<p><img loading=\"lazy\" decoding=\"async\" class=\"alignnone size-full wp-image-1883\" src=\"https:\/\/www.bauer-hans.de\/scll\/wp-content\/uploads\/sites\/12\/2018\/11\/juto_18_surfer.jpg\" alt=\"\" width=\"1200\" height=\"800\" srcset=\"https:\/\/www.bauer-hans.de\/scll\/wp-content\/uploads\/sites\/12\/2018\/11\/juto_18_surfer.jpg 1200w, https:\/\/www.bauer-hans.de\/scll\/wp-content\/uploads\/sites\/12\/2018\/11\/juto_18_surfer-300x200.jpg 300w, https:\/\/www.bauer-hans.de\/scll\/wp-content\/uploads\/sites\/12\/2018\/11\/juto_18_surfer-768x512.jpg 768w, https:\/\/www.bauer-hans.de\/scll\/wp-content\/uploads\/sites\/12\/2018\/11\/juto_18_surfer-1024x683.jpg 1024w, https:\/\/www.bauer-hans.de\/scll\/wp-content\/uploads\/sites\/12\/2018\/11\/juto_18_surfer-250x167.jpg 250w, https:\/\/www.bauer-hans.de\/scll\/wp-content\/uploads\/sites\/12\/2018\/11\/juto_18_surfer-272x182.jpg 272w\" sizes=\"auto, (max-width: 1200px) 100vw, 1200px\" \/><\/p>\n<p>&nbsp;<\/p>\n<hr \/>\n<h1 style=\"text-align: center;\">2017 &#8211; S\u00fcdtirol<\/h1>\n<p><img loading=\"lazy\" decoding=\"async\" class=\"alignnone size-full wp-image-1632\" style=\"font-size: 1.4em;\" src=\"https:\/\/www.bauer-hans.de\/scll\/wp-content\/uploads\/sites\/12\/2016\/11\/jugend_2017_1.jpg\" alt=\"\" width=\"1200\" height=\"800\" srcset=\"https:\/\/www.bauer-hans.de\/scll\/wp-content\/uploads\/sites\/12\/2016\/11\/jugend_2017_1.jpg 1200w, https:\/\/www.bauer-hans.de\/scll\/wp-content\/uploads\/sites\/12\/2016\/11\/jugend_2017_1-300x200.jpg 300w, https:\/\/www.bauer-hans.de\/scll\/wp-content\/uploads\/sites\/12\/2016\/11\/jugend_2017_1-768x512.jpg 768w, https:\/\/www.bauer-hans.de\/scll\/wp-content\/uploads\/sites\/12\/2016\/11\/jugend_2017_1-1024x683.jpg 1024w, https:\/\/www.bauer-hans.de\/scll\/wp-content\/uploads\/sites\/12\/2016\/11\/jugend_2017_1-250x167.jpg 250w, https:\/\/www.bauer-hans.de\/scll\/wp-content\/uploads\/sites\/12\/2016\/11\/jugend_2017_1-272x182.jpg 272w\" sizes=\"auto, (max-width: 1200px) 100vw, 1200px\" \/><\/p>\n<h3>Albin und die 37 R\u00e4uber \u2013 SCLL Jugend macht den Reschensee unsicher!<\/h3>\n<p>2017\u00a0ging es f\u00fcr die Jugend in Manus Heimat nach S\u00fcdtirol an den wundersch\u00f6nen Reschensee.<\/p>\n<p>Es begann am 5.08 um 6:00 in St.Alban am Club mit 5 Zugfahrzeugen inklusive Moby Dick. Alle Boote waren schon am Vortag fest eingeschn\u00fcrt auf den vorhandenen Trailern und mussten nur noch angeh\u00e4ngt werden. Wir verteilten uns auf die Autos, und starteten fast p\u00fcnktlich in den Urlaub. Vorne in der Kolonne d\u00fcsten Jens und Rudi vorweg und das Schlusslicht bildete Valentin mit Team Audi. W\u00e4hrend es in einem Auto auf der R\u00fcckbank nur so kicherte, schliefen in einem anderen Auto alle bis auf den Fahrer oder es wurde Musik geh\u00f6rt.<\/p>\n<p>Nach 4 Stunden war es auch schon geschafft. Wir fuhren am Reschensee entlang zum Giernhof, wo wir unsere Boote abstellen durften. Es wurden viele Handys gez\u00fcckt und wir kamen aus dem Staunen nicht mehr heraus, so sch\u00f6n war der Reschensee. Die Boote sicher abgestellt, aber noch auf den Trailern verschn\u00fcrt, ging es dann f\u00fcr uns ohne Anh\u00e4nger nach St.Valentin auf der Heide um unsere erste Vesper nach S\u00fcdtiroler Art einzunehmen. Gest\u00e4rkt ging es weiter zum Bergsteigen auf den Watles.<\/p>\n<p>Bevor wir hinaufstiegen, bekamen wir von den Salmeris noch ein Geschenk. Wundersch\u00f6ne T-Shirts mit dem Turm und \u201eReschensee 2017\u201c als Aufdruck. Alle zogen sie sofort an und als Team wanderten wir dort hoch. Dort oben angekommen, st\u00e4rkten wir uns nach der anstrengenden Wanderung und freuten uns auf unser erstes Highlight. Dies bestand daraus, dass wir mit gro\u00dfen Dreir\u00e4dern den Berg hinunterd\u00fcsten. Nach der aufregenden Fahrt hie\u00df es dann ins Haus Alpenk\u00f6nig zu fahren und die Zimmer einzunehmen.<\/p>\n<p>Der Plan an Tag 2 war es, die 420er und den Moby Dick ans Ufer zu bringen und aufzubauen. Die gr\u00f6\u00dfte H\u00fcrde des Tages war der starke Regen, der uns das ganze etwas schwerer machte. Doch auch dies bew\u00e4ltigte die Jugend als Team und wir konnten nach ein paar Stunden v\u00f6llig durchn\u00e4sst sagen \u201eWir haben es geschafft!\u201c. M\u00fcde ging es zur\u00fcck ins Haus zum Umziehen. Wie jeden Abend spielten wir Spiele und unterhielten uns und hatten Spa\u00df.<\/p>\n<p>Der Montag gestaltete sich wieder spannend. Das n\u00e4chste Highlight war eine Rafting-Tour auf dem Inn. Dazu fuhren wir in die Schweiz, zogen coole Neoprenanz\u00fcge und einen roten Helm an und waren voller Vorfreude, was uns denn erwarten w\u00fcrde. Aufgeteilt in Gruppen ging es dann an den Fluss runter und hinein ins sehr, sehr kalte Wasser. Die vorher gelernten Kommandos beherrschten wir sicher und so ging es schnell flussabw\u00e4rts. Durch Steine und B\u00e4ume und Strudel hindurch alles meisterte die SCLL Jugend. Ab und zu ins Boot hinein setzen, dass wir nicht rausgesp\u00fclt werden oder ein High-Five mit den Paddels geben, klappte super. Wir hatten eine Menge Spa\u00df, sprangen sogar an einer Stelle ins kalte Wasser oder spielten Balance-Spiele auf dem Bug des Schlauchbootes. Nat\u00fcrlich fielen dabei fast alle ins Wasser. Die sch\u00f6ne Tour durften wir danach bei Kaffee und Keksen anhand Bilder bewundern, bevor wir wieder Richtung Nauders fuhren zu unserem Haus.<\/p>\n<p>Die darauffolgenden Tage bestanden aus Segeln, Segeln, Segeln. Langsam aber sicher tasteten wir uns an den starken aber sch\u00f6nen Wind heran. F\u00fcr die Unsicheren stand Jens jederzeit zur Verf\u00fcgung und nahm haupts\u00e4chlich uns M\u00e4dchen mit um den Wind auszuprobieren und \u00fcber den Reschensee zu gleiten. Trotz der ein oder anderen Kenterung schlugen wir uns super und hatten viel Spa\u00df beim Segeln. Der Wind wurde von Tag zu Tag st\u00e4rker, doch auch das meisterten wir. Die Segelei konnten sogar die Eltern beobachten, als wir alle um den aus dem Wasser ragenden Kirchturm herumsegelten und Jens die Webcam am Ufer bet\u00e4tigte. Diese schoss Bilder, die man dann im Internet angucken konnte.<\/p>\n<p>Donnerstagabend a\u00dfen wir beim Giernhof W\u00fcrstchen und Salat und begaben uns danach heim, um in den 18. Geburtstag von Johanna zu feiern. Wir hatten so viel Spa\u00df, dass wir am n\u00e4chsten Abend aus dem Geburtstag hinaus feierten und kr\u00f6nten Diesen mit Spielen und einer Pinata.<\/p>\n<p>Am Samstag hie\u00df es leider Abschied zu nehmen. Doch erst stand uns noch ein ereignisreicher Tag bevor. Nach dem Zusammenpacken ging es f\u00fcr uns nochmal zum Watles, um mit den Dreir\u00e4dern den Berg hinunter zu d\u00fcsen. Danach ging es zum See um die Boote abzubauen und bereit zu machen f\u00fcr die Abfahrt. Als Belohnung gingen wir Pizzaessen und traten gegen 20Uhr die Heimfahrt an. Nach 4 Stunden konnten uns unsere Eltern endlich wieder in die Arme schlie\u00dfen. Wir hatten eine unglaubliche coole Woche, die wir nie vergessen werden.<\/p>\n<p><img loading=\"lazy\" decoding=\"async\" class=\"alignnone size-full wp-image-1633\" src=\"https:\/\/www.bauer-hans.de\/scll\/wp-content\/uploads\/sites\/12\/2016\/11\/jugend_2017_2.jpg\" alt=\"\" width=\"1200\" height=\"800\" srcset=\"https:\/\/www.bauer-hans.de\/scll\/wp-content\/uploads\/sites\/12\/2016\/11\/jugend_2017_2.jpg 1200w, https:\/\/www.bauer-hans.de\/scll\/wp-content\/uploads\/sites\/12\/2016\/11\/jugend_2017_2-300x200.jpg 300w, https:\/\/www.bauer-hans.de\/scll\/wp-content\/uploads\/sites\/12\/2016\/11\/jugend_2017_2-768x512.jpg 768w, https:\/\/www.bauer-hans.de\/scll\/wp-content\/uploads\/sites\/12\/2016\/11\/jugend_2017_2-1024x683.jpg 1024w, https:\/\/www.bauer-hans.de\/scll\/wp-content\/uploads\/sites\/12\/2016\/11\/jugend_2017_2-250x167.jpg 250w, https:\/\/www.bauer-hans.de\/scll\/wp-content\/uploads\/sites\/12\/2016\/11\/jugend_2017_2-272x182.jpg 272w\" sizes=\"auto, (max-width: 1200px) 100vw, 1200px\" \/><\/p>\n<p><img loading=\"lazy\" decoding=\"async\" class=\"alignnone size-full wp-image-1635\" src=\"https:\/\/www.bauer-hans.de\/scll\/wp-content\/uploads\/sites\/12\/2016\/11\/reschenpass.jpg\" alt=\"\" width=\"983\" height=\"702\" srcset=\"https:\/\/www.bauer-hans.de\/scll\/wp-content\/uploads\/sites\/12\/2016\/11\/reschenpass.jpg 983w, https:\/\/www.bauer-hans.de\/scll\/wp-content\/uploads\/sites\/12\/2016\/11\/reschenpass-300x214.jpg 300w, https:\/\/www.bauer-hans.de\/scll\/wp-content\/uploads\/sites\/12\/2016\/11\/reschenpass-768x548.jpg 768w, https:\/\/www.bauer-hans.de\/scll\/wp-content\/uploads\/sites\/12\/2016\/11\/reschenpass-250x179.jpg 250w\" sizes=\"auto, (max-width: 983px) 100vw, 983px\" \/><\/p>\n<p><img loading=\"lazy\" decoding=\"async\" class=\"alignnone size-full wp-image-1636\" src=\"https:\/\/www.bauer-hans.de\/scll\/wp-content\/uploads\/sites\/12\/2016\/11\/see1.jpg\" alt=\"\" width=\"1200\" height=\"1800\" srcset=\"https:\/\/www.bauer-hans.de\/scll\/wp-content\/uploads\/sites\/12\/2016\/11\/see1.jpg 1200w, https:\/\/www.bauer-hans.de\/scll\/wp-content\/uploads\/sites\/12\/2016\/11\/see1-200x300.jpg 200w, https:\/\/www.bauer-hans.de\/scll\/wp-content\/uploads\/sites\/12\/2016\/11\/see1-768x1152.jpg 768w, https:\/\/www.bauer-hans.de\/scll\/wp-content\/uploads\/sites\/12\/2016\/11\/see1-683x1024.jpg 683w, https:\/\/www.bauer-hans.de\/scll\/wp-content\/uploads\/sites\/12\/2016\/11\/see1-250x375.jpg 250w\" sizes=\"auto, (max-width: 1200px) 100vw, 1200px\" \/><\/p>\n<p><img loading=\"lazy\" decoding=\"async\" class=\"alignnone size-full wp-image-1637\" src=\"https:\/\/www.bauer-hans.de\/scll\/wp-content\/uploads\/sites\/12\/2016\/11\/gruppe2.jpg\" alt=\"\" width=\"1200\" height=\"798\" srcset=\"https:\/\/www.bauer-hans.de\/scll\/wp-content\/uploads\/sites\/12\/2016\/11\/gruppe2.jpg 1200w, https:\/\/www.bauer-hans.de\/scll\/wp-content\/uploads\/sites\/12\/2016\/11\/gruppe2-300x200.jpg 300w, https:\/\/www.bauer-hans.de\/scll\/wp-content\/uploads\/sites\/12\/2016\/11\/gruppe2-768x511.jpg 768w, https:\/\/www.bauer-hans.de\/scll\/wp-content\/uploads\/sites\/12\/2016\/11\/gruppe2-1024x681.jpg 1024w, https:\/\/www.bauer-hans.de\/scll\/wp-content\/uploads\/sites\/12\/2016\/11\/gruppe2-250x166.jpg 250w, https:\/\/www.bauer-hans.de\/scll\/wp-content\/uploads\/sites\/12\/2016\/11\/gruppe2-272x182.jpg 272w\" sizes=\"auto, (max-width: 1200px) 100vw, 1200px\" \/><\/p>\n<hr \/>\n<h1 style=\"text-align: center;\">SCLL \u2013 Jugend bei den Iren 2015<\/h1>\n<p>Nach dem gro\u00dfen Erfolg des letzten Hollandt\u00f6rns 2014, mit 14 Jugendlichen, ging es nach Irland.<\/p>\n<p>13 Jugendliche, im Alter von 14-19 Jahren und 2 Betreuern erkundeten den gr\u00f6\u00dften Fluss Irlands mit 2 Hausbooten. Gest\u00e4rkt mit einer bayrischen Mahlzeit stiegen wir in den Flieger nach Dublin. Dort erwartete uns bereits ein Kleinbus, der uns nach Portumna, am s\u00fcdlichen Shannon, zu unserer Charterbasis brachte. Die Fahrt f\u00fchrte uns quer durch eine satte gr\u00fcne Landschaft. Das Wetter war an diesem Tag f\u00fcr Irland typisch grau + regnerisch. An der Basis angekommen, \u00fcbernahmen wir 2 14 Meter lange Hausboote die sehr gut Ausgestattet waren und uns ausreichend Platz unter und auf dem Deck boten.<\/p>\n<p>\u201eWenn Segler reisen wird sich\u00b4s Wetter weisen.\u201c; So hatten wir am n\u00e4chsten Tag Sonne und starteten gegen Mittag mit unserer Bootstour in den Norden.<\/p>\n<p>Jeder Jugendliche durfte nach kurzer Einweisung das Boot selber steuern. Nach wenigen Stunden erreichten wir die 1. Schleuse und eine leichte Aufregung der Motorbootneulinge war zu sp\u00fcren. Doch alle Man\u00f6ver klappten reibungslos und ohne Sch\u00e4den. Am Abend erreichten wir den ersten kleinen Hafen. Banagher. Die bereits dort liegenden Schiffe + deren Crew wurden bei unserem Eintreffen ein bisschen nerv\u00f6s. Das Anlegeman\u00f6ver wurde in aller Ruhe und Souver\u00e4nit\u00e4t ausgef\u00fchrt, sodass ein gro\u00dfes Staunen im Hafen war. Nach dem obligatorischen Bad der Jugendlichen im Fluss und dem \u00fcppigen Essen ging es f\u00fcr alle das erste Mal in ein uriges Pub mit Livemusik. Wir genossen die herzliche Gastfreundschaft der Iren bis in die Nacht hinein. Am n\u00e4chsten Tag ging es weiter durch eine sehr sch\u00f6ne Landschaft. Ein Insidertipp empfiehlt uns den Seitenfluss River Suk, den wir nicht bereuen. Wir fuhren bis nach Ballinasloe und \u00fcbernachteten dort. Der Fluss wurde immer enger und kurviger. Da die Gegend sehr schwach besiedelt ist, begegneten uns nur K\u00fche, Pferde, Schafe und Schw\u00e4ne. Die Stimmung auf beiden Booten war sehr entspannt und locker. Die Jugendlichen kamen ganz ohne High-Tech-Ger\u00e4te aus. Bis tief in die Nacht wurde der altber\u00fchmte Game Boy genutzt, aber auch gesellige Spiele durchgef\u00fchrt. Punkt Mitternacht gab es f\u00fcr unsere Johanna zum 16. Geburtstag ein St\u00e4ndchen mit Kuchen und Orangensekt. Am n\u00e4chsten Tag machten wir Halt bei der ber\u00fchmten Klosterruine Clonmacnoise. Ein Teil der Gruppe besichtigte die Kulturst\u00e4dte und der Rest testete die Wassertemperatur des k\u00fchlen Shannon. Abends erreichten wir den Lough Ree. Das Anlegen mit den gro\u00dfen Schiffen in der kleinen, vollen Marina bereitete den Jugendlichen keinerlei Probleme. Es war die Nacht der Sternschnuppen, die unsere Jugend mit Decken und Schlafs\u00e4cke an Deck verbrachten. Am n\u00e4chsten Morgen waren die Augen einer Kids entsprechend klein. Weiterhin bei sch\u00f6nem Wetter und Windstille \u00fcberquerten wir den See. Wracks an den Ufern ermahnten den Steuermann zur Wachsamkeit. Abends erreichten wir Tarmonbarry Lock und hatten einen sehr sch\u00f6nen Liegeplatz. Die Boote wurden wieder als Badeinseln benutzt, obwohl das Wasser recht frisch war. Wir genossen den Sonnenuntergang bei einer Sch\u00fcssel Obstsalat. Der n\u00e4chste Tag belohnte uns mit angenehmen Temperaturen und Sonnenschein. Mittags a\u00dfen wir im Lake Forbes und als Nachspeise enterte die Jugend einen Eiswagen. F\u00fcr den Eismann war dies wohl der Tagesumsatz. Die Man\u00f6ver der anderen Boote wurden mit einem L\u00e4cheln unserer Jugend beobachtet und beurteilt. Das war f\u00fcr uns das ber\u00fchmte Hafen- und Schleusenkino. Die lange Fahrt hat sich an diesem Tag gelohnt. Wir lagen in einem malerischen Nationalpark im See Lok Key, im Norden des Shannon. Mit einem Rundgang des Baumgipfelpfades beendeten wir den Aufenthalt im Nationalpark und fuhren zur Endstation Carrick on Shannon. Dort \u00fcbergaben wir am n\u00e4chsten Tag unser Schiff um 9:00 Uhr. Der wartende Bus brachte uns wieder nach Dublin. Wir folgten den Tipps unseres Busfahrers und erkundeten Dublin bis zum sp\u00e4ten Nachmittag. Am Abend ging unser Flug wieder zur\u00fcck in die Heimat. Auch dieser T\u00f6rn hat den Zusammenhalt der Jugendgruppe des SCLL gest\u00e4rkt. Irland zeigte sich uns von seiner sch\u00f6nsten Seite mit Sonne und angenehmen Temperaturn, freundlichen Menschen und einer wundersch\u00f6nen Landschaft.<\/p>\n<p><img loading=\"lazy\" decoding=\"async\" class=\"alignnone size-full wp-image-1407\" src=\"https:\/\/www.bauer-hans.de\/scll\/wp-content\/uploads\/sites\/12\/2016\/11\/irland1.jpg\" alt=\"irland1\" width=\"1182\" height=\"788\" srcset=\"https:\/\/www.bauer-hans.de\/scll\/wp-content\/uploads\/sites\/12\/2016\/11\/irland1.jpg 1182w, https:\/\/www.bauer-hans.de\/scll\/wp-content\/uploads\/sites\/12\/2016\/11\/irland1-300x200.jpg 300w, https:\/\/www.bauer-hans.de\/scll\/wp-content\/uploads\/sites\/12\/2016\/11\/irland1-768x512.jpg 768w, https:\/\/www.bauer-hans.de\/scll\/wp-content\/uploads\/sites\/12\/2016\/11\/irland1-1024x683.jpg 1024w, https:\/\/www.bauer-hans.de\/scll\/wp-content\/uploads\/sites\/12\/2016\/11\/irland1-250x167.jpg 250w, https:\/\/www.bauer-hans.de\/scll\/wp-content\/uploads\/sites\/12\/2016\/11\/irland1-272x182.jpg 272w\" sizes=\"auto, (max-width: 1182px) 100vw, 1182px\" \/><\/p>\n<p><img loading=\"lazy\" decoding=\"async\" class=\"alignnone size-full wp-image-1408\" src=\"https:\/\/www.bauer-hans.de\/scll\/wp-content\/uploads\/sites\/12\/2016\/11\/irland2.jpg\" alt=\"irland2\" width=\"1182\" height=\"788\" srcset=\"https:\/\/www.bauer-hans.de\/scll\/wp-content\/uploads\/sites\/12\/2016\/11\/irland2.jpg 1182w, https:\/\/www.bauer-hans.de\/scll\/wp-content\/uploads\/sites\/12\/2016\/11\/irland2-300x200.jpg 300w, https:\/\/www.bauer-hans.de\/scll\/wp-content\/uploads\/sites\/12\/2016\/11\/irland2-768x512.jpg 768w, https:\/\/www.bauer-hans.de\/scll\/wp-content\/uploads\/sites\/12\/2016\/11\/irland2-1024x683.jpg 1024w, https:\/\/www.bauer-hans.de\/scll\/wp-content\/uploads\/sites\/12\/2016\/11\/irland2-250x167.jpg 250w, https:\/\/www.bauer-hans.de\/scll\/wp-content\/uploads\/sites\/12\/2016\/11\/irland2-272x182.jpg 272w\" sizes=\"auto, (max-width: 1182px) 100vw, 1182px\" \/><\/p>\n<p><img loading=\"lazy\" decoding=\"async\" class=\"alignnone size-full wp-image-1409\" src=\"https:\/\/www.bauer-hans.de\/scll\/wp-content\/uploads\/sites\/12\/2016\/11\/irland3.jpg\" alt=\"irland3\" width=\"1386\" height=\"924\" srcset=\"https:\/\/www.bauer-hans.de\/scll\/wp-content\/uploads\/sites\/12\/2016\/11\/irland3.jpg 1386w, https:\/\/www.bauer-hans.de\/scll\/wp-content\/uploads\/sites\/12\/2016\/11\/irland3-300x200.jpg 300w, https:\/\/www.bauer-hans.de\/scll\/wp-content\/uploads\/sites\/12\/2016\/11\/irland3-768x512.jpg 768w, https:\/\/www.bauer-hans.de\/scll\/wp-content\/uploads\/sites\/12\/2016\/11\/irland3-1024x683.jpg 1024w, https:\/\/www.bauer-hans.de\/scll\/wp-content\/uploads\/sites\/12\/2016\/11\/irland3-250x167.jpg 250w, https:\/\/www.bauer-hans.de\/scll\/wp-content\/uploads\/sites\/12\/2016\/11\/irland3-272x182.jpg 272w\" sizes=\"auto, (max-width: 1386px) 100vw, 1386px\" \/><\/p>\n<p><img loading=\"lazy\" decoding=\"async\" class=\"alignnone size-full wp-image-1410\" src=\"https:\/\/www.bauer-hans.de\/scll\/wp-content\/uploads\/sites\/12\/2016\/11\/irland4.jpg\" alt=\"irland4\" width=\"1386\" height=\"924\" srcset=\"https:\/\/www.bauer-hans.de\/scll\/wp-content\/uploads\/sites\/12\/2016\/11\/irland4.jpg 1386w, https:\/\/www.bauer-hans.de\/scll\/wp-content\/uploads\/sites\/12\/2016\/11\/irland4-300x200.jpg 300w, https:\/\/www.bauer-hans.de\/scll\/wp-content\/uploads\/sites\/12\/2016\/11\/irland4-768x512.jpg 768w, https:\/\/www.bauer-hans.de\/scll\/wp-content\/uploads\/sites\/12\/2016\/11\/irland4-1024x683.jpg 1024w, https:\/\/www.bauer-hans.de\/scll\/wp-content\/uploads\/sites\/12\/2016\/11\/irland4-250x167.jpg 250w, https:\/\/www.bauer-hans.de\/scll\/wp-content\/uploads\/sites\/12\/2016\/11\/irland4-272x182.jpg 272w\" sizes=\"auto, (max-width: 1386px) 100vw, 1386px\" \/><\/p>\n<p><img loading=\"lazy\" decoding=\"async\" class=\"alignnone size-full wp-image-1411\" src=\"https:\/\/www.bauer-hans.de\/scll\/wp-content\/uploads\/sites\/12\/2016\/11\/irland5.jpg\" alt=\"irland5\" width=\"704\" height=\"1057\" srcset=\"https:\/\/www.bauer-hans.de\/scll\/wp-content\/uploads\/sites\/12\/2016\/11\/irland5.jpg 704w, https:\/\/www.bauer-hans.de\/scll\/wp-content\/uploads\/sites\/12\/2016\/11\/irland5-200x300.jpg 200w, https:\/\/www.bauer-hans.de\/scll\/wp-content\/uploads\/sites\/12\/2016\/11\/irland5-682x1024.jpg 682w, https:\/\/www.bauer-hans.de\/scll\/wp-content\/uploads\/sites\/12\/2016\/11\/irland5-250x375.jpg 250w\" sizes=\"auto, (max-width: 704px) 100vw, 704px\" \/><\/p>\n<p><img loading=\"lazy\" decoding=\"async\" class=\"alignnone size-full wp-image-1412\" src=\"https:\/\/www.bauer-hans.de\/scll\/wp-content\/uploads\/sites\/12\/2016\/11\/irland6.jpg\" alt=\"irland6\" width=\"698\" height=\"1047\" srcset=\"https:\/\/www.bauer-hans.de\/scll\/wp-content\/uploads\/sites\/12\/2016\/11\/irland6.jpg 698w, https:\/\/www.bauer-hans.de\/scll\/wp-content\/uploads\/sites\/12\/2016\/11\/irland6-200x300.jpg 200w, https:\/\/www.bauer-hans.de\/scll\/wp-content\/uploads\/sites\/12\/2016\/11\/irland6-683x1024.jpg 683w, https:\/\/www.bauer-hans.de\/scll\/wp-content\/uploads\/sites\/12\/2016\/11\/irland6-250x375.jpg 250w\" sizes=\"auto, (max-width: 698px) 100vw, 698px\" \/><\/p>\n<p><img loading=\"lazy\" decoding=\"async\" class=\"alignnone size-full wp-image-1413\" src=\"https:\/\/www.bauer-hans.de\/scll\/wp-content\/uploads\/sites\/12\/2016\/11\/irland7.jpg\" alt=\"irland7\" width=\"1386\" height=\"924\" srcset=\"https:\/\/www.bauer-hans.de\/scll\/wp-content\/uploads\/sites\/12\/2016\/11\/irland7.jpg 1386w, https:\/\/www.bauer-hans.de\/scll\/wp-content\/uploads\/sites\/12\/2016\/11\/irland7-300x200.jpg 300w, https:\/\/www.bauer-hans.de\/scll\/wp-content\/uploads\/sites\/12\/2016\/11\/irland7-768x512.jpg 768w, https:\/\/www.bauer-hans.de\/scll\/wp-content\/uploads\/sites\/12\/2016\/11\/irland7-1024x683.jpg 1024w, https:\/\/www.bauer-hans.de\/scll\/wp-content\/uploads\/sites\/12\/2016\/11\/irland7-250x167.jpg 250w, https:\/\/www.bauer-hans.de\/scll\/wp-content\/uploads\/sites\/12\/2016\/11\/irland7-272x182.jpg 272w\" sizes=\"auto, (max-width: 1386px) 100vw, 1386px\" \/><\/p>\n<hr \/>\n<h1 style=\"text-align: center;\">Hollandt\u00f6rn 2014<\/h1>\n<p>Nach der Jugendwoche sind 14 Jugendlich mit 2 erwachsenen Betreuern an die holl\u00e4ndisch Norseek\u00fcste gefahren und segelten auf einem Traditionssegler einen T\u00f6rn durch die westfriesischen Inseln und einen Abstecher ins Jsselmeer.<\/p>\n<p>Tolles Wetter, super Skipper mit Schiffsjungen , \u00dcbernachten im Wattenmeer mit Trockenfallen.<\/p>\n<p><img loading=\"lazy\" decoding=\"async\" class=\"alignnone size-full wp-image-1390\" src=\"https:\/\/www.bauer-hans.de\/scll\/wp-content\/uploads\/sites\/12\/2016\/11\/holland1.jpg\" alt=\"holland1\" width=\"1142\" height=\"761\" srcset=\"https:\/\/www.bauer-hans.de\/scll\/wp-content\/uploads\/sites\/12\/2016\/11\/holland1.jpg 1142w, https:\/\/www.bauer-hans.de\/scll\/wp-content\/uploads\/sites\/12\/2016\/11\/holland1-300x200.jpg 300w, https:\/\/www.bauer-hans.de\/scll\/wp-content\/uploads\/sites\/12\/2016\/11\/holland1-768x512.jpg 768w, https:\/\/www.bauer-hans.de\/scll\/wp-content\/uploads\/sites\/12\/2016\/11\/holland1-1024x682.jpg 1024w, https:\/\/www.bauer-hans.de\/scll\/wp-content\/uploads\/sites\/12\/2016\/11\/holland1-250x167.jpg 250w, https:\/\/www.bauer-hans.de\/scll\/wp-content\/uploads\/sites\/12\/2016\/11\/holland1-272x182.jpg 272w\" sizes=\"auto, (max-width: 1142px) 100vw, 1142px\" \/><\/p>\n<p><img loading=\"lazy\" decoding=\"async\" class=\"alignnone size-full wp-image-1393\" src=\"https:\/\/www.bauer-hans.de\/scll\/wp-content\/uploads\/sites\/12\/2016\/11\/holland4.jpg\" alt=\"holland4\" width=\"1127\" height=\"751\" srcset=\"https:\/\/www.bauer-hans.de\/scll\/wp-content\/uploads\/sites\/12\/2016\/11\/holland4.jpg 1127w, https:\/\/www.bauer-hans.de\/scll\/wp-content\/uploads\/sites\/12\/2016\/11\/holland4-300x200.jpg 300w, https:\/\/www.bauer-hans.de\/scll\/wp-content\/uploads\/sites\/12\/2016\/11\/holland4-768x512.jpg 768w, https:\/\/www.bauer-hans.de\/scll\/wp-content\/uploads\/sites\/12\/2016\/11\/holland4-1024x682.jpg 1024w, https:\/\/www.bauer-hans.de\/scll\/wp-content\/uploads\/sites\/12\/2016\/11\/holland4-250x167.jpg 250w, https:\/\/www.bauer-hans.de\/scll\/wp-content\/uploads\/sites\/12\/2016\/11\/holland4-272x182.jpg 272w\" sizes=\"auto, (max-width: 1127px) 100vw, 1127px\" \/><\/p>\n<p><img loading=\"lazy\" decoding=\"async\" class=\"alignnone size-full wp-image-1392\" src=\"https:\/\/www.bauer-hans.de\/scll\/wp-content\/uploads\/sites\/12\/2016\/11\/holland3.jpg\" alt=\"holland3\" width=\"1146\" height=\"1146\" srcset=\"https:\/\/www.bauer-hans.de\/scll\/wp-content\/uploads\/sites\/12\/2016\/11\/holland3.jpg 1146w, https:\/\/www.bauer-hans.de\/scll\/wp-content\/uploads\/sites\/12\/2016\/11\/holland3-150x150.jpg 150w, https:\/\/www.bauer-hans.de\/scll\/wp-content\/uploads\/sites\/12\/2016\/11\/holland3-300x300.jpg 300w, https:\/\/www.bauer-hans.de\/scll\/wp-content\/uploads\/sites\/12\/2016\/11\/holland3-768x768.jpg 768w, https:\/\/www.bauer-hans.de\/scll\/wp-content\/uploads\/sites\/12\/2016\/11\/holland3-1024x1024.jpg 1024w, https:\/\/www.bauer-hans.de\/scll\/wp-content\/uploads\/sites\/12\/2016\/11\/holland3-250x250.jpg 250w\" sizes=\"auto, (max-width: 1146px) 100vw, 1146px\" \/><\/p>\n<p><img loading=\"lazy\" decoding=\"async\" class=\"alignnone size-full wp-image-1391\" src=\"https:\/\/www.bauer-hans.de\/scll\/wp-content\/uploads\/sites\/12\/2016\/11\/holland2.jpg\" alt=\"holland2\" width=\"1156\" height=\"770\" srcset=\"https:\/\/www.bauer-hans.de\/scll\/wp-content\/uploads\/sites\/12\/2016\/11\/holland2.jpg 1156w, https:\/\/www.bauer-hans.de\/scll\/wp-content\/uploads\/sites\/12\/2016\/11\/holland2-300x200.jpg 300w, https:\/\/www.bauer-hans.de\/scll\/wp-content\/uploads\/sites\/12\/2016\/11\/holland2-768x512.jpg 768w, https:\/\/www.bauer-hans.de\/scll\/wp-content\/uploads\/sites\/12\/2016\/11\/holland2-1024x682.jpg 1024w, https:\/\/www.bauer-hans.de\/scll\/wp-content\/uploads\/sites\/12\/2016\/11\/holland2-250x167.jpg 250w, https:\/\/www.bauer-hans.de\/scll\/wp-content\/uploads\/sites\/12\/2016\/11\/holland2-272x182.jpg 272w\" sizes=\"auto, (max-width: 1156px) 100vw, 1156px\" \/><\/p>\n","protected":false},"excerpt":{"rendered":"<p>2018 &#8211; eine Reise nach Portugal der\u00a0begleitende Sound Kaum zur\u00fcck von dem letzten T\u00f6rn an den Reschensee, wurde schon wieder \u00fcberlegt wohin es n\u00e4chstes Jahr gehen soll. Kriterien waren diesmal warmes Klima und nat\u00fcrlich eine Wasseraktivit\u00e4t. Beides wurde erf\u00fcllt und das Ziel stand schnell fest. Es sollte nach der Jugendwoche nach Portugal gehen. Fl\u00fcge wurden [&hellip;]<\/p>\n","protected":false},"author":2,"featured_media":0,"parent":0,"menu_order":0,"comment_status":"closed","ping_status":"closed","template":"","meta":{"_acf_changed":false,"footnotes":""},"class_list":["post-1388","page","type-page","status-publish","hentry"],"acf":[],"yoast_head":"<!-- This site is optimized with the Yoast SEO plugin v27.5 - https:\/\/yoast.com\/product\/yoast-seo-wordpress\/ -->\n<title>T\u00f6rns - Segelclub Landsberg am Ammersee<\/title>\n<meta name=\"robots\" content=\"index, follow, max-snippet:-1, max-image-preview:large, max-video-preview:-1\" \/>\n<link rel=\"canonical\" href=\"https:\/\/www.bauer-hans.de\/scll\/toerns\/\" \/>\n<meta name=\"twitter:label1\" content=\"Gesch\u00e4tzte Lesezeit\" \/>\n\t<meta name=\"twitter:data1\" content=\"11\u00a0Minuten\" \/>\n<script type=\"application\/ld+json\" class=\"yoast-schema-graph\">{\"@context\":\"https:\\\/\\\/schema.org\",\"@graph\":[{\"@type\":\"WebPage\",\"@id\":\"https:\\\/\\\/www.bauer-hans.de\\\/scll\\\/toerns\\\/\",\"url\":\"https:\\\/\\\/www.bauer-hans.de\\\/scll\\\/toerns\\\/\",\"name\":\"T\u00f6rns - Segelclub Landsberg am Ammersee\",\"isPartOf\":{\"@id\":\"https:\\\/\\\/www.bauer-hans.de\\\/scll\\\/#website\"},\"primaryImageOfPage\":{\"@id\":\"https:\\\/\\\/www.bauer-hans.de\\\/scll\\\/toerns\\\/#primaryimage\"},\"image\":{\"@id\":\"https:\\\/\\\/www.bauer-hans.de\\\/scll\\\/toerns\\\/#primaryimage\"},\"thumbnailUrl\":\"https:\\\/\\\/www.bauer-hans.de\\\/scll\\\/wp-content\\\/uploads\\\/sites\\\/12\\\/2018\\\/11\\\/juto_18_gruppenfoto.jpg\",\"datePublished\":\"2016-11-21T09:37:05+00:00\",\"dateModified\":\"2018-11-18T08:57:25+00:00\",\"breadcrumb\":{\"@id\":\"https:\\\/\\\/www.bauer-hans.de\\\/scll\\\/toerns\\\/#breadcrumb\"},\"inLanguage\":\"de\",\"potentialAction\":[{\"@type\":\"ReadAction\",\"target\":[\"https:\\\/\\\/www.bauer-hans.de\\\/scll\\\/toerns\\\/\"]}]},{\"@type\":\"ImageObject\",\"inLanguage\":\"de\",\"@id\":\"https:\\\/\\\/www.bauer-hans.de\\\/scll\\\/toerns\\\/#primaryimage\",\"url\":\"https:\\\/\\\/www.bauer-hans.de\\\/scll\\\/wp-content\\\/uploads\\\/sites\\\/12\\\/2018\\\/11\\\/juto_18_gruppenfoto.jpg\",\"contentUrl\":\"https:\\\/\\\/www.bauer-hans.de\\\/scll\\\/wp-content\\\/uploads\\\/sites\\\/12\\\/2018\\\/11\\\/juto_18_gruppenfoto.jpg\",\"width\":1200,\"height\":800},{\"@type\":\"BreadcrumbList\",\"@id\":\"https:\\\/\\\/www.bauer-hans.de\\\/scll\\\/toerns\\\/#breadcrumb\",\"itemListElement\":[{\"@type\":\"ListItem\",\"position\":1,\"name\":\"Startseite\",\"item\":\"https:\\\/\\\/www.bauer-hans.de\\\/scll\\\/\"},{\"@type\":\"ListItem\",\"position\":2,\"name\":\"T\u00f6rns\"}]},{\"@type\":\"WebSite\",\"@id\":\"https:\\\/\\\/www.bauer-hans.de\\\/scll\\\/#website\",\"url\":\"https:\\\/\\\/www.bauer-hans.de\\\/scll\\\/\",\"name\":\"Segelclub Landsberg am Ammersee\",\"description\":\"SCLL der Segelclub am S\u00fcd-West-Ufer des Ammersees\",\"potentialAction\":[{\"@type\":\"SearchAction\",\"target\":{\"@type\":\"EntryPoint\",\"urlTemplate\":\"https:\\\/\\\/www.bauer-hans.de\\\/scll\\\/?s={search_term_string}\"},\"query-input\":{\"@type\":\"PropertyValueSpecification\",\"valueRequired\":true,\"valueName\":\"search_term_string\"}}],\"inLanguage\":\"de\"}]}<\/script>\n<!-- \/ Yoast SEO plugin. -->","yoast_head_json":{"title":"T\u00f6rns - Segelclub Landsberg am Ammersee","robots":{"index":"index","follow":"follow","max-snippet":"max-snippet:-1","max-image-preview":"max-image-preview:large","max-video-preview":"max-video-preview:-1"},"canonical":"https:\/\/www.bauer-hans.de\/scll\/toerns\/","twitter_misc":{"Gesch\u00e4tzte Lesezeit":"11\u00a0Minuten"},"schema":{"@context":"https:\/\/schema.org","@graph":[{"@type":"WebPage","@id":"https:\/\/www.bauer-hans.de\/scll\/toerns\/","url":"https:\/\/www.bauer-hans.de\/scll\/toerns\/","name":"T\u00f6rns - Segelclub Landsberg am Ammersee","isPartOf":{"@id":"https:\/\/www.bauer-hans.de\/scll\/#website"},"primaryImageOfPage":{"@id":"https:\/\/www.bauer-hans.de\/scll\/toerns\/#primaryimage"},"image":{"@id":"https:\/\/www.bauer-hans.de\/scll\/toerns\/#primaryimage"},"thumbnailUrl":"https:\/\/www.bauer-hans.de\/scll\/wp-content\/uploads\/sites\/12\/2018\/11\/juto_18_gruppenfoto.jpg","datePublished":"2016-11-21T09:37:05+00:00","dateModified":"2018-11-18T08:57:25+00:00","breadcrumb":{"@id":"https:\/\/www.bauer-hans.de\/scll\/toerns\/#breadcrumb"},"inLanguage":"de","potentialAction":[{"@type":"ReadAction","target":["https:\/\/www.bauer-hans.de\/scll\/toerns\/"]}]},{"@type":"ImageObject","inLanguage":"de","@id":"https:\/\/www.bauer-hans.de\/scll\/toerns\/#primaryimage","url":"https:\/\/www.bauer-hans.de\/scll\/wp-content\/uploads\/sites\/12\/2018\/11\/juto_18_gruppenfoto.jpg","contentUrl":"https:\/\/www.bauer-hans.de\/scll\/wp-content\/uploads\/sites\/12\/2018\/11\/juto_18_gruppenfoto.jpg","width":1200,"height":800},{"@type":"BreadcrumbList","@id":"https:\/\/www.bauer-hans.de\/scll\/toerns\/#breadcrumb","itemListElement":[{"@type":"ListItem","position":1,"name":"Startseite","item":"https:\/\/www.bauer-hans.de\/scll\/"},{"@type":"ListItem","position":2,"name":"T\u00f6rns"}]},{"@type":"WebSite","@id":"https:\/\/www.bauer-hans.de\/scll\/#website","url":"https:\/\/www.bauer-hans.de\/scll\/","name":"Segelclub Landsberg am Ammersee","description":"SCLL der Segelclub am S\u00fcd-West-Ufer des Ammersees","potentialAction":[{"@type":"SearchAction","target":{"@type":"EntryPoint","urlTemplate":"https:\/\/www.bauer-hans.de\/scll\/?s={search_term_string}"},"query-input":{"@type":"PropertyValueSpecification","valueRequired":true,"valueName":"search_term_string"}}],"inLanguage":"de"}]}},"_links":{"self":[{"href":"https:\/\/www.bauer-hans.de\/scll\/wp-json\/wp\/v2\/pages\/1388","targetHints":{"allow":["GET"]}}],"collection":[{"href":"https:\/\/www.bauer-hans.de\/scll\/wp-json\/wp\/v2\/pages"}],"about":[{"href":"https:\/\/www.bauer-hans.de\/scll\/wp-json\/wp\/v2\/types\/page"}],"author":[{"embeddable":true,"href":"https:\/\/www.bauer-hans.de\/scll\/wp-json\/wp\/v2\/users\/2"}],"replies":[{"embeddable":true,"href":"https:\/\/www.bauer-hans.de\/scll\/wp-json\/wp\/v2\/comments?post=1388"}],"version-history":[{"count":14,"href":"https:\/\/www.bauer-hans.de\/scll\/wp-json\/wp\/v2\/pages\/1388\/revisions"}],"predecessor-version":[{"id":1889,"href":"https:\/\/www.bauer-hans.de\/scll\/wp-json\/wp\/v2\/pages\/1388\/revisions\/1889"}],"wp:attachment":[{"href":"https:\/\/www.bauer-hans.de\/scll\/wp-json\/wp\/v2\/media?parent=1388"}],"curies":[{"name":"wp","href":"https:\/\/api.w.org\/{rel}","templated":true}]}}