{"id":1402,"date":"2016-11-21T11:42:29","date_gmt":"2016-11-21T09:42:29","guid":{"rendered":"http:\/\/www.bauer-hans.de\/scll\/?page_id=1402"},"modified":"2018-01-15T11:55:08","modified_gmt":"2018-01-15T09:55:08","slug":"jugendwochen","status":"publish","type":"page","link":"https:\/\/www.bauer-hans.de\/scll\/jugendwochen\/","title":{"rendered":"Jugendwochen"},"content":{"rendered":"<p><strong>SCLL &#8211; Jugendwoche 2017<\/strong><\/p>\n<p>\u2026wie immer\u2026!<\/p>\n<p>\u2026 mehr als 30 Teilnehmer, super Stimmung, voller Erfolg.<\/p>\n<p>Dieses Jahr begann die Jugendwoche mit 34 Teilnehmern in der ersten Ferienwoche am Sonntag, den 30 Juli.<\/p>\n<p>Zuerst wurden wieder die Gruppen den Trainern zugeordnet und dann begann das gro\u00dfe Trainieren. Die Segler in den Optis vertieften in verschiedenen Gruppen das bisherige K\u00f6nnen. Hier bildete der Erwerb des J\u00fcngstenscheines mit Theorie und Praxispr\u00fcfung den Abschluss. Alle Pr\u00fcflinge haben erfolgreich bestanden.<\/p>\n<p>Schwerpunkt war bei den Gro\u00dfen ( Sailing Unit of SCLL) der Erwerb des Sportbootf\u00fchrerschein Binnen bzw. Erweiterung der Sportbootf\u00fchrerscheine um den Motorteil. Die Pr\u00fcfung fand nach der Jugendwoche am 4 August statt.<\/p>\n<p>Es wurde flei\u00dfig geb\u00fcffelt in Theorie und Praxis. Es wurden auf dem Sir Hubert und dem Schulungsboot der Ammersee Segelschule eifrig ge\u00fcbt; Mann \u00fcber Bord- Man\u00f6ver, Standortbestimmungen mittels drei Peilungen auf Ammersee durchgef\u00fchrt usw.<\/p>\n<p>Wir hatten mit dem Wetter sehr viel Gl\u00fcck und konnten dank der umsichtigen Trainer Gefahrensituationen vermeiden. Ein Gewitter ist nur wenige hundert Meter s\u00fcdlich mit Starkwind durchgezogen.<\/p>\n<p>An einem Abend besuchte uns der Weltumsegler Martin Finkbeier und hat einen tollen Bericht mit Film seiner Weltumseglung vorgetragen.<\/p>\n<p>Was w\u00e4re aber die Jugendwoche ohne die vielen Helfer und Trainer. Catherine Klaer organisierte mit Ihrem Team hervorragend die K\u00fcche und konnte alle hungrigen M\u00e4uler stopfen.<\/p>\n<p>Leider geht die gemeinsame Zeit immer sehr schnell vorbei und so mussten wir am Mittwoch mit der \u00fcblichen Abschlussregatta f\u00fcr die Freaks und anschlie\u00dfender Preisverteilung und F\u00fchrerschein\u00fcbergabe die Veranstaltung beenden. Jugendmeister im Opti wurde dieses Jahr Dominic Piecha, bei den Laser II Luka und Jonas Doiwa und bei den 420er Valentin von Altenstadt mit Sophie Klaer.<\/p>\n<p><img loading=\"lazy\" decoding=\"async\" class=\"alignnone size-full wp-image-1654\" src=\"https:\/\/www.bauer-hans.de\/scll\/wp-content\/uploads\/sites\/12\/2018\/01\/JuWo2017_1.jpg\" alt=\"\" width=\"1200\" height=\"800\" srcset=\"https:\/\/www.bauer-hans.de\/scll\/wp-content\/uploads\/sites\/12\/2018\/01\/JuWo2017_1.jpg 1200w, https:\/\/www.bauer-hans.de\/scll\/wp-content\/uploads\/sites\/12\/2018\/01\/JuWo2017_1-300x200.jpg 300w, https:\/\/www.bauer-hans.de\/scll\/wp-content\/uploads\/sites\/12\/2018\/01\/JuWo2017_1-768x512.jpg 768w, https:\/\/www.bauer-hans.de\/scll\/wp-content\/uploads\/sites\/12\/2018\/01\/JuWo2017_1-1024x683.jpg 1024w, https:\/\/www.bauer-hans.de\/scll\/wp-content\/uploads\/sites\/12\/2018\/01\/JuWo2017_1-250x167.jpg 250w, https:\/\/www.bauer-hans.de\/scll\/wp-content\/uploads\/sites\/12\/2018\/01\/JuWo2017_1-272x182.jpg 272w\" sizes=\"auto, (max-width: 1200px) 100vw, 1200px\" \/><\/p>\n<p><img loading=\"lazy\" decoding=\"async\" class=\"alignnone size-full wp-image-1655\" src=\"https:\/\/www.bauer-hans.de\/scll\/wp-content\/uploads\/sites\/12\/2018\/01\/JuWo2017_2.jpg\" alt=\"\" width=\"1200\" height=\"800\" srcset=\"https:\/\/www.bauer-hans.de\/scll\/wp-content\/uploads\/sites\/12\/2018\/01\/JuWo2017_2.jpg 1200w, https:\/\/www.bauer-hans.de\/scll\/wp-content\/uploads\/sites\/12\/2018\/01\/JuWo2017_2-300x200.jpg 300w, https:\/\/www.bauer-hans.de\/scll\/wp-content\/uploads\/sites\/12\/2018\/01\/JuWo2017_2-768x512.jpg 768w, https:\/\/www.bauer-hans.de\/scll\/wp-content\/uploads\/sites\/12\/2018\/01\/JuWo2017_2-1024x683.jpg 1024w, https:\/\/www.bauer-hans.de\/scll\/wp-content\/uploads\/sites\/12\/2018\/01\/JuWo2017_2-250x167.jpg 250w, https:\/\/www.bauer-hans.de\/scll\/wp-content\/uploads\/sites\/12\/2018\/01\/JuWo2017_2-272x182.jpg 272w\" sizes=\"auto, (max-width: 1200px) 100vw, 1200px\" \/><\/p>\n<p><img loading=\"lazy\" decoding=\"async\" class=\"alignnone size-full wp-image-1656\" src=\"https:\/\/www.bauer-hans.de\/scll\/wp-content\/uploads\/sites\/12\/2018\/01\/JuWo2017_3.jpg\" alt=\"\" width=\"1200\" height=\"800\" srcset=\"https:\/\/www.bauer-hans.de\/scll\/wp-content\/uploads\/sites\/12\/2018\/01\/JuWo2017_3.jpg 1200w, https:\/\/www.bauer-hans.de\/scll\/wp-content\/uploads\/sites\/12\/2018\/01\/JuWo2017_3-300x200.jpg 300w, https:\/\/www.bauer-hans.de\/scll\/wp-content\/uploads\/sites\/12\/2018\/01\/JuWo2017_3-768x512.jpg 768w, https:\/\/www.bauer-hans.de\/scll\/wp-content\/uploads\/sites\/12\/2018\/01\/JuWo2017_3-1024x683.jpg 1024w, https:\/\/www.bauer-hans.de\/scll\/wp-content\/uploads\/sites\/12\/2018\/01\/JuWo2017_3-250x167.jpg 250w, https:\/\/www.bauer-hans.de\/scll\/wp-content\/uploads\/sites\/12\/2018\/01\/JuWo2017_3-272x182.jpg 272w\" sizes=\"auto, (max-width: 1200px) 100vw, 1200px\" \/><\/p>\n<hr \/>\n<p><strong>Jugendwoche 2016<\/strong><\/p>\n<p>35 Jugendliche nahmen dieses Jahr wieder an der Jugendwoche des SCLL vom 30.07.16 bis zum 02.08.16 teil.<\/p>\n<p>Unterteilt in verschiedene Altersgruppen und Bootsgruppen wurde wieder viel trainiert und Alt und Jung hatten gemeinsam viel Spa\u00df.<\/p>\n<p>Abends hatten alle die M\u00f6glichkeit auf einem der 13 Stand-Up Paddle diese neue Wassersportart auszuprobieren. Auch die Erwachsenen lie\u00dfen sich diese Chance nicht entgehen.<\/p>\n<p>Beendet wurde die Woche wieder mit der obligatorischen Regatta, in der wieder die Jugendmeister im Opti, 420 er und Laser II gek\u00fcrt wurden.<\/p>\n<p><img loading=\"lazy\" decoding=\"async\" class=\"alignnone size-full wp-image-1416\" src=\"https:\/\/www.bauer-hans.de\/scll\/wp-content\/uploads\/sites\/12\/2016\/11\/jugen_2016_1.jpg\" alt=\"jugen_2016_1\" width=\"1170\" height=\"780\" srcset=\"https:\/\/www.bauer-hans.de\/scll\/wp-content\/uploads\/sites\/12\/2016\/11\/jugen_2016_1.jpg 1170w, https:\/\/www.bauer-hans.de\/scll\/wp-content\/uploads\/sites\/12\/2016\/11\/jugen_2016_1-300x200.jpg 300w, https:\/\/www.bauer-hans.de\/scll\/wp-content\/uploads\/sites\/12\/2016\/11\/jugen_2016_1-768x512.jpg 768w, https:\/\/www.bauer-hans.de\/scll\/wp-content\/uploads\/sites\/12\/2016\/11\/jugen_2016_1-1024x683.jpg 1024w, https:\/\/www.bauer-hans.de\/scll\/wp-content\/uploads\/sites\/12\/2016\/11\/jugen_2016_1-250x167.jpg 250w, https:\/\/www.bauer-hans.de\/scll\/wp-content\/uploads\/sites\/12\/2016\/11\/jugen_2016_1-272x182.jpg 272w\" sizes=\"auto, (max-width: 1170px) 100vw, 1170px\" \/><\/p>\n<p><img loading=\"lazy\" decoding=\"async\" class=\"alignnone size-full wp-image-1417\" src=\"https:\/\/www.bauer-hans.de\/scll\/wp-content\/uploads\/sites\/12\/2016\/11\/jugen_2016_2.jpg\" alt=\"jugen_2016_2\" width=\"1166\" height=\"777\" srcset=\"https:\/\/www.bauer-hans.de\/scll\/wp-content\/uploads\/sites\/12\/2016\/11\/jugen_2016_2.jpg 1166w, https:\/\/www.bauer-hans.de\/scll\/wp-content\/uploads\/sites\/12\/2016\/11\/jugen_2016_2-300x200.jpg 300w, https:\/\/www.bauer-hans.de\/scll\/wp-content\/uploads\/sites\/12\/2016\/11\/jugen_2016_2-768x512.jpg 768w, https:\/\/www.bauer-hans.de\/scll\/wp-content\/uploads\/sites\/12\/2016\/11\/jugen_2016_2-1024x682.jpg 1024w, https:\/\/www.bauer-hans.de\/scll\/wp-content\/uploads\/sites\/12\/2016\/11\/jugen_2016_2-250x167.jpg 250w, https:\/\/www.bauer-hans.de\/scll\/wp-content\/uploads\/sites\/12\/2016\/11\/jugen_2016_2-272x182.jpg 272w\" sizes=\"auto, (max-width: 1166px) 100vw, 1166px\" \/><\/p>\n<p><img loading=\"lazy\" decoding=\"async\" class=\"alignnone size-full wp-image-1418\" src=\"https:\/\/www.bauer-hans.de\/scll\/wp-content\/uploads\/sites\/12\/2016\/11\/jugen_2016_3.jpg\" alt=\"jugen_2016_3\" width=\"1144\" height=\"763\" srcset=\"https:\/\/www.bauer-hans.de\/scll\/wp-content\/uploads\/sites\/12\/2016\/11\/jugen_2016_3.jpg 1144w, https:\/\/www.bauer-hans.de\/scll\/wp-content\/uploads\/sites\/12\/2016\/11\/jugen_2016_3-300x200.jpg 300w, https:\/\/www.bauer-hans.de\/scll\/wp-content\/uploads\/sites\/12\/2016\/11\/jugen_2016_3-768x512.jpg 768w, https:\/\/www.bauer-hans.de\/scll\/wp-content\/uploads\/sites\/12\/2016\/11\/jugen_2016_3-1024x683.jpg 1024w, https:\/\/www.bauer-hans.de\/scll\/wp-content\/uploads\/sites\/12\/2016\/11\/jugen_2016_3-250x167.jpg 250w, https:\/\/www.bauer-hans.de\/scll\/wp-content\/uploads\/sites\/12\/2016\/11\/jugen_2016_3-272x182.jpg 272w\" sizes=\"auto, (max-width: 1144px) 100vw, 1144px\" \/><\/p>\n<p>&nbsp;<\/p>\n<p><img loading=\"lazy\" decoding=\"async\" class=\"alignnone size-full wp-image-1419\" src=\"https:\/\/www.bauer-hans.de\/scll\/wp-content\/uploads\/sites\/12\/2016\/11\/jugen_2016_4.jpg\" alt=\"jugen_2016_4\" width=\"1133\" height=\"755\" srcset=\"https:\/\/www.bauer-hans.de\/scll\/wp-content\/uploads\/sites\/12\/2016\/11\/jugen_2016_4.jpg 1133w, https:\/\/www.bauer-hans.de\/scll\/wp-content\/uploads\/sites\/12\/2016\/11\/jugen_2016_4-300x200.jpg 300w, https:\/\/www.bauer-hans.de\/scll\/wp-content\/uploads\/sites\/12\/2016\/11\/jugen_2016_4-768x512.jpg 768w, https:\/\/www.bauer-hans.de\/scll\/wp-content\/uploads\/sites\/12\/2016\/11\/jugen_2016_4-1024x682.jpg 1024w, https:\/\/www.bauer-hans.de\/scll\/wp-content\/uploads\/sites\/12\/2016\/11\/jugen_2016_4-250x167.jpg 250w, https:\/\/www.bauer-hans.de\/scll\/wp-content\/uploads\/sites\/12\/2016\/11\/jugen_2016_4-272x182.jpg 272w\" sizes=\"auto, (max-width: 1133px) 100vw, 1133px\" \/><\/p>\n<p><img loading=\"lazy\" decoding=\"async\" class=\"alignnone size-full wp-image-1420\" src=\"https:\/\/www.bauer-hans.de\/scll\/wp-content\/uploads\/sites\/12\/2016\/11\/jugen_2016_5.jpg\" alt=\"jugen_2016_5\" width=\"1130\" height=\"754\" srcset=\"https:\/\/www.bauer-hans.de\/scll\/wp-content\/uploads\/sites\/12\/2016\/11\/jugen_2016_5.jpg 1130w, https:\/\/www.bauer-hans.de\/scll\/wp-content\/uploads\/sites\/12\/2016\/11\/jugen_2016_5-300x200.jpg 300w, https:\/\/www.bauer-hans.de\/scll\/wp-content\/uploads\/sites\/12\/2016\/11\/jugen_2016_5-768x512.jpg 768w, https:\/\/www.bauer-hans.de\/scll\/wp-content\/uploads\/sites\/12\/2016\/11\/jugen_2016_5-1024x683.jpg 1024w, https:\/\/www.bauer-hans.de\/scll\/wp-content\/uploads\/sites\/12\/2016\/11\/jugen_2016_5-250x167.jpg 250w, https:\/\/www.bauer-hans.de\/scll\/wp-content\/uploads\/sites\/12\/2016\/11\/jugen_2016_5-272x182.jpg 272w\" sizes=\"auto, (max-width: 1130px) 100vw, 1130px\" \/><\/p>\n<hr \/>\n<h2>Segelk\u00fcken zur Jugendwoche 2015<\/h2>\n<p><strong><a href=\"https:\/\/www.scll.de\/wp-content\/uploads\/sites\/12\/2015\/08\/juwo_2015_7.jpeg\" data-slb-active=\"1\" data-slb-asset=\"2096043802\" data-slb-internal=\"0\" data-slb-group=\"49\"><img loading=\"lazy\" decoding=\"async\" class=\"alignleft size-medium wp-image-1175\" src=\"https:\/\/www.scll.de\/wp-content\/uploads\/sites\/12\/2015\/08\/juwo_2015_7-200x300.jpeg\" sizes=\"auto, (max-width: 200px) 100vw, 200px\" srcset=\"https:\/\/www.scll.de\/wp-content\/uploads\/sites\/12\/2015\/08\/juwo_2015_7-200x300.jpeg 200w, https:\/\/www.scll.de\/wp-content\/uploads\/sites\/12\/2015\/08\/juwo_2015_7-250x375.jpeg 250w, https:\/\/www.scll.de\/wp-content\/uploads\/sites\/12\/2015\/08\/juwo_2015_7.jpeg 427w\" alt=\"juwo_2015_7\" width=\"200\" height=\"300\" \/><\/a>Segelclub Landsberg. 29 Kinder und Jugendliche nahmen dieses Jahr an der Jugendwoche des SCLL teil.<\/strong><\/p>\n<p><strong>Landsberg<\/strong> Zur diesj\u00e4hrigen Jugendwoche des SCLL erreichte uns folgender Bericht:<\/p>\n<p>Wie K\u00fcken die sich um ihre Entenmutter scharen, so sieht es auf einem der Bilder aus die uns vom Landsberger Segelclub erreichten. Die Entenmutter ist dabei das Begleitboot mit Segellehrer und Betreuer und wie bei einer echten Entenmutter genie\u00dfen auch beim SCLL die J\u00fcngsten gr\u00f6\u00dfte Aufmerksamkeit. Die J\u00fcngsten das sind Kinder zwischen 7 und 9 Jahren, die mit dem Opti als J\u00fcngstenjolle den Ammersee erobern.<\/p>\n<p>&nbsp;<\/p>\n<p>Aber auch die Gro\u00dfen, also die Jugendlichen bis 18 waren mit von der Partie und alle <a href=\"https:\/\/www.scll.de\/wp-content\/uploads\/sites\/12\/2015\/08\/juwo_2015_3.jpeg\" data-slb-active=\"1\" data-slb-asset=\"46245678\" data-slb-internal=\"0\" data-slb-group=\"49\"><img loading=\"lazy\" decoding=\"async\" class=\"alignleft size-medium wp-image-1171\" src=\"https:\/\/www.scll.de\/wp-content\/uploads\/sites\/12\/2015\/08\/juwo_2015_3-253x300.jpeg\" sizes=\"auto, (max-width: 253px) 100vw, 253px\" srcset=\"https:\/\/www.scll.de\/wp-content\/uploads\/sites\/12\/2015\/08\/juwo_2015_3-253x300.jpeg 253w, https:\/\/www.scll.de\/wp-content\/uploads\/sites\/12\/2015\/08\/juwo_2015_3-250x296.jpeg 250w, https:\/\/www.scll.de\/wp-content\/uploads\/sites\/12\/2015\/08\/juwo_2015_3.jpeg 480w\" alt=\"juwo_2015_3\" width=\"253\" height=\"300\" \/><\/a>zusammen hatten gro\u00dfen Spa\u00df an der diesj\u00e4hrigen Jugendwoche. Fast schon traditionell geh\u00f6rt beim SCLL eine ganze Ferienwoche dem Nachwuchs. Dass dabei das Vereinsgel\u00e4nde in St. Alban zu einem quirligen Ferienlager mutiert, ist nicht nur gewollt, man ist da sogar besonders Stolz darauf. Insgesamt 25 Erwachsene, vom Trainer und deren Helfer bis zum K\u00fcchenteam, sorgen f\u00fcr einen lehrreichen und sicheren Verlauf der Woche. Als Besonderheit konnten dieses Jahr 5 Kids die Pr\u00fcfung zum J\u00fcngstenschein absolvieren. Bereits im Vorfeld wurden zwei neue 420er getauft die SCLL-Jollenflotte damit auf 32 Jugendboote vergr\u00f6\u00dfert. Die obligatorische Abschlussregatta gewann in der Optiklasse Lisa Ramoser, in der Klasse Laser II Sina Herrmann mit Chiara Spitzer und in der 420er Klasse Valentin von Altenstadt mit Philipp Ramoser.<\/p>\n<p>.<\/p>\n<p>.<\/p>\n<p><a href=\"https:\/\/www.scll.de\/wp-content\/uploads\/sites\/12\/2015\/08\/juwo_2015_1.jpeg\" data-slb-active=\"1\" data-slb-asset=\"1811617139\" data-slb-internal=\"0\" data-slb-group=\"49\"><img loading=\"lazy\" decoding=\"async\" class=\"alignleft size-medium wp-image-1169\" src=\"https:\/\/www.scll.de\/wp-content\/uploads\/sites\/12\/2015\/08\/juwo_2015_1-300x200.jpeg\" sizes=\"auto, (max-width: 300px) 100vw, 300px\" srcset=\"https:\/\/www.scll.de\/wp-content\/uploads\/sites\/12\/2015\/08\/juwo_2015_1-300x200.jpeg 300w, https:\/\/www.scll.de\/wp-content\/uploads\/sites\/12\/2015\/08\/juwo_2015_1-250x167.jpeg 250w, https:\/\/www.scll.de\/wp-content\/uploads\/sites\/12\/2015\/08\/juwo_2015_1.jpeg 640w\" alt=\"juwo_2015_1\" width=\"300\" height=\"200\" \/><\/a>Gro\u00dfe \u00dcberraschung zum Abschluss der Woche, alle Kids durften eine Fahrt auf einem richtigen Segelschiff, n\u00e4mlich der am Ammersee sehr gekannten \u201eAlbatros\u201c, unternehmen. Zuerst waren die Kleinen dran, die leider sehr wenig Wind hatten. Dann wurde die Mannschaft getauscht und die Gro\u00dfen waren an der Reihe. Da kam endlich auch richtig Wind auf und die Jugendlichen segelten mit diesem tollen Schiff in den Sonnenuntergang. Ein herzliches Dankesch\u00f6n an die Ammersee-Segelschule und Herrn Marx, der dieses unvergessliche Erlebnis erm\u00f6glicht hat.<\/p>\n<p>&nbsp;<\/p>\n<p><a href=\"https:\/\/www.scll.de\/wp-content\/uploads\/sites\/12\/2015\/08\/juwo_2015_5.jpeg\" data-slb-active=\"1\" data-slb-asset=\"809995163\" data-slb-internal=\"0\" data-slb-group=\"49\"><img loading=\"lazy\" decoding=\"async\" class=\"alignleft size-medium wp-image-1173\" src=\"https:\/\/www.scll.de\/wp-content\/uploads\/sites\/12\/2015\/08\/juwo_2015_5-300x161.jpeg\" sizes=\"auto, (max-width: 300px) 100vw, 300px\" srcset=\"https:\/\/www.scll.de\/wp-content\/uploads\/sites\/12\/2015\/08\/juwo_2015_5-300x161.jpeg 300w, https:\/\/www.scll.de\/wp-content\/uploads\/sites\/12\/2015\/08\/juwo_2015_5-250x134.jpeg 250w, https:\/\/www.scll.de\/wp-content\/uploads\/sites\/12\/2015\/08\/juwo_2015_5.jpeg 640w\" alt=\"juwo_2015_5\" width=\"300\" height=\"161\" \/><\/a>Jugendwart Matthias Luber fasst stolz zusammen: \u201eUnsere Jugendwoche verlief wie immer sehr harmonisch. Auch das Wetter meinte es gut mit uns und wir hatten von wenig Wind (Ideal f\u00fcr unsere Kleinsten) bis hin zu richtig fetzigen Wind bei dem sich die Cracks austoben konnten. In Summe durften alle Beteiligten vier herrliche Tage am See verbringen und, ganz wichtig, alle freuen sich schon auf die Jugendwoche 2016.<\/p>\n<hr \/>\n<h2>Jugendwochen 2014<\/h2>\n<p><strong>SCLL Jugend Sommer<br \/>\n<\/strong><\/p>\n<p><a href=\"https:\/\/www.scll.de\/wp-content\/uploads\/sites\/12\/2010\/11\/juwo_2014.jpg\" data-slb-active=\"1\" data-slb-asset=\"1999378632\" data-slb-internal=\"0\" data-slb-group=\"49\"><img loading=\"lazy\" decoding=\"async\" class=\"alignleft size-medium wp-image-1157\" src=\"https:\/\/www.scll.de\/wp-content\/uploads\/sites\/12\/2010\/11\/juwo_2014-300x200.jpg\" sizes=\"auto, (max-width: 300px) 100vw, 300px\" srcset=\"https:\/\/www.scll.de\/wp-content\/uploads\/sites\/12\/2010\/11\/juwo_2014-300x200.jpg 300w, https:\/\/www.scll.de\/wp-content\/uploads\/sites\/12\/2010\/11\/juwo_2014-1024x683.jpg 1024w, https:\/\/www.scll.de\/wp-content\/uploads\/sites\/12\/2010\/11\/juwo_2014-250x167.jpg 250w, https:\/\/www.scll.de\/wp-content\/uploads\/sites\/12\/2010\/11\/juwo_2014.jpg 1200w\" alt=\"juwo_2014\" width=\"300\" height=\"200\" \/><\/a>Neben zahlreichen Trainings hat unsere Jugend im Sommer 2014 drei sehr sch\u00f6ne Events erleben d\u00fcrfen.<\/p>\n<p>Als erstes hat die Jugend eine Regatta f\u00fcr die Erwachsenen organisiert und durchgef\u00fchrt. Die \u201e<strong>SCLL-Stegfest-Open 2014<\/strong>\u201c. Diese Regatta fand zu unserem Stegfest am 26.07.2014 statt. Die Idee dahinter war, dass sich die Jugend mal bei den Erwachsenen bedanken wollte und nat\u00fcrlich auch zeigen kann was sie so alles drauf hat. Ausschreibung, Meldeb\u00fcro, Essen, Preise, Motorboote und Bojenlegen sowie die Wettfahrtleitung wurden nur von unserer Jugend geplant und durchgef\u00fchrt. Lediglich ein Erwachsener (Werner Manhardt) war als Co-Wettfahrtleiter mit dabei um die Ernsthaftigkeit der Wettfahrt zu unterstreichen und unseren Wettfahrtleiter (Valentin v. Altenstadt) bei Fragen zu unterst\u00fctzen. Bevor die Regatta losging gab es f\u00fcr die Teilnehmer HotDogs und Getr\u00e4nke im Clubhaus. Die Regatta war analog dem Pavic-Cup mit einer Wettfahrt ausgeschrieben. Am Start waren 19 Schiffe. Da uns das Wetter gut gesonnen war, konnten wir diese Wettfahrt auch komplett durchf\u00fchren. Kaum waren die Schiffe wieder am Steg, hat es zu Regnen begonnen und auch leider den ganzen Abend nicht mehr aufgeh\u00f6hrt.<\/p>\n<p>Das Stegfest sowie die Siegerehrung fanden dann im Clubhaus statt. Auch hier gl\u00e4nzte unser Wettfahrtleiter Valentin mit einer sehr gelungenen und pfiffigen Preisverleihung. F\u00fcr alle gestarteten Schiffe gab es als Erinnerungspreis eine Urkunde mit einem tagesaktuellen Bild des jeweiligen Schiffes, Name des Schiffes, der Mannschaft und der Platzierung sowie einen Wanderpokal f\u00fcr \u201ebesondere Leistungen\u201c der jedes Jahr mit einem anderen Motto vergeben wird. Gewonnen hat die SCLL-Stegfest-Open 2014 Christian Ramoser auf der Sprinta Sport. Den Wanderpokal hat f\u00fcr seinen sehr sch\u00f6nen Genacker sowie f\u00fcr den schlechtesten Zieleinlauf Hubert Baur mit der Dynamic 2000 erhalten. Selbstverst\u00e4ndlich planen wir eine SCLL-Stegfest-Open 2015 zu der wir Euch recht herzlich einladen m\u00f6chten. (Findet zum Stegfest statt, am besten schon vormerken)<\/p>\n<p><a href=\"https:\/\/www.scll.de\/wp-content\/uploads\/sites\/12\/2015\/08\/juwo_2014_3.jpg\" data-slb-active=\"1\" data-slb-asset=\"1909878353\" data-slb-internal=\"0\" data-slb-group=\"49\"><img loading=\"lazy\" decoding=\"async\" class=\"alignleft size-medium wp-image-1161\" src=\"https:\/\/www.scll.de\/wp-content\/uploads\/sites\/12\/2015\/08\/juwo_2014_3-300x200.jpg\" sizes=\"auto, (max-width: 300px) 100vw, 300px\" srcset=\"https:\/\/www.scll.de\/wp-content\/uploads\/sites\/12\/2015\/08\/juwo_2014_3-300x200.jpg 300w, https:\/\/www.scll.de\/wp-content\/uploads\/sites\/12\/2015\/08\/juwo_2014_3-1024x683.jpg 1024w, https:\/\/www.scll.de\/wp-content\/uploads\/sites\/12\/2015\/08\/juwo_2014_3-250x167.jpg 250w, https:\/\/www.scll.de\/wp-content\/uploads\/sites\/12\/2015\/08\/juwo_2014_3.jpg 1200w\" alt=\"juwo_2014_3\" width=\"300\" height=\"200\" \/><\/a>Als zweites stand unsere Jugendwoche 4 Tage sp\u00e4ter bevor. 30.07.-02.08.2014 Teilgenommen haben 36 Kinder und Jugendliche zwischen 6 und 18 Jahren. Die Kids wurden auf 4 Gruppen verteilt ja nach Alter, Boot und K\u00f6nnen. Zur Betreuung der Gruppen standen uns in diesem Jahr 4 Motorboote zur Verf\u00fcgung.<\/p>\n<p>.<\/p>\n<p>Andreas Metz hat uns sein Schlauchboot mit 10PS Aussenborder geliehen. Dadurch wurde nicht nur die Sicherheit unserer Kids auf dem Wasser erh\u00f6ht, auch unsere Trainer hatten <a href=\"https:\/\/www.scll.de\/wp-content\/uploads\/sites\/12\/2015\/08\/juwo_2014_2.jpg\" data-slb-active=\"1\" data-slb-asset=\"1805645019\" data-slb-internal=\"0\" data-slb-group=\"49\"><img loading=\"lazy\" decoding=\"async\" class=\"alignleft size-medium wp-image-1162\" src=\"https:\/\/www.scll.de\/wp-content\/uploads\/sites\/12\/2015\/08\/juwo_2014_2-300x200.jpg\" sizes=\"auto, (max-width: 300px) 100vw, 300px\" srcset=\"https:\/\/www.scll.de\/wp-content\/uploads\/sites\/12\/2015\/08\/juwo_2014_2-300x200.jpg 300w, https:\/\/www.scll.de\/wp-content\/uploads\/sites\/12\/2015\/08\/juwo_2014_2-1024x683.jpg 1024w, https:\/\/www.scll.de\/wp-content\/uploads\/sites\/12\/2015\/08\/juwo_2014_2-250x167.jpg 250w, https:\/\/www.scll.de\/wp-content\/uploads\/sites\/12\/2015\/08\/juwo_2014_2.jpg 1200w\" alt=\"juwo_2014_2\" width=\"300\" height=\"200\" \/><\/a>super Voraussetzungen. In diesen 4 Tagen durften die Kids wieder jede Menge am See erleben. Die kleinen waren z.B. zu Besuch bei der Wasserschutzpolizei, die uns nicht nur das gro\u00dfe Polizeiboot gezeigt haben sondern auch noch einen Polizeibus zum bestaunen und erforschen dabei hatten. Betreut wurden unsere beiden Opti Gruppen von Christian, Calle, Sammy, Thomas, J\u00fcrgen und vielen Helfern. Unsere gro\u00dfen Kids hatten mit Mike und Uli als Trainer jede Menge Spa\u00df auf dem Wasser.<\/p>\n<p>Auch die beiden wurden von vielen Helfern unterst\u00fctzt. Nicht zu vergessen ist nat\u00fcrlich unsere bew\u00e4hrte K\u00fcchencrew, die uns auch in diesem Jahr wieder hervorragen versorgt hat. Mann m\u00f6chte gar nicht glauben, wie viel Essen und Getr\u00e4nke f\u00fcr so eine kurze Zeit <a href=\"https:\/\/www.scll.de\/wp-content\/uploads\/sites\/12\/2015\/08\/juwo_2014_1.jpg\" data-slb-active=\"1\" data-slb-asset=\"2119433497\" data-slb-internal=\"0\" data-slb-group=\"49\"><img loading=\"lazy\" decoding=\"async\" class=\"alignleft size-medium wp-image-1159\" src=\"https:\/\/www.scll.de\/wp-content\/uploads\/sites\/12\/2015\/08\/juwo_2014_1-300x200.jpg\" sizes=\"auto, (max-width: 300px) 100vw, 300px\" srcset=\"https:\/\/www.scll.de\/wp-content\/uploads\/sites\/12\/2015\/08\/juwo_2014_1-300x200.jpg 300w, https:\/\/www.scll.de\/wp-content\/uploads\/sites\/12\/2015\/08\/juwo_2014_1-1024x683.jpg 1024w, https:\/\/www.scll.de\/wp-content\/uploads\/sites\/12\/2015\/08\/juwo_2014_1-250x167.jpg 250w, https:\/\/www.scll.de\/wp-content\/uploads\/sites\/12\/2015\/08\/juwo_2014_1.jpg 1200w\" alt=\"juwo_2014_1\" width=\"300\" height=\"200\" \/><\/a>ben\u00f6tigt wird. Vom Wetter her hatten wir ebenfalls Gl\u00fcck, nur in der ersten Nacht hat es richtig heftig geregnet. Hier mussten einige der Kids \u201eumgebettet\u201c werden, da das Zelt unter Wasser stand. Die restlichen Tage konnten wir dann bei strahlendem Sonnenschein am See verbringen. Der SCLL \u2013 Jugendmeister wurden in diesem Jahr in drei Gruppen ermittelt. Jugendmeister Opti wurde Lotta Scholz, Jugendmeister Laser II wurden Sina Herrmann und Chiara Spitzer, Jugendmeister 420er wurden Valentin v. Altenstadt und Manuel Salmeri.<\/p>\n<p>Der dritte gro\u00dfe Event war f\u00fcr 16 Jugendliche der Segelt\u00f6rn in die Nordsee. Da die Abfahrt nach Holland bereits einen Tag nach der Jugendwoche war wurde es f\u00fcr einige der Eltern rein w\u00e4schetechnisch wohl ein wenig hektisch.<\/p>\n<p>Geschafft haben es aber alle und so konnte sich der \u201eReisebus\u201c am Sonntag fr\u00fch um 9:00 Uhr auf den Weg machen. Heimathafen der \u201eRisico\u201c (Name des Schiffes und nicht des T\u00f6rns) ist Harlingen in den Niederlanden. Betreut wurde die Gruppe von Manu und Jens Spitzer. Mehr Infos, au\u00dfer dass alle gesund und gl\u00fccklich wieder zur\u00fcck kamen habe ich leider auch nicht erhalten. Aber die Kids werden uns den T\u00f6rn bei unserer Jahresabschlussfeier im Dezember pr\u00e4sentieren.<strong>\u00a0<\/strong><\/p>\n<hr \/>\n<h2>\u00a0Jugendwochen 2013<\/h2>\n<div id=\"attachment_735\" class=\"wp-caption alignleft\">\n<p><a title=\"Jugendwoche 2013\" href=\"https:\/\/picasaweb.google.com\/117695581989905664683\/Jugendwoche2013?authuser=0&amp;authkey=Gv1sRgCO6woZn62byHyAE&amp;feat=directlink\" target=\"_blank\" rel=\"noopener\"><img loading=\"lazy\" decoding=\"async\" class=\"size-medium wp-image-735 \" src=\"https:\/\/www.scll.de\/wp-content\/uploads\/sites\/12\/2010\/11\/31.07.2013-428-300x200.jpeg\" sizes=\"auto, (max-width: 300px) 100vw, 300px\" srcset=\"https:\/\/www.scll.de\/wp-content\/uploads\/sites\/12\/2010\/11\/31.07.2013-428-300x200.jpeg 300w, https:\/\/www.scll.de\/wp-content\/uploads\/sites\/12\/2010\/11\/31.07.2013-428.jpeg 640w\" alt=\"Jugenwoche 2013\" width=\"300\" height=\"200\" \/><\/a><\/p>\n<p class=\"wp-caption-text\">Jugenwoche 2013<\/p>\n<\/div>\n<p><strong>37 Jugendliche, 25 Betreuer und eine Bootsstaufe.<\/strong><\/p>\n<p>Auf diese nackten Zahlen lie\u00dfe sich der Bericht zur diesj\u00e4hrigen Jugendwoche des Segelclub Landsberg reduzieren, wenn da nicht die vielen strahlenden Augen der SCLL-Kinder- und Jugendlichen im Alter zwischen 7 und 18 Jahren w\u00e4ren. Schon fast traditionell geh\u00f6rt beim SCLL die erste Ferienwoche dem Nachwuchs. Dass dabei das Vereinsgel\u00e4nde in St. Alban zu einem lauten, quirligen Schulhof mutiert, ist sogar gewollt. Umso konzentrierter\u00a0 geht es dann ans Lernen und \u00dcben.<\/p>\n<p>Insgesamt 25 Erwachsene, vom Trainer und deren Helfer bis zum K\u00fcchenteam sorgen f\u00fcr einen lehrreichen und sicheren Verlauf der Woche. Als Besonderheit konnten dieses Jahr 17 Jugendliche die Pr\u00fcfung zum Sportbootf\u00fchrerschein Binnen absolvieren. 10 davon hatten bereits das Alter (16 Jahre) um zus\u00e4tzlich den Motorbootf\u00fchrerschein zu erwerben. Geschafft haben es alle Pr\u00fcflinge dank der intensiven Ausbildung durch die clubeigenen Trainer. Mit diesem Schein d\u00fcrfen die Jugendlichen auf allen Binnenseen Deutschlands segeln bzw. Motorboote mit mehr als 15 PS fahren.\u00a0Weitere Highlights waren dieses Jahr eine Lampionfahrt in der D\u00e4mmerung neben Grillen, schwimmen und seglerischen Wettspielen an Land und auf dem Wasser.<\/p>\n<p>Auch dieses Jahr durften die Jugendlichen wieder ein neues Segelboot (420er ) taufen, welches der Verein f\u00fcr seine Jugend neu angeschafft hat. Es verst\u00e4rkt die Flotte nun auf 30 Jugendschiffe.<\/p>\n<p>Die obligatorische Abschlussregatta gewann in der Optiklasse Fabian Zeis und in der Jollenklasse Ferdinand und Tobias Knoll.<\/p>\n<p>Jugendwart Matthias Luber fasst stolz zusammen: \u201eEin bisschen mehr Wind w\u00e4re sch\u00f6n \u00a0gewesen, aber die Kids und wir Betreuer durften vier herrliche Tage am See verbringen und, ganz wichtig, alle freuen sich schon auf die Jugendwoche 2014\u201c.<\/p>\n<hr \/>\n<h2>Jugendwochen 2012<\/h2>\n<p><a href=\"https:\/\/www.scll.de\/wp-content\/uploads\/sites\/12\/2012\/08\/foto1.jpg\" data-slb-active=\"1\" data-slb-asset=\"1899282537\" data-slb-internal=\"0\" data-slb-group=\"49\"><img loading=\"lazy\" decoding=\"async\" class=\"alignleft size-medium wp-image-502\" title=\"jungend1\" src=\"https:\/\/www.scll.de\/wp-content\/uploads\/sites\/12\/2012\/08\/foto1-300x199.jpg\" sizes=\"auto, (max-width: 300px) 100vw, 300px\" srcset=\"https:\/\/www.scll.de\/wp-content\/uploads\/sites\/12\/2012\/08\/foto1-300x199.jpg 300w, https:\/\/www.scll.de\/wp-content\/uploads\/sites\/12\/2012\/08\/foto1.jpg 500w\" alt=\"\" width=\"300\" height=\"199\" \/><\/a>Unsere Jugendwoche vom 01.-04.08.2012 hatte gleich zu Beginn ein besonderes Highlight zu bieten. Wir durften 6 Schiffe taufen und dazu Landrat Walter Eichner als Taufpaten begr\u00fc\u00dfen. Der lies es sich nicht nehmen und sch\u00fcttete, nach dem die Taufspr\u00fcche durch die Kids vorgetragen wurden, ordentlich Sekt \u00fcber die T\u00e4uflinge.<\/p>\n<p>Die \u201eTaufgeschenke\u201c, 4 neue Spinaker in den jeweiligen Schiffsfarben wurden im Anschluss an die Taufe gehisst und ordentlich beklatscht bzw. bewundert. Meinen Dank auch hier noch mal an die edlen Spender aus unserer Mitgliedschaft.<\/p>\n<p><a href=\"https:\/\/www.scll.de\/wp-content\/uploads\/sites\/12\/2012\/08\/jugend2.jpg\" data-slb-active=\"1\" data-slb-asset=\"209363410\" data-slb-internal=\"0\" data-slb-group=\"49\"><img loading=\"lazy\" decoding=\"async\" class=\"alignleft size-thumbnail wp-image-501\" title=\"Jugendwochen 2012\" src=\"https:\/\/www.scll.de\/wp-content\/uploads\/sites\/12\/2012\/08\/jugend2-150x150.jpg\" alt=\"\" width=\"150\" height=\"150\" \/><\/a>In diesem Jahr hatten sich 42 Kinder und Jugendliche zur Segelwoche angemeldet. Diese wurden durch einen ganzen Stab (26) an Helfern und Trainern betreut.<\/p>\n<p>Wir hatten wieder 5 Gruppen die nach Alter und seglerischem K\u00f6nnen so gut wie m\u00f6glich eingeteilt wurden.<\/p>\n<p>Nat\u00fcrlich waren auch unsere drei Motorboote die ganze Zeit unerm\u00fcdlich im Einsatz und sorgten f\u00fcr die n\u00f6tige Sicherheit auf dem Wasser.<\/p>\n<p>Leider konnten wir in <a href=\"https:\/\/www.scll.de\/wp-content\/uploads\/sites\/12\/2012\/08\/jungend3.jpg\" data-slb-active=\"1\" data-slb-asset=\"53956506\" data-slb-internal=\"0\" data-slb-group=\"49\"><img loading=\"lazy\" decoding=\"async\" class=\"alignleft size-thumbnail wp-image-500\" title=\"Jugendwochen 2012\" src=\"https:\/\/www.scll.de\/wp-content\/uploads\/sites\/12\/2012\/08\/jungend3-150x150.jpg\" alt=\"\" width=\"150\" height=\"150\" \/><\/a>diesem Jahr keine Ausbildung zum J\u00fcngstenschein anbieten da unser Jens Spitzer beruflich verhindert war.<\/p>\n<p>Das wird aber sicher im n\u00e4chsten Jahr nachgeholt. Daf\u00fcr durften wir aber eine Jugendwoche genie\u00dfen, bei der es Tags\u00fcber nicht geregnet hat. Die Gewitter waren nur in der Nacht. Also eigentlich super Wetter, wenn ich so an die Jahre davor denke.<\/p>\n<p><a href=\"https:\/\/www.scll.de\/wp-content\/uploads\/sites\/12\/2012\/08\/jungend4.jpg\" data-slb-active=\"1\" data-slb-asset=\"1150283762\" data-slb-internal=\"0\" data-slb-group=\"49\"><img loading=\"lazy\" decoding=\"async\" class=\"size-thumbnail wp-image-499 alignleft\" title=\"Jugendwochen 2012\" src=\"https:\/\/www.scll.de\/wp-content\/uploads\/sites\/12\/2012\/08\/jungend4-150x150.jpg\" alt=\"\" width=\"150\" height=\"150\" \/><\/a>Damit wir mehr Wettfahrten machen konnten, fand die obligatorische Abschlussregatta diesmal an zwei Tagen statt. In der Klasse der Optisegler gewann Valentin von Altenstadt auf seiner \u201eOptitanic\u201c. In der Klasse Laser, Laser2, 420er und 29er gewannen Fritz und Tobias Luber auf der \u201etwo in 1\u201c unserem neuen Vereins 420er.<\/p>\n<p>.<\/p>\n<p><a href=\"https:\/\/www.scll.de\/wp-content\/uploads\/sites\/12\/2012\/08\/jungend6.jpg\" data-slb-active=\"1\" data-slb-asset=\"994873510\" data-slb-internal=\"0\" data-slb-group=\"49\"><img loading=\"lazy\" decoding=\"async\" class=\"size-medium wp-image-497 alignleft\" title=\"Jugendwochen 2012\" src=\"https:\/\/www.scll.de\/wp-content\/uploads\/sites\/12\/2012\/08\/jungend6-300x199.jpg\" sizes=\"auto, (max-width: 300px) 100vw, 300px\" srcset=\"https:\/\/www.scll.de\/wp-content\/uploads\/sites\/12\/2012\/08\/jungend6-300x199.jpg 300w, https:\/\/www.scll.de\/wp-content\/uploads\/sites\/12\/2012\/08\/jungend6.jpg 500w\" alt=\"\" width=\"300\" height=\"199\" \/><\/a>Wir hatten alle mal wieder 4 sehr sch\u00f6ne Tage am See und das Bild zeigt schon mal wie unsere<\/p>\n<p>&lt; Kids dar\u00fcber denken.<\/p>\n<p>.<\/p>\n<p>.<\/p>\n<hr \/>\n<h2>Jugendwochen 2011<\/h2>\n<p><a href=\"https:\/\/picasaweb.google.com\/117695581989905664683\/Jugendwochen2011?authuser=0&amp;feat=directlink\" target=\"_blank\" rel=\"noopener\"><img loading=\"lazy\" decoding=\"async\" class=\"alignleft size-medium wp-image-395\" title=\"Jugendwoche 2011\" src=\"https:\/\/www.scll.de\/wp-content\/uploads\/sites\/12\/2011\/09\/05.08.2011-74-300x200.jpg\" sizes=\"auto, (max-width: 300px) 100vw, 300px\" srcset=\"https:\/\/www.scll.de\/wp-content\/uploads\/sites\/12\/2011\/09\/05.08.2011-74-300x200.jpg 300w, https:\/\/www.scll.de\/wp-content\/uploads\/sites\/12\/2011\/09\/05.08.2011-74.jpg 1024w\" alt=\"\" width=\"300\" height=\"200\" \/><br \/>\n<\/a>Die M\u00e4dchen und Buben im Alter von sechs bis 16 Jahren erlebten einen ganz besonderen Ferienanfang am, im und auf dem Ammersee. Sie durften am Jugendcamp\u00a0unseres Segelclubs\u00a0teilnehmen. Sechs von ihnen beendeten das Camp mit der Pr\u00fcfung zum J\u00fcngstenschein, dem ersten Segelschein, den Segler in ihrer sportlichen Laufbahn erwerben k\u00f6nnen.<br \/>\nSieben Trainer und 14 Helfer aus den Reihen der Vereinsmitglieder waren vier Tage lang damit betraut, die Nachwuchs-Segler zu trainieren und ihnen mit Spa\u00df und Elan diesen Wassersport schmackhaft zu machen. 25 clubeigene Segelboote galt es dabei von drei Motorbooten aus zu dirigieren, gleichzeitig die Wind- und Wasserverh\u00e4ltnisse im<br \/>\nBlick zu haben und die Kinder und Jugendlichen fachkundig anzuleiten. Eine Herausforderung, die von den Vereinsmitgliedern bravour\u00f6s gemeistert wurde.<br \/>\nMit Optimisten, 420ern, Lasern und 29er waren die Teilnehmer in f\u00fcnf Gruppen von morgens bis zum sp\u00e4ten Nachmittag auf dem Wasser unterwegs. Ein ganz besonderes Highlight des diesj\u00e4hrigen Jugendcamps d\u00fcrfte der Besuch der Die\u00dfener Wasserwacht gewesen sein. Nicht nur die Einsatzboote durften die Kinder bestaunen, ihnen war es<br \/>\nauch verg\u00f6nnt, einmal selbst \u201eRettungsmann\u201c zu spielen und fachm\u00e4nnisch ihre \u201eOpfer\u201c aus dem Wasser zu bergen. Dieser Besuch war so kurzweilig und spannend, dass alle dar\u00fcber die Zeit verga\u00dfen und die \u201eletzten Opfer\u201c erst in der Dunkelheit geborgen wurden. Was die Jungsegler in diesen vier Tagen alles gelernt hatten, konnten sie dann bei der Abschluss-Regatta eindrucksvoll unter Beweis stellen. Als Sieger aus dieser Wettfahrt gingen Philipp Ramoser in der Optimistenklasse und Fritz Luber in der Klasse der gr\u00f6\u00dferen Boote auf seinem Laser hervor.<\/p>\n","protected":false},"excerpt":{"rendered":"<p>SCLL &#8211; Jugendwoche 2017 \u2026wie immer\u2026! \u2026 mehr als 30 Teilnehmer, super Stimmung, voller Erfolg. Dieses Jahr begann die Jugendwoche mit 34 Teilnehmern in der ersten Ferienwoche am Sonntag, den 30 Juli. Zuerst wurden wieder die Gruppen den Trainern zugeordnet und dann begann das gro\u00dfe Trainieren. Die Segler in den Optis vertieften in verschiedenen Gruppen [&hellip;]<\/p>\n","protected":false},"author":2,"featured_media":0,"parent":0,"menu_order":0,"comment_status":"closed","ping_status":"closed","template":"","meta":{"_acf_changed":false,"footnotes":""},"class_list":["post-1402","page","type-page","status-publish","hentry"],"acf":[],"yoast_head":"<!-- This site is optimized with the Yoast SEO plugin v27.5 - https:\/\/yoast.com\/product\/yoast-seo-wordpress\/ -->\n<title>Jugendwochen - Segelclub Landsberg am Ammersee<\/title>\n<meta name=\"robots\" content=\"index, follow, max-snippet:-1, max-image-preview:large, max-video-preview:-1\" \/>\n<link rel=\"canonical\" href=\"https:\/\/www.bauer-hans.de\/scll\/jugendwochen\/\" \/>\n<meta name=\"twitter:label1\" content=\"Gesch\u00e4tzte Lesezeit\" \/>\n\t<meta name=\"twitter:data1\" content=\"11\u00a0Minuten\" \/>\n<script type=\"application\/ld+json\" class=\"yoast-schema-graph\">{\"@context\":\"https:\\\/\\\/schema.org\",\"@graph\":[{\"@type\":\"WebPage\",\"@id\":\"https:\\\/\\\/www.bauer-hans.de\\\/scll\\\/jugendwochen\\\/\",\"url\":\"https:\\\/\\\/www.bauer-hans.de\\\/scll\\\/jugendwochen\\\/\",\"name\":\"Jugendwochen - Segelclub Landsberg am Ammersee\",\"isPartOf\":{\"@id\":\"https:\\\/\\\/www.bauer-hans.de\\\/scll\\\/#website\"},\"primaryImageOfPage\":{\"@id\":\"https:\\\/\\\/www.bauer-hans.de\\\/scll\\\/jugendwochen\\\/#primaryimage\"},\"image\":{\"@id\":\"https:\\\/\\\/www.bauer-hans.de\\\/scll\\\/jugendwochen\\\/#primaryimage\"},\"thumbnailUrl\":\"https:\\\/\\\/www.bauer-hans.de\\\/scll\\\/wp-content\\\/uploads\\\/sites\\\/12\\\/2018\\\/01\\\/JuWo2017_1.jpg\",\"datePublished\":\"2016-11-21T09:42:29+00:00\",\"dateModified\":\"2018-01-15T09:55:08+00:00\",\"breadcrumb\":{\"@id\":\"https:\\\/\\\/www.bauer-hans.de\\\/scll\\\/jugendwochen\\\/#breadcrumb\"},\"inLanguage\":\"de\",\"potentialAction\":[{\"@type\":\"ReadAction\",\"target\":[\"https:\\\/\\\/www.bauer-hans.de\\\/scll\\\/jugendwochen\\\/\"]}]},{\"@type\":\"ImageObject\",\"inLanguage\":\"de\",\"@id\":\"https:\\\/\\\/www.bauer-hans.de\\\/scll\\\/jugendwochen\\\/#primaryimage\",\"url\":\"https:\\\/\\\/www.bauer-hans.de\\\/scll\\\/wp-content\\\/uploads\\\/sites\\\/12\\\/2018\\\/01\\\/JuWo2017_1.jpg\",\"contentUrl\":\"https:\\\/\\\/www.bauer-hans.de\\\/scll\\\/wp-content\\\/uploads\\\/sites\\\/12\\\/2018\\\/01\\\/JuWo2017_1.jpg\",\"width\":1200,\"height\":800},{\"@type\":\"BreadcrumbList\",\"@id\":\"https:\\\/\\\/www.bauer-hans.de\\\/scll\\\/jugendwochen\\\/#breadcrumb\",\"itemListElement\":[{\"@type\":\"ListItem\",\"position\":1,\"name\":\"Startseite\",\"item\":\"https:\\\/\\\/www.bauer-hans.de\\\/scll\\\/\"},{\"@type\":\"ListItem\",\"position\":2,\"name\":\"Jugendwochen\"}]},{\"@type\":\"WebSite\",\"@id\":\"https:\\\/\\\/www.bauer-hans.de\\\/scll\\\/#website\",\"url\":\"https:\\\/\\\/www.bauer-hans.de\\\/scll\\\/\",\"name\":\"Segelclub Landsberg am Ammersee\",\"description\":\"SCLL der Segelclub am S\u00fcd-West-Ufer des Ammersees\",\"potentialAction\":[{\"@type\":\"SearchAction\",\"target\":{\"@type\":\"EntryPoint\",\"urlTemplate\":\"https:\\\/\\\/www.bauer-hans.de\\\/scll\\\/?s={search_term_string}\"},\"query-input\":{\"@type\":\"PropertyValueSpecification\",\"valueRequired\":true,\"valueName\":\"search_term_string\"}}],\"inLanguage\":\"de\"}]}<\/script>\n<!-- \/ Yoast SEO plugin. -->","yoast_head_json":{"title":"Jugendwochen - Segelclub Landsberg am Ammersee","robots":{"index":"index","follow":"follow","max-snippet":"max-snippet:-1","max-image-preview":"max-image-preview:large","max-video-preview":"max-video-preview:-1"},"canonical":"https:\/\/www.bauer-hans.de\/scll\/jugendwochen\/","twitter_misc":{"Gesch\u00e4tzte Lesezeit":"11\u00a0Minuten"},"schema":{"@context":"https:\/\/schema.org","@graph":[{"@type":"WebPage","@id":"https:\/\/www.bauer-hans.de\/scll\/jugendwochen\/","url":"https:\/\/www.bauer-hans.de\/scll\/jugendwochen\/","name":"Jugendwochen - Segelclub Landsberg am Ammersee","isPartOf":{"@id":"https:\/\/www.bauer-hans.de\/scll\/#website"},"primaryImageOfPage":{"@id":"https:\/\/www.bauer-hans.de\/scll\/jugendwochen\/#primaryimage"},"image":{"@id":"https:\/\/www.bauer-hans.de\/scll\/jugendwochen\/#primaryimage"},"thumbnailUrl":"https:\/\/www.bauer-hans.de\/scll\/wp-content\/uploads\/sites\/12\/2018\/01\/JuWo2017_1.jpg","datePublished":"2016-11-21T09:42:29+00:00","dateModified":"2018-01-15T09:55:08+00:00","breadcrumb":{"@id":"https:\/\/www.bauer-hans.de\/scll\/jugendwochen\/#breadcrumb"},"inLanguage":"de","potentialAction":[{"@type":"ReadAction","target":["https:\/\/www.bauer-hans.de\/scll\/jugendwochen\/"]}]},{"@type":"ImageObject","inLanguage":"de","@id":"https:\/\/www.bauer-hans.de\/scll\/jugendwochen\/#primaryimage","url":"https:\/\/www.bauer-hans.de\/scll\/wp-content\/uploads\/sites\/12\/2018\/01\/JuWo2017_1.jpg","contentUrl":"https:\/\/www.bauer-hans.de\/scll\/wp-content\/uploads\/sites\/12\/2018\/01\/JuWo2017_1.jpg","width":1200,"height":800},{"@type":"BreadcrumbList","@id":"https:\/\/www.bauer-hans.de\/scll\/jugendwochen\/#breadcrumb","itemListElement":[{"@type":"ListItem","position":1,"name":"Startseite","item":"https:\/\/www.bauer-hans.de\/scll\/"},{"@type":"ListItem","position":2,"name":"Jugendwochen"}]},{"@type":"WebSite","@id":"https:\/\/www.bauer-hans.de\/scll\/#website","url":"https:\/\/www.bauer-hans.de\/scll\/","name":"Segelclub Landsberg am Ammersee","description":"SCLL der Segelclub am S\u00fcd-West-Ufer des Ammersees","potentialAction":[{"@type":"SearchAction","target":{"@type":"EntryPoint","urlTemplate":"https:\/\/www.bauer-hans.de\/scll\/?s={search_term_string}"},"query-input":{"@type":"PropertyValueSpecification","valueRequired":true,"valueName":"search_term_string"}}],"inLanguage":"de"}]}},"_links":{"self":[{"href":"https:\/\/www.bauer-hans.de\/scll\/wp-json\/wp\/v2\/pages\/1402","targetHints":{"allow":["GET"]}}],"collection":[{"href":"https:\/\/www.bauer-hans.de\/scll\/wp-json\/wp\/v2\/pages"}],"about":[{"href":"https:\/\/www.bauer-hans.de\/scll\/wp-json\/wp\/v2\/types\/page"}],"author":[{"embeddable":true,"href":"https:\/\/www.bauer-hans.de\/scll\/wp-json\/wp\/v2\/users\/2"}],"replies":[{"embeddable":true,"href":"https:\/\/www.bauer-hans.de\/scll\/wp-json\/wp\/v2\/comments?post=1402"}],"version-history":[{"count":7,"href":"https:\/\/www.bauer-hans.de\/scll\/wp-json\/wp\/v2\/pages\/1402\/revisions"}],"predecessor-version":[{"id":1657,"href":"https:\/\/www.bauer-hans.de\/scll\/wp-json\/wp\/v2\/pages\/1402\/revisions\/1657"}],"wp:attachment":[{"href":"https:\/\/www.bauer-hans.de\/scll\/wp-json\/wp\/v2\/media?parent=1402"}],"curies":[{"name":"wp","href":"https:\/\/api.w.org\/{rel}","templated":true}]}}