{"id":930,"date":"2015-03-12T19:38:49","date_gmt":"2015-03-12T17:38:49","guid":{"rendered":"http:\/\/www.bauer-hans.de\/scll\/?page_id=930"},"modified":"2019-07-22T09:10:48","modified_gmt":"2019-07-22T07:10:48","slug":"24-std","status":"publish","type":"page","link":"https:\/\/www.bauer-hans.de\/scll\/24-std\/","title":{"rendered":"24-Stunden-Regatta"},"content":{"rendered":"<div id=\"pl-930\"  class=\"panel-layout\" >\n<div id=\"pg-930-0\"  class=\"panel-grid panel-no-style\" >\n<div id=\"pgc-930-0-0\"  class=\"panel-grid-cell\"  data-weight=\"0.249999998125\" >\n<div id=\"panel-930-0-0-0\" class=\"so-panel widget widget_black-studio-tinymce widget_black_studio_tinymce panel-first-child panel-last-child\" data-index=\"0\" data-style=\"{&quot;background_image_attachment&quot;:false,&quot;background_display&quot;:&quot;tile&quot;}\" >\n<h3 class=\"widget-title\">wir bedanken uns bei den nachfolgenden Sponsoren:<\/h3>\n<div class=\"textwidget\"><a href=\"http:\/\/www.vfm-ll.de\" target=\"_blank\" rel=\"noopener noreferrer\"><img loading=\"lazy\" decoding=\"async\" class=\"alignnone wp-image-978 size-full\" src=\"https:\/\/www.bauer-hans.de\/scll\/wp-content\/uploads\/sites\/12\/2015\/04\/Logo-vfm.jpg\" alt=\"Logo vfm\" width=\"199\" height=\"80\" \/><\/a><\/p>\n<p><a href=\"http:\/\/www.baumarkt-sailer.de\/\" target=\"_blank\" rel=\"noopener noreferrer\"><img loading=\"lazy\" decoding=\"async\" class=\"alignnone size-full wp-image-972\" src=\"https:\/\/www.bauer-hans.de\/scll\/wp-content\/uploads\/sites\/12\/2015\/04\/Logo-Sailer.jpg\" alt=\"Logo Sailer\" width=\"200\" height=\"90\" \/><\/a><\/p>\n<p><a href=\"http:\/\/www.malerknoll.de\/\" target=\"_blank\" rel=\"noopener noreferrer\"><img loading=\"lazy\" decoding=\"async\" class=\"alignnone wp-image-1677\" src=\"https:\/\/www.bauer-hans.de\/scll\/wp-content\/uploads\/sites\/12\/2018\/05\/maler-knoll-300x212.jpg\" alt=\"\" width=\"200\" height=\"141\" srcset=\"https:\/\/www.bauer-hans.de\/scll\/wp-content\/uploads\/sites\/12\/2018\/05\/maler-knoll-300x212.jpg 300w, https:\/\/www.bauer-hans.de\/scll\/wp-content\/uploads\/sites\/12\/2018\/05\/maler-knoll-768x542.jpg 768w, https:\/\/www.bauer-hans.de\/scll\/wp-content\/uploads\/sites\/12\/2018\/05\/maler-knoll-1024x722.jpg 1024w, https:\/\/www.bauer-hans.de\/scll\/wp-content\/uploads\/sites\/12\/2018\/05\/maler-knoll-250x176.jpg 250w, https:\/\/www.bauer-hans.de\/scll\/wp-content\/uploads\/sites\/12\/2018\/05\/maler-knoll.jpg 1551w\" sizes=\"auto, (max-width: 200px) 100vw, 200px\" \/><\/a><\/p>\n<p><a href=\"http:\/\/www.rieth-baustoffe.de\/\" target=\"_blank\" rel=\"noopener noreferrer\"><img loading=\"lazy\" decoding=\"async\" class=\"alignnone wp-image-1305\" src=\"https:\/\/www.bauer-hans.de\/scll\/wp-content\/uploads\/sites\/12\/2016\/06\/RiethDoitWeb.jpg\" alt=\"RiethDoitWeb\" width=\"199\" height=\"110\" srcset=\"https:\/\/www.bauer-hans.de\/scll\/wp-content\/uploads\/sites\/12\/2016\/06\/RiethDoitWeb.jpg 350w, https:\/\/www.bauer-hans.de\/scll\/wp-content\/uploads\/sites\/12\/2016\/06\/RiethDoitWeb-300x165.jpg 300w, https:\/\/www.bauer-hans.de\/scll\/wp-content\/uploads\/sites\/12\/2016\/06\/RiethDoitWeb-250x138.jpg 250w\" sizes=\"auto, (max-width: 199px) 100vw, 199px\" \/><\/a><\/p>\n<p><a href=\"http:\/\/www.suncharter.de\/\" target=\"_blank\" rel=\"noopener noreferrer\"><img loading=\"lazy\" decoding=\"async\" class=\"alignnone size-full wp-image-976\" src=\"https:\/\/www.bauer-hans.de\/scll\/wp-content\/uploads\/sites\/12\/2015\/04\/Logo-Sun-Charter.gif\" alt=\"Logo Sun Charter\" width=\"200\" height=\"90\" \/><\/a><\/p>\n<p><a href=\"http:\/\/www.campingplatz-baumann.de\/\" target=\"_blank\" rel=\"noopener noreferrer\"><img loading=\"lazy\" decoding=\"async\" class=\"alignnone wp-image-1334\" src=\"https:\/\/www.bauer-hans.de\/scll\/wp-content\/uploads\/sites\/12\/2016\/07\/camping-baumann-1024x349.jpg\" alt=\"\" width=\"200\" height=\"68\" srcset=\"https:\/\/www.bauer-hans.de\/scll\/wp-content\/uploads\/sites\/12\/2016\/07\/camping-baumann-1024x349.jpg 1024w, https:\/\/www.bauer-hans.de\/scll\/wp-content\/uploads\/sites\/12\/2016\/07\/camping-baumann-300x102.jpg 300w, https:\/\/www.bauer-hans.de\/scll\/wp-content\/uploads\/sites\/12\/2016\/07\/camping-baumann-768x261.jpg 768w, https:\/\/www.bauer-hans.de\/scll\/wp-content\/uploads\/sites\/12\/2016\/07\/camping-baumann-250x85.jpg 250w, https:\/\/www.bauer-hans.de\/scll\/wp-content\/uploads\/sites\/12\/2016\/07\/camping-baumann.jpg 1551w\" sizes=\"auto, (max-width: 200px) 100vw, 200px\" \/><\/a><\/p>\n<p><a href=\"https:\/\/www.veltrup.de\" target=\"_blank\" rel=\"noopener noreferrer\"><img loading=\"lazy\" decoding=\"async\" class=\"alignnone size-full wp-image-1071\" src=\"https:\/\/www.bauer-hans.de\/scll\/wp-content\/uploads\/sites\/12\/2015\/06\/veltrup.jpg\" alt=\"\" width=\"200\" height=\"80\" \/><\/a><\/p>\n<p><a href=\"http:\/\/www.graulkuechen.de\" target=\"_blank\" rel=\"noopener noreferrer\"><img loading=\"lazy\" decoding=\"async\" class=\"alignnone wp-image-1933\" src=\"https:\/\/www.bauer-hans.de\/scll\/wp-content\/uploads\/sites\/12\/2019\/04\/k\u00fcchenstudio.jpg\" alt=\"\" width=\"200\" height=\"157\" srcset=\"https:\/\/www.bauer-hans.de\/scll\/wp-content\/uploads\/sites\/12\/2019\/04\/k\u00fcchenstudio.jpg 444w, https:\/\/www.bauer-hans.de\/scll\/wp-content\/uploads\/sites\/12\/2019\/04\/k\u00fcchenstudio-300x236.jpg 300w, https:\/\/www.bauer-hans.de\/scll\/wp-content\/uploads\/sites\/12\/2019\/04\/k\u00fcchenstudio-250x197.jpg 250w\" sizes=\"auto, (max-width: 200px) 100vw, 200px\" \/><\/a><\/p>\n<p>&nbsp;<\/p>\n<p>&nbsp;<\/p>\n<p>&nbsp;<\/p><\/div>\n<\/div>\n<\/div>\n<div id=\"pgc-930-0-1\"  class=\"panel-grid-cell\"  data-weight=\"0.750000001875\" >\n<div id=\"panel-930-0-1-0\" class=\"so-panel widget widget_black-studio-tinymce widget_black_studio_tinymce panel-first-child panel-last-child\" data-index=\"1\" data-style=\"{&quot;background_image_attachment&quot;:false,&quot;background_display&quot;:&quot;tile&quot;}\" >\n<div class=\"textwidget\">\n<h2 style=\"text-align: center;\">Das j\u00e4hrliche Highlight immer am ersten Juliwochenende am Ammersee<\/h2>\n<h1 style=\"text-align: center;\">06.\/07. Juli 2019<\/h1>\n<p style=\"text-align: center;\"><a href=\"https:\/\/www.bauer-hans.de\/scll\/wp-content\/uploads\/sites\/12\/2019\/07\/24h-2019-Erste-Runde.pdf\" target=\"_blank\" rel=\"noopener noreferrer\">Ergebnisliste 1. Runde<\/a> | <a href=\"https:\/\/www.bauer-hans.de\/scll\/wp-content\/uploads\/sites\/12\/2019\/07\/24h-2019-Gesamt-V1.pdf\" target=\"_blank\" rel=\"noopener noreferrer\">Ergebnisliste nach Gesamtbojen<\/a><\/p>\n<p style=\"text-align: center;\"><a href=\"https:\/\/www.bauer-hans.de\/scll\/wp-content\/uploads\/sites\/12\/2019\/07\/24h-2019-Yst-113.pdf\" target=\"_blank\" rel=\"noopener noreferrer\">Ergebnisliste Yardst. &gt;113<\/a>\u00a0| <a href=\"https:\/\/www.bauer-hans.de\/scll\/wp-content\/uploads\/sites\/12\/2019\/07\/24h-2019-24-h-2019-Gruppen.pdf\" target=\"_blank\" rel=\"noopener noreferrer\">Ergebnisliste Gruppen<\/a><\/p>\n<p><a href=\"https:\/\/photos.app.goo.gl\/Udi5HkbUUVziGHpVA\" target=\"_blank\" rel=\"noopener noreferrer\">Fotoalbum &#8211; Siegerehrung<\/a> | <a href=\"https:\/\/photos.app.goo.gl\/nKV3Q5naVxzMmEf46\" target=\"_blank\" rel=\"noopener noreferrer\">Fotoalbum Regatta<\/a><\/p>\n<div id=\"attachment_1995\" style=\"width: 1210px\" class=\"wp-caption alignnone\"><img loading=\"lazy\" decoding=\"async\" aria-describedby=\"caption-attachment-1995\" class=\"wp-image-1995 size-full\" src=\"https:\/\/www.bauer-hans.de\/scll\/wp-content\/uploads\/sites\/12\/2019\/07\/Sieger-\u00fcber-Alles-nach-Bojen-Bruno-Trost-mit-Lago-26_1.jpg\" alt=\"\" width=\"1200\" height=\"676\" srcset=\"https:\/\/www.bauer-hans.de\/scll\/wp-content\/uploads\/sites\/12\/2019\/07\/Sieger-\u00fcber-Alles-nach-Bojen-Bruno-Trost-mit-Lago-26_1.jpg 1200w, https:\/\/www.bauer-hans.de\/scll\/wp-content\/uploads\/sites\/12\/2019\/07\/Sieger-\u00fcber-Alles-nach-Bojen-Bruno-Trost-mit-Lago-26_1-300x169.jpg 300w, https:\/\/www.bauer-hans.de\/scll\/wp-content\/uploads\/sites\/12\/2019\/07\/Sieger-\u00fcber-Alles-nach-Bojen-Bruno-Trost-mit-Lago-26_1-768x433.jpg 768w, https:\/\/www.bauer-hans.de\/scll\/wp-content\/uploads\/sites\/12\/2019\/07\/Sieger-\u00fcber-Alles-nach-Bojen-Bruno-Trost-mit-Lago-26_1-1024x577.jpg 1024w, https:\/\/www.bauer-hans.de\/scll\/wp-content\/uploads\/sites\/12\/2019\/07\/Sieger-\u00fcber-Alles-nach-Bojen-Bruno-Trost-mit-Lago-26_1-250x141.jpg 250w\" sizes=\"auto, (max-width: 1200px) 100vw, 1200px\" \/><\/p>\n<p id=\"caption-attachment-1995\" class=\"wp-caption-text\">Sieger \u00fcber Alles nach Bojen Bruno Trost mit Lago 26_1<\/p>\n<\/div>\n<div id=\"attachment_1997\" style=\"width: 1210px\" class=\"wp-caption alignnone\"><img loading=\"lazy\" decoding=\"async\" aria-describedby=\"caption-attachment-1997\" class=\"size-full wp-image-1997\" src=\"https:\/\/www.bauer-hans.de\/scll\/wp-content\/uploads\/sites\/12\/2019\/07\/Sieger-erste-Runde-YST-Christoph-Gerz-mit-einem-20er-JK.jpg\" alt=\"\" width=\"1200\" height=\"676\" srcset=\"https:\/\/www.bauer-hans.de\/scll\/wp-content\/uploads\/sites\/12\/2019\/07\/Sieger-erste-Runde-YST-Christoph-Gerz-mit-einem-20er-JK.jpg 1200w, https:\/\/www.bauer-hans.de\/scll\/wp-content\/uploads\/sites\/12\/2019\/07\/Sieger-erste-Runde-YST-Christoph-Gerz-mit-einem-20er-JK-300x169.jpg 300w, https:\/\/www.bauer-hans.de\/scll\/wp-content\/uploads\/sites\/12\/2019\/07\/Sieger-erste-Runde-YST-Christoph-Gerz-mit-einem-20er-JK-768x433.jpg 768w, https:\/\/www.bauer-hans.de\/scll\/wp-content\/uploads\/sites\/12\/2019\/07\/Sieger-erste-Runde-YST-Christoph-Gerz-mit-einem-20er-JK-1024x577.jpg 1024w, https:\/\/www.bauer-hans.de\/scll\/wp-content\/uploads\/sites\/12\/2019\/07\/Sieger-erste-Runde-YST-Christoph-Gerz-mit-einem-20er-JK-250x141.jpg 250w\" sizes=\"auto, (max-width: 1200px) 100vw, 1200px\" \/><\/p>\n<p id=\"caption-attachment-1997\" class=\"wp-caption-text\">Sieger erste Runde YST Christoph Gerz mit einem 20er JK<\/p>\n<\/div>\n<div id=\"attachment_1996\" style=\"width: 1210px\" class=\"wp-caption alignnone\"><img loading=\"lazy\" decoding=\"async\" aria-describedby=\"caption-attachment-1996\" class=\"size-full wp-image-1996\" src=\"https:\/\/www.bauer-hans.de\/scll\/wp-content\/uploads\/sites\/12\/2019\/07\/Sieger-der-Gruppenwertung-YST-113-.jpg\" alt=\"\" width=\"1200\" height=\"803\" srcset=\"https:\/\/www.bauer-hans.de\/scll\/wp-content\/uploads\/sites\/12\/2019\/07\/Sieger-der-Gruppenwertung-YST-113-.jpg 1200w, https:\/\/www.bauer-hans.de\/scll\/wp-content\/uploads\/sites\/12\/2019\/07\/Sieger-der-Gruppenwertung-YST-113--300x201.jpg 300w, https:\/\/www.bauer-hans.de\/scll\/wp-content\/uploads\/sites\/12\/2019\/07\/Sieger-der-Gruppenwertung-YST-113--768x514.jpg 768w, https:\/\/www.bauer-hans.de\/scll\/wp-content\/uploads\/sites\/12\/2019\/07\/Sieger-der-Gruppenwertung-YST-113--1024x685.jpg 1024w, https:\/\/www.bauer-hans.de\/scll\/wp-content\/uploads\/sites\/12\/2019\/07\/Sieger-der-Gruppenwertung-YST-113--250x167.jpg 250w, https:\/\/www.bauer-hans.de\/scll\/wp-content\/uploads\/sites\/12\/2019\/07\/Sieger-der-Gruppenwertung-YST-113--272x182.jpg 272w\" sizes=\"auto, (max-width: 1200px) 100vw, 1200px\" \/><\/p>\n<p id=\"caption-attachment-1996\" class=\"wp-caption-text\">Sieger der Gruppenwertung YST 113 +<\/p>\n<\/div>\n<hr \/>\n<h1 style=\"text-align: center;\">07.\/08. Juli 2018<\/h1>\n<p style=\"text-align: center;\"><a href=\"https:\/\/www.bauer-hans.de\/scll\/wp-content\/uploads\/sites\/12\/2018\/07\/24H-2018-1.Runde_.pdf\" target=\"_blank\" rel=\"noopener noreferrer\">Ergebnisliste 1. Runde<\/a> | <a href=\"https:\/\/www.bauer-hans.de\/scll\/wp-content\/uploads\/sites\/12\/2018\/07\/24h-2018-Gesamtwertung.pdf\" target=\"_blank\" rel=\"noopener noreferrer\">Ergebnisliste nach Gesamtbojen<\/a><\/p>\n<p style=\"text-align: center;\"><a href=\"https:\/\/www.bauer-hans.de\/scll\/wp-content\/uploads\/sites\/12\/2018\/07\/24h-2018-Yst113-YstStrecke.pdf\" target=\"_blank\" rel=\"noopener noreferrer\">Ergebnisliste Yardst. &gt;113<\/a>\u00a0| <a href=\"https:\/\/www.bauer-hans.de\/scll\/wp-content\/uploads\/sites\/12\/2018\/07\/24h-2018-Gruppen.pdf\" target=\"_blank\" rel=\"noopener noreferrer\">Ergebnisliste Gruppen<\/a><\/p>\n<h2 style=\"text-align: center;\"><img loading=\"lazy\" decoding=\"async\" class=\"aligncenter size-full wp-image-1786\" src=\"https:\/\/www.bauer-hans.de\/scll\/wp-content\/uploads\/sites\/12\/2018\/07\/24h_2018_1.jpg\" alt=\"\" width=\"1200\" height=\"803\" srcset=\"https:\/\/www.bauer-hans.de\/scll\/wp-content\/uploads\/sites\/12\/2018\/07\/24h_2018_1.jpg 1200w, https:\/\/www.bauer-hans.de\/scll\/wp-content\/uploads\/sites\/12\/2018\/07\/24h_2018_1-300x201.jpg 300w, https:\/\/www.bauer-hans.de\/scll\/wp-content\/uploads\/sites\/12\/2018\/07\/24h_2018_1-768x514.jpg 768w, https:\/\/www.bauer-hans.de\/scll\/wp-content\/uploads\/sites\/12\/2018\/07\/24h_2018_1-1024x685.jpg 1024w, https:\/\/www.bauer-hans.de\/scll\/wp-content\/uploads\/sites\/12\/2018\/07\/24h_2018_1-250x167.jpg 250w, https:\/\/www.bauer-hans.de\/scll\/wp-content\/uploads\/sites\/12\/2018\/07\/24h_2018_1-272x182.jpg 272w\" sizes=\"auto, (max-width: 1200px) 100vw, 1200px\" \/><\/h2>\n<h2><img loading=\"lazy\" decoding=\"async\" class=\"alignnone size-full wp-image-1809\" src=\"https:\/\/www.bauer-hans.de\/scll\/wp-content\/uploads\/sites\/12\/2018\/07\/spie_2018.jpg\" alt=\"\" width=\"1200\" height=\"803\" srcset=\"https:\/\/www.bauer-hans.de\/scll\/wp-content\/uploads\/sites\/12\/2018\/07\/spie_2018.jpg 1200w, https:\/\/www.bauer-hans.de\/scll\/wp-content\/uploads\/sites\/12\/2018\/07\/spie_2018-300x201.jpg 300w, https:\/\/www.bauer-hans.de\/scll\/wp-content\/uploads\/sites\/12\/2018\/07\/spie_2018-768x514.jpg 768w, https:\/\/www.bauer-hans.de\/scll\/wp-content\/uploads\/sites\/12\/2018\/07\/spie_2018-1024x685.jpg 1024w, https:\/\/www.bauer-hans.de\/scll\/wp-content\/uploads\/sites\/12\/2018\/07\/spie_2018-250x167.jpg 250w, https:\/\/www.bauer-hans.de\/scll\/wp-content\/uploads\/sites\/12\/2018\/07\/spie_2018-272x182.jpg 272w\" sizes=\"auto, (max-width: 1200px) 100vw, 1200px\" \/><\/h2>\n<p><img loading=\"lazy\" decoding=\"async\" class=\"alignnone size-full wp-image-1866\" src=\"https:\/\/www.bauer-hans.de\/scll\/wp-content\/uploads\/sites\/12\/2018\/08\/siegerehr_2018.jpg\" alt=\"\" width=\"1200\" height=\"803\" srcset=\"https:\/\/www.bauer-hans.de\/scll\/wp-content\/uploads\/sites\/12\/2018\/08\/siegerehr_2018.jpg 1200w, https:\/\/www.bauer-hans.de\/scll\/wp-content\/uploads\/sites\/12\/2018\/08\/siegerehr_2018-300x201.jpg 300w, https:\/\/www.bauer-hans.de\/scll\/wp-content\/uploads\/sites\/12\/2018\/08\/siegerehr_2018-768x514.jpg 768w, https:\/\/www.bauer-hans.de\/scll\/wp-content\/uploads\/sites\/12\/2018\/08\/siegerehr_2018-1024x685.jpg 1024w, https:\/\/www.bauer-hans.de\/scll\/wp-content\/uploads\/sites\/12\/2018\/08\/siegerehr_2018-250x167.jpg 250w, https:\/\/www.bauer-hans.de\/scll\/wp-content\/uploads\/sites\/12\/2018\/08\/siegerehr_2018-272x182.jpg 272w\" sizes=\"auto, (max-width: 1200px) 100vw, 1200px\" \/><\/p>\n<p style=\"text-align: center;\"><a href=\"https:\/\/photos.app.goo.gl\/jLyGuG63sPeyr4dJA\" target=\"_blank\" rel=\"noopener noreferrer\">Fotoalbum auf google+<\/a><\/p>\n<p>nachdem google+ in K\u00fcrze diesen Service nicht mehr bietet, hier die gleichen Fotos schon mal auf der MagentaCloud:\u00a0 <a href=\"https:\/\/www.magentacloud.de\/share\/o-n0zhlc7g\" target=\"_blank\" rel=\"noopener noreferrer\">Fotoalbum<\/a><\/p>\n<p>Sie haben eine bessere kostenlose Cloudl\u00f6sung? Bitte Idee mailen an <a href=\"mailto:bauer@scll.de\" target=\"_blank\" rel=\"noopener noreferrer\">bauer@scll.de<\/a><\/p>\n<p style=\"text-align: center;\"><strong>Vielen Dank an die Fotografen Brice Lefrere (mit den meisten Fotos), Markus Hanst und an die Petra vom Kontrollboot Boje 3.<\/strong><\/p>\n<p style=\"text-align: center;\"><a href=\"https:\/\/creativecommons.org\/licenses\/by-sa\/3.0\/de\/\" target=\"_blank\" rel=\"noopener noreferrer\">Hier die Tracking-Aufzeichnung auf KWINDOO<\/a>\u00a0&#8211; bzw. hier der <a href=\"https:\/\/youtu.be\/ToCwT5XBazk\" target=\"_blank\" rel=\"noopener noreferrer\">Overviewfilm<\/a><\/p>\n<p style=\"text-align: center;\" align=\"center\"><strong>Hier <\/strong><a href=\"http:\/\/www.viehmann.photo\/2018-24h-scll\" target=\"_blank\" rel=\"noopener noreferrer\"><b>Luftbildaufnahmen<\/b><\/a><strong> gem.\u00a0CC BY-SA 3.0 DE von Dirk Viehmann<\/strong><\/p>\n<p style=\"text-align: center;\" align=\"center\">\u201eBei weiterem Interesse an bzw. weiterer Nutzung von Luftbildern, bitte Dirk Viehmann kontaktieren unter: <a href=\"mailto:segeln@email.viehmann.de\">segeln@email.viehmann.de<\/a><\/p>\n<p style=\"text-align: center;\" align=\"center\">\u201eHerzlichen Dank an dieser Stelle an den Segelkameraden vom ASViM, f\u00fcr die sch\u00f6nen Luftbild-Aufnahmen zur SCLL-24-h-Regatta!\u201c<\/p>\n<p>&nbsp;<\/p>\n<hr \/>\n<h1 style=\"text-align: center;\">01.\/02. Juli 2017<\/h1>\n<p><a href=\"https:\/\/www.bauer-hans.de\/scll\/wp-content\/uploads\/sites\/12\/2017\/07\/24h_2017_yst.pdf\" target=\"_blank\" rel=\"noopener noreferrer\">Ergebnisliste 1. Runde<\/a> | <a href=\"https:\/\/www.bauer-hans.de\/scll\/wp-content\/uploads\/sites\/12\/2017\/07\/24h_2017_gesamt.pdf\" target=\"_blank\" rel=\"noopener noreferrer\">Ergebnisliste nach Gesamtbojen<\/a><\/p>\n<p><a href=\"https:\/\/www.bauer-hans.de\/scll\/wp-content\/uploads\/sites\/12\/2017\/07\/24h_2017_ue113.pdf\" target=\"_blank\" rel=\"noopener noreferrer\">Ergebnisliste Yardst. &gt;113<\/a>\u00a0| <a href=\"https:\/\/www.bauer-hans.de\/scll\/wp-content\/uploads\/sites\/12\/2017\/07\/24h_2017_gruppen.pdf\" target=\"_blank\" rel=\"noopener noreferrer\">Ergebnisliste Gruppen<\/a>\u00a0| <a href=\"https:\/\/www.bauer-hans.de\/scll\/wp-content\/uploads\/sites\/12\/2017\/07\/24h_2017_YstGesamt.pdf\" target=\"_blank\" rel=\"noopener noreferrer\">Ergebnisliste YSt 24h gesamt<\/a><\/p>\n<p><img loading=\"lazy\" decoding=\"async\" class=\"alignnone size-full wp-image-1571\" src=\"https:\/\/www.bauer-hans.de\/scll\/wp-content\/uploads\/sites\/12\/2015\/03\/start1a.jpg\" alt=\"\" width=\"1200\" height=\"900\" srcset=\"https:\/\/www.bauer-hans.de\/scll\/wp-content\/uploads\/sites\/12\/2015\/03\/start1a.jpg 1200w, https:\/\/www.bauer-hans.de\/scll\/wp-content\/uploads\/sites\/12\/2015\/03\/start1a-300x225.jpg 300w, https:\/\/www.bauer-hans.de\/scll\/wp-content\/uploads\/sites\/12\/2015\/03\/start1a-768x576.jpg 768w, https:\/\/www.bauer-hans.de\/scll\/wp-content\/uploads\/sites\/12\/2015\/03\/start1a-1024x768.jpg 1024w, https:\/\/www.bauer-hans.de\/scll\/wp-content\/uploads\/sites\/12\/2015\/03\/start1a-250x188.jpg 250w\" sizes=\"auto, (max-width: 1200px) 100vw, 1200px\" \/><\/p>\n<h2 style=\"text-align: center;\"><img loading=\"lazy\" decoding=\"async\" class=\"alignnone size-full wp-image-1565\" src=\"https:\/\/www.bauer-hans.de\/scll\/wp-content\/uploads\/sites\/12\/2015\/03\/start.jpg\" alt=\"\" width=\"1200\" height=\"675\" srcset=\"https:\/\/www.bauer-hans.de\/scll\/wp-content\/uploads\/sites\/12\/2015\/03\/start.jpg 1200w, https:\/\/www.bauer-hans.de\/scll\/wp-content\/uploads\/sites\/12\/2015\/03\/start-300x169.jpg 300w, https:\/\/www.bauer-hans.de\/scll\/wp-content\/uploads\/sites\/12\/2015\/03\/start-768x432.jpg 768w, https:\/\/www.bauer-hans.de\/scll\/wp-content\/uploads\/sites\/12\/2015\/03\/start-1024x576.jpg 1024w, https:\/\/www.bauer-hans.de\/scll\/wp-content\/uploads\/sites\/12\/2015\/03\/start-250x141.jpg 250w\" sizes=\"auto, (max-width: 1200px) 100vw, 1200px\" \/><\/h2>\n<p style=\"text-align: center;\"><a href=\"https:\/\/goo.gl\/photos\/Gd7AuzyjYJtt8ypn9\" target=\"_blank\" rel=\"noopener noreferrer\">hier geht&#8217;s zum Fotoalbum auf google+<\/a><\/p>\n<p>nachdem google+ in K\u00fcrze diesen Service nicht mehr bietet, hier die gleichen Fotos schon mal auf <a href=\"https:\/\/www.magentacloud.de\/share\/epltxwrjla\" target=\"_blank\" rel=\"noopener noreferrer\">MagentaCloud<\/a><\/p>\n<p style=\"text-align: left;\">Sie haben eine bessere kostenlose Cloudl\u00f6sung? Bitte Idee mailen an <a href=\"mailto:bauer@scll.de\" target=\"_blank\" rel=\"noopener noreferrer\">bauer@scll.de<\/a><\/p>\n<h1 style=\"text-align: center;\">***<\/h1>\n<h1 style=\"text-align: center;\">02.\/03. Juli 2016<\/h1>\n<p><a href=\"https:\/\/www.bauer-hans.de\/scll\/wp-content\/uploads\/sites\/12\/2016\/07\/24h_2016_yst.pdf\" target=\"_blank\" rel=\"noopener noreferrer\">Ergebnisliste 1. Runde<\/a> | <a href=\"https:\/\/www.bauer-hans.de\/scll\/wp-content\/uploads\/sites\/12\/2016\/07\/24h_2016_gesamt.pdf\" target=\"_blank\" rel=\"noopener noreferrer\">Ergebnisliste nach Gesamtbojen<\/a><\/p>\n<p><a href=\"https:\/\/www.bauer-hans.de\/scll\/wp-content\/uploads\/sites\/12\/2016\/07\/24h_2016_ue113.pdf\" target=\"_blank\" rel=\"noopener noreferrer\">Ergebnisliste Yardst. &gt;113<\/a>\u00a0| <a href=\"https:\/\/www.bauer-hans.de\/scll\/wp-content\/uploads\/sites\/12\/2016\/07\/24h_2016_gruppen.pdf\" target=\"_blank\" rel=\"noopener noreferrer\">Ergebnisliste Gruppen<\/a><\/p>\n<p><a href=\"https:\/\/www.bauer-hans.de\/scll\/wp-content\/uploads\/sites\/12\/2016\/07\/foto1.jpg\"><img loading=\"lazy\" decoding=\"async\" class=\"alignnone size-large wp-image-1340\" src=\"https:\/\/www.bauer-hans.de\/scll\/wp-content\/uploads\/sites\/12\/2016\/07\/foto1-1024x768.jpg\" alt=\"foto1\" width=\"640\" height=\"480\" srcset=\"https:\/\/www.bauer-hans.de\/scll\/wp-content\/uploads\/sites\/12\/2016\/07\/foto1-1024x768.jpg 1024w, https:\/\/www.bauer-hans.de\/scll\/wp-content\/uploads\/sites\/12\/2016\/07\/foto1-300x225.jpg 300w, https:\/\/www.bauer-hans.de\/scll\/wp-content\/uploads\/sites\/12\/2016\/07\/foto1-768x576.jpg 768w, https:\/\/www.bauer-hans.de\/scll\/wp-content\/uploads\/sites\/12\/2016\/07\/foto1-250x188.jpg 250w, https:\/\/www.bauer-hans.de\/scll\/wp-content\/uploads\/sites\/12\/2016\/07\/foto1.jpg 1200w\" sizes=\"auto, (max-width: 640px) 100vw, 640px\" \/><\/a><\/p>\n<p><a href=\"https:\/\/www.bauer-hans.de\/scll\/wp-content\/uploads\/sites\/12\/2016\/07\/foto2.jpg\"><img loading=\"lazy\" decoding=\"async\" class=\"alignnone size-large wp-image-1341\" src=\"https:\/\/www.bauer-hans.de\/scll\/wp-content\/uploads\/sites\/12\/2016\/07\/foto2-1024x768.jpg\" alt=\"foto2\" width=\"640\" height=\"480\" srcset=\"https:\/\/www.bauer-hans.de\/scll\/wp-content\/uploads\/sites\/12\/2016\/07\/foto2-1024x768.jpg 1024w, https:\/\/www.bauer-hans.de\/scll\/wp-content\/uploads\/sites\/12\/2016\/07\/foto2-300x225.jpg 300w, https:\/\/www.bauer-hans.de\/scll\/wp-content\/uploads\/sites\/12\/2016\/07\/foto2-768x576.jpg 768w, https:\/\/www.bauer-hans.de\/scll\/wp-content\/uploads\/sites\/12\/2016\/07\/foto2-250x188.jpg 250w, https:\/\/www.bauer-hans.de\/scll\/wp-content\/uploads\/sites\/12\/2016\/07\/foto2.jpg 1200w\" sizes=\"auto, (max-width: 640px) 100vw, 640px\" \/><\/a><\/p>\n<p><a href=\"https:\/\/picasaweb.google.com\/117695581989905664683\/6310819506627635361?authuser=0&amp;authkey=Gv1sRgCK2l9Jixz-zelQE&amp;feat=directlink\" target=\"_blank\" rel=\"noopener noreferrer\">weitere Fotos<\/a><\/p>\n<p>Hier ein <a href=\"https:\/\/youtu.be\/wy1Bd7Mppds\" target=\"_blank\" rel=\"noopener noreferrer\">Film vom Star<\/a>t und kurze Zeit danach<\/p>\n<p><strong>Die Idee<\/strong><\/p>\n<p class=\"Stil5\"><span lang=\"DE\">Die urspr\u00fcngliche Idee f\u00fcr diese Regatta stammte von ein paar Landsberger Seglern, die auf ihrem Heimatgew\u00e4sser einen T\u00f6rn durchf\u00fchren wollten. Seit 1974 ist diese Veranstaltung, die jedes Jahr vom\u00a0<\/span><span lang=\"DE\">Segelclub Landsberg\/Lech (SCLL)<\/span><span lang=\"DE\">\u00a0ausgerichtet wird, der wichtigste Termin im Regatta-Kalender des Ammersees. Wie im Vorjahr werden auch heuer wieder an die 90 Yachten erwartet.<br \/>\nDer \u00fcberw\u00e4ltigende Zuspruch, den diese Wettfahrt findet, l\u00e4sst sich wohl damit erkl\u00e4ren, dass alle Arten von Seglern angesprochen werden, die gem\u00fctliche Familiencrew, genauso wie die Seniorenmannschaft oder auch das sportlich ambitionierte Team.<\/span><\/p>\n<p><strong><span lang=\"DE\">Die Regatta<\/span><\/strong><span class=\"Stil5\"><br \/>\n<span lang=\"DE\"><span style=\"font-size: small;\">Nach dem Start vor dem Campingplatz St. Alban segeln die Yachten nordw\u00e4rts. Der Kurs f\u00fchrt dann weiter ans Nordende des Sees bis zur Boje vor Schondorf, nach deren Rundung um das Rieder Eck in die Herrschinger Bucht. Den Abschluss der ersten Runde bildet nach einem Schlag quer \u00fcber den See das Passieren der Boje vor St. Alban.\u00a0<\/span><\/span><span lang=\"DE\"><br \/>\n<span style=\"font-size: small;\">An jeder Boje werden die Zeiten Tag und Nacht dokumentiert. Die Boote werden in vergleichbare Gruppen eingeteilt oder in Klassen gewertet, sofern vier oder mehr Boote einer Klasse teilnehmen. Jeweiliger Gruppensieger ist, wer bis Sonntag Mittag die meisten Bojen gerundet hat.<br \/>\n<\/span><\/span><span lang=\"DE\"><span style=\"font-size: small;\">Die erste Runde wird separat nach Yardstick gewertet, wobei die gesegelte Zeit eines jeden Bootes seiner Konstruktion entsprechend berechnet wird. Diese wird auch f\u00fcr den Ammersee-Cup gewertet, der am Ende der Saison an den Skipper vergeben wird, der bei den 13 bedeutendsten Regatten am Ammersee am besten abgeschnitten hat. (N\u00e4heres unter\u00a0<\/span><\/span><a href=\"http:\/\/www.ammersee-yardstick-meister.de\/\" target=\"_blank\" rel=\"noopener noreferrer\"><span lang=\"DE\"><span style=\"font-size: small;\">www.ammersee-yardstick-meister.de<\/span><\/span><\/a><span lang=\"DE\"><span style=\"font-size: small;\">\u00a0)<\/span><br \/>\n<\/span><\/span><\/p>\n<p><strong>Charterwoche als Hauptpreis<\/strong><\/p>\n<p class=\"Stil5\">Nicht minder gro\u00df wird der Andrang zur Siegerehrung am Freitag zwei Wochen sp\u00e4ter um 19.00 Uhr im Gasthof Hartl in T\u00fcrkenfeld sein, denn jedes gestartete Schiff erh\u00e4lt einen Erinnerungspreis, die Sieger der Gesamt- und der Yardstickwertung je einen Wanderpokal und jeder Gruppen- bzw. Klassensieger einen weiteren Preis. Dar\u00fcber hinaus werden bei der Preisverleihung unter allen Teilnehmern wertvolle Sachpreise verlost:<\/p>\n<p class=\"Stil5\">Der 1. Preis ist hierbei ein einw\u00f6chiger Segelt\u00f6rn im Mittelmeer, der 2. Preis ein Fahrrad. Diese Preise werden erm\u00f6glicht durch\u00a0eine Vielzahl von Sponsoren, die diese Veranstaltung unterst\u00fctzen<\/p>\n<h1 style=\"text-align: center;\">***<\/h1>\n<h1>04.\/05. Juli 2015:<\/h1>\n<p><a href=\"https:\/\/picasaweb.google.com\/117695581989905664683\/24Std2015?authuser=0&amp;authkey=Gv1sRgCKW_stzmqLH96gE&amp;feat=directlink\" target=\"_blank\" rel=\"noopener noreferrer\">Hier gehts zu unserem Onlinealbum<\/a> (herzlichen Dank an die Mitsegler welche uns diese Fotos zur Verf\u00fcgung gestellt haben &#8211; wir freuen uns auf weitere)<\/p>\n<p><a href=\"https:\/\/www.bauer-hans.de\/scll\/wp-content\/uploads\/sites\/12\/2015\/03\/foto2a.jpg\"><img loading=\"lazy\" decoding=\"async\" class=\"alignnone size-medium wp-image-1110\" src=\"https:\/\/www.bauer-hans.de\/scll\/wp-content\/uploads\/sites\/12\/2015\/03\/foto2a-300x190.jpg\" alt=\"\" width=\"300\" height=\"190\" srcset=\"https:\/\/www.bauer-hans.de\/scll\/wp-content\/uploads\/sites\/12\/2015\/03\/foto2a-300x190.jpg 300w, https:\/\/www.bauer-hans.de\/scll\/wp-content\/uploads\/sites\/12\/2015\/03\/foto2a-250x158.jpg 250w, https:\/\/www.bauer-hans.de\/scll\/wp-content\/uploads\/sites\/12\/2015\/03\/foto2a.jpg 800w\" sizes=\"auto, (max-width: 300px) 100vw, 300px\" \/><\/a> <a href=\"https:\/\/www.bauer-hans.de\/scll\/wp-content\/uploads\/sites\/12\/2015\/03\/foto1.jpg\"><img loading=\"lazy\" decoding=\"async\" class=\"alignnone size-medium wp-image-1109\" src=\"https:\/\/www.bauer-hans.de\/scll\/wp-content\/uploads\/sites\/12\/2015\/03\/foto1-300x186.jpg\" alt=\"\" width=\"300\" height=\"186\" srcset=\"https:\/\/www.bauer-hans.de\/scll\/wp-content\/uploads\/sites\/12\/2015\/03\/foto1-300x186.jpg 300w, https:\/\/www.bauer-hans.de\/scll\/wp-content\/uploads\/sites\/12\/2015\/03\/foto1-250x155.jpg 250w, https:\/\/www.bauer-hans.de\/scll\/wp-content\/uploads\/sites\/12\/2015\/03\/foto1.jpg 800w\" sizes=\"auto, (max-width: 300px) 100vw, 300px\" \/><\/a><\/p>\n<p><a href=\"https:\/\/www.bauer-hans.de\/scll\/wp-content\/uploads\/sites\/12\/2015\/08\/24h-2015-Ergebnis-1.-Runde.pdf\" target=\"_blank\" rel=\"noopener noreferrer\">Ergebnisliste 1. Runde<\/a> | <a href=\"https:\/\/www.bauer-hans.de\/scll\/wp-content\/uploads\/sites\/12\/2015\/08\/24h-2015-Ergebnis-nach-Bojen.pdf\" target=\"_blank\" rel=\"noopener noreferrer\">Ergebnisliste nach Gesamtbojen<\/a><\/p>\n<p><a href=\"https:\/\/www.bauer-hans.de\/scll\/wp-content\/uploads\/sites\/12\/2015\/08\/24h-2015-Ergebnis-Yst-113-Strecke.pdf\" target=\"_blank\" rel=\"noopener noreferrer\">Ergebnisliste Yardst. &gt;113<\/a>\u00a0| <a href=\"https:\/\/www.bauer-hans.de\/scll\/wp-content\/uploads\/sites\/12\/2015\/08\/24h-2015-Gruppenergebnis-nach-Bojen-in-24h.pdf\" target=\"_blank\" rel=\"noopener noreferrer\">Ergebnisliste Gruppen<\/a><\/p>\n<h1 style=\"text-align: center;\">***<\/h1>\n<p><a href=\"https:\/\/www.scll.de\/sieger-24-std-regatta-seit-1975\/\">\u00a0die Gewinner seit 1975<\/a>\u00a0| <a href=\"https:\/\/www.bauer-hans.de\/scll\/?p=1039\">Ergebnislisten &gt;2005<\/a><\/p>\n<h2><a href=\"https:\/\/www.bauer-hans.de\/scll\/wp-content\/uploads\/sites\/12\/2015\/03\/mh.jpg\"><img loading=\"lazy\" decoding=\"async\" class=\"alignleft size-full wp-image-1009\" src=\"https:\/\/www.bauer-hans.de\/scll\/wp-content\/uploads\/sites\/12\/2015\/03\/mh.jpg\" alt=\"mh\" width=\"153\" height=\"200\" \/><\/a>Vorwort\u00a0des 1. Vorstandes Bernd M\u00fcller-Hahl:<\/h2>\n<p>Liebe Freunde des Segelsports! Liebe Regattasegler!<\/p>\n<p>Wenn beim Schreiben dieser Zeilen vor dem Fenster mal die Schneeflocken tanzen und mal die Sonne scheint, ist der Fr\u00fchling im Anmarsch und mit ihm die Vorfreude auf sch\u00f6ne Segeltage am Ammersee.<\/p>\n<p>Punkt 12 Uhr immer am ersten Samstag im Juli ert\u00f6nt der Startschu\u00df zur 24- Stunden- Regatta vom Ammersee. Fast 100 Yachten mit Ihren Crews starteten in den letzten Jahren zu diesem Segel- Event. Als Langstrecken- Regatta durch die ganze Nacht sind vor allem Ausdauer und gute Seemannschaft gefordert. Mit der Einteilung der Yachten in Klassen und Gruppen von nahezu gleichem Geschwindigkeitspotential ergeben sich spannende Rennverl\u00e4ufe und somit haben alle Teilnehmer gute Chancen, einen Stockerl- Platz zu gewinnen. Bei der separaten Day- Race- Wertung f\u00fcr die erste Runde kann man zus\u00e4tzlich f\u00fcr die Ammersee- Yst- Meisterschaft Punkte erringen. Bei der Siegerehrung k\u00f6nnen die anwesenden Crews nicht nur Pokale gewinnen. Neben einer Segelreise und einem Sportbike winken bei der Tombola viele attraktive Sachpreise. Machen Sie mit!<\/p>\n<p>Bernd M\u00fcller- Hahl, 1. Vorstand des SCLL und das gesamte 24 Std-Team<\/p>\n<p>*** Unsere Werbepartner erm\u00f6glichen erst die Durchf\u00fchrung dieser Regatta, bitte honorieren Sie dies bei Ihren Eink\u00e4ufen. ***<\/p>\n<h2 style=\"text-align: center;\">***<\/h2>\n<h1><\/h1>\n<\/div>\n<\/div>\n<\/div>\n<\/div>\n<\/div>\n","protected":false},"excerpt":{"rendered":"<p>wir bedanken uns bei den nachfolgenden Sponsoren: &nbsp; &nbsp; &nbsp; Das j\u00e4hrliche Highlight immer am ersten Juliwochenende am Ammersee 06.\/07. Juli 2019 Ergebnisliste 1. Runde | Ergebnisliste nach Gesamtbojen Ergebnisliste Yardst. &gt;113\u00a0| Ergebnisliste Gruppen Fotoalbum &#8211; Siegerehrung | Fotoalbum Regatta Sieger \u00fcber Alles nach Bojen Bruno Trost mit Lago 26_1 Sieger erste Runde YST Christoph [&hellip;]<\/p>\n","protected":false},"author":2,"featured_media":1015,"parent":0,"menu_order":0,"comment_status":"closed","ping_status":"open","template":"","meta":{"_acf_changed":false,"footnotes":""},"class_list":["post-930","page","type-page","status-publish","hentry"],"acf":[],"yoast_head":"<!-- This site is optimized with the Yoast SEO plugin v27.5 - https:\/\/yoast.com\/product\/yoast-seo-wordpress\/ -->\n<title>24-Stunden-Regatta - Segelclub Landsberg am Ammersee<\/title>\n<meta name=\"description\" content=\"die 24-Std. Regatta am Ammersee das Highlight in 2015\" \/>\n<meta name=\"robots\" content=\"index, follow, max-snippet:-1, max-image-preview:large, max-video-preview:-1\" \/>\n<link rel=\"canonical\" href=\"https:\/\/www.bauer-hans.de\/scll\/24-std\/\" \/>\n<meta name=\"twitter:label1\" content=\"Gesch\u00e4tzte Lesezeit\" \/>\n\t<meta name=\"twitter:data1\" content=\"4\u00a0Minuten\" \/>\n<script type=\"application\/ld+json\" class=\"yoast-schema-graph\">{\"@context\":\"https:\\\/\\\/schema.org\",\"@graph\":[{\"@type\":\"WebPage\",\"@id\":\"https:\\\/\\\/www.bauer-hans.de\\\/scll\\\/24-std\\\/\",\"url\":\"https:\\\/\\\/www.bauer-hans.de\\\/scll\\\/24-std\\\/\",\"name\":\"24-Stunden-Regatta - Segelclub Landsberg am Ammersee\",\"isPartOf\":{\"@id\":\"https:\\\/\\\/www.bauer-hans.de\\\/scll\\\/#website\"},\"primaryImageOfPage\":{\"@id\":\"https:\\\/\\\/www.bauer-hans.de\\\/scll\\\/24-std\\\/#primaryimage\"},\"image\":{\"@id\":\"https:\\\/\\\/www.bauer-hans.de\\\/scll\\\/24-std\\\/#primaryimage\"},\"thumbnailUrl\":\"https:\\\/\\\/www.bauer-hans.de\\\/scll\\\/wp-content\\\/uploads\\\/sites\\\/12\\\/2015\\\/03\\\/HAED.jpg\",\"datePublished\":\"2015-03-12T17:38:49+00:00\",\"dateModified\":\"2019-07-22T07:10:48+00:00\",\"description\":\"die 24-Std. Regatta am Ammersee das Highlight in 2015\",\"breadcrumb\":{\"@id\":\"https:\\\/\\\/www.bauer-hans.de\\\/scll\\\/24-std\\\/#breadcrumb\"},\"inLanguage\":\"de\",\"potentialAction\":[{\"@type\":\"ReadAction\",\"target\":[\"https:\\\/\\\/www.bauer-hans.de\\\/scll\\\/24-std\\\/\"]}]},{\"@type\":\"ImageObject\",\"inLanguage\":\"de\",\"@id\":\"https:\\\/\\\/www.bauer-hans.de\\\/scll\\\/24-std\\\/#primaryimage\",\"url\":\"https:\\\/\\\/www.bauer-hans.de\\\/scll\\\/wp-content\\\/uploads\\\/sites\\\/12\\\/2015\\\/03\\\/HAED.jpg\",\"contentUrl\":\"https:\\\/\\\/www.bauer-hans.de\\\/scll\\\/wp-content\\\/uploads\\\/sites\\\/12\\\/2015\\\/03\\\/HAED.jpg\",\"width\":200,\"height\":189},{\"@type\":\"BreadcrumbList\",\"@id\":\"https:\\\/\\\/www.bauer-hans.de\\\/scll\\\/24-std\\\/#breadcrumb\",\"itemListElement\":[{\"@type\":\"ListItem\",\"position\":1,\"name\":\"Startseite\",\"item\":\"https:\\\/\\\/www.bauer-hans.de\\\/scll\\\/\"},{\"@type\":\"ListItem\",\"position\":2,\"name\":\"24-Stunden-Regatta\"}]},{\"@type\":\"WebSite\",\"@id\":\"https:\\\/\\\/www.bauer-hans.de\\\/scll\\\/#website\",\"url\":\"https:\\\/\\\/www.bauer-hans.de\\\/scll\\\/\",\"name\":\"Segelclub Landsberg am Ammersee\",\"description\":\"SCLL der Segelclub am S\u00fcd-West-Ufer des Ammersees\",\"potentialAction\":[{\"@type\":\"SearchAction\",\"target\":{\"@type\":\"EntryPoint\",\"urlTemplate\":\"https:\\\/\\\/www.bauer-hans.de\\\/scll\\\/?s={search_term_string}\"},\"query-input\":{\"@type\":\"PropertyValueSpecification\",\"valueRequired\":true,\"valueName\":\"search_term_string\"}}],\"inLanguage\":\"de\"}]}<\/script>\n<!-- \/ Yoast SEO plugin. -->","yoast_head_json":{"title":"24-Stunden-Regatta - Segelclub Landsberg am Ammersee","description":"die 24-Std. Regatta am Ammersee das Highlight in 2015","robots":{"index":"index","follow":"follow","max-snippet":"max-snippet:-1","max-image-preview":"max-image-preview:large","max-video-preview":"max-video-preview:-1"},"canonical":"https:\/\/www.bauer-hans.de\/scll\/24-std\/","twitter_misc":{"Gesch\u00e4tzte Lesezeit":"4\u00a0Minuten"},"schema":{"@context":"https:\/\/schema.org","@graph":[{"@type":"WebPage","@id":"https:\/\/www.bauer-hans.de\/scll\/24-std\/","url":"https:\/\/www.bauer-hans.de\/scll\/24-std\/","name":"24-Stunden-Regatta - Segelclub Landsberg am Ammersee","isPartOf":{"@id":"https:\/\/www.bauer-hans.de\/scll\/#website"},"primaryImageOfPage":{"@id":"https:\/\/www.bauer-hans.de\/scll\/24-std\/#primaryimage"},"image":{"@id":"https:\/\/www.bauer-hans.de\/scll\/24-std\/#primaryimage"},"thumbnailUrl":"https:\/\/www.bauer-hans.de\/scll\/wp-content\/uploads\/sites\/12\/2015\/03\/HAED.jpg","datePublished":"2015-03-12T17:38:49+00:00","dateModified":"2019-07-22T07:10:48+00:00","description":"die 24-Std. Regatta am Ammersee das Highlight in 2015","breadcrumb":{"@id":"https:\/\/www.bauer-hans.de\/scll\/24-std\/#breadcrumb"},"inLanguage":"de","potentialAction":[{"@type":"ReadAction","target":["https:\/\/www.bauer-hans.de\/scll\/24-std\/"]}]},{"@type":"ImageObject","inLanguage":"de","@id":"https:\/\/www.bauer-hans.de\/scll\/24-std\/#primaryimage","url":"https:\/\/www.bauer-hans.de\/scll\/wp-content\/uploads\/sites\/12\/2015\/03\/HAED.jpg","contentUrl":"https:\/\/www.bauer-hans.de\/scll\/wp-content\/uploads\/sites\/12\/2015\/03\/HAED.jpg","width":200,"height":189},{"@type":"BreadcrumbList","@id":"https:\/\/www.bauer-hans.de\/scll\/24-std\/#breadcrumb","itemListElement":[{"@type":"ListItem","position":1,"name":"Startseite","item":"https:\/\/www.bauer-hans.de\/scll\/"},{"@type":"ListItem","position":2,"name":"24-Stunden-Regatta"}]},{"@type":"WebSite","@id":"https:\/\/www.bauer-hans.de\/scll\/#website","url":"https:\/\/www.bauer-hans.de\/scll\/","name":"Segelclub Landsberg am Ammersee","description":"SCLL der Segelclub am S\u00fcd-West-Ufer des Ammersees","potentialAction":[{"@type":"SearchAction","target":{"@type":"EntryPoint","urlTemplate":"https:\/\/www.bauer-hans.de\/scll\/?s={search_term_string}"},"query-input":{"@type":"PropertyValueSpecification","valueRequired":true,"valueName":"search_term_string"}}],"inLanguage":"de"}]}},"_links":{"self":[{"href":"https:\/\/www.bauer-hans.de\/scll\/wp-json\/wp\/v2\/pages\/930","targetHints":{"allow":["GET"]}}],"collection":[{"href":"https:\/\/www.bauer-hans.de\/scll\/wp-json\/wp\/v2\/pages"}],"about":[{"href":"https:\/\/www.bauer-hans.de\/scll\/wp-json\/wp\/v2\/types\/page"}],"author":[{"embeddable":true,"href":"https:\/\/www.bauer-hans.de\/scll\/wp-json\/wp\/v2\/users\/2"}],"replies":[{"embeddable":true,"href":"https:\/\/www.bauer-hans.de\/scll\/wp-json\/wp\/v2\/comments?post=930"}],"version-history":[{"count":217,"href":"https:\/\/www.bauer-hans.de\/scll\/wp-json\/wp\/v2\/pages\/930\/revisions"}],"predecessor-version":[{"id":2001,"href":"https:\/\/www.bauer-hans.de\/scll\/wp-json\/wp\/v2\/pages\/930\/revisions\/2001"}],"wp:featuredmedia":[{"embeddable":true,"href":"https:\/\/www.bauer-hans.de\/scll\/wp-json\/wp\/v2\/media\/1015"}],"wp:attachment":[{"href":"https:\/\/www.bauer-hans.de\/scll\/wp-json\/wp\/v2\/media?parent=930"}],"curies":[{"name":"wp","href":"https:\/\/api.w.org\/{rel}","templated":true}]}}